{"id":39949,"date":"2025-04-26T10:22:58","date_gmt":"2025-04-26T08:22:58","guid":{"rendered":"https:\/\/mostrafire.com\/secciones\/pantalla-trans\/"},"modified":"2025-04-30T14:33:09","modified_gmt":"2025-04-30T12:33:09","slug":"pantalla-trans","status":"publish","type":"page","link":"https:\/\/mostrafire.com\/es\/secciones\/pantalla-trans\/","title":{"rendered":"Pantalla trans"},"content":{"rendered":"<div class=\"fusion-fullwidth fullwidth-box fusion-builder-row-1 fusion-flex-container nonhundred-percent-fullwidth non-hundred-percent-height-scrolling secciones-container\" style=\"--awb-border-radius-top-left:0px;--awb-border-radius-top-right:0px;--awb-border-radius-bottom-right:0px;--awb-border-radius-bottom-left:0px;--awb-padding-bottom:0px;--awb-margin-top:5%;--awb-flex-wrap:wrap;\" ><div class=\"fusion-builder-row fusion-row fusion-flex-align-items-flex-start fusion-flex-content-wrap\" style=\"max-width:1248px;margin-left: calc(-4% \/ 2 );margin-right: calc(-4% \/ 2 );\"><div class=\"fusion-layout-column fusion_builder_column fusion-builder-column-0 fusion_builder_column_2_3 2_3 fusion-flex-column secciones-columna2-3-texto-pelis\" style=\"--awb-padding-top:3%;--awb-padding-right:4%;--awb-padding-right-small:0px;--awb-bg-size:cover;--awb-width-large:66.666666666667%;--awb-margin-top-large:0px;--awb-spacing-right-large:2.88%;--awb-margin-bottom-large:20px;--awb-spacing-left-large:2.88%;--awb-width-medium:68.1%;--awb-order-medium:0;--awb-spacing-right-medium:2.8193832599119%;--awb-spacing-left-medium:2.8193832599119%;--awb-width-small:100%;--awb-order-small:0;--awb-spacing-right-small:1.92%;--awb-spacing-left-small:1.92%;\"><div class=\"fusion-column-wrapper fusion-column-has-shadow fusion-flex-justify-content-flex-start fusion-content-layout-column\"><div class=\"fusion-text fusion-text-1 secciones-texto-intro\" style=\"--awb-content-alignment:left;\"><p>La secci\u00f3n <b> Pantalla Trans <\/b> se centra en la representaci\u00f3n de la transexualidad y de los g\u00e9neros no binarios en el cine de ficci\u00f3n y pretende tambi\u00e9n, con el cine documental, que nos detengamos en los avances, en t\u00e9rminos de derechos o de visibilizaci\u00f3n, de algunos colectivos concretos.<\/p>\n<\/div><div class=\"fusion-image-element \" style=\"text-align:left;--awb-margin-right:15px;--awb-margin-bottom:10px;--awb-max-width:100px;--awb-caption-title-font-family:var(--h2_typography-font-family);--awb-caption-title-font-weight:var(--h2_typography-font-weight);--awb-caption-title-font-style:var(--h2_typography-font-style);--awb-caption-title-size:var(--h2_typography-font-size);--awb-caption-title-transform:var(--h2_typography-text-transform);--awb-caption-title-line-height:var(--h2_typography-line-height);--awb-caption-title-letter-spacing:var(--h2_typography-letter-spacing);--awb-filter:hue-rotate(137deg) saturate(93%) brightness(150%) opacity(100%);--awb-filter-transition:filter 0.3s ease;--awb-filter-hover:hue-rotate(0deg) saturate(100%) brightness(100%) opacity(86%);\"><span class=\" fusion-imageframe imageframe-none imageframe-1 hover-type-none\"><a class=\"fusion-no-lightbox\" href=\"https:\/\/mostrafire.com\/es\/informacion\/#accessibilitat\" target=\"_self\" aria-label=\"FIRE!! Accesibilidad: subt\u00edtulos para sord@s\"><img decoding=\"async\" width=\"85\" height=\"76\" alt=\"FIRE!! Accesibilidad: subt\u00edtulos para sord@s\" src=\"data:image\/svg+xml,%3Csvg%20xmlns%3D%27http%3A%2F%2Fwww.w3.org%2F2000%2Fsvg%27%20width%3D%2785%27%20height%3D%2776%27%20viewBox%3D%270%200%2085%2076%27%3E%3Crect%20width%3D%2785%27%20height%3D%2776%27%20fill-opacity%3D%220%22%2F%3E%3C%2Fsvg%3E\" data-orig-src=\"https:\/\/mostrafire.com\/wp-content\/uploads\/2024\/05\/icon_subtitols-sordxs.png\" class=\"lazyload img-responsive wp-image-49782\"\/><\/a><\/span><\/div><div class=\"fusion-text fusion-text-2 secciones-texto-intro\" style=\"--awb-content-alignment:left;\"><p>Largometraje con <b>subt\u00edtulos para personas sordas<\/b>:<br \/>\n<em><strong><a href=\"https:\/\/mostrafire.com\/es\/pelicula\/tesis-sobre-una-domesticacion\/\">\u25cf Tesis sobre una domesticaci\u00f3n<\/a><\/strong><\/em><\/p>\n<\/div><div class=\"fusion-separator secciones-sep-pre-pelis-portfolio\" style=\"align-self: flex-start;margin-right:auto;margin-top:1%;margin-bottom:5%;width:100%;max-width:85px;\"><div class=\"fusion-separator-border sep-single\" style=\"--awb-height:20px;--awb-amount:20px;border-color:#75ffcc;border-top-width:4px;\"><\/div><\/div><style type=\"text\/css\">.fusion-portfolio-wrapper#fusion-portfolio-1 .fusion-portfolio-content{  text-align: left; }<\/style><div class=\"fusion-recent-works fusion-portfolio-element fusion-portfolio fusion-portfolio-1 fusion-portfolio-grid fusion-portfolio-paging-none fusion-portfolio-two fusion-portfolio-unboxed fusion-portfolio-text fusion-portfolio-equal-heights secciones-portfolio-element\" data-id=\"-rw-1\" data-columns=\"two\"><style type=\"text\/css\">.fusion-portfolio-1 .fusion-portfolio-wrapper .fusion-col-spacing{padding:10.5px;}<\/style><div class=\"fusion-portfolio-wrapper\" id=\"fusion-portfolio-1\" data-picturesize=\"auto\" data-pages=\"1\" style=\"margin:-10.5px;\"><article id=\"portfolio-1-post-55769\" class=\"fusion-portfolio-post cortometrajes-2025 domingo-de-gramos-es fusion-col-spacing post-55769\"><div class=\"fusion-portfolio-content-wrapper\" style=\"border:none;\"><div  class=\"fusion-image-wrapper\" aria-haspopup=\"true\">\n\t\t\t\t\t\t\t<a href=\"https:\/\/mostrafire.com\/es\/pelicula\/domingo-de-gramos\/\" aria-label=\"Domingo de gramos\">\n\t\t\t\t\t\t\t<img decoding=\"async\" width=\"1920\" height=\"1058\" src=\"https:\/\/mostrafire.com\/wp-content\/uploads\/2025\/04\/Domingo-De-Gramos-1.jpg\" class=\"attachment-full size-full lazyload wp-post-image\" alt=\"Domingo de gramos\" srcset=\"data:image\/svg+xml,%3Csvg%20xmlns%3D%27http%3A%2F%2Fwww.w3.org%2F2000%2Fsvg%27%20width%3D%271920%27%20height%3D%271058%27%20viewBox%3D%270%200%201920%201058%27%3E%3Crect%20width%3D%271920%27%20height%3D%271058%27%20fill-opacity%3D%220%22%2F%3E%3C%2Fsvg%3E\" data-orig-src=\"https:\/\/mostrafire.com\/wp-content\/uploads\/2025\/04\/Domingo-De-Gramos-1.jpg\" data-srcset=\"https:\/\/mostrafire.com\/wp-content\/uploads\/2025\/04\/Domingo-De-Gramos-1-200x110.jpg 200w, https:\/\/mostrafire.com\/wp-content\/uploads\/2025\/04\/Domingo-De-Gramos-1-400x220.jpg 400w, https:\/\/mostrafire.com\/wp-content\/uploads\/2025\/04\/Domingo-De-Gramos-1-600x331.jpg 600w, https:\/\/mostrafire.com\/wp-content\/uploads\/2025\/04\/Domingo-De-Gramos-1-800x441.jpg 800w, https:\/\/mostrafire.com\/wp-content\/uploads\/2025\/04\/Domingo-De-Gramos-1-1200x661.jpg 1200w, https:\/\/mostrafire.com\/wp-content\/uploads\/2025\/04\/Domingo-De-Gramos-1.jpg 1920w\" data-sizes=\"auto\" \/>\t\t\t<\/a>\n\t\t\t\t\t\t\t<\/div>\n<div class=\"fusion-portfolio-content\"><h2 class=\"entry-title fusion-post-title\"><a href=\"https:\/\/mostrafire.com\/es\/pelicula\/domingo-de-gramos\/\">Domingo de gramos<\/a><\/h2><div class=\"fusion-post-content\"><p><span class=\"ficha-excerpt\">\u00c1lex de la Croix \u2022 <i>Espa\u00f1a<\/i><\/span><\/p><\/div><\/div><\/div><\/article><article id=\"portfolio-1-post-55766\" class=\"fusion-portfolio-post cortometrajes-2025 dragfox-es fusion-col-spacing post-55766\"><div class=\"fusion-portfolio-content-wrapper\" style=\"border:none;\"><div  class=\"fusion-image-wrapper\" aria-haspopup=\"true\">\n\t\t\t\t\t\t\t<a href=\"https:\/\/mostrafire.com\/es\/pelicula\/dragfox\/\" aria-label=\"Dragfox\">\n\t\t\t\t\t\t\t<img decoding=\"async\" width=\"1920\" height=\"1058\" src=\"https:\/\/mostrafire.com\/wp-content\/uploads\/2025\/04\/dragfox-1.jpg\" class=\"attachment-full size-full lazyload wp-post-image\" alt=\"Dragfox\" srcset=\"data:image\/svg+xml,%3Csvg%20xmlns%3D%27http%3A%2F%2Fwww.w3.org%2F2000%2Fsvg%27%20width%3D%271920%27%20height%3D%271058%27%20viewBox%3D%270%200%201920%201058%27%3E%3Crect%20width%3D%271920%27%20height%3D%271058%27%20fill-opacity%3D%220%22%2F%3E%3C%2Fsvg%3E\" data-orig-src=\"https:\/\/mostrafire.com\/wp-content\/uploads\/2025\/04\/dragfox-1.jpg\" data-srcset=\"https:\/\/mostrafire.com\/wp-content\/uploads\/2025\/04\/dragfox-1-200x110.jpg 200w, https:\/\/mostrafire.com\/wp-content\/uploads\/2025\/04\/dragfox-1-400x220.jpg 400w, https:\/\/mostrafire.com\/wp-content\/uploads\/2025\/04\/dragfox-1-600x331.jpg 600w, https:\/\/mostrafire.com\/wp-content\/uploads\/2025\/04\/dragfox-1-800x441.jpg 800w, https:\/\/mostrafire.com\/wp-content\/uploads\/2025\/04\/dragfox-1-1200x661.jpg 1200w, https:\/\/mostrafire.com\/wp-content\/uploads\/2025\/04\/dragfox-1.jpg 1920w\" data-sizes=\"auto\" \/>\t\t\t<\/a>\n\t\t\t\t\t\t\t<\/div>\n<div class=\"fusion-portfolio-content\"><h2 class=\"entry-title fusion-post-title\"><a href=\"https:\/\/mostrafire.com\/es\/pelicula\/dragfox\/\">Dragfox<\/a><\/h2><div class=\"fusion-post-content\"><p><span class=\"ficha-excerpt\">Lisa Ott \u2022 <i>Suiza, Reino Unido<\/i><\/span><\/p><\/div><\/div><\/div><\/article><article id=\"portfolio-1-post-55760\" class=\"fusion-portfolio-post cortometrajes-2025 judoka-es fusion-col-spacing post-55760\"><div class=\"fusion-portfolio-content-wrapper\" style=\"border:none;\"><div  class=\"fusion-image-wrapper\" aria-haspopup=\"true\">\n\t\t\t\t\t\t\t<a href=\"https:\/\/mostrafire.com\/es\/pelicula\/judoka\/\" aria-label=\"Judoka\">\n\t\t\t\t\t\t\t<img decoding=\"async\" width=\"1920\" height=\"1058\" src=\"https:\/\/mostrafire.com\/wp-content\/uploads\/2025\/04\/judoka-1.jpg\" class=\"attachment-full size-full lazyload wp-post-image\" alt=\"Judoka\" srcset=\"data:image\/svg+xml,%3Csvg%20xmlns%3D%27http%3A%2F%2Fwww.w3.org%2F2000%2Fsvg%27%20width%3D%271920%27%20height%3D%271058%27%20viewBox%3D%270%200%201920%201058%27%3E%3Crect%20width%3D%271920%27%20height%3D%271058%27%20fill-opacity%3D%220%22%2F%3E%3C%2Fsvg%3E\" data-orig-src=\"https:\/\/mostrafire.com\/wp-content\/uploads\/2025\/04\/judoka-1.jpg\" data-srcset=\"https:\/\/mostrafire.com\/wp-content\/uploads\/2025\/04\/judoka-1-200x110.jpg 200w, https:\/\/mostrafire.com\/wp-content\/uploads\/2025\/04\/judoka-1-400x220.jpg 400w, https:\/\/mostrafire.com\/wp-content\/uploads\/2025\/04\/judoka-1-600x331.jpg 600w, https:\/\/mostrafire.com\/wp-content\/uploads\/2025\/04\/judoka-1-800x441.jpg 800w, https:\/\/mostrafire.com\/wp-content\/uploads\/2025\/04\/judoka-1-1200x661.jpg 1200w, https:\/\/mostrafire.com\/wp-content\/uploads\/2025\/04\/judoka-1.jpg 1920w\" data-sizes=\"auto\" \/>\t\t\t<\/a>\n\t\t\t\t\t\t\t<\/div>\n<div class=\"fusion-portfolio-content\"><h2 class=\"entry-title fusion-post-title\"><a href=\"https:\/\/mostrafire.com\/es\/pelicula\/judoka\/\">Judoka<\/a><\/h2><div class=\"fusion-post-content\"><p><span class=\"ficha-excerpt\">Ander Iriarte \u2022 <i>Espa\u00f1a<\/i><\/span><\/p><\/div><\/div><\/div><\/article><article id=\"portfolio-1-post-55758\" class=\"fusion-portfolio-post cortometrajes-2025 kokuhaku-es fusion-col-spacing post-55758\"><div class=\"fusion-portfolio-content-wrapper\" style=\"border:none;\"><div  class=\"fusion-image-wrapper\" aria-haspopup=\"true\">\n\t\t\t\t\t\t\t<a href=\"https:\/\/mostrafire.com\/es\/pelicula\/kokuhaku\/\" aria-label=\"Kokuhaku\">\n\t\t\t\t\t\t\t<img decoding=\"async\" width=\"1920\" height=\"1058\" src=\"https:\/\/mostrafire.com\/wp-content\/uploads\/2025\/04\/Kokuhaku-1.jpg\" class=\"attachment-full size-full lazyload wp-post-image\" alt=\"Kokuhaku\" srcset=\"data:image\/svg+xml,%3Csvg%20xmlns%3D%27http%3A%2F%2Fwww.w3.org%2F2000%2Fsvg%27%20width%3D%271920%27%20height%3D%271058%27%20viewBox%3D%270%200%201920%201058%27%3E%3Crect%20width%3D%271920%27%20height%3D%271058%27%20fill-opacity%3D%220%22%2F%3E%3C%2Fsvg%3E\" data-orig-src=\"https:\/\/mostrafire.com\/wp-content\/uploads\/2025\/04\/Kokuhaku-1.jpg\" data-srcset=\"https:\/\/mostrafire.com\/wp-content\/uploads\/2025\/04\/Kokuhaku-1-200x110.jpg 200w, https:\/\/mostrafire.com\/wp-content\/uploads\/2025\/04\/Kokuhaku-1-400x220.jpg 400w, https:\/\/mostrafire.com\/wp-content\/uploads\/2025\/04\/Kokuhaku-1-600x331.jpg 600w, https:\/\/mostrafire.com\/wp-content\/uploads\/2025\/04\/Kokuhaku-1-800x441.jpg 800w, https:\/\/mostrafire.com\/wp-content\/uploads\/2025\/04\/Kokuhaku-1-1200x661.jpg 1200w, https:\/\/mostrafire.com\/wp-content\/uploads\/2025\/04\/Kokuhaku-1.jpg 1920w\" data-sizes=\"auto\" \/>\t\t\t<\/a>\n\t\t\t\t\t\t\t<\/div>\n<div class=\"fusion-portfolio-content\"><h2 class=\"entry-title fusion-post-title\"><a href=\"https:\/\/mostrafire.com\/es\/pelicula\/kokuhaku\/\">Kokuhaku<\/a><\/h2><div class=\"fusion-post-content\"><p><span class=\"ficha-excerpt\">Adri\u00e0 Guxens \u2022 <i>Espa\u00f1a (Catalu\u00f1a)<\/i><\/span><\/p><\/div><\/div><\/div><\/article><article id=\"portfolio-1-post-55756\" class=\"fusion-portfolio-post las-pardas-es cortometrajes-2025 fusion-col-spacing post-55756\"><div class=\"fusion-portfolio-content-wrapper\" style=\"border:none;\"><div  class=\"fusion-image-wrapper\" aria-haspopup=\"true\">\n\t\t\t\t\t\t\t<a href=\"https:\/\/mostrafire.com\/es\/pelicula\/las-pardas\/\" aria-label=\"Las pardas\">\n\t\t\t\t\t\t\t<img decoding=\"async\" width=\"1920\" height=\"1058\" src=\"https:\/\/mostrafire.com\/wp-content\/uploads\/2025\/04\/las-pardas-1.jpg\" class=\"attachment-full size-full lazyload wp-post-image\" alt=\"Las pardas\" srcset=\"data:image\/svg+xml,%3Csvg%20xmlns%3D%27http%3A%2F%2Fwww.w3.org%2F2000%2Fsvg%27%20width%3D%271920%27%20height%3D%271058%27%20viewBox%3D%270%200%201920%201058%27%3E%3Crect%20width%3D%271920%27%20height%3D%271058%27%20fill-opacity%3D%220%22%2F%3E%3C%2Fsvg%3E\" data-orig-src=\"https:\/\/mostrafire.com\/wp-content\/uploads\/2025\/04\/las-pardas-1.jpg\" data-srcset=\"https:\/\/mostrafire.com\/wp-content\/uploads\/2025\/04\/las-pardas-1-200x110.jpg 200w, https:\/\/mostrafire.com\/wp-content\/uploads\/2025\/04\/las-pardas-1-400x220.jpg 400w, https:\/\/mostrafire.com\/wp-content\/uploads\/2025\/04\/las-pardas-1-600x331.jpg 600w, https:\/\/mostrafire.com\/wp-content\/uploads\/2025\/04\/las-pardas-1-800x441.jpg 800w, https:\/\/mostrafire.com\/wp-content\/uploads\/2025\/04\/las-pardas-1-1200x661.jpg 1200w, https:\/\/mostrafire.com\/wp-content\/uploads\/2025\/04\/las-pardas-1.jpg 1920w\" data-sizes=\"auto\" \/>\t\t\t<\/a>\n\t\t\t\t\t\t\t<\/div>\n<div class=\"fusion-portfolio-content\"><h2 class=\"entry-title fusion-post-title\"><a href=\"https:\/\/mostrafire.com\/es\/pelicula\/las-pardas\/\">Las pardas<\/a><\/h2><div class=\"fusion-post-content\"><p><span class=\"ficha-excerpt\">Simone Sojo \u2022 <i>Espa\u00f1a<\/i><\/span>\n<\/p><\/div><\/div><\/div><\/article><article id=\"portfolio-1-post-55737\" class=\"fusion-portfolio-post cortometrajes-2025 solo-kim-es fusion-col-spacing post-55737\"><div class=\"fusion-portfolio-content-wrapper\" style=\"border:none;\"><div  class=\"fusion-image-wrapper\" aria-haspopup=\"true\">\n\t\t\t\t\t\t\t<a href=\"https:\/\/mostrafire.com\/es\/pelicula\/solo-kim\/\" aria-label=\"Solo Kim\">\n\t\t\t\t\t\t\t<img decoding=\"async\" width=\"1920\" height=\"1058\" src=\"https:\/\/mostrafire.com\/wp-content\/uploads\/2025\/04\/solo-kim-1.jpg\" class=\"attachment-full size-full lazyload wp-post-image\" alt=\"Solo Kim\" srcset=\"data:image\/svg+xml,%3Csvg%20xmlns%3D%27http%3A%2F%2Fwww.w3.org%2F2000%2Fsvg%27%20width%3D%271920%27%20height%3D%271058%27%20viewBox%3D%270%200%201920%201058%27%3E%3Crect%20width%3D%271920%27%20height%3D%271058%27%20fill-opacity%3D%220%22%2F%3E%3C%2Fsvg%3E\" data-orig-src=\"https:\/\/mostrafire.com\/wp-content\/uploads\/2025\/04\/solo-kim-1.jpg\" data-srcset=\"https:\/\/mostrafire.com\/wp-content\/uploads\/2025\/04\/solo-kim-1-200x110.jpg 200w, https:\/\/mostrafire.com\/wp-content\/uploads\/2025\/04\/solo-kim-1-400x220.jpg 400w, https:\/\/mostrafire.com\/wp-content\/uploads\/2025\/04\/solo-kim-1-600x331.jpg 600w, https:\/\/mostrafire.com\/wp-content\/uploads\/2025\/04\/solo-kim-1-800x441.jpg 800w, https:\/\/mostrafire.com\/wp-content\/uploads\/2025\/04\/solo-kim-1-1200x661.jpg 1200w, https:\/\/mostrafire.com\/wp-content\/uploads\/2025\/04\/solo-kim-1.jpg 1920w\" data-sizes=\"auto\" \/>\t\t\t<\/a>\n\t\t\t\t\t\t\t<\/div>\n<div class=\"fusion-portfolio-content\"><h2 class=\"entry-title fusion-post-title\"><a href=\"https:\/\/mostrafire.com\/es\/pelicula\/solo-kim\/\">Solo Kim<\/a><\/h2><div class=\"fusion-post-content\"><p><span class=\"ficha-excerpt\">Javier Prieto de Paula, Diego Herrero \u2022 <i>Espa\u00f1a (Catalu\u00f1a)<\/i><\/span>\n<\/p><\/div><\/div><\/div><\/article><article id=\"portfolio-1-post-55799\" class=\"fusion-portfolio-post largometrajes-2025 tesis-sobre-una-domesticacion-es fusion-col-spacing post-55799\"><div class=\"fusion-portfolio-content-wrapper\" style=\"border:none;\"><div  class=\"fusion-image-wrapper\" aria-haspopup=\"true\">\n\t\t\t\t\t\t\t<a href=\"https:\/\/mostrafire.com\/es\/pelicula\/tesis-sobre-una-domesticacion\/\" aria-label=\"Tesis sobre una domesticaci\u00f3n\">\n\t\t\t\t\t\t\t<img decoding=\"async\" width=\"1920\" height=\"1058\" src=\"https:\/\/mostrafire.com\/wp-content\/uploads\/2025\/04\/Tesis-sobre-una-domesticacion.jpg\" class=\"attachment-full size-full lazyload wp-post-image\" alt=\"Tesis sobre una domesticaci\u00f3n\" srcset=\"data:image\/svg+xml,%3Csvg%20xmlns%3D%27http%3A%2F%2Fwww.w3.org%2F2000%2Fsvg%27%20width%3D%271920%27%20height%3D%271058%27%20viewBox%3D%270%200%201920%201058%27%3E%3Crect%20width%3D%271920%27%20height%3D%271058%27%20fill-opacity%3D%220%22%2F%3E%3C%2Fsvg%3E\" data-orig-src=\"https:\/\/mostrafire.com\/wp-content\/uploads\/2025\/04\/Tesis-sobre-una-domesticacion.jpg\" data-srcset=\"https:\/\/mostrafire.com\/wp-content\/uploads\/2025\/04\/Tesis-sobre-una-domesticacion-200x110.jpg 200w, https:\/\/mostrafire.com\/wp-content\/uploads\/2025\/04\/Tesis-sobre-una-domesticacion-400x220.jpg 400w, https:\/\/mostrafire.com\/wp-content\/uploads\/2025\/04\/Tesis-sobre-una-domesticacion-600x331.jpg 600w, https:\/\/mostrafire.com\/wp-content\/uploads\/2025\/04\/Tesis-sobre-una-domesticacion-800x441.jpg 800w, https:\/\/mostrafire.com\/wp-content\/uploads\/2025\/04\/Tesis-sobre-una-domesticacion-1200x661.jpg 1200w, https:\/\/mostrafire.com\/wp-content\/uploads\/2025\/04\/Tesis-sobre-una-domesticacion.jpg 1920w\" data-sizes=\"auto\" \/>\t\t\t<\/a>\n\t\t\t\t\t\t\t<\/div>\n<div class=\"fusion-portfolio-content\"><h2 class=\"entry-title fusion-post-title\"><a href=\"https:\/\/mostrafire.com\/es\/pelicula\/tesis-sobre-una-domesticacion\/\">Tesis sobre una domesticaci\u00f3n<\/a><\/h2><div class=\"fusion-post-content\"><p><span class=\"ficha-excerpt\">Javier van de Couter \u2022 <i>Argentina<\/i><\/span><\/p><\/div><\/div><\/div><\/article><\/div><\/div><\/div><\/div><div class=\"fusion-layout-column fusion_builder_column fusion-builder-column-1 awb-sticky awb-sticky-small awb-sticky-medium awb-sticky-large fusion_builder_column_1_3 1_3 fusion-flex-column fusion-flex-align-self-flex-start fusion-no-small-visibility\" style=\"--awb-padding-right-medium:0px;--awb-bg-size:cover;--awb-width-large:33.333333333333%;--awb-margin-top-large:0px;--awb-spacing-right-large:5.76%;--awb-margin-bottom-large:0px;--awb-spacing-left-large:5.76%;--awb-width-medium:30.95%;--awb-order-medium:1;--awb-spacing-right-medium:0%;--awb-spacing-left-medium:0%;--awb-width-small:100%;--awb-order-small:0;--awb-spacing-right-small:1.92%;--awb-spacing-left-small:1.92%;\" id=\"menu-mes-seccions\" data-scroll-devices=\"small-visibility,medium-visibility,large-visibility\"><div class=\"fusion-column-wrapper fusion-column-has-shadow fusion-flex-justify-content-flex-start fusion-content-layout-column\"><div class=\"fusion-title title fusion-title-1 fusion-sep-none fusion-title-text fusion-title-size-three\" style=\"--awb-margin-bottom:20px;--awb-margin-top-small:10px;--awb-margin-right-small:0px;--awb-margin-bottom-small:10px;--awb-margin-left-small:0px;\"><h3 class=\"fusion-title-heading title-heading-left fusion-responsive-typography-calculated\" style=\"margin:0;--fontSize:30;--minFontSize:30;line-height:1.3;\">M\u00e1s secciones<\/h3><\/div><div class=\"fusion-separator\" style=\"align-self: flex-start;margin-right:auto;margin-bottom:8%;width:100%;max-width:185px;\"><div class=\"fusion-separator-border sep-single\" style=\"--awb-height:20px;--awb-amount:20px;border-color:#75ffcc;border-top-width:4px;\"><\/div><\/div><div style=\"text-align:left;\"><a class=\"fusion-button button-flat fusion-button-default-size button-custom fusion-button-default button-1 fusion-button-default-span fusion-button-default-type fusion-has-button-gradient secciones-menu-but-2021\" style=\"--awb-margin-left:0px;--button_accent_color:#33a8f0;--button_border_color:#33a8f0;--button_accent_hover_color:#81c5ef;--button_border_hover_color:#81c5ef;--button_gradient_top_color:rgba(255,255,255,0);--button_gradient_bottom_color:rgba(109,55,196,0);--button_gradient_top_color_hover:#ffffff;--button_gradient_bottom_color_hover:#ffffff;\" target=\"_self\" href=\"https:\/\/mostrafire.com\/es\/pelicula-inaugural-clausura\/\"><span class=\"fusion-button-text awb-button__text awb-button__text--default\">Pel\u00edcula inaugural \/ Clausura<\/span><\/a><\/div><div style=\"text-align:left;\"><a class=\"fusion-button button-flat fusion-button-default-size button-custom fusion-button-default button-2 fusion-button-default-span fusion-button-default-type secciones-menu-but-2021\" style=\"--awb-margin-left:0px;--button_accent_color:#33a8f0;--button_border_color:#33a8f0;--button_accent_hover_color:#81c5ef;--button_border_hover_color:#81c5ef;--button_gradient_top_color:#ffffff;--button_gradient_bottom_color:#ffffff;--button_gradient_top_color_hover:#ffffff;--button_gradient_bottom_color_hover:#ffffff;\" target=\"_self\" href=\"https:\/\/mostrafire.com\/es\/secciones\/seccion-oficial-largometrajes\/\"><span class=\"fusion-button-text awb-button__text awb-button__text--default\">Secci\u00f3n oficial: largometrajes<\/span><\/a><\/div><div style=\"text-align:left;\"><a class=\"fusion-button button-flat fusion-button-default-size button-custom fusion-button-default button-3 fusion-button-default-span fusion-button-default-type secciones-menu-but-2021\" style=\"--awb-margin-left:0px;--button_accent_color:#33a8f0;--button_border_color:#33a8f0;--button_accent_hover_color:#81c5ef;--button_border_hover_color:#81c5ef;--button_gradient_top_color:#ffffff;--button_gradient_bottom_color:#ffffff;--button_gradient_top_color_hover:#ffffff;--button_gradient_bottom_color_hover:#ffffff;\" target=\"_self\" href=\"https:\/\/mostrafire.com\/es\/secciones\/seccion-oficial-documentales\/\"><span class=\"fusion-button-text awb-button__text awb-button__text--default\">Secci\u00f3n oficial: documentales<\/span><\/a><\/div><div style=\"text-align:left;\"><a class=\"fusion-button button-flat fusion-button-default-size button-custom fusion-button-default button-4 fusion-button-default-span fusion-button-default-type secciones-menu-but-2021\" style=\"--awb-margin-left:0px;--button_accent_color:#33a8f0;--button_border_color:#33a8f0;--button_accent_hover_color:#81c5ef;--button_border_hover_color:#81c5ef;--button_gradient_top_color:#ffffff;--button_gradient_bottom_color:#ffffff;--button_gradient_top_color_hover:#ffffff;--button_gradient_bottom_color_hover:#ffffff;\" target=\"_self\" href=\"https:\/\/mostrafire.com\/es\/secciones\/seccion-oficial-cortometrajes\/\"><span class=\"fusion-button-text awb-button__text awb-button__text--default\">Secci\u00f3n oficial: cortometrajes<\/span><\/a><\/div><div style=\"text-align:left;\"><a class=\"fusion-button button-flat fusion-button-default-size button-custom fusion-button-default button-5 fusion-button-default-span fusion-button-default-type secciones-menu-but-2021\" style=\"--awb-margin-left:0px;--button_accent_color:#33a8f0;--button_border_color:#33a8f0;--button_accent_hover_color:#81c5ef;--button_border_hover_color:#81c5ef;--button_gradient_top_color:#ffffff;--button_gradient_bottom_color:#ffffff;--button_gradient_top_color_hover:#ffffff;--button_gradient_bottom_color_hover:#ffffff;\" target=\"_self\" href=\"https:\/\/mostrafire.com\/es\/secciones\/fire-focus\/\"><span class=\"fusion-button-text awb-button__text awb-button__text--default\">FIRE!! Focus<\/span><\/a><\/div><div style=\"text-align:left;\"><a class=\"fusion-button button-flat fusion-button-default-size button-custom fusion-button-default button-6 fusion-button-default-span fusion-button-default-type secciones-menu-but-2021\" style=\"--awb-margin-left:0px;--button_accent_color:#33a8f0;--button_border_color:#33a8f0;--button_accent_hover_color:#81c5ef;--button_border_hover_color:#81c5ef;--button_gradient_top_color:#ffffff;--button_gradient_bottom_color:#ffffff;--button_gradient_top_color_hover:#ffffff;--button_gradient_bottom_color_hover:#ffffff;\" target=\"_self\" href=\"https:\/\/mostrafire.com\/es\/secciones\/la-mirada-del-cine-argentino\/\"><span class=\"fusion-button-text awb-button__text awb-button__text--default\"> La mirada del cine argentino<\/span><\/a><\/div><div style=\"text-align:left;\"><a class=\"fusion-button button-flat fusion-button-default-size button-custom fusion-button-default button-7 fusion-button-default-span fusion-button-default-type secciones-menu-but-2021\" style=\"--awb-margin-left:0px;--button_accent_color:#33a8f0;--button_border_color:#33a8f0;--button_accent_hover_color:#81c5ef;--button_border_hover_color:#81c5ef;--button_gradient_top_color:#ffffff;--button_gradient_bottom_color:#ffffff;--button_gradient_top_color_hover:#ffffff;--button_gradient_bottom_color_hover:#ffffff;\" target=\"_self\" href=\"https:\/\/mostrafire.com\/es\/secciones\/pantalla-trans\/\"><span class=\"fusion-button-text awb-button__text awb-button__text--default\">Pantalla trans<\/span><\/a><\/div><div style=\"text-align:left;\"><a class=\"fusion-button button-flat fusion-button-default-size button-custom fusion-button-default button-8 fusion-button-default-span fusion-button-default-type secciones-menu-but-2021\" style=\"--awb-margin-left:0px;--button_accent_color:#33a8f0;--button_border_color:#33a8f0;--button_accent_hover_color:#81c5ef;--button_border_hover_color:#81c5ef;--button_gradient_top_color:#ffffff;--button_gradient_bottom_color:#ffffff;--button_gradient_top_color_hover:#ffffff;--button_gradient_bottom_color_hover:#ffffff;\" target=\"_self\" href=\"https:\/\/mostrafire.com\/es\/secciones\/al-este-del-eden\/\"><span class=\"fusion-button-text awb-button__text awb-button__text--default\">Al este del Ed\u00e9n<\/span><\/a><\/div><div style=\"text-align:left;\"><a class=\"fusion-button button-flat fusion-button-default-size button-custom fusion-button-default button-9 fusion-button-default-span fusion-button-default-type secciones-menu-but-2021\" style=\"--awb-margin-left:0px;--button_accent_color:#33a8f0;--button_border_color:#33a8f0;--button_accent_hover_color:#81c5ef;--button_border_hover_color:#81c5ef;--button_gradient_top_color:#ffffff;--button_gradient_bottom_color:#ffffff;--button_gradient_top_color_hover:#ffffff;--button_gradient_bottom_color_hover:#ffffff;\" target=\"_self\" href=\"https:\/\/mostrafire.com\/es\/secciones\/mas-fire\/\"><span class=\"fusion-button-text awb-button__text awb-button__text--default\">M\u00e1s FIRE!! especial 30 a\u00f1os!<\/span><\/a><\/div><div style=\"text-align:left;\"><a class=\"fusion-button button-flat fusion-button-default-size button-custom fusion-button-default button-10 fusion-button-default-span fusion-button-default-type secciones-menu-but-2021\" style=\"--awb-margin-left:0px;--button_accent_color:#33a8f0;--button_border_color:#33a8f0;--button_accent_hover_color:#81c5ef;--button_border_hover_color:#81c5ef;--button_gradient_top_color:#ffffff;--button_gradient_bottom_color:#ffffff;--button_gradient_top_color_hover:#ffffff;--button_gradient_bottom_color_hover:#ffffff;\" target=\"_self\" href=\"https:\/\/mostrafire.com\/es\/secciones\/fire-en-gira\/\"><span class=\"fusion-button-text awb-button__text awb-button__text--default\">FIRE!! en Gira<\/span><\/a><\/div><div style=\"text-align:left;\"><a class=\"fusion-button button-flat fusion-button-default-size button-custom fusion-button-default button-11 fusion-button-default-span fusion-button-default-type secciones-menu-but-2021\" style=\"--awb-margin-left:0px;--button_accent_color:#33a8f0;--button_border_color:#33a8f0;--button_accent_hover_color:#81c5ef;--button_border_hover_color:#81c5ef;--button_gradient_top_color:#ffffff;--button_gradient_bottom_color:#ffffff;--button_gradient_top_color_hover:#ffffff;--button_gradient_bottom_color_hover:#ffffff;\" target=\"_self\" href=\"https:\/\/mostrafire.com\/es\/secciones\/programa-educativo\/\"><span class=\"fusion-button-text awb-button__text awb-button__text--default\">Programa educativo<\/span><\/a><\/div><div style=\"text-align:left;\"><a class=\"fusion-button button-flat fusion-button-default-size button-custom fusion-button-default button-12 fusion-button-default-span fusion-button-default-type secciones-menu-but-2021\" style=\"--awb-margin-left:0px;--button_accent_color:#33a8f0;--button_border_color:#33a8f0;--button_accent_hover_color:#81c5ef;--button_border_hover_color:#81c5ef;--button_gradient_top_color:#ffffff;--button_gradient_bottom_color:#ffffff;--button_gradient_top_color_hover:#ffffff;--button_gradient_bottom_color_hover:#ffffff;\" target=\"_self\" href=\"https:\/\/mostrafire.com\/es\/secciones\/fire-pro\/\"><span class=\"fusion-button-text awb-button__text awb-button__text--default\">FIRE!! Pro 2025<\/span><\/a><\/div><\/div><\/div>\n<\/div><\/div>\n","protected":false},"excerpt":{"rendered":"","protected":false},"author":1,"featured_media":55662,"parent":305,"menu_order":8,"comment_status":"closed","ping_status":"closed","template":"","meta":{"footnotes":""},"class_list":["post-39949","page","type-page","status-publish","format-standard","has-post-thumbnail","hentry"],"yoast_head":"<!-- This site is optimized with the Yoast SEO plugin v27.4 - https:\/\/yoast.com\/product\/yoast-seo-wordpress\/ -->\n<title>Pantalla trans | Mostra FIRE!!<\/title>\n<meta name=\"description\" content=\"Transexualidad en el cine de ficci\u00f3n y pretende que nos detengamos en los avances, en t\u00e9rminos de derechos o de visibilizaci\u00f3n, de algunos colectivos concretos.\" \/>\n<meta name=\"robots\" content=\"index, follow, max-snippet:-1, max-image-preview:large, max-video-preview:-1\" \/>\n<link rel=\"canonical\" href=\"https:\/\/mostrafire.com\/es\/secciones\/pantalla-trans\/\" \/>\n<meta property=\"og:locale\" content=\"es_ES\" \/>\n<meta property=\"og:type\" content=\"article\" \/>\n<meta property=\"og:title\" content=\"Pantalla trans | Mostra FIRE!!\" \/>\n<meta property=\"og:description\" content=\"Transexualidad en el cine de ficci\u00f3n y pretende que nos detengamos en los avances, en t\u00e9rminos de derechos o de visibilizaci\u00f3n, de algunos colectivos concretos.\" \/>\n<meta property=\"og:url\" content=\"https:\/\/mostrafire.com\/es\/secciones\/pantalla-trans\/\" \/>\n<meta property=\"og:site_name\" content=\"Mostra FIRE!!\" \/>\n<meta property=\"article:publisher\" content=\"https:\/\/www.facebook.com\/MostraFire\" \/>\n<meta property=\"article:modified_time\" content=\"2025-04-30T12:33:09+00:00\" \/>\n<meta property=\"og:image\" content=\"https:\/\/mostrafire.com\/wp-content\/uploads\/2025\/04\/las-pardas-1.jpg\" \/>\n\t<meta property=\"og:image:width\" content=\"1920\" \/>\n\t<meta property=\"og:image:height\" content=\"1058\" \/>\n\t<meta property=\"og:image:type\" content=\"image\/jpeg\" \/>\n<meta name=\"twitter:card\" content=\"summary_large_image\" \/>\n<meta name=\"twitter:site\" content=\"@mostraFire\" \/>\n<meta name=\"twitter:label1\" content=\"Tiempo de lectura\" \/>\n\t<meta name=\"twitter:data1\" content=\"5 minutos\" \/>\n<script type=\"application\/ld+json\" class=\"yoast-schema-graph\">{\"@context\":\"https:\\\/\\\/schema.org\",\"@graph\":[{\"@type\":\"WebPage\",\"@id\":\"https:\\\/\\\/mostrafire.com\\\/es\\\/secciones\\\/pantalla-trans\\\/\",\"url\":\"https:\\\/\\\/mostrafire.com\\\/es\\\/secciones\\\/pantalla-trans\\\/\",\"name\":\"Pantalla trans | Mostra FIRE!!\",\"isPartOf\":{\"@id\":\"https:\\\/\\\/mostrafire.com\\\/es\\\/#website\"},\"primaryImageOfPage\":{\"@id\":\"https:\\\/\\\/mostrafire.com\\\/es\\\/secciones\\\/pantalla-trans\\\/#primaryimage\"},\"image\":{\"@id\":\"https:\\\/\\\/mostrafire.com\\\/es\\\/secciones\\\/pantalla-trans\\\/#primaryimage\"},\"thumbnailUrl\":\"https:\\\/\\\/mostrafire.com\\\/wp-content\\\/uploads\\\/2025\\\/04\\\/las-pardas-1.jpg\",\"datePublished\":\"2025-04-26T08:22:58+00:00\",\"dateModified\":\"2025-04-30T12:33:09+00:00\",\"description\":\"Transexualidad en el cine de ficci\u00f3n y pretende que nos detengamos en los avances, en t\u00e9rminos de derechos o de visibilizaci\u00f3n, de algunos colectivos concretos.\",\"breadcrumb\":{\"@id\":\"https:\\\/\\\/mostrafire.com\\\/es\\\/secciones\\\/pantalla-trans\\\/#breadcrumb\"},\"inLanguage\":\"es\",\"potentialAction\":[{\"@type\":\"ReadAction\",\"target\":[\"https:\\\/\\\/mostrafire.com\\\/es\\\/secciones\\\/pantalla-trans\\\/\"]}]},{\"@type\":\"ImageObject\",\"inLanguage\":\"es\",\"@id\":\"https:\\\/\\\/mostrafire.com\\\/es\\\/secciones\\\/pantalla-trans\\\/#primaryimage\",\"url\":\"https:\\\/\\\/mostrafire.com\\\/wp-content\\\/uploads\\\/2025\\\/04\\\/las-pardas-1.jpg\",\"contentUrl\":\"https:\\\/\\\/mostrafire.com\\\/wp-content\\\/uploads\\\/2025\\\/04\\\/las-pardas-1.jpg\",\"width\":1920,\"height\":1058,\"caption\":\"Las pardas\"},{\"@type\":\"BreadcrumbList\",\"@id\":\"https:\\\/\\\/mostrafire.com\\\/es\\\/secciones\\\/pantalla-trans\\\/#breadcrumb\",\"itemListElement\":[{\"@type\":\"ListItem\",\"position\":1,\"name\":\"Portada\",\"item\":\"https:\\\/\\\/mostrafire.com\\\/es\\\/\"},{\"@type\":\"ListItem\",\"position\":2,\"name\":\"Secciones\",\"item\":\"https:\\\/\\\/mostrafire.com\\\/es\\\/secciones\\\/\"},{\"@type\":\"ListItem\",\"position\":3,\"name\":\"Pantalla trans\"}]},{\"@type\":\"WebSite\",\"@id\":\"https:\\\/\\\/mostrafire.com\\\/es\\\/#website\",\"url\":\"https:\\\/\\\/mostrafire.com\\\/es\\\/\",\"name\":\"Mostra FIRE!!\",\"description\":\"Muestra Internacional de Cine Gay y L\u00e9sbico de Barcelona\",\"publisher\":{\"@id\":\"https:\\\/\\\/mostrafire.com\\\/es\\\/#organization\"},\"potentialAction\":[{\"@type\":\"SearchAction\",\"target\":{\"@type\":\"EntryPoint\",\"urlTemplate\":\"https:\\\/\\\/mostrafire.com\\\/es\\\/?s={search_term_string}\"},\"query-input\":{\"@type\":\"PropertyValueSpecification\",\"valueRequired\":true,\"valueName\":\"search_term_string\"}}],\"inLanguage\":\"es\"},{\"@type\":\"Organization\",\"@id\":\"https:\\\/\\\/mostrafire.com\\\/es\\\/#organization\",\"name\":\"Mostra FIRE!! Edici\u00f3 2021\",\"url\":\"https:\\\/\\\/mostrafire.com\\\/es\\\/\",\"logo\":{\"@type\":\"ImageObject\",\"inLanguage\":\"es\",\"@id\":\"https:\\\/\\\/mostrafire.com\\\/es\\\/#\\\/schema\\\/logo\\\/image\\\/\",\"url\":\"https:\\\/\\\/mostrafire.com\\\/wp-content\\\/uploads\\\/2020\\\/07\\\/Logo_landing.jpg\",\"contentUrl\":\"https:\\\/\\\/mostrafire.com\\\/wp-content\\\/uploads\\\/2020\\\/07\\\/Logo_landing.jpg\",\"width\":884,\"height\":312,\"caption\":\"Mostra FIRE!! Edici\u00f3 2021\"},\"image\":{\"@id\":\"https:\\\/\\\/mostrafire.com\\\/es\\\/#\\\/schema\\\/logo\\\/image\\\/\"},\"sameAs\":[\"https:\\\/\\\/www.facebook.com\\\/MostraFire\",\"https:\\\/\\\/x.com\\\/mostraFire\",\"https:\\\/\\\/www.instagram.com\\\/Mostrafire\\\/\",\"https:\\\/\\\/www.youtube.com\\\/user\\\/firemostra\\\/\"]}]}<\/script>\n<!-- \/ Yoast SEO plugin. -->","yoast_head_json":{"title":"Pantalla trans | Mostra FIRE!!","description":"Transexualidad en el cine de ficci\u00f3n y pretende que nos detengamos en los avances, en t\u00e9rminos de derechos o de visibilizaci\u00f3n, de algunos colectivos concretos.","robots":{"index":"index","follow":"follow","max-snippet":"max-snippet:-1","max-image-preview":"max-image-preview:large","max-video-preview":"max-video-preview:-1"},"canonical":"https:\/\/mostrafire.com\/es\/secciones\/pantalla-trans\/","og_locale":"es_ES","og_type":"article","og_title":"Pantalla trans | Mostra FIRE!!","og_description":"Transexualidad en el cine de ficci\u00f3n y pretende que nos detengamos en los avances, en t\u00e9rminos de derechos o de visibilizaci\u00f3n, de algunos colectivos concretos.","og_url":"https:\/\/mostrafire.com\/es\/secciones\/pantalla-trans\/","og_site_name":"Mostra FIRE!!","article_publisher":"https:\/\/www.facebook.com\/MostraFire","article_modified_time":"2025-04-30T12:33:09+00:00","og_image":[{"width":1920,"height":1058,"url":"https:\/\/mostrafire.com\/wp-content\/uploads\/2025\/04\/las-pardas-1.jpg","type":"image\/jpeg"}],"twitter_card":"summary_large_image","twitter_site":"@mostraFire","twitter_misc":{"Tiempo de lectura":"5 minutos"},"schema":{"@context":"https:\/\/schema.org","@graph":[{"@type":"WebPage","@id":"https:\/\/mostrafire.com\/es\/secciones\/pantalla-trans\/","url":"https:\/\/mostrafire.com\/es\/secciones\/pantalla-trans\/","name":"Pantalla trans | Mostra FIRE!!","isPartOf":{"@id":"https:\/\/mostrafire.com\/es\/#website"},"primaryImageOfPage":{"@id":"https:\/\/mostrafire.com\/es\/secciones\/pantalla-trans\/#primaryimage"},"image":{"@id":"https:\/\/mostrafire.com\/es\/secciones\/pantalla-trans\/#primaryimage"},"thumbnailUrl":"https:\/\/mostrafire.com\/wp-content\/uploads\/2025\/04\/las-pardas-1.jpg","datePublished":"2025-04-26T08:22:58+00:00","dateModified":"2025-04-30T12:33:09+00:00","description":"Transexualidad en el cine de ficci\u00f3n y pretende que nos detengamos en los avances, en t\u00e9rminos de derechos o de visibilizaci\u00f3n, de algunos colectivos concretos.","breadcrumb":{"@id":"https:\/\/mostrafire.com\/es\/secciones\/pantalla-trans\/#breadcrumb"},"inLanguage":"es","potentialAction":[{"@type":"ReadAction","target":["https:\/\/mostrafire.com\/es\/secciones\/pantalla-trans\/"]}]},{"@type":"ImageObject","inLanguage":"es","@id":"https:\/\/mostrafire.com\/es\/secciones\/pantalla-trans\/#primaryimage","url":"https:\/\/mostrafire.com\/wp-content\/uploads\/2025\/04\/las-pardas-1.jpg","contentUrl":"https:\/\/mostrafire.com\/wp-content\/uploads\/2025\/04\/las-pardas-1.jpg","width":1920,"height":1058,"caption":"Las pardas"},{"@type":"BreadcrumbList","@id":"https:\/\/mostrafire.com\/es\/secciones\/pantalla-trans\/#breadcrumb","itemListElement":[{"@type":"ListItem","position":1,"name":"Portada","item":"https:\/\/mostrafire.com\/es\/"},{"@type":"ListItem","position":2,"name":"Secciones","item":"https:\/\/mostrafire.com\/es\/secciones\/"},{"@type":"ListItem","position":3,"name":"Pantalla trans"}]},{"@type":"WebSite","@id":"https:\/\/mostrafire.com\/es\/#website","url":"https:\/\/mostrafire.com\/es\/","name":"Mostra FIRE!!","description":"Muestra Internacional de Cine Gay y L\u00e9sbico de Barcelona","publisher":{"@id":"https:\/\/mostrafire.com\/es\/#organization"},"potentialAction":[{"@type":"SearchAction","target":{"@type":"EntryPoint","urlTemplate":"https:\/\/mostrafire.com\/es\/?s={search_term_string}"},"query-input":{"@type":"PropertyValueSpecification","valueRequired":true,"valueName":"search_term_string"}}],"inLanguage":"es"},{"@type":"Organization","@id":"https:\/\/mostrafire.com\/es\/#organization","name":"Mostra FIRE!! Edici\u00f3 2021","url":"https:\/\/mostrafire.com\/es\/","logo":{"@type":"ImageObject","inLanguage":"es","@id":"https:\/\/mostrafire.com\/es\/#\/schema\/logo\/image\/","url":"https:\/\/mostrafire.com\/wp-content\/uploads\/2020\/07\/Logo_landing.jpg","contentUrl":"https:\/\/mostrafire.com\/wp-content\/uploads\/2020\/07\/Logo_landing.jpg","width":884,"height":312,"caption":"Mostra FIRE!! Edici\u00f3 2021"},"image":{"@id":"https:\/\/mostrafire.com\/es\/#\/schema\/logo\/image\/"},"sameAs":["https:\/\/www.facebook.com\/MostraFire","https:\/\/x.com\/mostraFire","https:\/\/www.instagram.com\/Mostrafire\/","https:\/\/www.youtube.com\/user\/firemostra\/"]}]}},"_links":{"self":[{"href":"https:\/\/mostrafire.com\/es\/wp-json\/wp\/v2\/pages\/39949","targetHints":{"allow":["GET"]}}],"collection":[{"href":"https:\/\/mostrafire.com\/es\/wp-json\/wp\/v2\/pages"}],"about":[{"href":"https:\/\/mostrafire.com\/es\/wp-json\/wp\/v2\/types\/page"}],"author":[{"embeddable":true,"href":"https:\/\/mostrafire.com\/es\/wp-json\/wp\/v2\/users\/1"}],"replies":[{"embeddable":true,"href":"https:\/\/mostrafire.com\/es\/wp-json\/wp\/v2\/comments?post=39949"}],"version-history":[{"count":0,"href":"https:\/\/mostrafire.com\/es\/wp-json\/wp\/v2\/pages\/39949\/revisions"}],"up":[{"embeddable":true,"href":"https:\/\/mostrafire.com\/es\/wp-json\/wp\/v2\/pages\/305"}],"wp:featuredmedia":[{"embeddable":true,"href":"https:\/\/mostrafire.com\/es\/wp-json\/wp\/v2\/media\/55662"}],"wp:attachment":[{"href":"https:\/\/mostrafire.com\/es\/wp-json\/wp\/v2\/media?parent=39949"}],"curies":[{"name":"wp","href":"https:\/\/api.w.org\/{rel}","templated":true}]}}