{"id":12301,"date":"2022-02-12T14:34:16","date_gmt":"2022-02-12T13:34:16","guid":{"rendered":"https:\/\/mostrafire.com\/?page_id=12301"},"modified":"2022-02-12T15:22:00","modified_gmt":"2022-02-12T14:22:00","slug":"2021-25-anos-quemando-armarios","status":"publish","type":"page","link":"https:\/\/mostrafire.com\/es\/que-es-fire\/ediciones-anteriores\/2021-25-anos-quemando-armarios\/","title":{"rendered":"FIRE!! Muestra Internacional de Cine LGTBI de Barcelona &#8211; 25 A\u00f1os quemando armarios \u2013 2021"},"content":{"rendered":"<p><div class=\"fusion-fullwidth fullwidth-box fusion-builder-row-1 fusion-flex-container hundred-percent-fullwidth non-hundred-percent-height-scrolling fusion-no-small-visibility\" style=\"--awb-border-radius-top-left:0px;--awb-border-radius-top-right:0px;--awb-border-radius-bottom-right:0px;--awb-border-radius-bottom-left:0px;--awb-padding-top:0px;--awb-padding-right:0px;--awb-padding-bottom:0px;--awb-padding-left:0px;--awb-margin-top:0px;--awb-margin-bottom:30px;--awb-flex-wrap:wrap;\" ><div class=\"fusion-builder-row fusion-row fusion-flex-align-items-center fusion-flex-justify-content-center fusion-flex-content-wrap\" style=\"width:104% !important;max-width:104% !important;margin-left: calc(-4% \/ 2 );margin-right: calc(-4% \/ 2 );\"><div class=\"fusion-layout-column fusion_builder_column fusion-builder-column-0 fusion_builder_column_1_1 1_1 fusion-flex-column fusion-flex-align-self-flex-start fusion-no-small-visibility\" style=\"--awb-padding-top:0px;--awb-padding-bottom:0px;--awb-bg-position:center bottom;--awb-bg-size:cover;--awb-width-large:100%;--awb-margin-top-large:0px;--awb-spacing-right-large:1.92%;--awb-margin-bottom-large:0px;--awb-spacing-left-large:1.92%;--awb-width-medium:100%;--awb-order-medium:0;--awb-spacing-right-medium:1.92%;--awb-spacing-left-medium:1.92%;--awb-width-small:100%;--awb-order-small:0;--awb-spacing-right-small:1.92%;--awb-spacing-left-small:1.92%;\"><div class=\"fusion-column-wrapper fusion-column-has-shadow fusion-flex-justify-content-flex-start fusion-content-layout-column\"><div class=\"fusion-image-element \" style=\"text-align:center;--awb-margin-top:0px;--awb-margin-right:0px;--awb-margin-bottom:0px;--awb-margin-left:0px;--awb-caption-title-font-family:var(--h2_typography-font-family);--awb-caption-title-font-weight:var(--h2_typography-font-weight);--awb-caption-title-font-style:var(--h2_typography-font-style);--awb-caption-title-size:var(--h2_typography-font-size);--awb-caption-title-transform:var(--h2_typography-text-transform);--awb-caption-title-line-height:var(--h2_typography-line-height);--awb-caption-title-letter-spacing:var(--h2_typography-letter-spacing);\"><span class=\" fusion-imageframe imageframe-none imageframe-1 hover-type-none\"><img decoding=\"async\" width=\"1921\" height=\"1081\" alt=\"25 a\u00f1os en FIRE!! Edici\u00f3n 2021 presencial y en FILMIN\" title=\"25 a\u00f1os on FIRE!! Edici\u00f3n 2021 presencial y en FILMIN\" src=\"https:\/\/mostrafire.com\/wp-content\/uploads\/2021\/05\/imagen-grafica-fire-2021-landing-web-ESP-pc-.jpg\" data-orig-src=\"https:\/\/mostrafire.com\/wp-content\/uploads\/2021\/05\/imagen-grafica-fire-2021-landing-web-ESP-pc-.jpg\" class=\"lazyload img-responsive wp-image-6817\" srcset=\"data:image\/svg+xml,%3Csvg%20xmlns%3D%27http%3A%2F%2Fwww.w3.org%2F2000%2Fsvg%27%20width%3D%271921%27%20height%3D%271081%27%20viewBox%3D%270%200%201921%201081%27%3E%3Crect%20width%3D%271921%27%20height%3D%271081%27%20fill-opacity%3D%220%22%2F%3E%3C%2Fsvg%3E\" data-srcset=\"https:\/\/mostrafire.com\/wp-content\/uploads\/2021\/05\/imagen-grafica-fire-2021-landing-web-ESP-pc--200x113.jpg 200w, https:\/\/mostrafire.com\/wp-content\/uploads\/2021\/05\/imagen-grafica-fire-2021-landing-web-ESP-pc--400x225.jpg 400w, https:\/\/mostrafire.com\/wp-content\/uploads\/2021\/05\/imagen-grafica-fire-2021-landing-web-ESP-pc--600x338.jpg 600w, https:\/\/mostrafire.com\/wp-content\/uploads\/2021\/05\/imagen-grafica-fire-2021-landing-web-ESP-pc--800x450.jpg 800w, https:\/\/mostrafire.com\/wp-content\/uploads\/2021\/05\/imagen-grafica-fire-2021-landing-web-ESP-pc--1200x675.jpg 1200w, https:\/\/mostrafire.com\/wp-content\/uploads\/2021\/05\/imagen-grafica-fire-2021-landing-web-ESP-pc-.jpg 1921w\" data-sizes=\"auto\" data-orig-sizes=\"(max-width: 900px) 100vw, (max-width: 640px) 100vw, 1200px\" \/><\/span><\/div><\/div><\/div><\/div><\/div><div class=\"fusion-fullwidth fullwidth-box fusion-builder-row-2 fusion-flex-container hundred-percent-fullwidth non-hundred-percent-height-scrolling fusion-no-medium-visibility fusion-no-large-visibility\" style=\"--awb-border-radius-top-left:0px;--awb-border-radius-top-right:0px;--awb-border-radius-bottom-right:0px;--awb-border-radius-bottom-left:0px;--awb-padding-top:0px;--awb-padding-right:0px;--awb-padding-bottom:0px;--awb-padding-left:0px;--awb-margin-top:0px;--awb-margin-bottom:30px;--awb-flex-wrap:wrap;\" ><div class=\"fusion-builder-row fusion-row fusion-flex-align-items-center fusion-flex-justify-content-center fusion-flex-content-wrap\" style=\"width:104% !important;max-width:104% !important;margin-left: calc(-4% \/ 2 );margin-right: calc(-4% \/ 2 );\"><div class=\"fusion-layout-column fusion_builder_column fusion-builder-column-1 fusion_builder_column_1_1 1_1 fusion-flex-column fusion-flex-align-self-flex-start\" style=\"--awb-padding-top:0px;--awb-padding-bottom:0px;--awb-bg-position:center bottom;--awb-bg-size:cover;--awb-width-large:100%;--awb-margin-top-large:0px;--awb-spacing-right-large:1.92%;--awb-margin-bottom-large:0px;--awb-spacing-left-large:1.92%;--awb-width-medium:100%;--awb-order-medium:0;--awb-spacing-right-medium:1.92%;--awb-spacing-left-medium:1.92%;--awb-width-small:100%;--awb-order-small:0;--awb-spacing-right-small:1.92%;--awb-spacing-left-small:1.92%;\"><div class=\"fusion-column-wrapper fusion-column-has-shadow fusion-flex-justify-content-flex-start fusion-content-layout-column\"><div class=\"fusion-image-element \" style=\"text-align:center;--awb-margin-top:0px;--awb-margin-right:0px;--awb-margin-bottom:0px;--awb-margin-left:0px;--awb-caption-title-font-family:var(--h2_typography-font-family);--awb-caption-title-font-weight:var(--h2_typography-font-weight);--awb-caption-title-font-style:var(--h2_typography-font-style);--awb-caption-title-size:var(--h2_typography-font-size);--awb-caption-title-transform:var(--h2_typography-text-transform);--awb-caption-title-line-height:var(--h2_typography-line-height);--awb-caption-title-letter-spacing:var(--h2_typography-letter-spacing);\"><span class=\" fusion-imageframe imageframe-none imageframe-2 hover-type-none\"><img decoding=\"async\" width=\"922\" height=\"1338\" alt=\"25 a\u00f1os en FIRE!! Edici\u00f3n 2021 presencial y en FILMIN\" title=\"25 a\u00f1os on FIRE!! Edici\u00f3n 2021 presencial y en FILMIN\" src=\"https:\/\/mostrafire.com\/wp-content\/uploads\/2021\/05\/imagen-grafica-fire-2021-landing-web-ESP-mob-.jpg\" data-orig-src=\"https:\/\/mostrafire.com\/wp-content\/uploads\/2021\/05\/imagen-grafica-fire-2021-landing-web-ESP-mob-.jpg\" class=\"lazyload img-responsive wp-image-6820\" srcset=\"data:image\/svg+xml,%3Csvg%20xmlns%3D%27http%3A%2F%2Fwww.w3.org%2F2000%2Fsvg%27%20width%3D%27922%27%20height%3D%271338%27%20viewBox%3D%270%200%20922%201338%27%3E%3Crect%20width%3D%27922%27%20height%3D%271338%27%20fill-opacity%3D%220%22%2F%3E%3C%2Fsvg%3E\" data-srcset=\"https:\/\/mostrafire.com\/wp-content\/uploads\/2021\/05\/imagen-grafica-fire-2021-landing-web-ESP-mob--200x290.jpg 200w, https:\/\/mostrafire.com\/wp-content\/uploads\/2021\/05\/imagen-grafica-fire-2021-landing-web-ESP-mob--400x580.jpg 400w, https:\/\/mostrafire.com\/wp-content\/uploads\/2021\/05\/imagen-grafica-fire-2021-landing-web-ESP-mob--600x871.jpg 600w, https:\/\/mostrafire.com\/wp-content\/uploads\/2021\/05\/imagen-grafica-fire-2021-landing-web-ESP-mob--800x1161.jpg 800w, https:\/\/mostrafire.com\/wp-content\/uploads\/2021\/05\/imagen-grafica-fire-2021-landing-web-ESP-mob-.jpg 922w\" data-sizes=\"auto\" data-orig-sizes=\"(max-width: 900px) 100vw, (max-width: 640px) 100vw, 922px\" \/><\/span><\/div><\/div><\/div><\/div><\/div><div class=\"fusion-fullwidth fullwidth-box fusion-builder-row-3 fusion-flex-container nonhundred-percent-fullwidth non-hundred-percent-height-scrolling\" style=\"--awb-border-radius-top-left:0px;--awb-border-radius-top-right:0px;--awb-border-radius-bottom-right:0px;--awb-border-radius-bottom-left:0px;--awb-flex-wrap:wrap;\" ><div class=\"fusion-builder-row fusion-row fusion-flex-align-items-flex-start fusion-flex-justify-content-center fusion-flex-content-wrap\" style=\"max-width:1248px;margin-left: calc(-4% \/ 2 );margin-right: calc(-4% \/ 2 );\"><div class=\"fusion-layout-column fusion_builder_column fusion-builder-column-2 fusion_builder_column_1_1 1_1 fusion-flex-column fusion-flex-align-self-flex-start\" style=\"--awb-bg-size:cover;--awb-width-large:100%;--awb-margin-top-large:0px;--awb-spacing-right-large:1.92%;--awb-margin-bottom-large:20px;--awb-spacing-left-large:1.92%;--awb-width-medium:100%;--awb-order-medium:0;--awb-spacing-right-medium:1.92%;--awb-spacing-left-medium:1.92%;--awb-width-small:100%;--awb-order-small:0;--awb-spacing-right-small:1.92%;--awb-spacing-left-small:1.92%;\"><div class=\"fusion-column-wrapper fusion-column-has-shadow fusion-flex-justify-content-flex-start fusion-content-layout-column\"><div style=\"text-align:center;\"><a class=\"fusion-button button-flat button-xlarge button-default fusion-button-default button-1 fusion-button-span-no fusion-button-default-type fusion-no-small-visibility\" style=\"--awb-margin-top:30px;--awb-margin-bottom:25px;\" target=\"_self\" href=\"#fire-pro-2021\"><i class=\"fa-video fas awb-button__icon awb-button__icon--default button-icon-left\" aria-hidden=\"true\"><\/i><span class=\"fusion-button-text awb-button__text awb-button__text--default\">Saltar pel\u00edculas y ver la secci\u00f3n FIRE!! Pro 2021<\/span><\/a><\/div><div style=\"text-align:center;\"><a class=\"fusion-button button-flat button-medium button-default fusion-button-default button-2 fusion-button-span-no fusion-button-default-type fusion-no-medium-visibility fusion-no-large-visibility\" style=\"--awb-margin-top:15px;--awb-margin-bottom:55px;\" target=\"_self\" href=\"#fire-pro-2021\"><i class=\"fa-video fas awb-button__icon awb-button__icon--default button-icon-left\" aria-hidden=\"true\"><\/i><span class=\"fusion-button-text awb-button__text awb-button__text--default\">Saltar pel\u00edculas y ver la secci\u00f3n FIRE!! Pro 2021<\/span><\/a><\/div><style type=\"text\/css\">.fusion-portfolio-wrapper#fusion-portfolio-1 .fusion-portfolio-content{  text-align: center; }<\/style><div class=\"fusion-recent-works fusion-portfolio-element fusion-portfolio fusion-portfolio-1 fusion-portfolio-grid fusion-portfolio-paging-load-more-button fusion-no-small-visibility fusion-no-medium-visibility fusion-portfolio-three fusion-portfolio-unboxed fusion-portfolio-text fusion-portfolio-equal-heights\" data-id=\"-rw-1\" data-columns=\"three\"><div><ul class=\"fusion-filters\" role=\"menu\" aria-label=\"Portfolio Filters\"><li role=\"presentation\" class=\"fusion-filter fusion-filter-all fusion-active\"><a href=\"#\" data-filter=\"*\" role=\"menuitem\">Todas<\/a><\/li><li role=\"presentation\" class=\"fusion-filter fusion-hidden\"><a href=\"#\" data-filter=\".largometrajes-2021\" role=\"menuitem\">Largometrajes 2021<\/a><\/li><li role=\"presentation\" class=\"fusion-filter fusion-hidden\"><a href=\"#\" data-filter=\".documentales-2021\" role=\"menuitem\">Documentales 2021<\/a><\/li><li role=\"presentation\" class=\"fusion-filter fusion-hidden\"><a href=\"#\" data-filter=\".cortometrajes-2021\" role=\"menuitem\">Cortometrajes 2021<\/a><\/li><\/ul><\/div><style type=\"text\/css\">.fusion-portfolio-1 .fusion-portfolio-wrapper .fusion-col-spacing{padding:15px;}<\/style><div class=\"fusion-portfolio-wrapper\" id=\"fusion-portfolio-1\" data-picturesize=\"auto\" data-pages=\"0\" style=\"margin:-15px;\"><article id=\"portfolio-1-post-8441\" class=\"fusion-portfolio-post documentales-2021 ahead-of-the-curve-es fusion-col-spacing post-8441\"><div class=\"fusion-portfolio-content-wrapper\" style=\"border:none;\"><div  class=\"fusion-image-wrapper\" aria-haspopup=\"true\">\n\t\t\t\t\t\t\t<a href=\"https:\/\/mostrafire.com\/es\/pelicula\/ahead-of-the-curve\/\" aria-label=\"Ahead of the Curve\">\n\t\t\t\t\t\t\t<img decoding=\"async\" width=\"1143\" height=\"630\" src=\"https:\/\/mostrafire.com\/wp-content\/uploads\/2021\/05\/ahead-of-the-curve-og.jpg\" class=\"attachment-full size-full lazyload wp-post-image\" alt=\"Ahead of the Curve\" srcset=\"data:image\/svg+xml,%3Csvg%20xmlns%3D%27http%3A%2F%2Fwww.w3.org%2F2000%2Fsvg%27%20width%3D%271143%27%20height%3D%27630%27%20viewBox%3D%270%200%201143%20630%27%3E%3Crect%20width%3D%271143%27%20height%3D%27630%27%20fill-opacity%3D%220%22%2F%3E%3C%2Fsvg%3E\" data-orig-src=\"https:\/\/mostrafire.com\/wp-content\/uploads\/2021\/05\/ahead-of-the-curve-og.jpg\" data-srcset=\"https:\/\/mostrafire.com\/wp-content\/uploads\/2021\/05\/ahead-of-the-curve-og-200x110.jpg 200w, https:\/\/mostrafire.com\/wp-content\/uploads\/2021\/05\/ahead-of-the-curve-og-400x220.jpg 400w, https:\/\/mostrafire.com\/wp-content\/uploads\/2021\/05\/ahead-of-the-curve-og-600x331.jpg 600w, https:\/\/mostrafire.com\/wp-content\/uploads\/2021\/05\/ahead-of-the-curve-og-800x441.jpg 800w, https:\/\/mostrafire.com\/wp-content\/uploads\/2021\/05\/ahead-of-the-curve-og.jpg 1143w\" data-sizes=\"auto\" \/>\t\t\t<\/a>\n\t\t\t\t\t\t\t<\/div>\n<div class=\"fusion-portfolio-content\"><h2 class=\"entry-title fusion-post-title\"><a href=\"https:\/\/mostrafire.com\/es\/pelicula\/ahead-of-the-curve\/\">Ahead of the Curve<\/a><\/h2><div class=\"fusion-post-content\"><p><span class=\"ficha-excerpt\">Jen Rainin \u2022 <i>EE.UU.<\/i><\/span><\/p><\/div><\/div><\/div><\/article><article id=\"portfolio-1-post-8484\" class=\"fusion-portfolio-post andy-y-las-demas cortometrajes-2021 fusion-col-spacing post-8484\"><div class=\"fusion-portfolio-content-wrapper\" style=\"border:none;\"><div  class=\"fusion-image-wrapper\" aria-haspopup=\"true\">\n\t\t\t\t\t\t\t<a href=\"https:\/\/mostrafire.com\/es\/pelicula\/andy-y-las-demas\/\" aria-label=\"Andy y las dem\u00e1s\">\n\t\t\t\t\t\t\t<img decoding=\"async\" width=\"1143\" height=\"630\" src=\"https:\/\/mostrafire.com\/wp-content\/uploads\/2021\/05\/andy-y-las-demas-og.jpg\" class=\"attachment-full size-full lazyload wp-post-image\" alt=\"Andy y las dem\u00e1s\" srcset=\"data:image\/svg+xml,%3Csvg%20xmlns%3D%27http%3A%2F%2Fwww.w3.org%2F2000%2Fsvg%27%20width%3D%271143%27%20height%3D%27630%27%20viewBox%3D%270%200%201143%20630%27%3E%3Crect%20width%3D%271143%27%20height%3D%27630%27%20fill-opacity%3D%220%22%2F%3E%3C%2Fsvg%3E\" data-orig-src=\"https:\/\/mostrafire.com\/wp-content\/uploads\/2021\/05\/andy-y-las-demas-og.jpg\" data-srcset=\"https:\/\/mostrafire.com\/wp-content\/uploads\/2021\/05\/andy-y-las-demas-og-200x110.jpg 200w, https:\/\/mostrafire.com\/wp-content\/uploads\/2021\/05\/andy-y-las-demas-og-400x220.jpg 400w, https:\/\/mostrafire.com\/wp-content\/uploads\/2021\/05\/andy-y-las-demas-og-600x331.jpg 600w, https:\/\/mostrafire.com\/wp-content\/uploads\/2021\/05\/andy-y-las-demas-og-800x441.jpg 800w, https:\/\/mostrafire.com\/wp-content\/uploads\/2021\/05\/andy-y-las-demas-og.jpg 1143w\" data-sizes=\"auto\" \/>\t\t\t<\/a>\n\t\t\t\t\t\t\t<\/div>\n<div class=\"fusion-portfolio-content\"><h2 class=\"entry-title fusion-post-title\"><a href=\"https:\/\/mostrafire.com\/es\/pelicula\/andy-y-las-demas\/\">Andy y las dem\u00e1s<\/a><\/h2><div class=\"fusion-post-content\"><p><span class=\"ficha-excerpt\">Cintia Ballb\u00e9 \u2022 <i>Espa\u00f1a<\/i><\/span><\/p><\/div><\/div><\/div><\/article><article id=\"portfolio-1-post-8489\" class=\"fusion-portfolio-post benjamin-es largometrajes-2021 fusion-col-spacing post-8489\"><div class=\"fusion-portfolio-content-wrapper\" style=\"border:none;\"><div  class=\"fusion-image-wrapper\" aria-haspopup=\"true\">\n\t\t\t\t\t\t\t<a href=\"https:\/\/mostrafire.com\/es\/pelicula\/benjamin\/\" aria-label=\"Benjamin\">\n\t\t\t\t\t\t\t<img decoding=\"async\" width=\"1920\" height=\"1058\" src=\"https:\/\/mostrafire.com\/wp-content\/uploads\/2021\/04\/Benjamin.jpg\" class=\"attachment-full size-full lazyload wp-post-image\" alt=\"Benjamin, de Simon Amstell\" srcset=\"data:image\/svg+xml,%3Csvg%20xmlns%3D%27http%3A%2F%2Fwww.w3.org%2F2000%2Fsvg%27%20width%3D%271920%27%20height%3D%271058%27%20viewBox%3D%270%200%201920%201058%27%3E%3Crect%20width%3D%271920%27%20height%3D%271058%27%20fill-opacity%3D%220%22%2F%3E%3C%2Fsvg%3E\" data-orig-src=\"https:\/\/mostrafire.com\/wp-content\/uploads\/2021\/04\/Benjamin.jpg\" data-srcset=\"https:\/\/mostrafire.com\/wp-content\/uploads\/2021\/04\/Benjamin-200x110.jpg 200w, https:\/\/mostrafire.com\/wp-content\/uploads\/2021\/04\/Benjamin-400x220.jpg 400w, https:\/\/mostrafire.com\/wp-content\/uploads\/2021\/04\/Benjamin-600x331.jpg 600w, https:\/\/mostrafire.com\/wp-content\/uploads\/2021\/04\/Benjamin-800x441.jpg 800w, https:\/\/mostrafire.com\/wp-content\/uploads\/2021\/04\/Benjamin-1200x661.jpg 1200w, https:\/\/mostrafire.com\/wp-content\/uploads\/2021\/04\/Benjamin.jpg 1920w\" data-sizes=\"auto\" \/>\t\t\t<\/a>\n\t\t\t\t\t\t\t<\/div>\n<div class=\"fusion-portfolio-content\"><h2 class=\"entry-title fusion-post-title\"><a href=\"https:\/\/mostrafire.com\/es\/pelicula\/benjamin\/\">Benjamin<\/a><\/h2><div class=\"fusion-post-content\"><p><span class=\"ficha-excerpt\">Simon Amstell \u2022 <i>Reino Unido<\/i><\/span><\/p><\/div><\/div><\/div><\/article><article id=\"portfolio-1-post-8493\" class=\"fusion-portfolio-post beware-of-children-es largometrajes-2021 fusion-col-spacing post-8493\"><div class=\"fusion-portfolio-content-wrapper\" style=\"border:none;\"><div  class=\"fusion-image-wrapper\" aria-haspopup=\"true\">\n\t\t\t\t\t\t\t<a href=\"https:\/\/mostrafire.com\/es\/pelicula\/beware-of-children\/\" aria-label=\"Beware of Children\">\n\t\t\t\t\t\t\t<img decoding=\"async\" width=\"1143\" height=\"630\" src=\"https:\/\/mostrafire.com\/wp-content\/uploads\/2021\/05\/beware-of-children-og.jpg\" class=\"attachment-full size-full lazyload wp-post-image\" alt=\"Beware of Children\" srcset=\"data:image\/svg+xml,%3Csvg%20xmlns%3D%27http%3A%2F%2Fwww.w3.org%2F2000%2Fsvg%27%20width%3D%271143%27%20height%3D%27630%27%20viewBox%3D%270%200%201143%20630%27%3E%3Crect%20width%3D%271143%27%20height%3D%27630%27%20fill-opacity%3D%220%22%2F%3E%3C%2Fsvg%3E\" data-orig-src=\"https:\/\/mostrafire.com\/wp-content\/uploads\/2021\/05\/beware-of-children-og.jpg\" data-srcset=\"https:\/\/mostrafire.com\/wp-content\/uploads\/2021\/05\/beware-of-children-og-200x110.jpg 200w, https:\/\/mostrafire.com\/wp-content\/uploads\/2021\/05\/beware-of-children-og-400x220.jpg 400w, https:\/\/mostrafire.com\/wp-content\/uploads\/2021\/05\/beware-of-children-og-600x331.jpg 600w, https:\/\/mostrafire.com\/wp-content\/uploads\/2021\/05\/beware-of-children-og-800x441.jpg 800w, https:\/\/mostrafire.com\/wp-content\/uploads\/2021\/05\/beware-of-children-og.jpg 1143w\" data-sizes=\"auto\" \/>\t\t\t<\/a>\n\t\t\t\t\t\t\t<\/div>\n<div class=\"fusion-portfolio-content\"><h2 class=\"entry-title fusion-post-title\"><a href=\"https:\/\/mostrafire.com\/es\/pelicula\/beware-of-children\/\">Beware of Children<\/a><\/h2><div class=\"fusion-post-content\"><p><span class=\"ficha-excerpt\">Dag Johan Haugerud \u2022 <i>Noruega<\/i><\/span><\/p><\/div><\/div><\/div><\/article><article id=\"portfolio-1-post-8496\" class=\"fusion-portfolio-post beyto-es largometrajes-2021 fusion-col-spacing post-8496\"><div class=\"fusion-portfolio-content-wrapper\" style=\"border:none;\"><div  class=\"fusion-image-wrapper\" aria-haspopup=\"true\">\n\t\t\t\t\t\t\t<a href=\"https:\/\/mostrafire.com\/es\/pelicula\/beyto\/\" aria-label=\"Beyto\">\n\t\t\t\t\t\t\t<img decoding=\"async\" width=\"1143\" height=\"630\" src=\"https:\/\/mostrafire.com\/wp-content\/uploads\/2021\/05\/beyto-og.jpg\" class=\"attachment-full size-full lazyload wp-post-image\" alt=\"Beyto\" srcset=\"data:image\/svg+xml,%3Csvg%20xmlns%3D%27http%3A%2F%2Fwww.w3.org%2F2000%2Fsvg%27%20width%3D%271143%27%20height%3D%27630%27%20viewBox%3D%270%200%201143%20630%27%3E%3Crect%20width%3D%271143%27%20height%3D%27630%27%20fill-opacity%3D%220%22%2F%3E%3C%2Fsvg%3E\" data-orig-src=\"https:\/\/mostrafire.com\/wp-content\/uploads\/2021\/05\/beyto-og.jpg\" data-srcset=\"https:\/\/mostrafire.com\/wp-content\/uploads\/2021\/05\/beyto-og-200x110.jpg 200w, https:\/\/mostrafire.com\/wp-content\/uploads\/2021\/05\/beyto-og-400x220.jpg 400w, https:\/\/mostrafire.com\/wp-content\/uploads\/2021\/05\/beyto-og-600x331.jpg 600w, https:\/\/mostrafire.com\/wp-content\/uploads\/2021\/05\/beyto-og-800x441.jpg 800w, https:\/\/mostrafire.com\/wp-content\/uploads\/2021\/05\/beyto-og.jpg 1143w\" data-sizes=\"auto\" \/>\t\t\t<\/a>\n\t\t\t\t\t\t\t<\/div>\n<div class=\"fusion-portfolio-content\"><h2 class=\"entry-title fusion-post-title\"><a href=\"https:\/\/mostrafire.com\/es\/pelicula\/beyto\/\">Beyto<\/a><\/h2><div class=\"fusion-post-content\"><p><span class=\"ficha-excerpt\">Gitta Gsell \u2022 <i>Suiza<\/i><\/span><\/p><\/div><\/div><\/div><\/article><article id=\"portfolio-1-post-8505\" class=\"fusion-portfolio-post bliss-es largometrajes-2021 fusion-col-spacing post-8505\"><div class=\"fusion-portfolio-content-wrapper\" style=\"border:none;\"><div  class=\"fusion-image-wrapper\" aria-haspopup=\"true\">\n\t\t\t\t\t\t\t<a href=\"https:\/\/mostrafire.com\/es\/pelicula\/bliss\/\" aria-label=\"Bliss\">\n\t\t\t\t\t\t\t<img decoding=\"async\" width=\"1143\" height=\"630\" src=\"https:\/\/mostrafire.com\/wp-content\/uploads\/2021\/05\/bliss-og.jpg\" class=\"attachment-full size-full lazyload wp-post-image\" alt=\"Bliss\" srcset=\"data:image\/svg+xml,%3Csvg%20xmlns%3D%27http%3A%2F%2Fwww.w3.org%2F2000%2Fsvg%27%20width%3D%271143%27%20height%3D%27630%27%20viewBox%3D%270%200%201143%20630%27%3E%3Crect%20width%3D%271143%27%20height%3D%27630%27%20fill-opacity%3D%220%22%2F%3E%3C%2Fsvg%3E\" data-orig-src=\"https:\/\/mostrafire.com\/wp-content\/uploads\/2021\/05\/bliss-og.jpg\" data-srcset=\"https:\/\/mostrafire.com\/wp-content\/uploads\/2021\/05\/bliss-og-200x110.jpg 200w, https:\/\/mostrafire.com\/wp-content\/uploads\/2021\/05\/bliss-og-400x220.jpg 400w, https:\/\/mostrafire.com\/wp-content\/uploads\/2021\/05\/bliss-og-600x331.jpg 600w, https:\/\/mostrafire.com\/wp-content\/uploads\/2021\/05\/bliss-og-800x441.jpg 800w, https:\/\/mostrafire.com\/wp-content\/uploads\/2021\/05\/bliss-og.jpg 1143w\" data-sizes=\"auto\" \/>\t\t\t<\/a>\n\t\t\t\t\t\t\t<\/div>\n<div class=\"fusion-portfolio-content\"><h2 class=\"entry-title fusion-post-title\"><a href=\"https:\/\/mostrafire.com\/es\/pelicula\/bliss\/\">Bliss<\/a><\/h2><div class=\"fusion-post-content\"><p><span class=\"ficha-excerpt\">Henrika Kull \u2022 <i>Alemania<\/i><\/span>\r\n<\/p><\/div><\/div><\/div><\/article><article id=\"portfolio-1-post-6683\" class=\"fusion-portfolio-post camille-es cortometrajes-2021 fusion-col-spacing post-6683\"><div class=\"fusion-portfolio-content-wrapper\" style=\"border:none;\"><div  class=\"fusion-image-wrapper\" aria-haspopup=\"true\">\n\t\t\t\t\t\t\t<a href=\"https:\/\/mostrafire.com\/es\/pelicula\/camille\/\" aria-label=\"Camille\">\n\t\t\t\t\t\t\t<img decoding=\"async\" width=\"1143\" height=\"630\" src=\"https:\/\/mostrafire.com\/wp-content\/uploads\/2021\/05\/camille-og.jpg\" class=\"attachment-full size-full lazyload wp-post-image\" alt=\"Camille, de Ma\u00ebl Nathana\u00ebl Sonn\" srcset=\"data:image\/svg+xml,%3Csvg%20xmlns%3D%27http%3A%2F%2Fwww.w3.org%2F2000%2Fsvg%27%20width%3D%271143%27%20height%3D%27630%27%20viewBox%3D%270%200%201143%20630%27%3E%3Crect%20width%3D%271143%27%20height%3D%27630%27%20fill-opacity%3D%220%22%2F%3E%3C%2Fsvg%3E\" data-orig-src=\"https:\/\/mostrafire.com\/wp-content\/uploads\/2021\/05\/camille-og.jpg\" data-srcset=\"https:\/\/mostrafire.com\/wp-content\/uploads\/2021\/05\/camille-og-200x110.jpg 200w, https:\/\/mostrafire.com\/wp-content\/uploads\/2021\/05\/camille-og-400x220.jpg 400w, https:\/\/mostrafire.com\/wp-content\/uploads\/2021\/05\/camille-og-600x331.jpg 600w, https:\/\/mostrafire.com\/wp-content\/uploads\/2021\/05\/camille-og-800x441.jpg 800w, https:\/\/mostrafire.com\/wp-content\/uploads\/2021\/05\/camille-og.jpg 1143w\" data-sizes=\"auto\" \/>\t\t\t<\/a>\n\t\t\t\t\t\t\t<\/div>\n<div class=\"fusion-portfolio-content\"><h2 class=\"entry-title fusion-post-title\"><a href=\"https:\/\/mostrafire.com\/es\/pelicula\/camille\/\">Camille<\/a><\/h2><div class=\"fusion-post-content\"><p><span class=\"ficha-excerpt\">Ma\u00ebl Nathana\u00ebl Sonn \u2022 <i>Francia<\/i><\/span><\/p><\/div><\/div><\/div><\/article><article id=\"portfolio-1-post-8508\" class=\"fusion-portfolio-post cicada-es largometrajes-2021 fusion-col-spacing post-8508\"><div class=\"fusion-portfolio-content-wrapper\" style=\"border:none;\"><div  class=\"fusion-image-wrapper\" aria-haspopup=\"true\">\n\t\t\t\t\t\t\t<a href=\"https:\/\/mostrafire.com\/es\/pelicula\/cicada\/\" aria-label=\"Cicada\">\n\t\t\t\t\t\t\t<img decoding=\"async\" width=\"1143\" height=\"630\" src=\"https:\/\/mostrafire.com\/wp-content\/uploads\/2021\/05\/cicada-og.jpg\" class=\"attachment-full size-full lazyload wp-post-image\" alt=\"Cicada\" srcset=\"data:image\/svg+xml,%3Csvg%20xmlns%3D%27http%3A%2F%2Fwww.w3.org%2F2000%2Fsvg%27%20width%3D%271143%27%20height%3D%27630%27%20viewBox%3D%270%200%201143%20630%27%3E%3Crect%20width%3D%271143%27%20height%3D%27630%27%20fill-opacity%3D%220%22%2F%3E%3C%2Fsvg%3E\" data-orig-src=\"https:\/\/mostrafire.com\/wp-content\/uploads\/2021\/05\/cicada-og.jpg\" data-srcset=\"https:\/\/mostrafire.com\/wp-content\/uploads\/2021\/05\/cicada-og-200x110.jpg 200w, https:\/\/mostrafire.com\/wp-content\/uploads\/2021\/05\/cicada-og-400x220.jpg 400w, https:\/\/mostrafire.com\/wp-content\/uploads\/2021\/05\/cicada-og-600x331.jpg 600w, https:\/\/mostrafire.com\/wp-content\/uploads\/2021\/05\/cicada-og-800x441.jpg 800w, https:\/\/mostrafire.com\/wp-content\/uploads\/2021\/05\/cicada-og.jpg 1143w\" data-sizes=\"auto\" \/>\t\t\t<\/a>\n\t\t\t\t\t\t\t<\/div>\n<div class=\"fusion-portfolio-content\"><h2 class=\"entry-title fusion-post-title\"><a href=\"https:\/\/mostrafire.com\/es\/pelicula\/cicada\/\">Cicada<\/a><\/h2><div class=\"fusion-post-content\"><p><span class=\"ficha-excerpt\">Matthew Fifer \u2022 <i>EE.UU.<\/i><\/span><\/p><\/div><\/div><\/div><\/article><article id=\"portfolio-1-post-8564\" class=\"fusion-portfolio-post el-intruso cortometrajes-2021 fusion-col-spacing post-8564\"><div class=\"fusion-portfolio-content-wrapper\" style=\"border:none;\"><div  class=\"fusion-image-wrapper\" aria-haspopup=\"true\">\n\t\t\t\t\t\t\t<a href=\"https:\/\/mostrafire.com\/es\/pelicula\/el-intruso\/\" aria-label=\"El intruso\">\n\t\t\t\t\t\t\t<img decoding=\"async\" width=\"1143\" height=\"630\" src=\"https:\/\/mostrafire.com\/wp-content\/uploads\/2021\/05\/l-intrus-og.jpg\" class=\"attachment-full size-full lazyload wp-post-image\" alt=\"L\u2019intr\u00fas\" srcset=\"data:image\/svg+xml,%3Csvg%20xmlns%3D%27http%3A%2F%2Fwww.w3.org%2F2000%2Fsvg%27%20width%3D%271143%27%20height%3D%27630%27%20viewBox%3D%270%200%201143%20630%27%3E%3Crect%20width%3D%271143%27%20height%3D%27630%27%20fill-opacity%3D%220%22%2F%3E%3C%2Fsvg%3E\" data-orig-src=\"https:\/\/mostrafire.com\/wp-content\/uploads\/2021\/05\/l-intrus-og.jpg\" data-srcset=\"https:\/\/mostrafire.com\/wp-content\/uploads\/2021\/05\/l-intrus-og-200x110.jpg 200w, https:\/\/mostrafire.com\/wp-content\/uploads\/2021\/05\/l-intrus-og-400x220.jpg 400w, https:\/\/mostrafire.com\/wp-content\/uploads\/2021\/05\/l-intrus-og-600x331.jpg 600w, https:\/\/mostrafire.com\/wp-content\/uploads\/2021\/05\/l-intrus-og-800x441.jpg 800w, https:\/\/mostrafire.com\/wp-content\/uploads\/2021\/05\/l-intrus-og.jpg 1143w\" data-sizes=\"auto\" \/>\t\t\t<\/a>\n\t\t\t\t\t\t\t<\/div>\n<div class=\"fusion-portfolio-content\"><h2 class=\"entry-title fusion-post-title\"><a href=\"https:\/\/mostrafire.com\/es\/pelicula\/el-intruso\/\">El intruso<\/a><\/h2><div class=\"fusion-post-content\"><p><span class=\"ficha-excerpt\">Oriol Rovira \u2022 <i>Espa\u00f1a<\/i><\/span><\/p><\/div><\/div><\/div><\/article><article id=\"portfolio-1-post-8513\" class=\"fusion-portfolio-post escaping-the-fragile-planet-es cortometrajes-2021 fusion-col-spacing post-8513\"><div class=\"fusion-portfolio-content-wrapper\" style=\"border:none;\"><div  class=\"fusion-image-wrapper\" aria-haspopup=\"true\">\n\t\t\t\t\t\t\t<a href=\"https:\/\/mostrafire.com\/es\/pelicula\/escaping-the-fragile-planet\/\" aria-label=\"Escaping the Fragile Planet\">\n\t\t\t\t\t\t\t<img decoding=\"async\" width=\"1143\" height=\"630\" src=\"https:\/\/mostrafire.com\/wp-content\/uploads\/2021\/05\/escaping-the-fragile-planet-og.jpg\" class=\"attachment-full size-full lazyload wp-post-image\" alt=\"Escaping the Fragile Planet\" srcset=\"data:image\/svg+xml,%3Csvg%20xmlns%3D%27http%3A%2F%2Fwww.w3.org%2F2000%2Fsvg%27%20width%3D%271143%27%20height%3D%27630%27%20viewBox%3D%270%200%201143%20630%27%3E%3Crect%20width%3D%271143%27%20height%3D%27630%27%20fill-opacity%3D%220%22%2F%3E%3C%2Fsvg%3E\" data-orig-src=\"https:\/\/mostrafire.com\/wp-content\/uploads\/2021\/05\/escaping-the-fragile-planet-og.jpg\" data-srcset=\"https:\/\/mostrafire.com\/wp-content\/uploads\/2021\/05\/escaping-the-fragile-planet-og-200x110.jpg 200w, https:\/\/mostrafire.com\/wp-content\/uploads\/2021\/05\/escaping-the-fragile-planet-og-400x220.jpg 400w, https:\/\/mostrafire.com\/wp-content\/uploads\/2021\/05\/escaping-the-fragile-planet-og-600x331.jpg 600w, https:\/\/mostrafire.com\/wp-content\/uploads\/2021\/05\/escaping-the-fragile-planet-og-800x441.jpg 800w, https:\/\/mostrafire.com\/wp-content\/uploads\/2021\/05\/escaping-the-fragile-planet-og.jpg 1143w\" data-sizes=\"auto\" \/>\t\t\t<\/a>\n\t\t\t\t\t\t\t<\/div>\n<div class=\"fusion-portfolio-content\"><h2 class=\"entry-title fusion-post-title\"><a href=\"https:\/\/mostrafire.com\/es\/pelicula\/escaping-the-fragile-planet\/\">Escaping the Fragile Planet<\/a><\/h2><div class=\"fusion-post-content\"><p><span class=\"ficha-excerpt\">Thanasis Tsimpinis \u2022 <i>Grecia<\/i><\/span><\/p><\/div><\/div><\/div><\/article><article id=\"portfolio-1-post-8516\" class=\"fusion-portfolio-post eva-candela-es largometrajes-2021 fusion-col-spacing post-8516\"><div class=\"fusion-portfolio-content-wrapper\" style=\"border:none;\"><div  class=\"fusion-image-wrapper\" aria-haspopup=\"true\">\n\t\t\t\t\t\t\t<a href=\"https:\/\/mostrafire.com\/es\/pelicula\/eva-candela\/\" aria-label=\"Eva + Candela\">\n\t\t\t\t\t\t\t<img decoding=\"async\" width=\"1143\" height=\"630\" src=\"https:\/\/mostrafire.com\/wp-content\/uploads\/2021\/05\/eva-y-candela-og.jpg\" class=\"attachment-full size-full lazyload wp-post-image\" alt=\"Eva + Candela\" srcset=\"data:image\/svg+xml,%3Csvg%20xmlns%3D%27http%3A%2F%2Fwww.w3.org%2F2000%2Fsvg%27%20width%3D%271143%27%20height%3D%27630%27%20viewBox%3D%270%200%201143%20630%27%3E%3Crect%20width%3D%271143%27%20height%3D%27630%27%20fill-opacity%3D%220%22%2F%3E%3C%2Fsvg%3E\" data-orig-src=\"https:\/\/mostrafire.com\/wp-content\/uploads\/2021\/05\/eva-y-candela-og.jpg\" data-srcset=\"https:\/\/mostrafire.com\/wp-content\/uploads\/2021\/05\/eva-y-candela-og-200x110.jpg 200w, https:\/\/mostrafire.com\/wp-content\/uploads\/2021\/05\/eva-y-candela-og-400x220.jpg 400w, https:\/\/mostrafire.com\/wp-content\/uploads\/2021\/05\/eva-y-candela-og-600x331.jpg 600w, https:\/\/mostrafire.com\/wp-content\/uploads\/2021\/05\/eva-y-candela-og-800x441.jpg 800w, https:\/\/mostrafire.com\/wp-content\/uploads\/2021\/05\/eva-y-candela-og.jpg 1143w\" data-sizes=\"auto\" \/>\t\t\t<\/a>\n\t\t\t\t\t\t\t<\/div>\n<div class=\"fusion-portfolio-content\"><h2 class=\"entry-title fusion-post-title\"><a href=\"https:\/\/mostrafire.com\/es\/pelicula\/eva-candela\/\">Eva + Candela<\/a><\/h2><div class=\"fusion-post-content\"><p><span class=\"ficha-excerpt\">Ruth Caudeli \u2022 <i>CColombia, Espa\u00f1a\r\n<\/i><\/span><\/p><\/div><\/div><\/div><\/article><article id=\"portfolio-1-post-8519\" class=\"fusion-portfolio-post gods-daughter-dances-es cortometrajes-2021 fusion-col-spacing post-8519\"><div class=\"fusion-portfolio-content-wrapper\" style=\"border:none;\"><div  class=\"fusion-image-wrapper\" aria-haspopup=\"true\">\n\t\t\t\t\t\t\t<a href=\"https:\/\/mostrafire.com\/es\/pelicula\/gods-daughter-dances\/\" aria-label=\"God\u2019s Daughter Dances\">\n\t\t\t\t\t\t\t<img decoding=\"async\" width=\"1143\" height=\"630\" src=\"https:\/\/mostrafire.com\/wp-content\/uploads\/2021\/05\/gods-daughter-dances-og.jpg\" class=\"attachment-full size-full lazyload wp-post-image\" alt=\"God\u2019s Daughter Dances\" srcset=\"data:image\/svg+xml,%3Csvg%20xmlns%3D%27http%3A%2F%2Fwww.w3.org%2F2000%2Fsvg%27%20width%3D%271143%27%20height%3D%27630%27%20viewBox%3D%270%200%201143%20630%27%3E%3Crect%20width%3D%271143%27%20height%3D%27630%27%20fill-opacity%3D%220%22%2F%3E%3C%2Fsvg%3E\" data-orig-src=\"https:\/\/mostrafire.com\/wp-content\/uploads\/2021\/05\/gods-daughter-dances-og.jpg\" data-srcset=\"https:\/\/mostrafire.com\/wp-content\/uploads\/2021\/05\/gods-daughter-dances-og-200x110.jpg 200w, https:\/\/mostrafire.com\/wp-content\/uploads\/2021\/05\/gods-daughter-dances-og-400x220.jpg 400w, https:\/\/mostrafire.com\/wp-content\/uploads\/2021\/05\/gods-daughter-dances-og-600x331.jpg 600w, https:\/\/mostrafire.com\/wp-content\/uploads\/2021\/05\/gods-daughter-dances-og-800x441.jpg 800w, https:\/\/mostrafire.com\/wp-content\/uploads\/2021\/05\/gods-daughter-dances-og.jpg 1143w\" data-sizes=\"auto\" \/>\t\t\t<\/a>\n\t\t\t\t\t\t\t<\/div>\n<div class=\"fusion-portfolio-content\"><h2 class=\"entry-title fusion-post-title\"><a href=\"https:\/\/mostrafire.com\/es\/pelicula\/gods-daughter-dances\/\">God\u2019s Daughter Dances<\/a><\/h2><div class=\"fusion-post-content\"><p><span class=\"ficha-excerpt\">Byun Sung-bin \u2022 <i>Corea del Sur<\/i><\/span><\/p><\/div><\/div><\/div><\/article><article id=\"portfolio-1-post-8540\" class=\"fusion-portfolio-post hold-your-breath-es cortometrajes-2021 fusion-col-spacing post-8540\"><div class=\"fusion-portfolio-content-wrapper\" style=\"border:none;\"><div  class=\"fusion-image-wrapper\" aria-haspopup=\"true\">\n\t\t\t\t\t\t\t<a href=\"https:\/\/mostrafire.com\/es\/pelicula\/hold-your-breath\/\" aria-label=\"Hold Your Breath\">\n\t\t\t\t\t\t\t<img decoding=\"async\" width=\"1143\" height=\"630\" src=\"https:\/\/mostrafire.com\/wp-content\/uploads\/2021\/05\/hold-your-breath-og.jpg\" class=\"attachment-full size-full lazyload wp-post-image\" alt=\"Hold Your Breath\" srcset=\"data:image\/svg+xml,%3Csvg%20xmlns%3D%27http%3A%2F%2Fwww.w3.org%2F2000%2Fsvg%27%20width%3D%271143%27%20height%3D%27630%27%20viewBox%3D%270%200%201143%20630%27%3E%3Crect%20width%3D%271143%27%20height%3D%27630%27%20fill-opacity%3D%220%22%2F%3E%3C%2Fsvg%3E\" data-orig-src=\"https:\/\/mostrafire.com\/wp-content\/uploads\/2021\/05\/hold-your-breath-og.jpg\" data-srcset=\"https:\/\/mostrafire.com\/wp-content\/uploads\/2021\/05\/hold-your-breath-og-200x110.jpg 200w, https:\/\/mostrafire.com\/wp-content\/uploads\/2021\/05\/hold-your-breath-og-400x220.jpg 400w, https:\/\/mostrafire.com\/wp-content\/uploads\/2021\/05\/hold-your-breath-og-600x331.jpg 600w, https:\/\/mostrafire.com\/wp-content\/uploads\/2021\/05\/hold-your-breath-og-800x441.jpg 800w, https:\/\/mostrafire.com\/wp-content\/uploads\/2021\/05\/hold-your-breath-og.jpg 1143w\" data-sizes=\"auto\" \/>\t\t\t<\/a>\n\t\t\t\t\t\t\t<\/div>\n<div class=\"fusion-portfolio-content\"><h2 class=\"entry-title fusion-post-title\"><a href=\"https:\/\/mostrafire.com\/es\/pelicula\/hold-your-breath\/\">Hold Your Breath<\/a><\/h2><div class=\"fusion-post-content\"><p><span class=\"ficha-excerpt\">M\u00e9lissandre Carrasco \u2022 <i>Francia<\/i><\/span><\/p><\/div><\/div><\/div><\/article><article id=\"portfolio-1-post-8543\" class=\"fusion-portfolio-post cortometrajes-2021 in-a-strange-room-es fusion-col-spacing post-8543\"><div class=\"fusion-portfolio-content-wrapper\" style=\"border:none;\"><div  class=\"fusion-image-wrapper\" aria-haspopup=\"true\">\n\t\t\t\t\t\t\t<a href=\"https:\/\/mostrafire.com\/es\/pelicula\/in-a-strange-room\/\" aria-label=\"In a Strange Room\">\n\t\t\t\t\t\t\t<img decoding=\"async\" width=\"1143\" height=\"630\" src=\"https:\/\/mostrafire.com\/wp-content\/uploads\/2021\/05\/in-a-strange-room-og.jpg\" class=\"attachment-full size-full lazyload wp-post-image\" alt=\"In a Strange Room\" srcset=\"data:image\/svg+xml,%3Csvg%20xmlns%3D%27http%3A%2F%2Fwww.w3.org%2F2000%2Fsvg%27%20width%3D%271143%27%20height%3D%27630%27%20viewBox%3D%270%200%201143%20630%27%3E%3Crect%20width%3D%271143%27%20height%3D%27630%27%20fill-opacity%3D%220%22%2F%3E%3C%2Fsvg%3E\" data-orig-src=\"https:\/\/mostrafire.com\/wp-content\/uploads\/2021\/05\/in-a-strange-room-og.jpg\" data-srcset=\"https:\/\/mostrafire.com\/wp-content\/uploads\/2021\/05\/in-a-strange-room-og-200x110.jpg 200w, https:\/\/mostrafire.com\/wp-content\/uploads\/2021\/05\/in-a-strange-room-og-400x220.jpg 400w, https:\/\/mostrafire.com\/wp-content\/uploads\/2021\/05\/in-a-strange-room-og-600x331.jpg 600w, https:\/\/mostrafire.com\/wp-content\/uploads\/2021\/05\/in-a-strange-room-og-800x441.jpg 800w, https:\/\/mostrafire.com\/wp-content\/uploads\/2021\/05\/in-a-strange-room-og.jpg 1143w\" data-sizes=\"auto\" \/>\t\t\t<\/a>\n\t\t\t\t\t\t\t<\/div>\n<div class=\"fusion-portfolio-content\"><h2 class=\"entry-title fusion-post-title\"><a href=\"https:\/\/mostrafire.com\/es\/pelicula\/in-a-strange-room\/\">In a Strange Room<\/a><\/h2><div class=\"fusion-post-content\"><p><span class=\"ficha-excerpt\">Emilio J. L\u00f3pez \u2022 <i>Espa\u00f1a<\/i><\/span><\/p><\/div><\/div><\/div><\/article><article id=\"portfolio-1-post-8546\" class=\"fusion-portfolio-post inabitavel-es cortometrajes-2021 fusion-col-spacing post-8546\"><div class=\"fusion-portfolio-content-wrapper\" style=\"border:none;\"><div  class=\"fusion-image-wrapper\" aria-haspopup=\"true\">\n\t\t\t\t\t\t\t<a href=\"https:\/\/mostrafire.com\/es\/pelicula\/inabitavel\/\" aria-label=\"Inabit\u00e1vel\">\n\t\t\t\t\t\t\t<img decoding=\"async\" width=\"1143\" height=\"630\" src=\"https:\/\/mostrafire.com\/wp-content\/uploads\/2021\/05\/inhabitavel-og.jpg\" class=\"attachment-full size-full lazyload wp-post-image\" alt=\"Inabit\u00e1vel\" srcset=\"data:image\/svg+xml,%3Csvg%20xmlns%3D%27http%3A%2F%2Fwww.w3.org%2F2000%2Fsvg%27%20width%3D%271143%27%20height%3D%27630%27%20viewBox%3D%270%200%201143%20630%27%3E%3Crect%20width%3D%271143%27%20height%3D%27630%27%20fill-opacity%3D%220%22%2F%3E%3C%2Fsvg%3E\" data-orig-src=\"https:\/\/mostrafire.com\/wp-content\/uploads\/2021\/05\/inhabitavel-og.jpg\" data-srcset=\"https:\/\/mostrafire.com\/wp-content\/uploads\/2021\/05\/inhabitavel-og-200x110.jpg 200w, https:\/\/mostrafire.com\/wp-content\/uploads\/2021\/05\/inhabitavel-og-400x220.jpg 400w, https:\/\/mostrafire.com\/wp-content\/uploads\/2021\/05\/inhabitavel-og-600x331.jpg 600w, https:\/\/mostrafire.com\/wp-content\/uploads\/2021\/05\/inhabitavel-og-800x441.jpg 800w, https:\/\/mostrafire.com\/wp-content\/uploads\/2021\/05\/inhabitavel-og.jpg 1143w\" data-sizes=\"auto\" \/>\t\t\t<\/a>\n\t\t\t\t\t\t\t<\/div>\n<div class=\"fusion-portfolio-content\"><h2 class=\"entry-title fusion-post-title\"><a href=\"https:\/\/mostrafire.com\/es\/pelicula\/inabitavel\/\">Inabit\u00e1vel<\/a><\/h2><div class=\"fusion-post-content\"><p><span class=\"ficha-excerpt\">Matheus Farias, Enock Carvalho \u2022 <i>Brasil<\/i><\/span><\/p><\/div><\/div><\/div><\/article><article id=\"portfolio-1-post-8550\" class=\"fusion-portfolio-post its-just-in-my-head-es cortometrajes-2021 fusion-col-spacing post-8550\"><div class=\"fusion-portfolio-content-wrapper\" style=\"border:none;\"><div  class=\"fusion-image-wrapper\" aria-haspopup=\"true\">\n\t\t\t\t\t\t\t<a href=\"https:\/\/mostrafire.com\/es\/pelicula\/its-just-in-my-head\/\" aria-label=\"It\u2019s Just in My Head\">\n\t\t\t\t\t\t\t<img decoding=\"async\" width=\"1143\" height=\"630\" src=\"https:\/\/mostrafire.com\/wp-content\/uploads\/2021\/05\/its-just-in-my-head-og.jpg\" class=\"attachment-full size-full lazyload wp-post-image\" alt=\"It\u2019s Just in My Head\" srcset=\"data:image\/svg+xml,%3Csvg%20xmlns%3D%27http%3A%2F%2Fwww.w3.org%2F2000%2Fsvg%27%20width%3D%271143%27%20height%3D%27630%27%20viewBox%3D%270%200%201143%20630%27%3E%3Crect%20width%3D%271143%27%20height%3D%27630%27%20fill-opacity%3D%220%22%2F%3E%3C%2Fsvg%3E\" data-orig-src=\"https:\/\/mostrafire.com\/wp-content\/uploads\/2021\/05\/its-just-in-my-head-og.jpg\" data-srcset=\"https:\/\/mostrafire.com\/wp-content\/uploads\/2021\/05\/its-just-in-my-head-og-200x110.jpg 200w, https:\/\/mostrafire.com\/wp-content\/uploads\/2021\/05\/its-just-in-my-head-og-400x220.jpg 400w, https:\/\/mostrafire.com\/wp-content\/uploads\/2021\/05\/its-just-in-my-head-og-600x331.jpg 600w, https:\/\/mostrafire.com\/wp-content\/uploads\/2021\/05\/its-just-in-my-head-og-800x441.jpg 800w, https:\/\/mostrafire.com\/wp-content\/uploads\/2021\/05\/its-just-in-my-head-og.jpg 1143w\" data-sizes=\"auto\" \/>\t\t\t<\/a>\n\t\t\t\t\t\t\t<\/div>\n<div class=\"fusion-portfolio-content\"><h2 class=\"entry-title fusion-post-title\"><a href=\"https:\/\/mostrafire.com\/es\/pelicula\/its-just-in-my-head\/\">It\u2019s Just in My Head<\/a><\/h2><div class=\"fusion-post-content\"><p><span class=\"ficha-excerpt\">Marius Gabriel Stancu \u2022 <i>Italia<\/i><\/span><\/p><\/div><\/div><\/div><\/article><article id=\"portfolio-1-post-8553\" class=\"fusion-portfolio-post jador-es cortometrajes-2021 fusion-col-spacing post-8553\"><div class=\"fusion-portfolio-content-wrapper\" style=\"border:none;\"><div  class=\"fusion-image-wrapper\" aria-haspopup=\"true\">\n\t\t\t\t\t\t\t<a href=\"https:\/\/mostrafire.com\/es\/pelicula\/jador\/\" aria-label=\"J\u2019ador\">\n\t\t\t\t\t\t\t<img decoding=\"async\" width=\"1143\" height=\"630\" src=\"https:\/\/mostrafire.com\/wp-content\/uploads\/2021\/05\/jador-og.jpg\" class=\"attachment-full size-full lazyload wp-post-image\" alt=\"J\u2019ador\" srcset=\"data:image\/svg+xml,%3Csvg%20xmlns%3D%27http%3A%2F%2Fwww.w3.org%2F2000%2Fsvg%27%20width%3D%271143%27%20height%3D%27630%27%20viewBox%3D%270%200%201143%20630%27%3E%3Crect%20width%3D%271143%27%20height%3D%27630%27%20fill-opacity%3D%220%22%2F%3E%3C%2Fsvg%3E\" data-orig-src=\"https:\/\/mostrafire.com\/wp-content\/uploads\/2021\/05\/jador-og.jpg\" data-srcset=\"https:\/\/mostrafire.com\/wp-content\/uploads\/2021\/05\/jador-og-200x110.jpg 200w, https:\/\/mostrafire.com\/wp-content\/uploads\/2021\/05\/jador-og-400x220.jpg 400w, https:\/\/mostrafire.com\/wp-content\/uploads\/2021\/05\/jador-og-600x331.jpg 600w, https:\/\/mostrafire.com\/wp-content\/uploads\/2021\/05\/jador-og-800x441.jpg 800w, https:\/\/mostrafire.com\/wp-content\/uploads\/2021\/05\/jador-og.jpg 1143w\" data-sizes=\"auto\" \/>\t\t\t<\/a>\n\t\t\t\t\t\t\t<\/div>\n<div class=\"fusion-portfolio-content\"><h2 class=\"entry-title fusion-post-title\"><a href=\"https:\/\/mostrafire.com\/es\/pelicula\/jador\/\">J\u2019ador<\/a><\/h2><div class=\"fusion-post-content\"><p><span class=\"ficha-excerpt\">Simone Bozzelli\u2022 <i>Italia<\/i><\/span><\/p><\/div><\/div><\/div><\/article><article id=\"portfolio-1-post-8556\" class=\"fusion-portfolio-post jeune-juliette-es largometrajes-2021 fusion-col-spacing post-8556\"><div class=\"fusion-portfolio-content-wrapper\" style=\"border:none;\"><div  class=\"fusion-image-wrapper\" aria-haspopup=\"true\">\n\t\t\t\t\t\t\t<a href=\"https:\/\/mostrafire.com\/es\/pelicula\/jeune-juliette\/\" aria-label=\"Jeune Juliette\">\n\t\t\t\t\t\t\t<img decoding=\"async\" width=\"1143\" height=\"630\" src=\"https:\/\/mostrafire.com\/wp-content\/uploads\/2021\/05\/Jeune-Juliette-og.jpg\" class=\"attachment-full size-full lazyload wp-post-image\" alt=\"Jeune Juliette\" srcset=\"data:image\/svg+xml,%3Csvg%20xmlns%3D%27http%3A%2F%2Fwww.w3.org%2F2000%2Fsvg%27%20width%3D%271143%27%20height%3D%27630%27%20viewBox%3D%270%200%201143%20630%27%3E%3Crect%20width%3D%271143%27%20height%3D%27630%27%20fill-opacity%3D%220%22%2F%3E%3C%2Fsvg%3E\" data-orig-src=\"https:\/\/mostrafire.com\/wp-content\/uploads\/2021\/05\/Jeune-Juliette-og.jpg\" data-srcset=\"https:\/\/mostrafire.com\/wp-content\/uploads\/2021\/05\/Jeune-Juliette-og-200x110.jpg 200w, https:\/\/mostrafire.com\/wp-content\/uploads\/2021\/05\/Jeune-Juliette-og-400x220.jpg 400w, https:\/\/mostrafire.com\/wp-content\/uploads\/2021\/05\/Jeune-Juliette-og-600x331.jpg 600w, https:\/\/mostrafire.com\/wp-content\/uploads\/2021\/05\/Jeune-Juliette-og-800x441.jpg 800w, https:\/\/mostrafire.com\/wp-content\/uploads\/2021\/05\/Jeune-Juliette-og.jpg 1143w\" data-sizes=\"auto\" \/>\t\t\t<\/a>\n\t\t\t\t\t\t\t<\/div>\n<div class=\"fusion-portfolio-content\"><h2 class=\"entry-title fusion-post-title\"><a href=\"https:\/\/mostrafire.com\/es\/pelicula\/jeune-juliette\/\">Jeune Juliette<\/a><\/h2><div class=\"fusion-post-content\"><p><span class=\"ficha-excerpt\">Anne \u00c9mond \u2022 <i>Canad\u00e1<\/i><\/span><\/p><\/div><\/div><\/div><\/article><article id=\"portfolio-1-post-8559\" class=\"fusion-portfolio-post largometrajes-2021 kanarie-es fusion-col-spacing post-8559\"><div class=\"fusion-portfolio-content-wrapper\" style=\"border:none;\"><div  class=\"fusion-image-wrapper\" aria-haspopup=\"true\">\n\t\t\t\t\t\t\t<a href=\"https:\/\/mostrafire.com\/es\/pelicula\/kanarie\/\" aria-label=\"Kanarie\">\n\t\t\t\t\t\t\t<img decoding=\"async\" width=\"1143\" height=\"630\" src=\"https:\/\/mostrafire.com\/wp-content\/uploads\/2021\/05\/kanary-og.jpg\" class=\"attachment-full size-full lazyload wp-post-image\" alt=\"Kanarie\" srcset=\"data:image\/svg+xml,%3Csvg%20xmlns%3D%27http%3A%2F%2Fwww.w3.org%2F2000%2Fsvg%27%20width%3D%271143%27%20height%3D%27630%27%20viewBox%3D%270%200%201143%20630%27%3E%3Crect%20width%3D%271143%27%20height%3D%27630%27%20fill-opacity%3D%220%22%2F%3E%3C%2Fsvg%3E\" data-orig-src=\"https:\/\/mostrafire.com\/wp-content\/uploads\/2021\/05\/kanary-og.jpg\" data-srcset=\"https:\/\/mostrafire.com\/wp-content\/uploads\/2021\/05\/kanary-og-200x110.jpg 200w, https:\/\/mostrafire.com\/wp-content\/uploads\/2021\/05\/kanary-og-400x220.jpg 400w, https:\/\/mostrafire.com\/wp-content\/uploads\/2021\/05\/kanary-og-600x331.jpg 600w, https:\/\/mostrafire.com\/wp-content\/uploads\/2021\/05\/kanary-og-800x441.jpg 800w, https:\/\/mostrafire.com\/wp-content\/uploads\/2021\/05\/kanary-og.jpg 1143w\" data-sizes=\"auto\" \/>\t\t\t<\/a>\n\t\t\t\t\t\t\t<\/div>\n<div class=\"fusion-portfolio-content\"><h2 class=\"entry-title fusion-post-title\"><a href=\"https:\/\/mostrafire.com\/es\/pelicula\/kanarie\/\">Kanarie<\/a><\/h2><div class=\"fusion-post-content\"><p><span class=\"ficha-excerpt\">Christiaan Olwagen \u2022 <i>Sur\u00e1frica<\/i><\/span><\/p><\/div><\/div><\/div><\/article><article id=\"portfolio-1-post-8568\" class=\"fusion-portfolio-post leading-ladies-es largometrajes-2021 fusion-col-spacing post-8568\"><div class=\"fusion-portfolio-content-wrapper\" style=\"border:none;\"><div  class=\"fusion-image-wrapper\" aria-haspopup=\"true\">\n\t\t\t\t\t\t\t<a href=\"https:\/\/mostrafire.com\/es\/pelicula\/leading-ladies\/\" aria-label=\"Leading Ladies\">\n\t\t\t\t\t\t\t<img decoding=\"async\" width=\"1143\" height=\"630\" src=\"https:\/\/mostrafire.com\/wp-content\/uploads\/2021\/05\/leading-ladies-og.jpg\" class=\"attachment-full size-full lazyload wp-post-image\" alt=\"Leading Ladies\" srcset=\"data:image\/svg+xml,%3Csvg%20xmlns%3D%27http%3A%2F%2Fwww.w3.org%2F2000%2Fsvg%27%20width%3D%271143%27%20height%3D%27630%27%20viewBox%3D%270%200%201143%20630%27%3E%3Crect%20width%3D%271143%27%20height%3D%27630%27%20fill-opacity%3D%220%22%2F%3E%3C%2Fsvg%3E\" data-orig-src=\"https:\/\/mostrafire.com\/wp-content\/uploads\/2021\/05\/leading-ladies-og.jpg\" data-srcset=\"https:\/\/mostrafire.com\/wp-content\/uploads\/2021\/05\/leading-ladies-og-200x110.jpg 200w, https:\/\/mostrafire.com\/wp-content\/uploads\/2021\/05\/leading-ladies-og-400x220.jpg 400w, https:\/\/mostrafire.com\/wp-content\/uploads\/2021\/05\/leading-ladies-og-600x331.jpg 600w, https:\/\/mostrafire.com\/wp-content\/uploads\/2021\/05\/leading-ladies-og-800x441.jpg 800w, https:\/\/mostrafire.com\/wp-content\/uploads\/2021\/05\/leading-ladies-og.jpg 1143w\" data-sizes=\"auto\" \/>\t\t\t<\/a>\n\t\t\t\t\t\t\t<\/div>\n<div class=\"fusion-portfolio-content\"><h2 class=\"entry-title fusion-post-title\"><a href=\"https:\/\/mostrafire.com\/es\/pelicula\/leading-ladies\/\">Leading Ladies<\/a><\/h2><div class=\"fusion-post-content\"><p><span class=\"ficha-excerpt\">Ruth Caudeli \u2022 <i>Colombia, Espa\u00f1a\r\n<\/i><\/span><\/p><\/div><\/div><\/div><\/article><article id=\"portfolio-1-post-8571\" class=\"fusion-portfolio-post lola-vers-la-mer-es largometrajes-2021 fusion-col-spacing post-8571\"><div class=\"fusion-portfolio-content-wrapper\" style=\"border:none;\"><div  class=\"fusion-image-wrapper\" aria-haspopup=\"true\">\n\t\t\t\t\t\t\t<a href=\"https:\/\/mostrafire.com\/es\/pelicula\/lola\/\" aria-label=\"Lola\">\n\t\t\t\t\t\t\t<img decoding=\"async\" width=\"1143\" height=\"630\" src=\"https:\/\/mostrafire.com\/wp-content\/uploads\/2021\/05\/Lola-vers-la-mer-og.jpg\" class=\"attachment-full size-full lazyload wp-post-image\" alt=\"Lola vers la mer\" srcset=\"data:image\/svg+xml,%3Csvg%20xmlns%3D%27http%3A%2F%2Fwww.w3.org%2F2000%2Fsvg%27%20width%3D%271143%27%20height%3D%27630%27%20viewBox%3D%270%200%201143%20630%27%3E%3Crect%20width%3D%271143%27%20height%3D%27630%27%20fill-opacity%3D%220%22%2F%3E%3C%2Fsvg%3E\" data-orig-src=\"https:\/\/mostrafire.com\/wp-content\/uploads\/2021\/05\/Lola-vers-la-mer-og.jpg\" data-srcset=\"https:\/\/mostrafire.com\/wp-content\/uploads\/2021\/05\/Lola-vers-la-mer-og-200x110.jpg 200w, https:\/\/mostrafire.com\/wp-content\/uploads\/2021\/05\/Lola-vers-la-mer-og-400x220.jpg 400w, https:\/\/mostrafire.com\/wp-content\/uploads\/2021\/05\/Lola-vers-la-mer-og-600x331.jpg 600w, https:\/\/mostrafire.com\/wp-content\/uploads\/2021\/05\/Lola-vers-la-mer-og-800x441.jpg 800w, https:\/\/mostrafire.com\/wp-content\/uploads\/2021\/05\/Lola-vers-la-mer-og.jpg 1143w\" data-sizes=\"auto\" \/>\t\t\t<\/a>\n\t\t\t\t\t\t\t<\/div>\n<div class=\"fusion-portfolio-content\"><h2 class=\"entry-title fusion-post-title\"><a href=\"https:\/\/mostrafire.com\/es\/pelicula\/lola\/\">Lola<\/a><\/h2><div class=\"fusion-post-content\"><p><span class=\"ficha-excerpt\">Laurent Micheli \u2022 <i>Francia, B\u00e9lgica<\/i><\/span><\/p><\/div><\/div><\/div><\/article><article id=\"portfolio-1-post-8574\" class=\"fusion-portfolio-post los-patos-es cortometrajes-2021 fusion-col-spacing post-8574\"><div class=\"fusion-portfolio-content-wrapper\" style=\"border:none;\"><div  class=\"fusion-image-wrapper\" aria-haspopup=\"true\">\n\t\t\t\t\t\t\t<a href=\"https:\/\/mostrafire.com\/es\/pelicula\/los-patos\/\" aria-label=\"Los patos\">\n\t\t\t\t\t\t\t<img decoding=\"async\" width=\"1143\" height=\"630\" src=\"https:\/\/mostrafire.com\/wp-content\/uploads\/2021\/05\/los-patos-og.jpg\" class=\"attachment-full size-full lazyload wp-post-image\" alt=\"Los patos\" srcset=\"data:image\/svg+xml,%3Csvg%20xmlns%3D%27http%3A%2F%2Fwww.w3.org%2F2000%2Fsvg%27%20width%3D%271143%27%20height%3D%27630%27%20viewBox%3D%270%200%201143%20630%27%3E%3Crect%20width%3D%271143%27%20height%3D%27630%27%20fill-opacity%3D%220%22%2F%3E%3C%2Fsvg%3E\" data-orig-src=\"https:\/\/mostrafire.com\/wp-content\/uploads\/2021\/05\/los-patos-og.jpg\" data-srcset=\"https:\/\/mostrafire.com\/wp-content\/uploads\/2021\/05\/los-patos-og-200x110.jpg 200w, https:\/\/mostrafire.com\/wp-content\/uploads\/2021\/05\/los-patos-og-400x220.jpg 400w, https:\/\/mostrafire.com\/wp-content\/uploads\/2021\/05\/los-patos-og-600x331.jpg 600w, https:\/\/mostrafire.com\/wp-content\/uploads\/2021\/05\/los-patos-og-800x441.jpg 800w, https:\/\/mostrafire.com\/wp-content\/uploads\/2021\/05\/los-patos-og.jpg 1143w\" data-sizes=\"auto\" \/>\t\t\t<\/a>\n\t\t\t\t\t\t\t<\/div>\n<div class=\"fusion-portfolio-content\"><h2 class=\"entry-title fusion-post-title\"><a href=\"https:\/\/mostrafire.com\/es\/pelicula\/los-patos\/\">Los patos<\/a><\/h2><div class=\"fusion-post-content\"><p><span class=\"ficha-excerpt\">\u00c1ngela Arregui \u2022 <i>Espa\u00f1a<\/i><\/span><\/p><\/div><\/div><\/div><\/article><article id=\"portfolio-1-post-8577\" class=\"fusion-portfolio-post los-ultimos-recuerdos-de-abril-es cortometrajes-2021 fusion-col-spacing post-8577\"><div class=\"fusion-portfolio-content-wrapper\" style=\"border:none;\"><div  class=\"fusion-image-wrapper\" aria-haspopup=\"true\">\n\t\t\t\t\t\t\t<a href=\"https:\/\/mostrafire.com\/es\/pelicula\/los-ultimos-recuerdos-de-abril\/\" aria-label=\"Los \u00faltimos recuerdos de Abril\">\n\t\t\t\t\t\t\t<img decoding=\"async\" width=\"1143\" height=\"630\" src=\"https:\/\/mostrafire.com\/wp-content\/uploads\/2021\/05\/los-ultimos-recuerdos-de-abril-og.jpg\" class=\"attachment-full size-full lazyload wp-post-image\" alt=\"Los \u00faltimos recuerdos de Abril\" srcset=\"data:image\/svg+xml,%3Csvg%20xmlns%3D%27http%3A%2F%2Fwww.w3.org%2F2000%2Fsvg%27%20width%3D%271143%27%20height%3D%27630%27%20viewBox%3D%270%200%201143%20630%27%3E%3Crect%20width%3D%271143%27%20height%3D%27630%27%20fill-opacity%3D%220%22%2F%3E%3C%2Fsvg%3E\" data-orig-src=\"https:\/\/mostrafire.com\/wp-content\/uploads\/2021\/05\/los-ultimos-recuerdos-de-abril-og.jpg\" data-srcset=\"https:\/\/mostrafire.com\/wp-content\/uploads\/2021\/05\/los-ultimos-recuerdos-de-abril-og-200x110.jpg 200w, https:\/\/mostrafire.com\/wp-content\/uploads\/2021\/05\/los-ultimos-recuerdos-de-abril-og-400x220.jpg 400w, https:\/\/mostrafire.com\/wp-content\/uploads\/2021\/05\/los-ultimos-recuerdos-de-abril-og-600x331.jpg 600w, https:\/\/mostrafire.com\/wp-content\/uploads\/2021\/05\/los-ultimos-recuerdos-de-abril-og-800x441.jpg 800w, https:\/\/mostrafire.com\/wp-content\/uploads\/2021\/05\/los-ultimos-recuerdos-de-abril-og.jpg 1143w\" data-sizes=\"auto\" \/>\t\t\t<\/a>\n\t\t\t\t\t\t\t<\/div>\n<div class=\"fusion-portfolio-content\"><h2 class=\"entry-title fusion-post-title\"><a href=\"https:\/\/mostrafire.com\/es\/pelicula\/los-ultimos-recuerdos-de-abril\/\">Los \u00faltimos recuerdos de Abril<\/a><\/h2><div class=\"fusion-post-content\"><p><span class=\"ficha-excerpt\">Nancy Cruz \u2022 <i>M\u00e9xico<\/i><\/span><\/p><\/div><\/div><\/div><\/article><article id=\"portfolio-1-post-8580\" class=\"fusion-portfolio-post love-spells-and-all-that largometrajes-2021 fusion-col-spacing post-8580\"><div class=\"fusion-portfolio-content-wrapper\" style=\"border:none;\"><div  class=\"fusion-image-wrapper\" aria-haspopup=\"true\">\n\t\t\t\t\t\t\t<a href=\"https:\/\/mostrafire.com\/es\/pelicula\/love-spells-and-all-that\/\" aria-label=\"Love, Spells and All That\">\n\t\t\t\t\t\t\t<img decoding=\"async\" width=\"1143\" height=\"630\" src=\"https:\/\/mostrafire.com\/wp-content\/uploads\/2021\/05\/love-spell-og.jpg\" class=\"attachment-full size-full lazyload wp-post-image\" alt=\"Love, Spells and All That\" srcset=\"data:image\/svg+xml,%3Csvg%20xmlns%3D%27http%3A%2F%2Fwww.w3.org%2F2000%2Fsvg%27%20width%3D%271143%27%20height%3D%27630%27%20viewBox%3D%270%200%201143%20630%27%3E%3Crect%20width%3D%271143%27%20height%3D%27630%27%20fill-opacity%3D%220%22%2F%3E%3C%2Fsvg%3E\" data-orig-src=\"https:\/\/mostrafire.com\/wp-content\/uploads\/2021\/05\/love-spell-og.jpg\" data-srcset=\"https:\/\/mostrafire.com\/wp-content\/uploads\/2021\/05\/love-spell-og-200x110.jpg 200w, https:\/\/mostrafire.com\/wp-content\/uploads\/2021\/05\/love-spell-og-400x220.jpg 400w, https:\/\/mostrafire.com\/wp-content\/uploads\/2021\/05\/love-spell-og-600x331.jpg 600w, https:\/\/mostrafire.com\/wp-content\/uploads\/2021\/05\/love-spell-og-800x441.jpg 800w, https:\/\/mostrafire.com\/wp-content\/uploads\/2021\/05\/love-spell-og.jpg 1143w\" data-sizes=\"auto\" \/>\t\t\t<\/a>\n\t\t\t\t\t\t\t<\/div>\n<div class=\"fusion-portfolio-content\"><h2 class=\"entry-title fusion-post-title\"><a href=\"https:\/\/mostrafire.com\/es\/pelicula\/love-spells-and-all-that\/\">Love, Spells and All That<\/a><\/h2><div class=\"fusion-post-content\"><p><span class=\"ficha-excerpt\">\u00dcmit \u00dcnal \u2022 <i>Turqu\u00eda<\/i><\/span><\/p><\/div><\/div><\/div><\/article><article id=\"portfolio-1-post-11952\" class=\"fusion-portfolio-post maricon-perdido-es largometrajes-2021 fusion-col-spacing post-11952\"><div class=\"fusion-portfolio-content-wrapper\" style=\"border:none;\"><div  class=\"fusion-image-wrapper\" aria-haspopup=\"true\">\n\t\t\t\t\t\t\t<a href=\"https:\/\/mostrafire.com\/es\/pelicula\/maricon-perdido\/\" aria-label=\"Maric\u00f3n perdido\">\n\t\t\t\t\t\t\t<img decoding=\"async\" width=\"1143\" height=\"630\" src=\"https:\/\/mostrafire.com\/wp-content\/uploads\/2021\/06\/maricon-perdido-og.jpg\" class=\"attachment-full size-full lazyload wp-post-image\" alt=\"Maric\u00f3n perdido\" srcset=\"data:image\/svg+xml,%3Csvg%20xmlns%3D%27http%3A%2F%2Fwww.w3.org%2F2000%2Fsvg%27%20width%3D%271143%27%20height%3D%27630%27%20viewBox%3D%270%200%201143%20630%27%3E%3Crect%20width%3D%271143%27%20height%3D%27630%27%20fill-opacity%3D%220%22%2F%3E%3C%2Fsvg%3E\" data-orig-src=\"https:\/\/mostrafire.com\/wp-content\/uploads\/2021\/06\/maricon-perdido-og.jpg\" data-srcset=\"https:\/\/mostrafire.com\/wp-content\/uploads\/2021\/06\/maricon-perdido-og-200x110.jpg 200w, https:\/\/mostrafire.com\/wp-content\/uploads\/2021\/06\/maricon-perdido-og-400x220.jpg 400w, https:\/\/mostrafire.com\/wp-content\/uploads\/2021\/06\/maricon-perdido-og-600x331.jpg 600w, https:\/\/mostrafire.com\/wp-content\/uploads\/2021\/06\/maricon-perdido-og-800x441.jpg 800w, https:\/\/mostrafire.com\/wp-content\/uploads\/2021\/06\/maricon-perdido-og.jpg 1143w\" data-sizes=\"auto\" \/>\t\t\t<\/a>\n\t\t\t\t\t\t\t<\/div>\n<div class=\"fusion-portfolio-content\"><h2 class=\"entry-title fusion-post-title\"><a href=\"https:\/\/mostrafire.com\/es\/pelicula\/maricon-perdido\/\">Maric\u00f3n perdido<\/a><\/h2><div class=\"fusion-post-content\"><p><span class=\"ficha-excerpt\">Alejandro Mar\u00edn \u2022 <i>Espa\u00f1a<\/i><\/span><\/p><\/div><\/div><\/div><\/article><article id=\"portfolio-1-post-8583\" class=\"fusion-portfolio-post maurice-hines-bring-them-back-es documentales-2021 fusion-col-spacing post-8583\"><div class=\"fusion-portfolio-content-wrapper\" style=\"border:none;\"><div  class=\"fusion-image-wrapper\" aria-haspopup=\"true\">\n\t\t\t\t\t\t\t<a href=\"https:\/\/mostrafire.com\/es\/pelicula\/maurice-hines-bring-them-back\/\" aria-label=\"Maurice Hines: Bring Them Back\">\n\t\t\t\t\t\t\t<img decoding=\"async\" width=\"1143\" height=\"630\" src=\"https:\/\/mostrafire.com\/wp-content\/uploads\/2021\/05\/maurice-hines-og.jpg\" class=\"attachment-full size-full lazyload wp-post-image\" alt=\"Maurice Hines: Bring Them Back\" srcset=\"data:image\/svg+xml,%3Csvg%20xmlns%3D%27http%3A%2F%2Fwww.w3.org%2F2000%2Fsvg%27%20width%3D%271143%27%20height%3D%27630%27%20viewBox%3D%270%200%201143%20630%27%3E%3Crect%20width%3D%271143%27%20height%3D%27630%27%20fill-opacity%3D%220%22%2F%3E%3C%2Fsvg%3E\" data-orig-src=\"https:\/\/mostrafire.com\/wp-content\/uploads\/2021\/05\/maurice-hines-og.jpg\" data-srcset=\"https:\/\/mostrafire.com\/wp-content\/uploads\/2021\/05\/maurice-hines-og-200x110.jpg 200w, https:\/\/mostrafire.com\/wp-content\/uploads\/2021\/05\/maurice-hines-og-400x220.jpg 400w, https:\/\/mostrafire.com\/wp-content\/uploads\/2021\/05\/maurice-hines-og-600x331.jpg 600w, https:\/\/mostrafire.com\/wp-content\/uploads\/2021\/05\/maurice-hines-og-800x441.jpg 800w, https:\/\/mostrafire.com\/wp-content\/uploads\/2021\/05\/maurice-hines-og.jpg 1143w\" data-sizes=\"auto\" \/>\t\t\t<\/a>\n\t\t\t\t\t\t\t<\/div>\n<div class=\"fusion-portfolio-content\"><h2 class=\"entry-title fusion-post-title\"><a href=\"https:\/\/mostrafire.com\/es\/pelicula\/maurice-hines-bring-them-back\/\">Maurice Hines: Bring Them Back<\/a><\/h2><div class=\"fusion-post-content\"><p><span class=\"ficha-excerpt\"> John Carluccio \u2022 <i>EE.UU.<\/i><\/span><\/p><\/div><\/div><\/div><\/article><article id=\"portfolio-1-post-8586\" class=\"fusion-portfolio-post melh-armand-la-historia-de-un-movimiento-es documentales-2021 fusion-col-spacing post-8586\"><div class=\"fusion-portfolio-content-wrapper\" style=\"border:none;\"><div  class=\"fusion-image-wrapper\" aria-haspopup=\"true\">\n\t\t\t\t\t\t\t<a href=\"https:\/\/mostrafire.com\/es\/pelicula\/melh-armand-la-historia-de-un-movimiento\/\" aria-label=\"MELH. Armand, la historia de un movimiento\">\n\t\t\t\t\t\t\t<img decoding=\"async\" width=\"1143\" height=\"630\" src=\"https:\/\/mostrafire.com\/wp-content\/uploads\/2021\/05\/MELH-Armand-la-historia-de-un-movimiento-og.jpg\" class=\"attachment-full size-full lazyload wp-post-image\" alt=\"MELH. Armand, la historia de un movimiento\" srcset=\"data:image\/svg+xml,%3Csvg%20xmlns%3D%27http%3A%2F%2Fwww.w3.org%2F2000%2Fsvg%27%20width%3D%271143%27%20height%3D%27630%27%20viewBox%3D%270%200%201143%20630%27%3E%3Crect%20width%3D%271143%27%20height%3D%27630%27%20fill-opacity%3D%220%22%2F%3E%3C%2Fsvg%3E\" data-orig-src=\"https:\/\/mostrafire.com\/wp-content\/uploads\/2021\/05\/MELH-Armand-la-historia-de-un-movimiento-og.jpg\" data-srcset=\"https:\/\/mostrafire.com\/wp-content\/uploads\/2021\/05\/MELH-Armand-la-historia-de-un-movimiento-og-200x110.jpg 200w, https:\/\/mostrafire.com\/wp-content\/uploads\/2021\/05\/MELH-Armand-la-historia-de-un-movimiento-og-400x220.jpg 400w, https:\/\/mostrafire.com\/wp-content\/uploads\/2021\/05\/MELH-Armand-la-historia-de-un-movimiento-og-600x331.jpg 600w, https:\/\/mostrafire.com\/wp-content\/uploads\/2021\/05\/MELH-Armand-la-historia-de-un-movimiento-og-800x441.jpg 800w, https:\/\/mostrafire.com\/wp-content\/uploads\/2021\/05\/MELH-Armand-la-historia-de-un-movimiento-og.jpg 1143w\" data-sizes=\"auto\" \/>\t\t\t<\/a>\n\t\t\t\t\t\t\t<\/div>\n<div class=\"fusion-portfolio-content\"><h2 class=\"entry-title fusion-post-title\"><a href=\"https:\/\/mostrafire.com\/es\/pelicula\/melh-armand-la-historia-de-un-movimiento\/\">MELH. Armand, la historia de un movimiento<\/a><\/h2><div class=\"fusion-post-content\"><p><span class=\"ficha-excerpt\">Jordi Sams\u00f3, Mario Allegranzi, Carme Porta, Ram\u00f3n Mart\u00ednez \u2022 <i>Espa\u00f1a, Italia\r\n<\/i><\/span><\/p><\/div><\/div><\/div><\/article><article id=\"portfolio-1-post-8589\" class=\"fusion-portfolio-post mi-arma-es cortometrajes-2021 fusion-col-spacing post-8589\"><div class=\"fusion-portfolio-content-wrapper\" style=\"border:none;\"><div  class=\"fusion-image-wrapper\" aria-haspopup=\"true\">\n\t\t\t\t\t\t\t<a href=\"https:\/\/mostrafire.com\/es\/pelicula\/mi-arma\/\" aria-label=\"Mi arma\">\n\t\t\t\t\t\t\t<img decoding=\"async\" width=\"1143\" height=\"630\" src=\"https:\/\/mostrafire.com\/wp-content\/uploads\/2021\/05\/mi-arma-og.jpg\" class=\"attachment-full size-full lazyload wp-post-image\" alt=\"Mi arma\" srcset=\"data:image\/svg+xml,%3Csvg%20xmlns%3D%27http%3A%2F%2Fwww.w3.org%2F2000%2Fsvg%27%20width%3D%271143%27%20height%3D%27630%27%20viewBox%3D%270%200%201143%20630%27%3E%3Crect%20width%3D%271143%27%20height%3D%27630%27%20fill-opacity%3D%220%22%2F%3E%3C%2Fsvg%3E\" data-orig-src=\"https:\/\/mostrafire.com\/wp-content\/uploads\/2021\/05\/mi-arma-og.jpg\" data-srcset=\"https:\/\/mostrafire.com\/wp-content\/uploads\/2021\/05\/mi-arma-og-200x110.jpg 200w, https:\/\/mostrafire.com\/wp-content\/uploads\/2021\/05\/mi-arma-og-400x220.jpg 400w, https:\/\/mostrafire.com\/wp-content\/uploads\/2021\/05\/mi-arma-og-600x331.jpg 600w, https:\/\/mostrafire.com\/wp-content\/uploads\/2021\/05\/mi-arma-og-800x441.jpg 800w, https:\/\/mostrafire.com\/wp-content\/uploads\/2021\/05\/mi-arma-og.jpg 1143w\" data-sizes=\"auto\" \/>\t\t\t<\/a>\n\t\t\t\t\t\t\t<\/div>\n<div class=\"fusion-portfolio-content\"><h2 class=\"entry-title fusion-post-title\"><a href=\"https:\/\/mostrafire.com\/es\/pelicula\/mi-arma\/\">Mi arma<\/a><\/h2><div class=\"fusion-post-content\"><p><span class=\"ficha-excerpt\">Jes\u00fas Pascual \u2022 <i>Espa\u00f1a<\/i><\/span><\/p><\/div><\/div><\/div><\/article><article id=\"portfolio-1-post-8596\" class=\"fusion-portfolio-post monsoon-es largometrajes-2021 fusion-col-spacing post-8596\"><div class=\"fusion-portfolio-content-wrapper\" style=\"border:none;\"><div  class=\"fusion-image-wrapper\" aria-haspopup=\"true\">\n\t\t\t\t\t\t\t<a href=\"https:\/\/mostrafire.com\/es\/pelicula\/monsoon\/\" aria-label=\"Monsoon\">\n\t\t\t\t\t\t\t<img decoding=\"async\" width=\"1143\" height=\"630\" src=\"https:\/\/mostrafire.com\/wp-content\/uploads\/2021\/05\/monsoon-og.jpg\" class=\"attachment-full size-full lazyload wp-post-image\" alt=\"Monsoon\" srcset=\"data:image\/svg+xml,%3Csvg%20xmlns%3D%27http%3A%2F%2Fwww.w3.org%2F2000%2Fsvg%27%20width%3D%271143%27%20height%3D%27630%27%20viewBox%3D%270%200%201143%20630%27%3E%3Crect%20width%3D%271143%27%20height%3D%27630%27%20fill-opacity%3D%220%22%2F%3E%3C%2Fsvg%3E\" data-orig-src=\"https:\/\/mostrafire.com\/wp-content\/uploads\/2021\/05\/monsoon-og.jpg\" data-srcset=\"https:\/\/mostrafire.com\/wp-content\/uploads\/2021\/05\/monsoon-og-200x110.jpg 200w, https:\/\/mostrafire.com\/wp-content\/uploads\/2021\/05\/monsoon-og-400x220.jpg 400w, https:\/\/mostrafire.com\/wp-content\/uploads\/2021\/05\/monsoon-og-600x331.jpg 600w, https:\/\/mostrafire.com\/wp-content\/uploads\/2021\/05\/monsoon-og-800x441.jpg 800w, https:\/\/mostrafire.com\/wp-content\/uploads\/2021\/05\/monsoon-og.jpg 1143w\" data-sizes=\"auto\" \/>\t\t\t<\/a>\n\t\t\t\t\t\t\t<\/div>\n<div class=\"fusion-portfolio-content\"><h2 class=\"entry-title fusion-post-title\"><a href=\"https:\/\/mostrafire.com\/es\/pelicula\/monsoon\/\">Monsoon<\/a><\/h2><div class=\"fusion-post-content\"><p><span class=\"ficha-excerpt\">Hong Khaou \u2022 <i>Reino Unido\r\n<\/i><\/span><\/p><\/div><\/div><\/div><\/article><article id=\"portfolio-1-post-8599\" class=\"fusion-portfolio-post largometrajes-2021 no-hard-feelings-es fusion-col-spacing post-8599\"><div class=\"fusion-portfolio-content-wrapper\" style=\"border:none;\"><div  class=\"fusion-image-wrapper\" aria-haspopup=\"true\">\n\t\t\t\t\t\t\t<a href=\"https:\/\/mostrafire.com\/es\/pelicula\/no-hard-feelings\/\" aria-label=\"No Hard Feelings\">\n\t\t\t\t\t\t\t<img decoding=\"async\" width=\"1143\" height=\"630\" src=\"https:\/\/mostrafire.com\/wp-content\/uploads\/2021\/05\/no-hard-feelings-og.jpg\" class=\"attachment-full size-full lazyload wp-post-image\" alt=\"No Hard Feelings\" srcset=\"data:image\/svg+xml,%3Csvg%20xmlns%3D%27http%3A%2F%2Fwww.w3.org%2F2000%2Fsvg%27%20width%3D%271143%27%20height%3D%27630%27%20viewBox%3D%270%200%201143%20630%27%3E%3Crect%20width%3D%271143%27%20height%3D%27630%27%20fill-opacity%3D%220%22%2F%3E%3C%2Fsvg%3E\" data-orig-src=\"https:\/\/mostrafire.com\/wp-content\/uploads\/2021\/05\/no-hard-feelings-og.jpg\" data-srcset=\"https:\/\/mostrafire.com\/wp-content\/uploads\/2021\/05\/no-hard-feelings-og-200x110.jpg 200w, https:\/\/mostrafire.com\/wp-content\/uploads\/2021\/05\/no-hard-feelings-og-400x220.jpg 400w, https:\/\/mostrafire.com\/wp-content\/uploads\/2021\/05\/no-hard-feelings-og-600x331.jpg 600w, https:\/\/mostrafire.com\/wp-content\/uploads\/2021\/05\/no-hard-feelings-og-800x441.jpg 800w, https:\/\/mostrafire.com\/wp-content\/uploads\/2021\/05\/no-hard-feelings-og.jpg 1143w\" data-sizes=\"auto\" \/>\t\t\t<\/a>\n\t\t\t\t\t\t\t<\/div>\n<div class=\"fusion-portfolio-content\"><h2 class=\"entry-title fusion-post-title\"><a href=\"https:\/\/mostrafire.com\/es\/pelicula\/no-hard-feelings\/\">No Hard Feelings<\/a><\/h2><div class=\"fusion-post-content\"><p><span class=\"ficha-excerpt\">Faraz Shariat \u2022 <i>Alemania<\/i><\/span><\/p><\/div><\/div><\/div><\/article><article id=\"portfolio-1-post-8612\" class=\"fusion-portfolio-post no-straight-lines-es documentales-2021 fusion-col-spacing post-8612\"><div class=\"fusion-portfolio-content-wrapper\" style=\"border:none;\"><div  class=\"fusion-image-wrapper\" aria-haspopup=\"true\">\n\t\t\t\t\t\t\t<a href=\"https:\/\/mostrafire.com\/es\/pelicula\/no-straight-lines\/\" aria-label=\"No Straight Lines\">\n\t\t\t\t\t\t\t<img decoding=\"async\" width=\"1143\" height=\"630\" src=\"https:\/\/mostrafire.com\/wp-content\/uploads\/2021\/05\/no-straight-lines-og.jpg\" class=\"attachment-full size-full lazyload wp-post-image\" alt=\"No Straight Lines\" srcset=\"data:image\/svg+xml,%3Csvg%20xmlns%3D%27http%3A%2F%2Fwww.w3.org%2F2000%2Fsvg%27%20width%3D%271143%27%20height%3D%27630%27%20viewBox%3D%270%200%201143%20630%27%3E%3Crect%20width%3D%271143%27%20height%3D%27630%27%20fill-opacity%3D%220%22%2F%3E%3C%2Fsvg%3E\" data-orig-src=\"https:\/\/mostrafire.com\/wp-content\/uploads\/2021\/05\/no-straight-lines-og.jpg\" data-srcset=\"https:\/\/mostrafire.com\/wp-content\/uploads\/2021\/05\/no-straight-lines-og-200x110.jpg 200w, https:\/\/mostrafire.com\/wp-content\/uploads\/2021\/05\/no-straight-lines-og-400x220.jpg 400w, https:\/\/mostrafire.com\/wp-content\/uploads\/2021\/05\/no-straight-lines-og-600x331.jpg 600w, https:\/\/mostrafire.com\/wp-content\/uploads\/2021\/05\/no-straight-lines-og-800x441.jpg 800w, https:\/\/mostrafire.com\/wp-content\/uploads\/2021\/05\/no-straight-lines-og.jpg 1143w\" data-sizes=\"auto\" \/>\t\t\t<\/a>\n\t\t\t\t\t\t\t<\/div>\n<div class=\"fusion-portfolio-content\"><h2 class=\"entry-title fusion-post-title\"><a href=\"https:\/\/mostrafire.com\/es\/pelicula\/no-straight-lines\/\">No Straight Lines<\/a><\/h2><div class=\"fusion-post-content\"><p><span class=\"ficha-excerpt\">Vivian Kleiman \u2022 <i>EE.UU.<\/i><\/span><\/p><\/div><\/div><\/div><\/article><article id=\"portfolio-1-post-8615\" class=\"fusion-portfolio-post on-my-way-es cortometrajes-2021 fusion-col-spacing post-8615\"><div class=\"fusion-portfolio-content-wrapper\" style=\"border:none;\"><div  class=\"fusion-image-wrapper\" aria-haspopup=\"true\">\n\t\t\t\t\t\t\t<a href=\"https:\/\/mostrafire.com\/es\/pelicula\/on-my-way\/\" aria-label=\"On My Way\">\n\t\t\t\t\t\t\t<img decoding=\"async\" width=\"1143\" height=\"630\" src=\"https:\/\/mostrafire.com\/wp-content\/uploads\/2021\/05\/on-my-way-og.jpg\" class=\"attachment-full size-full lazyload wp-post-image\" alt=\"On My Way\" srcset=\"data:image\/svg+xml,%3Csvg%20xmlns%3D%27http%3A%2F%2Fwww.w3.org%2F2000%2Fsvg%27%20width%3D%271143%27%20height%3D%27630%27%20viewBox%3D%270%200%201143%20630%27%3E%3Crect%20width%3D%271143%27%20height%3D%27630%27%20fill-opacity%3D%220%22%2F%3E%3C%2Fsvg%3E\" data-orig-src=\"https:\/\/mostrafire.com\/wp-content\/uploads\/2021\/05\/on-my-way-og.jpg\" data-srcset=\"https:\/\/mostrafire.com\/wp-content\/uploads\/2021\/05\/on-my-way-og-200x110.jpg 200w, https:\/\/mostrafire.com\/wp-content\/uploads\/2021\/05\/on-my-way-og-400x220.jpg 400w, https:\/\/mostrafire.com\/wp-content\/uploads\/2021\/05\/on-my-way-og-600x331.jpg 600w, https:\/\/mostrafire.com\/wp-content\/uploads\/2021\/05\/on-my-way-og-800x441.jpg 800w, https:\/\/mostrafire.com\/wp-content\/uploads\/2021\/05\/on-my-way-og.jpg 1143w\" data-sizes=\"auto\" \/>\t\t\t<\/a>\n\t\t\t\t\t\t\t<\/div>\n<div class=\"fusion-portfolio-content\"><h2 class=\"entry-title fusion-post-title\"><a href=\"https:\/\/mostrafire.com\/es\/pelicula\/on-my-way\/\">On My Way<\/a><\/h2><div class=\"fusion-post-content\"><p><span class=\"ficha-excerpt\">Sonam Larcin \u2022 <i>B\u00e9lgica<\/i><\/span><\/p><\/div><\/div><\/div><\/article><article id=\"portfolio-1-post-8618\" class=\"fusion-portfolio-post our-children-es largometrajes-2021 fusion-col-spacing post-8618\"><div class=\"fusion-portfolio-content-wrapper\" style=\"border:none;\"><div  class=\"fusion-image-wrapper\" aria-haspopup=\"true\">\n\t\t\t\t\t\t\t<a href=\"https:\/\/mostrafire.com\/es\/pelicula\/our-children\/\" aria-label=\"Our Children\">\n\t\t\t\t\t\t\t<img decoding=\"async\" width=\"1143\" height=\"630\" src=\"https:\/\/mostrafire.com\/wp-content\/uploads\/2021\/05\/our-children-og.jpg\" class=\"attachment-full size-full lazyload wp-post-image\" alt=\"Our Children\" srcset=\"data:image\/svg+xml,%3Csvg%20xmlns%3D%27http%3A%2F%2Fwww.w3.org%2F2000%2Fsvg%27%20width%3D%271143%27%20height%3D%27630%27%20viewBox%3D%270%200%201143%20630%27%3E%3Crect%20width%3D%271143%27%20height%3D%27630%27%20fill-opacity%3D%220%22%2F%3E%3C%2Fsvg%3E\" data-orig-src=\"https:\/\/mostrafire.com\/wp-content\/uploads\/2021\/05\/our-children-og.jpg\" data-srcset=\"https:\/\/mostrafire.com\/wp-content\/uploads\/2021\/05\/our-children-og-200x110.jpg 200w, https:\/\/mostrafire.com\/wp-content\/uploads\/2021\/05\/our-children-og-400x220.jpg 400w, https:\/\/mostrafire.com\/wp-content\/uploads\/2021\/05\/our-children-og-600x331.jpg 600w, https:\/\/mostrafire.com\/wp-content\/uploads\/2021\/05\/our-children-og-800x441.jpg 800w, https:\/\/mostrafire.com\/wp-content\/uploads\/2021\/05\/our-children-og.jpg 1143w\" data-sizes=\"auto\" \/>\t\t\t<\/a>\n\t\t\t\t\t\t\t<\/div>\n<div class=\"fusion-portfolio-content\"><h2 class=\"entry-title fusion-post-title\"><a href=\"https:\/\/mostrafire.com\/es\/pelicula\/our-children\/\">Our Children<\/a><\/h2><div class=\"fusion-post-content\"><p><span class=\"ficha-excerpt\">Maria de Medeiros \u2022 <i>Brasil, Portugal\r\n<\/i><\/span><\/p><\/div><\/div><\/div><\/article><article id=\"portfolio-1-post-8621\" class=\"fusion-portfolio-post p-s-burn-this-letter-please-es documentales-2021 fusion-col-spacing post-8621\"><div class=\"fusion-portfolio-content-wrapper\" style=\"border:none;\"><div  class=\"fusion-image-wrapper\" aria-haspopup=\"true\">\n\t\t\t\t\t\t\t<a href=\"https:\/\/mostrafire.com\/es\/pelicula\/p-s-burn-this-letter-please\/\" aria-label=\"P.S. Burn This Letter Please\">\n\t\t\t\t\t\t\t<img decoding=\"async\" width=\"1143\" height=\"630\" src=\"https:\/\/mostrafire.com\/wp-content\/uploads\/2021\/05\/please-burn-this-letter-og.jpg\" class=\"attachment-full size-full lazyload wp-post-image\" alt=\"P.S. Burn This Letter Please\" srcset=\"data:image\/svg+xml,%3Csvg%20xmlns%3D%27http%3A%2F%2Fwww.w3.org%2F2000%2Fsvg%27%20width%3D%271143%27%20height%3D%27630%27%20viewBox%3D%270%200%201143%20630%27%3E%3Crect%20width%3D%271143%27%20height%3D%27630%27%20fill-opacity%3D%220%22%2F%3E%3C%2Fsvg%3E\" data-orig-src=\"https:\/\/mostrafire.com\/wp-content\/uploads\/2021\/05\/please-burn-this-letter-og.jpg\" data-srcset=\"https:\/\/mostrafire.com\/wp-content\/uploads\/2021\/05\/please-burn-this-letter-og-200x110.jpg 200w, https:\/\/mostrafire.com\/wp-content\/uploads\/2021\/05\/please-burn-this-letter-og-400x220.jpg 400w, https:\/\/mostrafire.com\/wp-content\/uploads\/2021\/05\/please-burn-this-letter-og-600x331.jpg 600w, https:\/\/mostrafire.com\/wp-content\/uploads\/2021\/05\/please-burn-this-letter-og-800x441.jpg 800w, https:\/\/mostrafire.com\/wp-content\/uploads\/2021\/05\/please-burn-this-letter-og.jpg 1143w\" data-sizes=\"auto\" \/>\t\t\t<\/a>\n\t\t\t\t\t\t\t<\/div>\n<div class=\"fusion-portfolio-content\"><h2 class=\"entry-title fusion-post-title\"><a href=\"https:\/\/mostrafire.com\/es\/pelicula\/p-s-burn-this-letter-please\/\">P.S. Burn This Letter Please<\/a><\/h2><div class=\"fusion-post-content\"><p><span class=\"ficha-excerpt\"> Jennifer Tiexiera, Michael Seligman \u2022 <i>EE.UU.<\/i><\/span><\/p><\/div><\/div><\/div><\/article><article id=\"portfolio-1-post-8624\" class=\"fusion-portfolio-post cortometrajes-2021 privilegiada-es fusion-col-spacing post-8624\"><div class=\"fusion-portfolio-content-wrapper\" style=\"border:none;\"><div  class=\"fusion-image-wrapper\" aria-haspopup=\"true\">\n\t\t\t\t\t\t\t<a href=\"https:\/\/mostrafire.com\/es\/pelicula\/privilegiada\/\" aria-label=\"Privilegiada\">\n\t\t\t\t\t\t\t<img decoding=\"async\" width=\"1143\" height=\"630\" src=\"https:\/\/mostrafire.com\/wp-content\/uploads\/2021\/05\/privilegiada-og.jpg\" class=\"attachment-full size-full lazyload wp-post-image\" alt=\"Privilegiada\" srcset=\"data:image\/svg+xml,%3Csvg%20xmlns%3D%27http%3A%2F%2Fwww.w3.org%2F2000%2Fsvg%27%20width%3D%271143%27%20height%3D%27630%27%20viewBox%3D%270%200%201143%20630%27%3E%3Crect%20width%3D%271143%27%20height%3D%27630%27%20fill-opacity%3D%220%22%2F%3E%3C%2Fsvg%3E\" data-orig-src=\"https:\/\/mostrafire.com\/wp-content\/uploads\/2021\/05\/privilegiada-og.jpg\" data-srcset=\"https:\/\/mostrafire.com\/wp-content\/uploads\/2021\/05\/privilegiada-og-200x110.jpg 200w, https:\/\/mostrafire.com\/wp-content\/uploads\/2021\/05\/privilegiada-og-400x220.jpg 400w, https:\/\/mostrafire.com\/wp-content\/uploads\/2021\/05\/privilegiada-og-600x331.jpg 600w, https:\/\/mostrafire.com\/wp-content\/uploads\/2021\/05\/privilegiada-og-800x441.jpg 800w, https:\/\/mostrafire.com\/wp-content\/uploads\/2021\/05\/privilegiada-og.jpg 1143w\" data-sizes=\"auto\" \/>\t\t\t<\/a>\n\t\t\t\t\t\t\t<\/div>\n<div class=\"fusion-portfolio-content\"><h2 class=\"entry-title fusion-post-title\"><a href=\"https:\/\/mostrafire.com\/es\/pelicula\/privilegiada\/\">Privilegiada<\/a><\/h2><div class=\"fusion-post-content\"><p><span class=\"ficha-excerpt\">Alex De La Croix\u2022 <i>Espa\u00f1a<\/i><\/span><\/p><\/div><\/div><\/div><\/article><article id=\"portfolio-1-post-8627\" class=\"fusion-portfolio-post pushing-dead-es largometrajes-2021 fusion-col-spacing post-8627\"><div class=\"fusion-portfolio-content-wrapper\" style=\"border:none;\"><div  class=\"fusion-image-wrapper\" aria-haspopup=\"true\">\n\t\t\t\t\t\t\t<a href=\"https:\/\/mostrafire.com\/es\/pelicula\/pushing-dead\/\" aria-label=\"Pushing Dead\">\n\t\t\t\t\t\t\t<img decoding=\"async\" width=\"1143\" height=\"630\" src=\"https:\/\/mostrafire.com\/wp-content\/uploads\/2021\/05\/pushing-dead-og.jpg\" class=\"attachment-full size-full lazyload wp-post-image\" alt=\"Pushing Dead\" srcset=\"data:image\/svg+xml,%3Csvg%20xmlns%3D%27http%3A%2F%2Fwww.w3.org%2F2000%2Fsvg%27%20width%3D%271143%27%20height%3D%27630%27%20viewBox%3D%270%200%201143%20630%27%3E%3Crect%20width%3D%271143%27%20height%3D%27630%27%20fill-opacity%3D%220%22%2F%3E%3C%2Fsvg%3E\" data-orig-src=\"https:\/\/mostrafire.com\/wp-content\/uploads\/2021\/05\/pushing-dead-og.jpg\" data-srcset=\"https:\/\/mostrafire.com\/wp-content\/uploads\/2021\/05\/pushing-dead-og-200x110.jpg 200w, https:\/\/mostrafire.com\/wp-content\/uploads\/2021\/05\/pushing-dead-og-400x220.jpg 400w, https:\/\/mostrafire.com\/wp-content\/uploads\/2021\/05\/pushing-dead-og-600x331.jpg 600w, https:\/\/mostrafire.com\/wp-content\/uploads\/2021\/05\/pushing-dead-og-800x441.jpg 800w, https:\/\/mostrafire.com\/wp-content\/uploads\/2021\/05\/pushing-dead-og.jpg 1143w\" data-sizes=\"auto\" \/>\t\t\t<\/a>\n\t\t\t\t\t\t\t<\/div>\n<div class=\"fusion-portfolio-content\"><h2 class=\"entry-title fusion-post-title\"><a href=\"https:\/\/mostrafire.com\/es\/pelicula\/pushing-dead\/\">Pushing Dead<\/a><\/h2><div class=\"fusion-post-content\"><p><span class=\"ficha-excerpt\">Tom E. Brown\u2022 <i>EE.UU.<\/i><\/span><\/p><\/div><\/div><\/div><\/article><article id=\"portfolio-1-post-8630\" class=\"fusion-portfolio-post rurangi-es largometrajes-2021 fusion-col-spacing post-8630\"><div class=\"fusion-portfolio-content-wrapper\" style=\"border:none;\"><div  class=\"fusion-image-wrapper\" aria-haspopup=\"true\">\n\t\t\t\t\t\t\t<a href=\"https:\/\/mostrafire.com\/es\/pelicula\/rurangi\/\" aria-label=\"R\u016brangi\">\n\t\t\t\t\t\t\t<img decoding=\"async\" width=\"1143\" height=\"630\" src=\"https:\/\/mostrafire.com\/wp-content\/uploads\/2021\/05\/rurangi-og.jpg\" class=\"attachment-full size-full lazyload wp-post-image\" alt=\"R\u016brangi\" srcset=\"data:image\/svg+xml,%3Csvg%20xmlns%3D%27http%3A%2F%2Fwww.w3.org%2F2000%2Fsvg%27%20width%3D%271143%27%20height%3D%27630%27%20viewBox%3D%270%200%201143%20630%27%3E%3Crect%20width%3D%271143%27%20height%3D%27630%27%20fill-opacity%3D%220%22%2F%3E%3C%2Fsvg%3E\" data-orig-src=\"https:\/\/mostrafire.com\/wp-content\/uploads\/2021\/05\/rurangi-og.jpg\" data-srcset=\"https:\/\/mostrafire.com\/wp-content\/uploads\/2021\/05\/rurangi-og-200x110.jpg 200w, https:\/\/mostrafire.com\/wp-content\/uploads\/2021\/05\/rurangi-og-400x220.jpg 400w, https:\/\/mostrafire.com\/wp-content\/uploads\/2021\/05\/rurangi-og-600x331.jpg 600w, https:\/\/mostrafire.com\/wp-content\/uploads\/2021\/05\/rurangi-og-800x441.jpg 800w, https:\/\/mostrafire.com\/wp-content\/uploads\/2021\/05\/rurangi-og.jpg 1143w\" data-sizes=\"auto\" \/>\t\t\t<\/a>\n\t\t\t\t\t\t\t<\/div>\n<div class=\"fusion-portfolio-content\"><h2 class=\"entry-title fusion-post-title\"><a href=\"https:\/\/mostrafire.com\/es\/pelicula\/rurangi\/\">R\u016brangi<\/a><\/h2><div class=\"fusion-post-content\"><p><span class=\"ficha-excerpt\">Max Currie \u2022 <i> Nueva Zelanda\r\n<\/i><\/span><\/p><\/div><\/div><\/div><\/article><article id=\"portfolio-1-post-8633\" class=\"fusion-portfolio-post sedimentos-es documentales-2021 fusion-col-spacing post-8633\"><div class=\"fusion-portfolio-content-wrapper\" style=\"border:none;\"><div  class=\"fusion-image-wrapper\" aria-haspopup=\"true\">\n\t\t\t\t\t\t\t<a href=\"https:\/\/mostrafire.com\/es\/pelicula\/sedimentos\/\" aria-label=\"Sedimentos\">\n\t\t\t\t\t\t\t<img decoding=\"async\" width=\"1143\" height=\"630\" src=\"https:\/\/mostrafire.com\/wp-content\/uploads\/2021\/05\/sedimentos-og.jpg\" class=\"attachment-full size-full lazyload wp-post-image\" alt=\"Sedimentos\" srcset=\"data:image\/svg+xml,%3Csvg%20xmlns%3D%27http%3A%2F%2Fwww.w3.org%2F2000%2Fsvg%27%20width%3D%271143%27%20height%3D%27630%27%20viewBox%3D%270%200%201143%20630%27%3E%3Crect%20width%3D%271143%27%20height%3D%27630%27%20fill-opacity%3D%220%22%2F%3E%3C%2Fsvg%3E\" data-orig-src=\"https:\/\/mostrafire.com\/wp-content\/uploads\/2021\/05\/sedimentos-og.jpg\" data-srcset=\"https:\/\/mostrafire.com\/wp-content\/uploads\/2021\/05\/sedimentos-og-200x110.jpg 200w, https:\/\/mostrafire.com\/wp-content\/uploads\/2021\/05\/sedimentos-og-400x220.jpg 400w, https:\/\/mostrafire.com\/wp-content\/uploads\/2021\/05\/sedimentos-og-600x331.jpg 600w, https:\/\/mostrafire.com\/wp-content\/uploads\/2021\/05\/sedimentos-og-800x441.jpg 800w, https:\/\/mostrafire.com\/wp-content\/uploads\/2021\/05\/sedimentos-og.jpg 1143w\" data-sizes=\"auto\" \/>\t\t\t<\/a>\n\t\t\t\t\t\t\t<\/div>\n<div class=\"fusion-portfolio-content\"><h2 class=\"entry-title fusion-post-title\"><a href=\"https:\/\/mostrafire.com\/es\/pelicula\/sedimentos\/\">Sedimentos<\/a><\/h2><div class=\"fusion-post-content\"><p><span class=\"ficha-excerpt\">Adri\u00e1n Silvestre \u2022 <i>Espa\u00f1a<\/i><\/span><\/p><\/div><\/div><\/div><\/article><article id=\"portfolio-1-post-8636\" class=\"fusion-portfolio-post setmana-santa-es cortometrajes-2021 fusion-col-spacing post-8636\"><div class=\"fusion-portfolio-content-wrapper\" style=\"border:none;\"><div  class=\"fusion-image-wrapper\" aria-haspopup=\"true\">\n\t\t\t\t\t\t\t<a href=\"https:\/\/mostrafire.com\/es\/pelicula\/semana-santa\/\" aria-label=\"Semana Santa\">\n\t\t\t\t\t\t\t<img decoding=\"async\" width=\"1143\" height=\"630\" src=\"https:\/\/mostrafire.com\/wp-content\/uploads\/2021\/05\/setmana-santa-og.jpg\" class=\"attachment-full size-full lazyload wp-post-image\" alt=\"Setmana Santa\" srcset=\"data:image\/svg+xml,%3Csvg%20xmlns%3D%27http%3A%2F%2Fwww.w3.org%2F2000%2Fsvg%27%20width%3D%271143%27%20height%3D%27630%27%20viewBox%3D%270%200%201143%20630%27%3E%3Crect%20width%3D%271143%27%20height%3D%27630%27%20fill-opacity%3D%220%22%2F%3E%3C%2Fsvg%3E\" data-orig-src=\"https:\/\/mostrafire.com\/wp-content\/uploads\/2021\/05\/setmana-santa-og.jpg\" data-srcset=\"https:\/\/mostrafire.com\/wp-content\/uploads\/2021\/05\/setmana-santa-og-200x110.jpg 200w, https:\/\/mostrafire.com\/wp-content\/uploads\/2021\/05\/setmana-santa-og-400x220.jpg 400w, https:\/\/mostrafire.com\/wp-content\/uploads\/2021\/05\/setmana-santa-og-600x331.jpg 600w, https:\/\/mostrafire.com\/wp-content\/uploads\/2021\/05\/setmana-santa-og-800x441.jpg 800w, https:\/\/mostrafire.com\/wp-content\/uploads\/2021\/05\/setmana-santa-og.jpg 1143w\" data-sizes=\"auto\" \/>\t\t\t<\/a>\n\t\t\t\t\t\t\t<\/div>\n<div class=\"fusion-portfolio-content\"><h2 class=\"entry-title fusion-post-title\"><a href=\"https:\/\/mostrafire.com\/es\/pelicula\/semana-santa\/\">Semana Santa<\/a><\/h2><div class=\"fusion-post-content\"><p><span class=\"ficha-excerpt\">Gerard Mir\u00f3 \u2022 <i>Espa\u00f1a<\/i><\/span><\/p><\/div><\/div><\/div><\/article><article id=\"portfolio-1-post-8639\" class=\"fusion-portfolio-post sisters-es cortometrajes-2021 fusion-col-spacing post-8639\"><div class=\"fusion-portfolio-content-wrapper\" style=\"border:none;\"><div  class=\"fusion-image-wrapper\" aria-haspopup=\"true\">\n\t\t\t\t\t\t\t<a href=\"https:\/\/mostrafire.com\/es\/pelicula\/sisters\/\" aria-label=\"Sisters\">\n\t\t\t\t\t\t\t<img decoding=\"async\" width=\"1143\" height=\"630\" src=\"https:\/\/mostrafire.com\/wp-content\/uploads\/2021\/05\/sisters-og.jpg\" class=\"attachment-full size-full lazyload wp-post-image\" alt=\"Sisters\" srcset=\"data:image\/svg+xml,%3Csvg%20xmlns%3D%27http%3A%2F%2Fwww.w3.org%2F2000%2Fsvg%27%20width%3D%271143%27%20height%3D%27630%27%20viewBox%3D%270%200%201143%20630%27%3E%3Crect%20width%3D%271143%27%20height%3D%27630%27%20fill-opacity%3D%220%22%2F%3E%3C%2Fsvg%3E\" data-orig-src=\"https:\/\/mostrafire.com\/wp-content\/uploads\/2021\/05\/sisters-og.jpg\" data-srcset=\"https:\/\/mostrafire.com\/wp-content\/uploads\/2021\/05\/sisters-og-200x110.jpg 200w, https:\/\/mostrafire.com\/wp-content\/uploads\/2021\/05\/sisters-og-400x220.jpg 400w, https:\/\/mostrafire.com\/wp-content\/uploads\/2021\/05\/sisters-og-600x331.jpg 600w, https:\/\/mostrafire.com\/wp-content\/uploads\/2021\/05\/sisters-og-800x441.jpg 800w, https:\/\/mostrafire.com\/wp-content\/uploads\/2021\/05\/sisters-og.jpg 1143w\" data-sizes=\"auto\" \/>\t\t\t<\/a>\n\t\t\t\t\t\t\t<\/div>\n<div class=\"fusion-portfolio-content\"><h2 class=\"entry-title fusion-post-title\"><a href=\"https:\/\/mostrafire.com\/es\/pelicula\/sisters\/\">Sisters<\/a><\/h2><div class=\"fusion-post-content\"><p><span class=\"ficha-excerpt\">Katarina Re\u0161ek - Kukla \u2022 <i>v<\/i><\/span><\/p><\/div><\/div><\/div><\/article><article id=\"portfolio-1-post-8642\" class=\"fusion-portfolio-post snake-es cortometrajes-2021 fusion-col-spacing post-8642\"><div class=\"fusion-portfolio-content-wrapper\" style=\"border:none;\"><div  class=\"fusion-image-wrapper\" aria-haspopup=\"true\">\n\t\t\t\t\t\t\t<a href=\"https:\/\/mostrafire.com\/es\/pelicula\/snake\/\" aria-label=\"Snake\">\n\t\t\t\t\t\t\t<img decoding=\"async\" width=\"1143\" height=\"630\" src=\"https:\/\/mostrafire.com\/wp-content\/uploads\/2021\/05\/snake-og.jpg\" class=\"attachment-full size-full lazyload wp-post-image\" alt=\"Snake\" srcset=\"data:image\/svg+xml,%3Csvg%20xmlns%3D%27http%3A%2F%2Fwww.w3.org%2F2000%2Fsvg%27%20width%3D%271143%27%20height%3D%27630%27%20viewBox%3D%270%200%201143%20630%27%3E%3Crect%20width%3D%271143%27%20height%3D%27630%27%20fill-opacity%3D%220%22%2F%3E%3C%2Fsvg%3E\" data-orig-src=\"https:\/\/mostrafire.com\/wp-content\/uploads\/2021\/05\/snake-og.jpg\" data-srcset=\"https:\/\/mostrafire.com\/wp-content\/uploads\/2021\/05\/snake-og-200x110.jpg 200w, https:\/\/mostrafire.com\/wp-content\/uploads\/2021\/05\/snake-og-400x220.jpg 400w, https:\/\/mostrafire.com\/wp-content\/uploads\/2021\/05\/snake-og-600x331.jpg 600w, https:\/\/mostrafire.com\/wp-content\/uploads\/2021\/05\/snake-og-800x441.jpg 800w, https:\/\/mostrafire.com\/wp-content\/uploads\/2021\/05\/snake-og.jpg 1143w\" data-sizes=\"auto\" \/>\t\t\t<\/a>\n\t\t\t\t\t\t\t<\/div>\n<div class=\"fusion-portfolio-content\"><h2 class=\"entry-title fusion-post-title\"><a href=\"https:\/\/mostrafire.com\/es\/pelicula\/snake\/\">Snake<\/a><\/h2><div class=\"fusion-post-content\"><p><span class=\"ficha-excerpt\">Andrey Volkashin \u2022 <i>Macedonia del Norte<\/i><\/span><\/p><\/div><\/div><\/div><\/article><article id=\"portfolio-1-post-8645\" class=\"fusion-portfolio-post song-lang-es largometrajes-2021 fusion-col-spacing post-8645\"><div class=\"fusion-portfolio-content-wrapper\" style=\"border:none;\"><div  class=\"fusion-image-wrapper\" aria-haspopup=\"true\">\n\t\t\t\t\t\t\t<a href=\"https:\/\/mostrafire.com\/es\/pelicula\/song-lang\/\" aria-label=\"Song Lang\">\n\t\t\t\t\t\t\t<img decoding=\"async\" width=\"1143\" height=\"630\" src=\"https:\/\/mostrafire.com\/wp-content\/uploads\/2021\/05\/song-lang-og.jpg\" class=\"attachment-full size-full lazyload wp-post-image\" alt=\"Song Lang\" srcset=\"data:image\/svg+xml,%3Csvg%20xmlns%3D%27http%3A%2F%2Fwww.w3.org%2F2000%2Fsvg%27%20width%3D%271143%27%20height%3D%27630%27%20viewBox%3D%270%200%201143%20630%27%3E%3Crect%20width%3D%271143%27%20height%3D%27630%27%20fill-opacity%3D%220%22%2F%3E%3C%2Fsvg%3E\" data-orig-src=\"https:\/\/mostrafire.com\/wp-content\/uploads\/2021\/05\/song-lang-og.jpg\" data-srcset=\"https:\/\/mostrafire.com\/wp-content\/uploads\/2021\/05\/song-lang-og-200x110.jpg 200w, https:\/\/mostrafire.com\/wp-content\/uploads\/2021\/05\/song-lang-og-400x220.jpg 400w, https:\/\/mostrafire.com\/wp-content\/uploads\/2021\/05\/song-lang-og-600x331.jpg 600w, https:\/\/mostrafire.com\/wp-content\/uploads\/2021\/05\/song-lang-og-800x441.jpg 800w, https:\/\/mostrafire.com\/wp-content\/uploads\/2021\/05\/song-lang-og.jpg 1143w\" data-sizes=\"auto\" \/>\t\t\t<\/a>\n\t\t\t\t\t\t\t<\/div>\n<div class=\"fusion-portfolio-content\"><h2 class=\"entry-title fusion-post-title\"><a href=\"https:\/\/mostrafire.com\/es\/pelicula\/song-lang\/\">Song Lang<\/a><\/h2><div class=\"fusion-post-content\"><p><span class=\"ficha-excerpt\">Leon Le \u2022 <i>Vietnam<\/i><\/span><\/p><\/div><\/div><\/div><\/article><article id=\"portfolio-1-post-8648\" class=\"fusion-portfolio-post stolen-kisses-es documentales-2021 fusion-col-spacing post-8648\"><div class=\"fusion-portfolio-content-wrapper\" style=\"border:none;\"><div  class=\"fusion-image-wrapper\" aria-haspopup=\"true\">\n\t\t\t\t\t\t\t<a href=\"https:\/\/mostrafire.com\/es\/pelicula\/stolen-kisses\/\" aria-label=\"Stolen Kisses\">\n\t\t\t\t\t\t\t<img decoding=\"async\" width=\"1143\" height=\"630\" src=\"https:\/\/mostrafire.com\/wp-content\/uploads\/2021\/05\/stolen-kisses-og.jpg\" class=\"attachment-full size-full lazyload wp-post-image\" alt=\"Stolen Kisses\" srcset=\"data:image\/svg+xml,%3Csvg%20xmlns%3D%27http%3A%2F%2Fwww.w3.org%2F2000%2Fsvg%27%20width%3D%271143%27%20height%3D%27630%27%20viewBox%3D%270%200%201143%20630%27%3E%3Crect%20width%3D%271143%27%20height%3D%27630%27%20fill-opacity%3D%220%22%2F%3E%3C%2Fsvg%3E\" data-orig-src=\"https:\/\/mostrafire.com\/wp-content\/uploads\/2021\/05\/stolen-kisses-og.jpg\" data-srcset=\"https:\/\/mostrafire.com\/wp-content\/uploads\/2021\/05\/stolen-kisses-og-200x110.jpg 200w, https:\/\/mostrafire.com\/wp-content\/uploads\/2021\/05\/stolen-kisses-og-400x220.jpg 400w, https:\/\/mostrafire.com\/wp-content\/uploads\/2021\/05\/stolen-kisses-og-600x331.jpg 600w, https:\/\/mostrafire.com\/wp-content\/uploads\/2021\/05\/stolen-kisses-og-800x441.jpg 800w, https:\/\/mostrafire.com\/wp-content\/uploads\/2021\/05\/stolen-kisses-og.jpg 1143w\" data-sizes=\"auto\" \/>\t\t\t<\/a>\n\t\t\t\t\t\t\t<\/div>\n<div class=\"fusion-portfolio-content\"><h2 class=\"entry-title fusion-post-title\"><a href=\"https:\/\/mostrafire.com\/es\/pelicula\/stolen-kisses\/\">Stolen Kisses<\/a><\/h2><div class=\"fusion-post-content\"><p><span class=\"ficha-excerpt\">Fabrizio Laurenti, Gabriella Romano \u2022 <i>Italia<\/i><\/span><\/p><\/div><\/div><\/div><\/article><article id=\"portfolio-1-post-8651\" class=\"fusion-portfolio-post sublet-es largometrajes-2021 fusion-col-spacing post-8651\"><div class=\"fusion-portfolio-content-wrapper\" style=\"border:none;\"><div  class=\"fusion-image-wrapper\" aria-haspopup=\"true\">\n\t\t\t\t\t\t\t<a href=\"https:\/\/mostrafire.com\/es\/pelicula\/sublet\/\" aria-label=\"Sublet\">\n\t\t\t\t\t\t\t<img decoding=\"async\" width=\"1143\" height=\"630\" src=\"https:\/\/mostrafire.com\/wp-content\/uploads\/2021\/05\/sublet-og.jpg\" class=\"attachment-full size-full lazyload wp-post-image\" alt=\"Sublet\" srcset=\"data:image\/svg+xml,%3Csvg%20xmlns%3D%27http%3A%2F%2Fwww.w3.org%2F2000%2Fsvg%27%20width%3D%271143%27%20height%3D%27630%27%20viewBox%3D%270%200%201143%20630%27%3E%3Crect%20width%3D%271143%27%20height%3D%27630%27%20fill-opacity%3D%220%22%2F%3E%3C%2Fsvg%3E\" data-orig-src=\"https:\/\/mostrafire.com\/wp-content\/uploads\/2021\/05\/sublet-og.jpg\" data-srcset=\"https:\/\/mostrafire.com\/wp-content\/uploads\/2021\/05\/sublet-og-200x110.jpg 200w, https:\/\/mostrafire.com\/wp-content\/uploads\/2021\/05\/sublet-og-400x220.jpg 400w, https:\/\/mostrafire.com\/wp-content\/uploads\/2021\/05\/sublet-og-600x331.jpg 600w, https:\/\/mostrafire.com\/wp-content\/uploads\/2021\/05\/sublet-og-800x441.jpg 800w, https:\/\/mostrafire.com\/wp-content\/uploads\/2021\/05\/sublet-og.jpg 1143w\" data-sizes=\"auto\" \/>\t\t\t<\/a>\n\t\t\t\t\t\t\t<\/div>\n<div class=\"fusion-portfolio-content\"><h2 class=\"entry-title fusion-post-title\"><a href=\"https:\/\/mostrafire.com\/es\/pelicula\/sublet\/\">Sublet<\/a><\/h2><div class=\"fusion-post-content\"><p><span class=\"ficha-excerpt\"> Eytan Fox \u2022 <i>Israel<\/i><\/span><\/p><\/div><\/div><\/div><\/article><article id=\"portfolio-1-post-8654\" class=\"fusion-portfolio-post suk-suk-es largometrajes-2021 fusion-col-spacing post-8654\"><div class=\"fusion-portfolio-content-wrapper\" style=\"border:none;\"><div  class=\"fusion-image-wrapper\" aria-haspopup=\"true\">\n\t\t\t\t\t\t\t<a href=\"https:\/\/mostrafire.com\/es\/pelicula\/suk-suk\/\" aria-label=\"Suk Suk\">\n\t\t\t\t\t\t\t<img decoding=\"async\" width=\"1920\" height=\"1058\" src=\"https:\/\/mostrafire.com\/wp-content\/uploads\/2021\/05\/suk-suk.jpg\" class=\"attachment-full size-full lazyload wp-post-image\" alt=\"Suk Suk\" srcset=\"data:image\/svg+xml,%3Csvg%20xmlns%3D%27http%3A%2F%2Fwww.w3.org%2F2000%2Fsvg%27%20width%3D%271920%27%20height%3D%271058%27%20viewBox%3D%270%200%201920%201058%27%3E%3Crect%20width%3D%271920%27%20height%3D%271058%27%20fill-opacity%3D%220%22%2F%3E%3C%2Fsvg%3E\" data-orig-src=\"https:\/\/mostrafire.com\/wp-content\/uploads\/2021\/05\/suk-suk.jpg\" data-srcset=\"https:\/\/mostrafire.com\/wp-content\/uploads\/2021\/05\/suk-suk-200x110.jpg 200w, https:\/\/mostrafire.com\/wp-content\/uploads\/2021\/05\/suk-suk-400x220.jpg 400w, https:\/\/mostrafire.com\/wp-content\/uploads\/2021\/05\/suk-suk-600x331.jpg 600w, https:\/\/mostrafire.com\/wp-content\/uploads\/2021\/05\/suk-suk-800x441.jpg 800w, https:\/\/mostrafire.com\/wp-content\/uploads\/2021\/05\/suk-suk-1200x661.jpg 1200w, https:\/\/mostrafire.com\/wp-content\/uploads\/2021\/05\/suk-suk.jpg 1920w\" data-sizes=\"auto\" \/>\t\t\t<\/a>\n\t\t\t\t\t\t\t<\/div>\n<div class=\"fusion-portfolio-content\"><h2 class=\"entry-title fusion-post-title\"><a href=\"https:\/\/mostrafire.com\/es\/pelicula\/suk-suk\/\">Suk Suk<\/a><\/h2><div class=\"fusion-post-content\"><p><span class=\"ficha-excerpt\">Ray Yeung \u2022 <i>Hong Kong\r\n<\/i><\/span><\/p><\/div><\/div><\/div><\/article><article id=\"portfolio-1-post-8657\" class=\"fusion-portfolio-post largometrajes-2021 tengo-miedo-torero-es fusion-col-spacing post-8657\"><div class=\"fusion-portfolio-content-wrapper\" style=\"border:none;\"><div  class=\"fusion-image-wrapper\" aria-haspopup=\"true\">\n\t\t\t\t\t\t\t<a href=\"https:\/\/mostrafire.com\/es\/pelicula\/tengo-miedo-torero\/\" aria-label=\"Tengo miedo torero\">\n\t\t\t\t\t\t\t<img decoding=\"async\" width=\"1143\" height=\"630\" src=\"https:\/\/mostrafire.com\/wp-content\/uploads\/2021\/05\/tengo-miedo-torero-og.jpg\" class=\"attachment-full size-full lazyload wp-post-image\" alt=\"Tengo miedo torero\" srcset=\"data:image\/svg+xml,%3Csvg%20xmlns%3D%27http%3A%2F%2Fwww.w3.org%2F2000%2Fsvg%27%20width%3D%271143%27%20height%3D%27630%27%20viewBox%3D%270%200%201143%20630%27%3E%3Crect%20width%3D%271143%27%20height%3D%27630%27%20fill-opacity%3D%220%22%2F%3E%3C%2Fsvg%3E\" data-orig-src=\"https:\/\/mostrafire.com\/wp-content\/uploads\/2021\/05\/tengo-miedo-torero-og.jpg\" data-srcset=\"https:\/\/mostrafire.com\/wp-content\/uploads\/2021\/05\/tengo-miedo-torero-og-200x110.jpg 200w, https:\/\/mostrafire.com\/wp-content\/uploads\/2021\/05\/tengo-miedo-torero-og-400x220.jpg 400w, https:\/\/mostrafire.com\/wp-content\/uploads\/2021\/05\/tengo-miedo-torero-og-600x331.jpg 600w, https:\/\/mostrafire.com\/wp-content\/uploads\/2021\/05\/tengo-miedo-torero-og-800x441.jpg 800w, https:\/\/mostrafire.com\/wp-content\/uploads\/2021\/05\/tengo-miedo-torero-og.jpg 1143w\" data-sizes=\"auto\" \/>\t\t\t<\/a>\n\t\t\t\t\t\t\t<\/div>\n<div class=\"fusion-portfolio-content\"><h2 class=\"entry-title fusion-post-title\"><a href=\"https:\/\/mostrafire.com\/es\/pelicula\/tengo-miedo-torero\/\">Tengo miedo torero<\/a><\/h2><div class=\"fusion-post-content\"><p><span class=\"ficha-excerpt\">Rodrigo Sep\u00falveda \u2022 <i>Chile, M\u00e9xico, Argentina<\/i><\/span><\/p><\/div><\/div><\/div><\/article><article id=\"portfolio-1-post-8660\" class=\"fusion-portfolio-post the-lip-readers-es cortometrajes-2021 fusion-col-spacing post-8660\"><div class=\"fusion-portfolio-content-wrapper\" style=\"border:none;\"><div  class=\"fusion-image-wrapper\" aria-haspopup=\"true\">\n\t\t\t\t\t\t\t<a href=\"https:\/\/mostrafire.com\/es\/pelicula\/the-lip-readers\/\" aria-label=\"The Lip Readers\">\n\t\t\t\t\t\t\t<img decoding=\"async\" width=\"1143\" height=\"630\" src=\"https:\/\/mostrafire.com\/wp-content\/uploads\/2021\/05\/the-lips-readers-og.jpg\" class=\"attachment-full size-full lazyload wp-post-image\" alt=\"The Lip Readers\" srcset=\"data:image\/svg+xml,%3Csvg%20xmlns%3D%27http%3A%2F%2Fwww.w3.org%2F2000%2Fsvg%27%20width%3D%271143%27%20height%3D%27630%27%20viewBox%3D%270%200%201143%20630%27%3E%3Crect%20width%3D%271143%27%20height%3D%27630%27%20fill-opacity%3D%220%22%2F%3E%3C%2Fsvg%3E\" data-orig-src=\"https:\/\/mostrafire.com\/wp-content\/uploads\/2021\/05\/the-lips-readers-og.jpg\" data-srcset=\"https:\/\/mostrafire.com\/wp-content\/uploads\/2021\/05\/the-lips-readers-og-200x110.jpg 200w, https:\/\/mostrafire.com\/wp-content\/uploads\/2021\/05\/the-lips-readers-og-400x220.jpg 400w, https:\/\/mostrafire.com\/wp-content\/uploads\/2021\/05\/the-lips-readers-og-600x331.jpg 600w, https:\/\/mostrafire.com\/wp-content\/uploads\/2021\/05\/the-lips-readers-og-800x441.jpg 800w, https:\/\/mostrafire.com\/wp-content\/uploads\/2021\/05\/the-lips-readers-og.jpg 1143w\" data-sizes=\"auto\" \/>\t\t\t<\/a>\n\t\t\t\t\t\t\t<\/div>\n<div class=\"fusion-portfolio-content\"><h2 class=\"entry-title fusion-post-title\"><a href=\"https:\/\/mostrafire.com\/es\/pelicula\/the-lip-readers\/\">The Lip Readers<\/a><\/h2><div class=\"fusion-post-content\"><p><span class=\"ficha-excerpt\">Erik Spink \u2022 <i>EE.UU.<\/i><\/span><\/p><\/div><\/div><\/div><\/article><article id=\"portfolio-1-post-8663\" class=\"fusion-portfolio-post the-man-with-the-answers-es largometrajes-2021 fusion-col-spacing post-8663\"><div class=\"fusion-portfolio-content-wrapper\" style=\"border:none;\"><div  class=\"fusion-image-wrapper\" aria-haspopup=\"true\">\n\t\t\t\t\t\t\t<a href=\"https:\/\/mostrafire.com\/es\/pelicula\/the-man-with-the-answers\/\" aria-label=\"The Man with The Answers\">\n\t\t\t\t\t\t\t<img decoding=\"async\" width=\"1143\" height=\"630\" src=\"https:\/\/mostrafire.com\/wp-content\/uploads\/2021\/05\/the-man-with-the-answers-og.jpg\" class=\"attachment-full size-full lazyload wp-post-image\" alt=\"The Man with The Answers\" srcset=\"data:image\/svg+xml,%3Csvg%20xmlns%3D%27http%3A%2F%2Fwww.w3.org%2F2000%2Fsvg%27%20width%3D%271143%27%20height%3D%27630%27%20viewBox%3D%270%200%201143%20630%27%3E%3Crect%20width%3D%271143%27%20height%3D%27630%27%20fill-opacity%3D%220%22%2F%3E%3C%2Fsvg%3E\" data-orig-src=\"https:\/\/mostrafire.com\/wp-content\/uploads\/2021\/05\/the-man-with-the-answers-og.jpg\" data-srcset=\"https:\/\/mostrafire.com\/wp-content\/uploads\/2021\/05\/the-man-with-the-answers-og-200x110.jpg 200w, https:\/\/mostrafire.com\/wp-content\/uploads\/2021\/05\/the-man-with-the-answers-og-400x220.jpg 400w, https:\/\/mostrafire.com\/wp-content\/uploads\/2021\/05\/the-man-with-the-answers-og-600x331.jpg 600w, https:\/\/mostrafire.com\/wp-content\/uploads\/2021\/05\/the-man-with-the-answers-og-800x441.jpg 800w, https:\/\/mostrafire.com\/wp-content\/uploads\/2021\/05\/the-man-with-the-answers-og.jpg 1143w\" data-sizes=\"auto\" \/>\t\t\t<\/a>\n\t\t\t\t\t\t\t<\/div>\n<div class=\"fusion-portfolio-content\"><h2 class=\"entry-title fusion-post-title\"><a href=\"https:\/\/mostrafire.com\/es\/pelicula\/the-man-with-the-answers\/\">The Man with The Answers<\/a><\/h2><div class=\"fusion-post-content\"><p><span class=\"ficha-excerpt\">Stelios Kammitsis \u2022 <i>Grecia, Italia, Alemania<\/i><\/span><\/p><\/div><\/div><\/div><\/article><article id=\"portfolio-1-post-8666\" class=\"fusion-portfolio-post the-obituary-of-tunde-johnson-es largometrajes-2021 fusion-col-spacing post-8666\"><div class=\"fusion-portfolio-content-wrapper\" style=\"border:none;\"><div  class=\"fusion-image-wrapper\" aria-haspopup=\"true\">\n\t\t\t\t\t\t\t<a href=\"https:\/\/mostrafire.com\/es\/pelicula\/the-obituary-of-tunde-johnson\/\" aria-label=\"The Obituary of Tunde Johnson\">\n\t\t\t\t\t\t\t<img decoding=\"async\" width=\"1143\" height=\"630\" src=\"https:\/\/mostrafire.com\/wp-content\/uploads\/2021\/05\/the-obituary-of-tunde-johnson-og.jpg\" class=\"attachment-full size-full lazyload wp-post-image\" alt=\"The Obituary of Tunde Johnson\" srcset=\"data:image\/svg+xml,%3Csvg%20xmlns%3D%27http%3A%2F%2Fwww.w3.org%2F2000%2Fsvg%27%20width%3D%271143%27%20height%3D%27630%27%20viewBox%3D%270%200%201143%20630%27%3E%3Crect%20width%3D%271143%27%20height%3D%27630%27%20fill-opacity%3D%220%22%2F%3E%3C%2Fsvg%3E\" data-orig-src=\"https:\/\/mostrafire.com\/wp-content\/uploads\/2021\/05\/the-obituary-of-tunde-johnson-og.jpg\" data-srcset=\"https:\/\/mostrafire.com\/wp-content\/uploads\/2021\/05\/the-obituary-of-tunde-johnson-og-200x110.jpg 200w, https:\/\/mostrafire.com\/wp-content\/uploads\/2021\/05\/the-obituary-of-tunde-johnson-og-400x220.jpg 400w, https:\/\/mostrafire.com\/wp-content\/uploads\/2021\/05\/the-obituary-of-tunde-johnson-og-600x331.jpg 600w, https:\/\/mostrafire.com\/wp-content\/uploads\/2021\/05\/the-obituary-of-tunde-johnson-og-800x441.jpg 800w, https:\/\/mostrafire.com\/wp-content\/uploads\/2021\/05\/the-obituary-of-tunde-johnson-og.jpg 1143w\" data-sizes=\"auto\" \/>\t\t\t<\/a>\n\t\t\t\t\t\t\t<\/div>\n<div class=\"fusion-portfolio-content\"><h2 class=\"entry-title fusion-post-title\"><a href=\"https:\/\/mostrafire.com\/es\/pelicula\/the-obituary-of-tunde-johnson\/\">The Obituary of Tunde Johnson<\/a><\/h2><div class=\"fusion-post-content\"><p><span class=\"ficha-excerpt\">Ali LeRoi \u2022 <i>EE.UU.<\/i><\/span>\r\n<\/p><\/div><\/div><\/div><\/article><article id=\"portfolio-1-post-8669\" class=\"fusion-portfolio-post tinta-bruta-es largometrajes-2021 fusion-col-spacing post-8669\"><div class=\"fusion-portfolio-content-wrapper\" style=\"border:none;\"><div  class=\"fusion-image-wrapper\" aria-haspopup=\"true\">\n\t\t\t\t\t\t\t<a href=\"https:\/\/mostrafire.com\/es\/pelicula\/tinta-bruta\/\" aria-label=\"Tinta Bruta\">\n\t\t\t\t\t\t\t<img decoding=\"async\" width=\"1143\" height=\"630\" src=\"https:\/\/mostrafire.com\/wp-content\/uploads\/2021\/05\/tinta-bruta-og.jpg\" class=\"attachment-full size-full lazyload wp-post-image\" alt=\"Tinta Bruta\" srcset=\"data:image\/svg+xml,%3Csvg%20xmlns%3D%27http%3A%2F%2Fwww.w3.org%2F2000%2Fsvg%27%20width%3D%271143%27%20height%3D%27630%27%20viewBox%3D%270%200%201143%20630%27%3E%3Crect%20width%3D%271143%27%20height%3D%27630%27%20fill-opacity%3D%220%22%2F%3E%3C%2Fsvg%3E\" data-orig-src=\"https:\/\/mostrafire.com\/wp-content\/uploads\/2021\/05\/tinta-bruta-og.jpg\" data-srcset=\"https:\/\/mostrafire.com\/wp-content\/uploads\/2021\/05\/tinta-bruta-og-200x110.jpg 200w, https:\/\/mostrafire.com\/wp-content\/uploads\/2021\/05\/tinta-bruta-og-400x220.jpg 400w, https:\/\/mostrafire.com\/wp-content\/uploads\/2021\/05\/tinta-bruta-og-600x331.jpg 600w, https:\/\/mostrafire.com\/wp-content\/uploads\/2021\/05\/tinta-bruta-og-800x441.jpg 800w, https:\/\/mostrafire.com\/wp-content\/uploads\/2021\/05\/tinta-bruta-og.jpg 1143w\" data-sizes=\"auto\" \/>\t\t\t<\/a>\n\t\t\t\t\t\t\t<\/div>\n<div class=\"fusion-portfolio-content\"><h2 class=\"entry-title fusion-post-title\"><a href=\"https:\/\/mostrafire.com\/es\/pelicula\/tinta-bruta\/\">Tinta Bruta<\/a><\/h2><div class=\"fusion-post-content\"><p><span class=\"ficha-excerpt\">Filipe Matzembacher, Marcio Reolon \u2022 <i>Brasil<\/i><\/span><\/p><\/div><\/div><\/div><\/article><article id=\"portfolio-1-post-8672\" class=\"fusion-portfolio-post documentales-2021 transformistas-es fusion-col-spacing post-8672\"><div class=\"fusion-portfolio-content-wrapper\" style=\"border:none;\"><div  class=\"fusion-image-wrapper\" aria-haspopup=\"true\">\n\t\t\t\t\t\t\t<a href=\"https:\/\/mostrafire.com\/es\/pelicula\/transformistas\/\" aria-label=\"Transformistas\">\n\t\t\t\t\t\t\t<img decoding=\"async\" width=\"1143\" height=\"630\" src=\"https:\/\/mostrafire.com\/wp-content\/uploads\/2021\/05\/transformistas-og.jpg\" class=\"attachment-full size-full lazyload wp-post-image\" alt=\"Transformistas\" srcset=\"data:image\/svg+xml,%3Csvg%20xmlns%3D%27http%3A%2F%2Fwww.w3.org%2F2000%2Fsvg%27%20width%3D%271143%27%20height%3D%27630%27%20viewBox%3D%270%200%201143%20630%27%3E%3Crect%20width%3D%271143%27%20height%3D%27630%27%20fill-opacity%3D%220%22%2F%3E%3C%2Fsvg%3E\" data-orig-src=\"https:\/\/mostrafire.com\/wp-content\/uploads\/2021\/05\/transformistas-og.jpg\" data-srcset=\"https:\/\/mostrafire.com\/wp-content\/uploads\/2021\/05\/transformistas-og-200x110.jpg 200w, https:\/\/mostrafire.com\/wp-content\/uploads\/2021\/05\/transformistas-og-400x220.jpg 400w, https:\/\/mostrafire.com\/wp-content\/uploads\/2021\/05\/transformistas-og-600x331.jpg 600w, https:\/\/mostrafire.com\/wp-content\/uploads\/2021\/05\/transformistas-og-800x441.jpg 800w, https:\/\/mostrafire.com\/wp-content\/uploads\/2021\/05\/transformistas-og.jpg 1143w\" data-sizes=\"auto\" \/>\t\t\t<\/a>\n\t\t\t\t\t\t\t<\/div>\n<div class=\"fusion-portfolio-content\"><h2 class=\"entry-title fusion-post-title\"><a href=\"https:\/\/mostrafire.com\/es\/pelicula\/transformistas\/\">Transformistas<\/a><\/h2><div class=\"fusion-post-content\"><p><span class=\"ficha-excerpt\">Chad Hahne\u2022 <i>EE.UU., Cuba<\/i><\/span><\/p><\/div><\/div><\/div><\/article><article id=\"portfolio-1-post-8675\" class=\"fusion-portfolio-post victoria-es cortometrajes-2021 fusion-col-spacing post-8675\"><div class=\"fusion-portfolio-content-wrapper\" style=\"border:none;\"><div  class=\"fusion-image-wrapper\" aria-haspopup=\"true\">\n\t\t\t\t\t\t\t<a href=\"https:\/\/mostrafire.com\/es\/pelicula\/victoria\/\" aria-label=\"Victoria\">\n\t\t\t\t\t\t\t<img decoding=\"async\" width=\"1143\" height=\"630\" src=\"https:\/\/mostrafire.com\/wp-content\/uploads\/2021\/05\/victoria-og.jpg\" class=\"attachment-full size-full lazyload wp-post-image\" alt=\"Victoria\" srcset=\"data:image\/svg+xml,%3Csvg%20xmlns%3D%27http%3A%2F%2Fwww.w3.org%2F2000%2Fsvg%27%20width%3D%271143%27%20height%3D%27630%27%20viewBox%3D%270%200%201143%20630%27%3E%3Crect%20width%3D%271143%27%20height%3D%27630%27%20fill-opacity%3D%220%22%2F%3E%3C%2Fsvg%3E\" data-orig-src=\"https:\/\/mostrafire.com\/wp-content\/uploads\/2021\/05\/victoria-og.jpg\" data-srcset=\"https:\/\/mostrafire.com\/wp-content\/uploads\/2021\/05\/victoria-og-200x110.jpg 200w, https:\/\/mostrafire.com\/wp-content\/uploads\/2021\/05\/victoria-og-400x220.jpg 400w, https:\/\/mostrafire.com\/wp-content\/uploads\/2021\/05\/victoria-og-600x331.jpg 600w, https:\/\/mostrafire.com\/wp-content\/uploads\/2021\/05\/victoria-og-800x441.jpg 800w, https:\/\/mostrafire.com\/wp-content\/uploads\/2021\/05\/victoria-og.jpg 1143w\" data-sizes=\"auto\" \/>\t\t\t<\/a>\n\t\t\t\t\t\t\t<\/div>\n<div class=\"fusion-portfolio-content\"><h2 class=\"entry-title fusion-post-title\"><a href=\"https:\/\/mostrafire.com\/es\/pelicula\/victoria\/\">Victoria<\/a><\/h2><div class=\"fusion-post-content\"><p><span class=\"ficha-excerpt\">Daniel Toledo Saura \u2022 <i>Espa\u00f1a<\/i><\/span><\/p><\/div><\/div><\/div><\/article><\/div><\/div><style type=\"text\/css\">.fusion-portfolio-wrapper#fusion-portfolio-2 .fusion-portfolio-content{  text-align: center; }<\/style><div class=\"fusion-recent-works fusion-portfolio-element fusion-portfolio fusion-portfolio-2 fusion-portfolio-grid fusion-portfolio-paging-load-more-button fusion-no-large-visibility fusion-portfolio-two fusion-portfolio-unboxed fusion-portfolio-text fusion-portfolio-equal-heights\" data-id=\"-rw-2\" data-columns=\"two\"><div><ul class=\"fusion-filters\" role=\"menu\" aria-label=\"Portfolio Filters\"><li role=\"presentation\" class=\"fusion-filter fusion-filter-all fusion-active\"><a href=\"#\" data-filter=\"*\" role=\"menuitem\">Todas<\/a><\/li><li role=\"presentation\" class=\"fusion-filter fusion-hidden\"><a href=\"#\" data-filter=\".largometrajes-2021\" role=\"menuitem\">Largometrajes 2021<\/a><\/li><li role=\"presentation\" class=\"fusion-filter fusion-hidden\"><a href=\"#\" data-filter=\".documentales-2021\" role=\"menuitem\">Documentales 2021<\/a><\/li><li role=\"presentation\" class=\"fusion-filter fusion-hidden\"><a href=\"#\" data-filter=\".cortometrajes-2021\" role=\"menuitem\">Cortometrajes 2021<\/a><\/li><\/ul><\/div><style type=\"text\/css\">.fusion-portfolio-2 .fusion-portfolio-wrapper .fusion-col-spacing{padding:15px;}<\/style><div class=\"fusion-portfolio-wrapper\" id=\"fusion-portfolio-2\" data-picturesize=\"auto\" data-pages=\"13\" style=\"margin:-15px;\"><article id=\"portfolio-2-post-8441\" class=\"fusion-portfolio-post documentales-2021 ahead-of-the-curve-es fusion-col-spacing post-8441\"><div class=\"fusion-portfolio-content-wrapper\" style=\"border:none;\"><div  class=\"fusion-image-wrapper\" aria-haspopup=\"true\">\n\t\t\t\t\t\t\t<a href=\"https:\/\/mostrafire.com\/es\/pelicula\/ahead-of-the-curve\/\" aria-label=\"Ahead of the Curve\">\n\t\t\t\t\t\t\t<img decoding=\"async\" width=\"1143\" height=\"630\" src=\"https:\/\/mostrafire.com\/wp-content\/uploads\/2021\/05\/ahead-of-the-curve-og.jpg\" class=\"attachment-full size-full lazyload wp-post-image\" alt=\"Ahead of the Curve\" srcset=\"data:image\/svg+xml,%3Csvg%20xmlns%3D%27http%3A%2F%2Fwww.w3.org%2F2000%2Fsvg%27%20width%3D%271143%27%20height%3D%27630%27%20viewBox%3D%270%200%201143%20630%27%3E%3Crect%20width%3D%271143%27%20height%3D%27630%27%20fill-opacity%3D%220%22%2F%3E%3C%2Fsvg%3E\" data-orig-src=\"https:\/\/mostrafire.com\/wp-content\/uploads\/2021\/05\/ahead-of-the-curve-og.jpg\" data-srcset=\"https:\/\/mostrafire.com\/wp-content\/uploads\/2021\/05\/ahead-of-the-curve-og-200x110.jpg 200w, https:\/\/mostrafire.com\/wp-content\/uploads\/2021\/05\/ahead-of-the-curve-og-400x220.jpg 400w, https:\/\/mostrafire.com\/wp-content\/uploads\/2021\/05\/ahead-of-the-curve-og-600x331.jpg 600w, https:\/\/mostrafire.com\/wp-content\/uploads\/2021\/05\/ahead-of-the-curve-og-800x441.jpg 800w, https:\/\/mostrafire.com\/wp-content\/uploads\/2021\/05\/ahead-of-the-curve-og.jpg 1143w\" data-sizes=\"auto\" \/>\t\t\t<\/a>\n\t\t\t\t\t\t\t<\/div>\n<div class=\"fusion-portfolio-content\"><h2 class=\"entry-title fusion-post-title\"><a href=\"https:\/\/mostrafire.com\/es\/pelicula\/ahead-of-the-curve\/\">Ahead of the Curve<\/a><\/h2><div class=\"fusion-post-content\"><p><span class=\"ficha-excerpt\">Jen Rainin \u2022 <i>EE.UU.<\/i><\/span><\/p><\/div><\/div><\/div><\/article><article id=\"portfolio-2-post-8484\" class=\"fusion-portfolio-post andy-y-las-demas cortometrajes-2021 fusion-col-spacing post-8484\"><div class=\"fusion-portfolio-content-wrapper\" style=\"border:none;\"><div  class=\"fusion-image-wrapper\" aria-haspopup=\"true\">\n\t\t\t\t\t\t\t<a href=\"https:\/\/mostrafire.com\/es\/pelicula\/andy-y-las-demas\/\" aria-label=\"Andy y las dem\u00e1s\">\n\t\t\t\t\t\t\t<img decoding=\"async\" width=\"1143\" height=\"630\" src=\"https:\/\/mostrafire.com\/wp-content\/uploads\/2021\/05\/andy-y-las-demas-og.jpg\" class=\"attachment-full size-full lazyload wp-post-image\" alt=\"Andy y las dem\u00e1s\" srcset=\"data:image\/svg+xml,%3Csvg%20xmlns%3D%27http%3A%2F%2Fwww.w3.org%2F2000%2Fsvg%27%20width%3D%271143%27%20height%3D%27630%27%20viewBox%3D%270%200%201143%20630%27%3E%3Crect%20width%3D%271143%27%20height%3D%27630%27%20fill-opacity%3D%220%22%2F%3E%3C%2Fsvg%3E\" data-orig-src=\"https:\/\/mostrafire.com\/wp-content\/uploads\/2021\/05\/andy-y-las-demas-og.jpg\" data-srcset=\"https:\/\/mostrafire.com\/wp-content\/uploads\/2021\/05\/andy-y-las-demas-og-200x110.jpg 200w, https:\/\/mostrafire.com\/wp-content\/uploads\/2021\/05\/andy-y-las-demas-og-400x220.jpg 400w, https:\/\/mostrafire.com\/wp-content\/uploads\/2021\/05\/andy-y-las-demas-og-600x331.jpg 600w, https:\/\/mostrafire.com\/wp-content\/uploads\/2021\/05\/andy-y-las-demas-og-800x441.jpg 800w, https:\/\/mostrafire.com\/wp-content\/uploads\/2021\/05\/andy-y-las-demas-og.jpg 1143w\" data-sizes=\"auto\" \/>\t\t\t<\/a>\n\t\t\t\t\t\t\t<\/div>\n<div class=\"fusion-portfolio-content\"><h2 class=\"entry-title fusion-post-title\"><a href=\"https:\/\/mostrafire.com\/es\/pelicula\/andy-y-las-demas\/\">Andy y las dem\u00e1s<\/a><\/h2><div class=\"fusion-post-content\"><p><span class=\"ficha-excerpt\">Cintia Ballb\u00e9 \u2022 <i>Espa\u00f1a<\/i><\/span><\/p><\/div><\/div><\/div><\/article><article id=\"portfolio-2-post-8489\" class=\"fusion-portfolio-post benjamin-es largometrajes-2021 fusion-col-spacing post-8489\"><div class=\"fusion-portfolio-content-wrapper\" style=\"border:none;\"><div  class=\"fusion-image-wrapper\" aria-haspopup=\"true\">\n\t\t\t\t\t\t\t<a href=\"https:\/\/mostrafire.com\/es\/pelicula\/benjamin\/\" aria-label=\"Benjamin\">\n\t\t\t\t\t\t\t<img decoding=\"async\" width=\"1920\" height=\"1058\" src=\"https:\/\/mostrafire.com\/wp-content\/uploads\/2021\/04\/Benjamin.jpg\" class=\"attachment-full size-full lazyload wp-post-image\" alt=\"Benjamin, de Simon Amstell\" srcset=\"data:image\/svg+xml,%3Csvg%20xmlns%3D%27http%3A%2F%2Fwww.w3.org%2F2000%2Fsvg%27%20width%3D%271920%27%20height%3D%271058%27%20viewBox%3D%270%200%201920%201058%27%3E%3Crect%20width%3D%271920%27%20height%3D%271058%27%20fill-opacity%3D%220%22%2F%3E%3C%2Fsvg%3E\" data-orig-src=\"https:\/\/mostrafire.com\/wp-content\/uploads\/2021\/04\/Benjamin.jpg\" data-srcset=\"https:\/\/mostrafire.com\/wp-content\/uploads\/2021\/04\/Benjamin-200x110.jpg 200w, https:\/\/mostrafire.com\/wp-content\/uploads\/2021\/04\/Benjamin-400x220.jpg 400w, https:\/\/mostrafire.com\/wp-content\/uploads\/2021\/04\/Benjamin-600x331.jpg 600w, https:\/\/mostrafire.com\/wp-content\/uploads\/2021\/04\/Benjamin-800x441.jpg 800w, https:\/\/mostrafire.com\/wp-content\/uploads\/2021\/04\/Benjamin-1200x661.jpg 1200w, https:\/\/mostrafire.com\/wp-content\/uploads\/2021\/04\/Benjamin.jpg 1920w\" data-sizes=\"auto\" \/>\t\t\t<\/a>\n\t\t\t\t\t\t\t<\/div>\n<div class=\"fusion-portfolio-content\"><h2 class=\"entry-title fusion-post-title\"><a href=\"https:\/\/mostrafire.com\/es\/pelicula\/benjamin\/\">Benjamin<\/a><\/h2><div class=\"fusion-post-content\"><p><span class=\"ficha-excerpt\">Simon Amstell \u2022 <i>Reino Unido<\/i><\/span><\/p><\/div><\/div><\/div><\/article><article id=\"portfolio-2-post-8493\" class=\"fusion-portfolio-post beware-of-children-es largometrajes-2021 fusion-col-spacing post-8493\"><div class=\"fusion-portfolio-content-wrapper\" style=\"border:none;\"><div  class=\"fusion-image-wrapper\" aria-haspopup=\"true\">\n\t\t\t\t\t\t\t<a href=\"https:\/\/mostrafire.com\/es\/pelicula\/beware-of-children\/\" aria-label=\"Beware of Children\">\n\t\t\t\t\t\t\t<img decoding=\"async\" width=\"1143\" height=\"630\" src=\"https:\/\/mostrafire.com\/wp-content\/uploads\/2021\/05\/beware-of-children-og.jpg\" class=\"attachment-full size-full lazyload wp-post-image\" alt=\"Beware of Children\" srcset=\"data:image\/svg+xml,%3Csvg%20xmlns%3D%27http%3A%2F%2Fwww.w3.org%2F2000%2Fsvg%27%20width%3D%271143%27%20height%3D%27630%27%20viewBox%3D%270%200%201143%20630%27%3E%3Crect%20width%3D%271143%27%20height%3D%27630%27%20fill-opacity%3D%220%22%2F%3E%3C%2Fsvg%3E\" data-orig-src=\"https:\/\/mostrafire.com\/wp-content\/uploads\/2021\/05\/beware-of-children-og.jpg\" data-srcset=\"https:\/\/mostrafire.com\/wp-content\/uploads\/2021\/05\/beware-of-children-og-200x110.jpg 200w, https:\/\/mostrafire.com\/wp-content\/uploads\/2021\/05\/beware-of-children-og-400x220.jpg 400w, https:\/\/mostrafire.com\/wp-content\/uploads\/2021\/05\/beware-of-children-og-600x331.jpg 600w, https:\/\/mostrafire.com\/wp-content\/uploads\/2021\/05\/beware-of-children-og-800x441.jpg 800w, https:\/\/mostrafire.com\/wp-content\/uploads\/2021\/05\/beware-of-children-og.jpg 1143w\" data-sizes=\"auto\" \/>\t\t\t<\/a>\n\t\t\t\t\t\t\t<\/div>\n<div class=\"fusion-portfolio-content\"><h2 class=\"entry-title fusion-post-title\"><a href=\"https:\/\/mostrafire.com\/es\/pelicula\/beware-of-children\/\">Beware of Children<\/a><\/h2><div class=\"fusion-post-content\"><p><span class=\"ficha-excerpt\">Dag Johan Haugerud \u2022 <i>Noruega<\/i><\/span><\/p><\/div><\/div><\/div><\/article><\/div><button class=\"fusion-load-more-button fusion-portfolio-button fusion-clearfix\">Ver m\u00e1s resultados<\/button><div class=\"fusion-infinite-scroll-trigger\"><\/div><div class=\"pagination infinite-scroll clearfix\" style=\"display:none;\"><span class=\"current\">1<\/span><a href=\"https:\/\/mostrafire.com\/es\/wp-json\/wp\/v2\/pages\/12301\/page\/2\/\" class=\"inactive\">2<\/a><a class=\"pagination-next\" rel=\"next\" href=\"https:\/\/mostrafire.com\/es\/wp-json\/wp\/v2\/pages\/12301\/page\/2\/\"><span class=\"page-text\">Siguiente<\/span><span class=\"page-next\"><\/span><\/a><\/div><div class=\"fusion-clearfix\"><\/div><\/div><\/div><\/div><\/div><\/div><div id=\"fire-pro-2021\" class=\"fusion-container-anchor\"><div class=\"fusion-fullwidth fullwidth-box fusion-builder-row-4 fusion-flex-container hundred-percent-fullwidth non-hundred-percent-height-scrolling\" style=\"--awb-border-radius-top-left:0px;--awb-border-radius-top-right:0px;--awb-border-radius-bottom-right:0px;--awb-border-radius-bottom-left:0px;--awb-padding-right:0px;--awb-padding-left:0px;--awb-margin-top:60px;--awb-margin-bottom:0px;--awb-margin-top-small:35px;--awb-margin-bottom-small:45px;--awb-flex-wrap:wrap;\" ><div class=\"fusion-builder-row fusion-row fusion-flex-align-items-flex-start fusion-flex-justify-content-space-evenly fusion-flex-content-wrap\" style=\"width:104% !important;max-width:104% !important;margin-left: calc(-4% \/ 2 );margin-right: calc(-4% \/ 2 );\"><div class=\"fusion-layout-column fusion_builder_column fusion-builder-column-3 fusion_builder_column_1_1 1_1 fusion-flex-column fusion-flex-align-self-stretch\" style=\"--awb-padding-top:20px;--awb-padding-right:0px;--awb-padding-bottom:20px;--awb-padding-left:0px;--awb-bg-position:center center;--awb-bg-size:cover;--awb-filter:brightness(100%);--awb-filter-transition:filter 0.3s ease;--awb-filter-hover:brightness(123%);--awb-width-large:100%;--awb-margin-top-large:0px;--awb-spacing-right-large:1.92%;--awb-margin-bottom-large:0px;--awb-spacing-left-large:1.92%;--awb-width-medium:100%;--awb-order-medium:0;--awb-spacing-right-medium:1.92%;--awb-spacing-left-medium:1.92%;--awb-width-small:100%;--awb-order-small:0;--awb-spacing-right-small:1.92%;--awb-spacing-left-small:1.92%;\"><div class=\"fusion-column-wrapper lazyload fusion-column-has-shadow fusion-flex-justify-content-space-evenly fusion-content-layout-row fusion-column-has-bg-image\" data-bg-url=\"https:\/\/mostrafire.com\/wp-content\/uploads\/2020\/07\/mostra-cine-lgbt-fire-secciones_fire-pro.jpg\" data-bg=\"https:\/\/mostrafire.com\/wp-content\/uploads\/2020\/07\/mostra-cine-lgbt-fire-secciones_fire-pro.jpg\"><div class=\"fusion-title title fusion-title-1 fusion-sep-none fusion-title-center fusion-title-text fusion-title-size-two\" style=\"--awb-text-color:#ffffff;--awb-margin-top:6%;--awb-margin-bottom:6%;--awb-margin-top-small:20%;--awb-margin-right-small:0px;--awb-margin-bottom-small:20%;--awb-margin-left-small:0px;\"><h2 class=\"fusion-title-heading title-heading-center fusion-responsive-typography-calculated\" style=\"font-family:&quot;Roboto&quot;;font-style:normal;font-weight:100;margin:0;--fontSize:40;line-height:1.2;\">Secci\u00f3n FIRE!! Pro 2021<\/h2><\/div><\/div><\/div><\/div><\/div><\/div><div id=\"FireLab\" class=\"fusion-container-anchor\"><div class=\"fusion-fullwidth fullwidth-box fusion-builder-row-5 fusion-flex-container nonhundred-percent-fullwidth non-hundred-percent-height-scrolling\" style=\"--awb-border-radius-top-left:0px;--awb-border-radius-top-right:0px;--awb-border-radius-bottom-right:0px;--awb-border-radius-bottom-left:0px;--awb-padding-top:5%;--awb-padding-bottom-small:45px;--awb-margin-bottom:0px;--awb-flex-wrap:wrap;\" ><div class=\"fusion-builder-row fusion-row fusion-flex-align-items-flex-start fusion-flex-content-wrap\" style=\"max-width:1248px;margin-left: calc(-4% \/ 2 );margin-right: calc(-4% \/ 2 );\"><div class=\"fusion-layout-column fusion_builder_column fusion-builder-column-4 fusion_builder_column_3_5 3_5 fusion-flex-column\" style=\"--awb-padding-top:70px;--awb-padding-bottom:70px;--awb-bg-image:linear-gradient(239deg, #75ffcc 16%,#6d37c4 89%);--awb-bg-size:cover;--awb-width-large:60%;--awb-margin-top-large:0px;--awb-spacing-right-large:3.2%;--awb-margin-bottom-large:0px;--awb-spacing-left-large:3.2%;--awb-width-medium:60%;--awb-order-medium:0;--awb-spacing-right-medium:3.2%;--awb-spacing-left-medium:3.2%;--awb-width-small:100%;--awb-order-small:0;--awb-spacing-right-small:1.92%;--awb-spacing-left-small:1.92%;\"><div class=\"fusion-column-wrapper fusion-column-has-shadow fusion-flex-justify-content-center fusion-content-layout-column\"><div class=\"fusion-title title fusion-title-2 fusion-sep-none fusion-title-center fusion-title-text fusion-title-size-two\" style=\"--awb-text-color:#ffffff;--awb-margin-top-small:10px;--awb-margin-right-small:0px;--awb-margin-bottom-small:10px;--awb-margin-left-small:0px;\"><h2 class=\"fusion-title-heading title-heading-center fusion-responsive-typography-calculated\" style=\"margin:0;--fontSize:40;line-height:1.2;\">FIRE!! LAB<\/h2><\/div><\/div><\/div><div class=\"fusion-layout-column fusion_builder_column fusion-builder-column-5 fusion_builder_column_2_5 2_5 fusion-flex-column fusion-flex-align-self-flex-start\" style=\"--awb-padding-top:15px;--awb-bg-size:cover;--awb-width-large:40%;--awb-margin-top-large:0px;--awb-spacing-right-large:4.8%;--awb-margin-bottom-large:0px;--awb-spacing-left-large:12%;--awb-width-medium:40%;--awb-order-medium:0;--awb-spacing-right-medium:4.8%;--awb-spacing-left-medium:0%;--awb-width-small:100%;--awb-order-small:0;--awb-spacing-right-small:1.92%;--awb-spacing-left-small:1.92%;\"><div class=\"fusion-column-wrapper fusion-column-has-shadow fusion-flex-justify-content-flex-start fusion-content-layout-column\"><\/div><\/div><div class=\"fusion-layout-column fusion_builder_column fusion-builder-column-6 fusion_builder_column_3_5 3_5 fusion-flex-column\" style=\"--awb-bg-size:cover;--awb-width-large:60%;--awb-margin-top-large:0px;--awb-spacing-right-large:3.2%;--awb-margin-bottom-large:20px;--awb-spacing-left-large:3.2%;--awb-width-medium:60%;--awb-order-medium:0;--awb-margin-top-medium:50px;--awb-spacing-right-medium:3.2%;--awb-spacing-left-medium:3.2%;--awb-width-small:100%;--awb-order-small:0;--awb-spacing-right-small:1.92%;--awb-spacing-left-small:1.92%;\"><div class=\"fusion-column-wrapper fusion-column-has-shadow fusion-flex-justify-content-center fusion-content-layout-column\"><div class=\"fusion-title title fusion-title-3 fusion-sep-none fusion-title-text fusion-title-size-five fecha-icono-sep-verde-bottom\" style=\"--awb-margin-top:25px;--awb-margin-bottom:20px;--awb-margin-top-small:10px;--awb-margin-right-small:0px;--awb-margin-bottom-small:10px;--awb-margin-left-small:0px;--awb-font-size:14px;\"><h5 class=\"fusion-title-heading title-heading-left fusion-responsive-typography-calculated\" style=\"margin:0;font-size:1em;--fontSize:14;--minFontSize:14;line-height:1.4;\"><div class=\"fusion-fa-align-left\"><i class=\"fb-icon-element-1 fb-icon-element fontawesome-icon fa-calendar-alt far circle-yes\" style=\"--awb-iconcolor:#33a8f0;--awb-iconcolor-hover:#33a8f0;--awb-circlecolor:rgba(74,78,87,0);--awb-circlecolor-hover:rgba(74,78,87,0);--awb-circlebordersize:0px;--awb-font-size:16.72px;--awb-width:33.44px;--awb-height:33.44px;--awb-line-height:33.44px;--awb-margin-right:9.5px;\"><\/i><\/div> <\/p>\n<p>Del 14 al 16 de junio, 2021<\/p><\/h5><\/div><div class=\"fusion-separator fusion-no-small-visibility\" style=\"align-self: flex-start;margin-right:auto;margin-top:4px;margin-bottom:5px;width:100%;max-width:50px;\"><div class=\"fusion-separator-border sep-single\" style=\"--awb-height:20px;--awb-amount:20px;border-color:#75ffcc;border-top-width:4px;\"><\/div><\/div><div class=\"fusion-separator fusion-no-medium-visibility fusion-no-large-visibility\" style=\"align-self: flex-start;margin-right:auto;margin-top:25px;margin-bottom:20px;width:100%;max-width:50px;\"><div class=\"fusion-separator-border sep-single\" style=\"--awb-height:20px;--awb-amount:20px;border-color:#75ffcc;border-top-width:4px;\"><\/div><\/div><div class=\"fusion-title title fusion-title-4 fusion-sep-none fusion-title-text fusion-title-size-two\" style=\"--awb-margin-top:4%;--awb-margin-bottom:5%;--awb-margin-top-small:4%;--awb-margin-right-small:0px;--awb-margin-bottom-small:8%;--awb-margin-left-small:0px;--awb-margin-top-medium:4%;--awb-margin-bottom-medium:5%;\"><h2 class=\"fusion-title-heading title-heading-left fusion-responsive-typography-calculated\" style=\"margin:0;--fontSize:40;line-height:1.2;\"><strong>Laboratorio de desarrollo de pel\u00edculas LGBTI<\/strong><\/h2><\/div><div class=\"fusion-text fusion-text-1 fusion-no-small-visibility\"><p>El <strong>FIRE!! LAB<\/strong> es un laboratorio de desarrollo de pel\u00edculas de tem\u00e1tica LGBTI, que busca incentivar su producci\u00f3n y comercializaci\u00f3n en Espa\u00f1a. La iniciativa, que se realizar\u00e1 en el marco de la Mostra FIRE!! 2021, tendr\u00e1 una duraci\u00f3n de 3 d\u00edas, del 14 al 16 de junio de 2021.<\/p>\n<p>Los\/as guionistas, directores\/as y productores\/as de los proyectos y filmes seleccionados recibir\u00e1n asesor\u00edas\/tutor\u00edas en las \u00e1reas art\u00edsticas como el gui\u00f3n y la direcci\u00f3n, as\u00ed como, de producci\u00f3n, por destacados\/as profesionales de la industria audiovisual nacional e internacional.<\/p>\n<\/div><div class=\"accordian fusion-accordian fusion-no-medium-visibility fusion-no-large-visibility\" style=\"--awb-border-size:1px;--awb-icon-size:15px;--awb-content-font-size:18px;--awb-icon-alignment:left;--awb-hover-color:#f9f9fb;--awb-border-color:#e2e2e2;--awb-background-color:#ffffff;--awb-divider-color:#75ffcc;--awb-divider-hover-color:#75ffcc;--awb-icon-color:#ffffff;--awb-title-color:#ba5db2;--awb-content-color:#6d37c4;--awb-icon-box-color:#6d37c1;--awb-toggle-hover-accent-color:#33a8f0;--awb-title-font-family:&quot;Roboto&quot;;--awb-title-font-weight:300;--awb-title-font-style:normal;--awb-title-font-size:25px;--awb-content-font-family:&quot;Roboto&quot;;--awb-content-font-style:normal;--awb-content-font-weight:regular;\"><div class=\"panel-group fusion-toggle-icon-boxed\" id=\"accordion-8493-1\"><div class=\"fusion-panel panel-default panel-825fff0cfe91afe8e fusion-toggle-no-divider\"><div class=\"panel-heading\"><h4 class=\"panel-title toggle\" id=\"toggle_825fff0cfe91afe8e\"><a aria-expanded=\"false\" aria-controls=\"825fff0cfe91afe8e\" role=\"button\" data-toggle=\"collapse\" data-parent=\"#accordion-8493-1\" data-target=\"#825fff0cfe91afe8e\" href=\"#825fff0cfe91afe8e\"><span class=\"fusion-toggle-icon-wrapper\" aria-hidden=\"true\"><i class=\"fa-fusion-box active-icon awb-icon-minus\" aria-hidden=\"true\"><\/i><i class=\"fa-fusion-box inactive-icon awb-icon-plus\" aria-hidden=\"true\"><\/i><\/span><span class=\"fusion-toggle-heading\">El FIRE!! LAB es un...<\/span><\/a><\/h4><\/div><div id=\"825fff0cfe91afe8e\" class=\"panel-collapse collapse \" aria-labelledby=\"toggle_825fff0cfe91afe8e\"><div class=\"panel-body toggle-content fusion-clearfix\">\n<p>&#8230; laboratorio de desarrollo de pel\u00edculas de tem\u00e1tica LGBTI, que busca incentivar su producci\u00f3n y comercializaci\u00f3n en Espa\u00f1a. La iniciativa, que se realizar\u00e1 en el marco de la Mostra FIRE!! 2021, tendr\u00e1 una duraci\u00f3n de 3 d\u00edas, del 14 al 16 de junio de 2021.<\/p>\n<p>Los\/as guionistas, directores\/as y productores\/as de los proyectos y filmes seleccionados recibir\u00e1n asesor\u00edas\/tutor\u00edas en las \u00e1reas art\u00edsticas como el gui\u00f3n y la direcci\u00f3n, as\u00ed como, de producci\u00f3n, por destacados\/as profesionales de la industria audiovisual nacional e internacional.<i class=\"fb-icon-element-2 fb-icon-element fontawesome-icon fa-hourglass-end fas circle-no\" style=\"--awb-iconcolor:#6d37c4;--awb-iconcolor-hover:#6d37c4;--awb-font-size:25px;--awb-align-self:flex-start;--awb-margin-top:0px;--awb-margin-right:35px;--awb-margin-bottom:0px;--awb-margin-left:0px;\"><\/i><strong>Convocatoria del FIRE!! LAB: plazo extendido hasta el 11 de Abril<\/strong>. Para la inscripci\u00f3n se deber\u00e1 completar el <a href=\"https:\/\/forms.gle\/DUkagCQXW9cojXYR7\" target=\"_blank\" rel=\"noopener\">formulario<\/a> disponible en la web. Si tienes cualquier consulta puedes escribirnos a <a href=\"mailto:industria@mostrafire.com\" target=\"_blank\" rel=\"noopener\">industria@mostrafire.com<\/a><\/p>\n<\/div><\/div><\/div><\/div><\/div><\/div><\/div><div class=\"fusion-layout-column fusion_builder_column fusion-builder-column-7 fusion_builder_column_2_5 2_5 fusion-flex-column fusion-flex-align-self-flex-start\" style=\"--awb-padding-top:7%;--awb-padding-left-medium:15px;--awb-bg-size:cover;--awb-width-large:40%;--awb-margin-top-large:0px;--awb-spacing-right-large:4.8%;--awb-margin-bottom-large:0px;--awb-spacing-left-large:12%;--awb-width-medium:40%;--awb-order-medium:0;--awb-spacing-right-medium:4.8%;--awb-spacing-left-medium:0%;--awb-width-small:100%;--awb-order-small:0;--awb-spacing-right-small:1.92%;--awb-spacing-left-small:1.92%;\"><div class=\"fusion-column-wrapper fusion-column-has-shadow fusion-flex-justify-content-flex-start fusion-content-layout-column\"><div class=\"fusion-title title fusion-title-5 fusion-sep-none fusion-title-text fusion-title-size-three\" style=\"--awb-margin-top:20%;--awb-margin-bottom:5%;--awb-margin-top-small:10px;--awb-margin-right-small:0px;--awb-margin-bottom-small:10px;--awb-margin-left-small:0px;\"><h3 class=\"fusion-title-heading title-heading-left fusion-responsive-typography-calculated\" style=\"margin:0;--fontSize:30;--minFontSize:30;line-height:1.3;\">Convocatoria<\/h3><\/div><div class=\"fusion-separator fusion-no-medium-visibility\" style=\"align-self: flex-start;margin-right:auto;margin-top:4px;margin-bottom:30px;width:100%;max-width:50px;\"><div class=\"fusion-separator-border sep-single\" style=\"--awb-height:20px;--awb-amount:20px;border-color:#75ffcc;border-top-width:4px;\"><\/div><\/div><div class=\"fusion-image-element \" style=\"--awb-max-width:310px;--awb-caption-title-font-family:var(--h2_typography-font-family);--awb-caption-title-font-weight:var(--h2_typography-font-weight);--awb-caption-title-font-style:var(--h2_typography-font-style);--awb-caption-title-size:var(--h2_typography-font-size);--awb-caption-title-transform:var(--h2_typography-text-transform);--awb-caption-title-line-height:var(--h2_typography-line-height);--awb-caption-title-letter-spacing:var(--h2_typography-letter-spacing);\"><span class=\" fusion-imageframe imageframe-none imageframe-3 hover-type-none\"><img decoding=\"async\" width=\"851\" height=\"159\" alt=\"logo FIRE!! Lab 2021\" title=\"FIRE!! LAB 2021\" src=\"https:\/\/mostrafire.com\/wp-content\/uploads\/2021\/02\/fire-lab-logo.jpg\" data-orig-src=\"https:\/\/mostrafire.com\/wp-content\/uploads\/2021\/02\/fire-lab-logo.jpg\" class=\"lazyload img-responsive wp-image-4880\" srcset=\"data:image\/svg+xml,%3Csvg%20xmlns%3D%27http%3A%2F%2Fwww.w3.org%2F2000%2Fsvg%27%20width%3D%27851%27%20height%3D%27159%27%20viewBox%3D%270%200%20851%20159%27%3E%3Crect%20width%3D%27851%27%20height%3D%27159%27%20fill-opacity%3D%220%22%2F%3E%3C%2Fsvg%3E\" data-srcset=\"https:\/\/mostrafire.com\/wp-content\/uploads\/2021\/02\/fire-lab-logo-200x37.jpg 200w, https:\/\/mostrafire.com\/wp-content\/uploads\/2021\/02\/fire-lab-logo-400x75.jpg 400w, https:\/\/mostrafire.com\/wp-content\/uploads\/2021\/02\/fire-lab-logo-600x112.jpg 600w, https:\/\/mostrafire.com\/wp-content\/uploads\/2021\/02\/fire-lab-logo-800x149.jpg 800w, https:\/\/mostrafire.com\/wp-content\/uploads\/2021\/02\/fire-lab-logo.jpg 851w\" data-sizes=\"auto\" data-orig-sizes=\"(max-width: 900px) 100vw, (max-width: 640px) 100vw, 600px\" \/><\/span><\/div><div class=\"fusion-separator fusion-no-medium-visibility\" style=\"align-self: flex-start;margin-right:auto;margin-top:4px;margin-bottom:20px;width:100%;max-width:50px;\"><\/div><div class=\"sm-text-align-center\" style=\"text-align:left;\"><a class=\"fusion-button button-flat button-xlarge button-default fusion-button-default button-3 fusion-button-span-no fusion-button-default-type\" style=\"--awb-margin-top:15px;\" target=\"_blank\" rel=\"noopener noreferrer\" href=\"https:\/\/mostrafire.com\/wp-content\/uploads\/2021\/03\/BASES_CONVOCATORIA_FIRE_LAB_2021_AMPLIADAS_ESP.pdf\"><i class=\"fa-burn fas awb-button__icon awb-button__icon--default button-icon-left\" aria-hidden=\"true\"><\/i><span class=\"fusion-button-text awb-button__text awb-button__text--default\">Bases del FIRE!! LAB 2021<\/span><\/a><\/div><\/div><\/div><\/div><\/div><\/div><div class=\"fusion-fullwidth fullwidth-box fusion-builder-row-6 fusion-flex-container nonhundred-percent-fullwidth non-hundred-percent-height-scrolling\" style=\"--awb-border-radius-top-left:0px;--awb-border-radius-top-right:0px;--awb-border-radius-bottom-right:0px;--awb-border-radius-bottom-left:0px;--awb-padding-top:0px;--awb-padding-bottom-small:45px;--awb-margin-top:15px;--awb-flex-wrap:wrap;\" ><div class=\"fusion-builder-row fusion-row fusion-flex-align-items-flex-start fusion-flex-content-wrap\" style=\"max-width:1248px;margin-left: calc(-4% \/ 2 );margin-right: calc(-4% \/ 2 );\"><div class=\"fusion-layout-column fusion_builder_column fusion-builder-column-8 fusion_builder_column_1_1 1_1 fusion-flex-column\" style=\"--awb-padding-top:0px;--awb-bg-size:cover;--awb-width-large:100%;--awb-margin-top-large:0px;--awb-spacing-right-large:1.92%;--awb-margin-bottom-large:0px;--awb-spacing-left-large:1.92%;--awb-width-medium:100%;--awb-order-medium:0;--awb-spacing-right-medium:1.92%;--awb-spacing-left-medium:1.92%;--awb-width-small:100%;--awb-order-small:0;--awb-spacing-right-small:1.92%;--awb-spacing-left-small:1.92%;\"><div class=\"fusion-column-wrapper fusion-column-has-shadow fusion-flex-justify-content-flex-start fusion-content-layout-column\"><div class=\"fusion-title title fusion-title-6 fusion-sep-none fusion-title-text fusion-title-size-three\" style=\"--awb-margin-top:0px;--awb-margin-bottom:20px;--awb-margin-top-small:10px;--awb-margin-right-small:0px;--awb-margin-bottom-small:10px;--awb-margin-left-small:0px;\"><h3 class=\"fusion-title-heading title-heading-left fusion-responsive-typography-calculated\" style=\"margin:0;--fontSize:30;--minFontSize:30;line-height:1.3;\">Tutores<\/h3><\/div><div class=\"fusion-separator\" style=\"align-self: flex-start;margin-right:auto;margin-top:0px;margin-bottom:30px;width:100%;max-width:50px;\"><div class=\"fusion-separator-border sep-single\" style=\"--awb-height:20px;--awb-amount:20px;border-color:#75ffcc;border-top-width:4px;\"><\/div><\/div><\/div><\/div><div class=\"fusion-layout-column fusion_builder_column fusion-builder-column-9 fusion_builder_column_1_3 1_3 fusion-flex-column\" style=\"--awb-padding-top:0px;--awb-bg-size:cover;--awb-width-large:33.333333333333%;--awb-margin-top-large:0px;--awb-spacing-right-large:5.76%;--awb-margin-bottom-large:20px;--awb-spacing-left-large:5.76%;--awb-width-medium:100%;--awb-order-medium:0;--awb-spacing-right-medium:1.92%;--awb-spacing-left-medium:1.92%;--awb-width-small:100%;--awb-order-small:0;--awb-spacing-right-small:1.92%;--awb-spacing-left-small:1.92%;\"><div class=\"fusion-column-wrapper fusion-column-has-shadow fusion-flex-justify-content-flex-start fusion-content-layout-column\"><div class=\"fusion-image-element \" style=\"text-align:left;--awb-margin-bottom:12px;--awb-max-width:180px;--awb-caption-title-font-family:var(--h2_typography-font-family);--awb-caption-title-font-weight:var(--h2_typography-font-weight);--awb-caption-title-font-style:var(--h2_typography-font-style);--awb-caption-title-size:var(--h2_typography-font-size);--awb-caption-title-transform:var(--h2_typography-text-transform);--awb-caption-title-line-height:var(--h2_typography-line-height);--awb-caption-title-letter-spacing:var(--h2_typography-letter-spacing);\"><span class=\" fusion-imageframe imageframe-none imageframe-4 hover-type-none\"><img decoding=\"async\" width=\"420\" height=\"406\" alt=\"ADRI\u00c1N SILVESTRE\" title=\"ADRI\u00c1N SILVESTRE\" src=\"https:\/\/mostrafire.com\/wp-content\/uploads\/2021\/05\/fire-lab-adrian-silvestre.png\" data-orig-src=\"https:\/\/mostrafire.com\/wp-content\/uploads\/2021\/05\/fire-lab-adrian-silvestre.png\" class=\"lazyload img-responsive wp-image-11547\" srcset=\"data:image\/svg+xml,%3Csvg%20xmlns%3D%27http%3A%2F%2Fwww.w3.org%2F2000%2Fsvg%27%20width%3D%27420%27%20height%3D%27406%27%20viewBox%3D%270%200%20420%20406%27%3E%3Crect%20width%3D%27420%27%20height%3D%27406%27%20fill-opacity%3D%220%22%2F%3E%3C%2Fsvg%3E\" data-srcset=\"https:\/\/mostrafire.com\/wp-content\/uploads\/2021\/05\/fire-lab-adrian-silvestre-200x193.png 200w, https:\/\/mostrafire.com\/wp-content\/uploads\/2021\/05\/fire-lab-adrian-silvestre-400x387.png 400w, https:\/\/mostrafire.com\/wp-content\/uploads\/2021\/05\/fire-lab-adrian-silvestre.png 420w\" data-sizes=\"auto\" data-orig-sizes=\"(max-width: 900px) 100vw, (max-width: 640px) 100vw, 400px\" \/><\/span><\/div><div class=\"accordian fusion-accordian\" style=\"--awb-border-size:1px;--awb-icon-size:15px;--awb-content-font-size:18px;--awb-icon-alignment:left;--awb-hover-color:#f9f9fb;--awb-border-color:#e2e2e2;--awb-background-color:#ffffff;--awb-divider-color:#75ffcc;--awb-divider-hover-color:#75ffcc;--awb-icon-color:#ffffff;--awb-title-color:#ba5db2;--awb-content-color:#6d37c4;--awb-icon-box-color:#6d37c1;--awb-toggle-hover-accent-color:#33a8f0;--awb-title-font-family:&quot;Roboto&quot;;--awb-title-font-weight:300;--awb-title-font-style:normal;--awb-title-font-size:25px;--awb-content-font-family:&quot;Roboto&quot;;--awb-content-font-style:normal;--awb-content-font-weight:regular;\"><div class=\"panel-group fusion-toggle-icon-boxed\" id=\"accordion-8493-2\"><div class=\"fusion-panel panel-default panel-6ea3a34f9c4737ac1 fusion-toggle-no-divider\"><div class=\"panel-heading\"><h4 class=\"panel-title toggle\" id=\"toggle_6ea3a34f9c4737ac1\"><a aria-expanded=\"false\" aria-controls=\"6ea3a34f9c4737ac1\" role=\"button\" data-toggle=\"collapse\" data-parent=\"#accordion-8493-2\" data-target=\"#6ea3a34f9c4737ac1\" href=\"#6ea3a34f9c4737ac1\"><span class=\"fusion-toggle-icon-wrapper\" aria-hidden=\"true\"><i class=\"fa-fusion-box active-icon awb-icon-minus\" aria-hidden=\"true\"><\/i><i class=\"fa-fusion-box inactive-icon awb-icon-plus\" aria-hidden=\"true\"><\/i><\/span><span class=\"fusion-toggle-heading\">Adri\u00e1n Silvestre<\/span><\/a><\/h4><\/div><div id=\"6ea3a34f9c4737ac1\" class=\"panel-collapse collapse \" aria-labelledby=\"toggle_6ea3a34f9c4737ac1\"><div class=\"panel-body toggle-content fusion-clearfix\">\n<p>(Valencia, 1981). En sus proyectos cinematogr\u00e1ficos, explora los l\u00edmites entre la realidad y la ficci\u00f3n, poniendo en escena a personas reales junto a int\u00e9rpretes profesionales, asumiendo la pr\u00e1ctica art\u00edstica desde el an\u00e1lisis de sus experiencias vitales. Sus pel\u00edculas van precedidas por un proceso de estrecha colaboraci\u00f3n con comunidades, generalmente vinculadas a temas de g\u00e9nero, migraci\u00f3n y colectivos LGBTI.<\/p>\n<p>Filmograf\u00eda destacada:<\/p>\n<p><em><strong>Sedimentos<\/strong><\/em> (2021) |<em><strong> Los Objetos Amorosos<\/strong><\/em> (2016) | <em><strong>Natalia Nikolaevna<\/strong><\/em> (Corto, 2014)<\/p>\n<\/div><\/div><\/div><\/div><\/div><\/div><\/div><div class=\"fusion-layout-column fusion_builder_column fusion-builder-column-10 fusion_builder_column_1_3 1_3 fusion-flex-column\" style=\"--awb-padding-top:0px;--awb-bg-size:cover;--awb-width-large:33.333333333333%;--awb-margin-top-large:0px;--awb-spacing-right-large:5.76%;--awb-margin-bottom-large:20px;--awb-spacing-left-large:5.76%;--awb-width-medium:100%;--awb-order-medium:0;--awb-spacing-right-medium:1.92%;--awb-spacing-left-medium:1.92%;--awb-width-small:100%;--awb-order-small:0;--awb-spacing-right-small:1.92%;--awb-spacing-left-small:1.92%;\"><div class=\"fusion-column-wrapper fusion-column-has-shadow fusion-flex-justify-content-flex-start fusion-content-layout-column\"><div class=\"fusion-image-element \" style=\"text-align:left;--awb-margin-bottom:12px;--awb-max-width:180px;--awb-caption-title-font-family:var(--h2_typography-font-family);--awb-caption-title-font-weight:var(--h2_typography-font-weight);--awb-caption-title-font-style:var(--h2_typography-font-style);--awb-caption-title-size:var(--h2_typography-font-size);--awb-caption-title-transform:var(--h2_typography-text-transform);--awb-caption-title-line-height:var(--h2_typography-line-height);--awb-caption-title-letter-spacing:var(--h2_typography-letter-spacing);\"><span class=\" fusion-imageframe imageframe-none imageframe-5 hover-type-none\"><img decoding=\"async\" width=\"420\" height=\"406\" alt=\"M\u00d2NICA ROVIRA\" title=\"M\u00d2NICA ROVIRA\" src=\"https:\/\/mostrafire.com\/wp-content\/uploads\/2021\/05\/fire-lab-monica-rovira.png\" data-orig-src=\"https:\/\/mostrafire.com\/wp-content\/uploads\/2021\/05\/fire-lab-monica-rovira.png\" class=\"lazyload img-responsive wp-image-11538\" srcset=\"data:image\/svg+xml,%3Csvg%20xmlns%3D%27http%3A%2F%2Fwww.w3.org%2F2000%2Fsvg%27%20width%3D%27420%27%20height%3D%27406%27%20viewBox%3D%270%200%20420%20406%27%3E%3Crect%20width%3D%27420%27%20height%3D%27406%27%20fill-opacity%3D%220%22%2F%3E%3C%2Fsvg%3E\" data-srcset=\"https:\/\/mostrafire.com\/wp-content\/uploads\/2021\/05\/fire-lab-monica-rovira-200x193.png 200w, https:\/\/mostrafire.com\/wp-content\/uploads\/2021\/05\/fire-lab-monica-rovira-400x387.png 400w, https:\/\/mostrafire.com\/wp-content\/uploads\/2021\/05\/fire-lab-monica-rovira.png 420w\" data-sizes=\"auto\" data-orig-sizes=\"(max-width: 900px) 100vw, (max-width: 640px) 100vw, 400px\" \/><\/span><\/div><div class=\"accordian fusion-accordian\" style=\"--awb-border-size:1px;--awb-icon-size:15px;--awb-content-font-size:18px;--awb-icon-alignment:left;--awb-hover-color:#f9f9fb;--awb-border-color:#e2e2e2;--awb-background-color:#ffffff;--awb-divider-color:#75ffcc;--awb-divider-hover-color:#75ffcc;--awb-icon-color:#ffffff;--awb-title-color:#ba5db2;--awb-content-color:#6d37c4;--awb-icon-box-color:#6d37c1;--awb-toggle-hover-accent-color:#33a8f0;--awb-title-font-family:&quot;Roboto&quot;;--awb-title-font-weight:300;--awb-title-font-style:normal;--awb-title-font-size:25px;--awb-content-font-family:&quot;Roboto&quot;;--awb-content-font-style:normal;--awb-content-font-weight:regular;\"><div class=\"panel-group fusion-toggle-icon-boxed\" id=\"accordion-8493-3\"><div class=\"fusion-panel panel-default panel-2cad92dbc6042764c fusion-toggle-no-divider\"><div class=\"panel-heading\"><h4 class=\"panel-title toggle\" id=\"toggle_2cad92dbc6042764c\"><a aria-expanded=\"false\" aria-controls=\"2cad92dbc6042764c\" role=\"button\" data-toggle=\"collapse\" data-parent=\"#accordion-8493-3\" data-target=\"#2cad92dbc6042764c\" href=\"#2cad92dbc6042764c\"><span class=\"fusion-toggle-icon-wrapper\" aria-hidden=\"true\"><i class=\"fa-fusion-box active-icon awb-icon-minus\" aria-hidden=\"true\"><\/i><i class=\"fa-fusion-box inactive-icon awb-icon-plus\" aria-hidden=\"true\"><\/i><\/span><span class=\"fusion-toggle-heading\">M\u00f3nica Rovira<\/span><\/a><\/h4><\/div><div id=\"2cad92dbc6042764c\" class=\"panel-collapse collapse \" aria-labelledby=\"toggle_2cad92dbc6042764c\"><div class=\"panel-body toggle-content fusion-clearfix\">\n<p>(Les Masies de Voltreg\u00e0, 1978) Es licenciada en Comunicaci\u00f3n Audiovisual, curs\u00f3 el M\u00e1ster de Documental Creativo de la UPF y estudi\u00f3 Direcci\u00f3n de Cine en la FAMU, Praga. Ha colaborado con diferentes directores, como Marc Recha o Victor Kossakovski. Sus films experimentan con los l\u00edmites del lenguaje y capturan aquello indescriptible, convirti\u00e9ndose en piezas propias e intimas.<\/p>\n<p>Filmograf\u00eda destacada:<\/p>\n<p><em><strong>Ver a una mujer<\/strong> <\/em>(2017) | <em><strong>Entre el dictador i jo<\/strong><\/em> (2005) | <em><strong>Dol\u00e7 amarg<\/strong><\/em> (corto, 2003)<\/p>\n<\/div><\/div><\/div><\/div><\/div><\/div><\/div><div class=\"fusion-layout-column fusion_builder_column fusion-builder-column-11 fusion_builder_column_1_3 1_3 fusion-flex-column\" style=\"--awb-padding-top:0px;--awb-bg-size:cover;--awb-width-large:33.333333333333%;--awb-margin-top-large:0px;--awb-spacing-right-large:5.76%;--awb-margin-bottom-large:20px;--awb-spacing-left-large:5.76%;--awb-width-medium:100%;--awb-order-medium:0;--awb-spacing-right-medium:1.92%;--awb-spacing-left-medium:1.92%;--awb-width-small:100%;--awb-order-small:0;--awb-spacing-right-small:1.92%;--awb-spacing-left-small:1.92%;\"><div class=\"fusion-column-wrapper fusion-column-has-shadow fusion-flex-justify-content-flex-start fusion-content-layout-column\"><div class=\"fusion-image-element \" style=\"text-align:left;--awb-margin-bottom:12px;--awb-max-width:180px;--awb-caption-title-font-family:var(--h2_typography-font-family);--awb-caption-title-font-weight:var(--h2_typography-font-weight);--awb-caption-title-font-style:var(--h2_typography-font-style);--awb-caption-title-size:var(--h2_typography-font-size);--awb-caption-title-transform:var(--h2_typography-text-transform);--awb-caption-title-line-height:var(--h2_typography-line-height);--awb-caption-title-letter-spacing:var(--h2_typography-letter-spacing);\"><span class=\" fusion-imageframe imageframe-none imageframe-6 hover-type-none\"><img decoding=\"async\" width=\"420\" height=\"406\" alt=\"M\u00d2NICA ROVIRA\" title=\"VAL\u00c9RIE DELPIERRE\" src=\"https:\/\/mostrafire.com\/wp-content\/uploads\/2021\/05\/fire-lab-valerie-delpierre.png\" data-orig-src=\"https:\/\/mostrafire.com\/wp-content\/uploads\/2021\/05\/fire-lab-valerie-delpierre.png\" class=\"lazyload img-responsive wp-image-11544\" srcset=\"data:image\/svg+xml,%3Csvg%20xmlns%3D%27http%3A%2F%2Fwww.w3.org%2F2000%2Fsvg%27%20width%3D%27420%27%20height%3D%27406%27%20viewBox%3D%270%200%20420%20406%27%3E%3Crect%20width%3D%27420%27%20height%3D%27406%27%20fill-opacity%3D%220%22%2F%3E%3C%2Fsvg%3E\" data-srcset=\"https:\/\/mostrafire.com\/wp-content\/uploads\/2021\/05\/fire-lab-valerie-delpierre-200x193.png 200w, https:\/\/mostrafire.com\/wp-content\/uploads\/2021\/05\/fire-lab-valerie-delpierre-400x387.png 400w, https:\/\/mostrafire.com\/wp-content\/uploads\/2021\/05\/fire-lab-valerie-delpierre.png 420w\" data-sizes=\"auto\" data-orig-sizes=\"(max-width: 900px) 100vw, (max-width: 640px) 100vw, 400px\" \/><\/span><\/div><div class=\"accordian fusion-accordian\" style=\"--awb-border-size:1px;--awb-icon-size:15px;--awb-content-font-size:18px;--awb-icon-alignment:left;--awb-hover-color:#f9f9fb;--awb-border-color:#e2e2e2;--awb-background-color:#ffffff;--awb-divider-color:#75ffcc;--awb-divider-hover-color:#75ffcc;--awb-icon-color:#ffffff;--awb-title-color:#ba5db2;--awb-content-color:#6d37c4;--awb-icon-box-color:#6d37c1;--awb-toggle-hover-accent-color:#33a8f0;--awb-title-font-family:&quot;Roboto&quot;;--awb-title-font-weight:300;--awb-title-font-style:normal;--awb-title-font-size:25px;--awb-content-font-family:&quot;Roboto&quot;;--awb-content-font-style:normal;--awb-content-font-weight:regular;\"><div class=\"panel-group fusion-toggle-icon-boxed\" id=\"accordion-8493-4\"><div class=\"fusion-panel panel-default panel-969ddcd7025c9ca35 fusion-toggle-no-divider\"><div class=\"panel-heading\"><h4 class=\"panel-title toggle\" id=\"toggle_969ddcd7025c9ca35\"><a aria-expanded=\"false\" aria-controls=\"969ddcd7025c9ca35\" role=\"button\" data-toggle=\"collapse\" data-parent=\"#accordion-8493-4\" data-target=\"#969ddcd7025c9ca35\" href=\"#969ddcd7025c9ca35\"><span class=\"fusion-toggle-icon-wrapper\" aria-hidden=\"true\"><i class=\"fa-fusion-box active-icon awb-icon-minus\" aria-hidden=\"true\"><\/i><i class=\"fa-fusion-box inactive-icon awb-icon-plus\" aria-hidden=\"true\"><\/i><\/span><span class=\"fusion-toggle-heading\">Val\u00e9rie Delpierre<\/span><\/a><\/h4><\/div><div id=\"969ddcd7025c9ca35\" class=\"panel-collapse collapse \" aria-labelledby=\"toggle_969ddcd7025c9ca35\"><div class=\"panel-body toggle-content fusion-clearfix\">\n<p>Val\u00e9rie Delpierre crea Inicia Films en 2006 amb la voluntat de desenvolupar projectes de nous talents i posant una especial atenci\u00f3 en la projecci\u00f3 internacional. Des de llavors, ha produ\u00eft nombrosos llargmetratges de ficci\u00f3, documentals i curtmetratges.<\/p>\n<p>Filmograf\u00eda destacada:<br \/><em><strong>Las Ni\u00f1as<\/strong><\/em>&nbsp; (2020) | <em><strong>Verano 1993<\/strong><\/em> (2017) | <em><strong>B<\/strong><\/em> (2015)<\/p>\n<\/div><\/div><\/div><\/div><\/div><\/div><\/div><div class=\"fusion-layout-column fusion_builder_column fusion-builder-column-12 fusion_builder_column_1_1 1_1 fusion-flex-column\" style=\"--awb-padding-top:0px;--awb-bg-size:cover;--awb-width-large:100%;--awb-margin-top-large:55px;--awb-spacing-right-large:1.92%;--awb-margin-bottom-large:0px;--awb-spacing-left-large:1.92%;--awb-width-medium:100%;--awb-order-medium:0;--awb-spacing-right-medium:1.92%;--awb-spacing-left-medium:1.92%;--awb-width-small:100%;--awb-order-small:0;--awb-spacing-right-small:1.92%;--awb-spacing-left-small:1.92%;\"><div class=\"fusion-column-wrapper fusion-column-has-shadow fusion-flex-justify-content-flex-start fusion-content-layout-column\"><div class=\"fusion-title title fusion-title-7 fusion-sep-none fusion-title-text fusion-title-size-three\" style=\"--awb-margin-top:0px;--awb-margin-bottom:20px;--awb-margin-top-small:10px;--awb-margin-right-small:0px;--awb-margin-bottom-small:10px;--awb-margin-left-small:0px;\"><h3 class=\"fusion-title-heading title-heading-left fusion-responsive-typography-calculated\" style=\"margin:0;--fontSize:30;--minFontSize:30;line-height:1.3;\">Asesores<\/h3><\/div><div class=\"fusion-separator\" style=\"align-self: flex-start;margin-right:auto;margin-top:0px;margin-bottom:30px;width:100%;max-width:50px;\"><div class=\"fusion-separator-border sep-single\" style=\"--awb-height:20px;--awb-amount:20px;border-color:#75ffcc;border-top-width:4px;\"><\/div><\/div><\/div><\/div><div class=\"fusion-layout-column fusion_builder_column fusion-builder-column-13 fusion_builder_column_1_3 1_3 fusion-flex-column\" style=\"--awb-padding-top:0px;--awb-bg-size:cover;--awb-width-large:33.333333333333%;--awb-margin-top-large:0px;--awb-spacing-right-large:5.76%;--awb-margin-bottom-large:20px;--awb-spacing-left-large:5.76%;--awb-width-medium:100%;--awb-order-medium:0;--awb-spacing-right-medium:1.92%;--awb-spacing-left-medium:1.92%;--awb-width-small:100%;--awb-order-small:0;--awb-spacing-right-small:1.92%;--awb-spacing-left-small:1.92%;\"><div class=\"fusion-column-wrapper fusion-column-has-shadow fusion-flex-justify-content-flex-start fusion-content-layout-column\"><div class=\"fusion-image-element \" style=\"text-align:left;--awb-margin-bottom:12px;--awb-max-width:180px;--awb-caption-title-font-family:var(--h2_typography-font-family);--awb-caption-title-font-weight:var(--h2_typography-font-weight);--awb-caption-title-font-style:var(--h2_typography-font-style);--awb-caption-title-size:var(--h2_typography-font-size);--awb-caption-title-transform:var(--h2_typography-text-transform);--awb-caption-title-line-height:var(--h2_typography-line-height);--awb-caption-title-letter-spacing:var(--h2_typography-letter-spacing);\"><span class=\" fusion-imageframe imageframe-none imageframe-7 hover-type-none\"><img decoding=\"async\" width=\"420\" height=\"406\" alt=\"Patricia bonet - Catalan Films\" title=\"Patricia bonet &#8211; Catalan Films\" src=\"https:\/\/mostrafire.com\/wp-content\/uploads\/2021\/05\/fire-lab-patricia-bonet.png\" data-orig-src=\"https:\/\/mostrafire.com\/wp-content\/uploads\/2021\/05\/fire-lab-patricia-bonet.png\" class=\"lazyload img-responsive wp-image-11541\" srcset=\"data:image\/svg+xml,%3Csvg%20xmlns%3D%27http%3A%2F%2Fwww.w3.org%2F2000%2Fsvg%27%20width%3D%27420%27%20height%3D%27406%27%20viewBox%3D%270%200%20420%20406%27%3E%3Crect%20width%3D%27420%27%20height%3D%27406%27%20fill-opacity%3D%220%22%2F%3E%3C%2Fsvg%3E\" data-srcset=\"https:\/\/mostrafire.com\/wp-content\/uploads\/2021\/05\/fire-lab-patricia-bonet-200x193.png 200w, https:\/\/mostrafire.com\/wp-content\/uploads\/2021\/05\/fire-lab-patricia-bonet-400x387.png 400w, https:\/\/mostrafire.com\/wp-content\/uploads\/2021\/05\/fire-lab-patricia-bonet.png 420w\" data-sizes=\"auto\" data-orig-sizes=\"(max-width: 900px) 100vw, (max-width: 640px) 100vw, 400px\" \/><\/span><\/div><div class=\"accordian fusion-accordian\" style=\"--awb-border-size:1px;--awb-icon-size:15px;--awb-content-font-size:18px;--awb-icon-alignment:left;--awb-hover-color:#f9f9fb;--awb-border-color:#e2e2e2;--awb-background-color:#ffffff;--awb-divider-color:#75ffcc;--awb-divider-hover-color:#75ffcc;--awb-icon-color:#ffffff;--awb-title-color:#ba5db2;--awb-content-color:#6d37c4;--awb-icon-box-color:#6d37c1;--awb-toggle-hover-accent-color:#33a8f0;--awb-title-font-family:&quot;Roboto&quot;;--awb-title-font-weight:300;--awb-title-font-style:normal;--awb-title-font-size:25px;--awb-content-font-family:&quot;Roboto&quot;;--awb-content-font-style:normal;--awb-content-font-weight:regular;\"><div class=\"panel-group fusion-toggle-icon-boxed\" id=\"accordion-8493-5\"><div class=\"fusion-panel panel-default panel-42ec633dc048672f8 fusion-toggle-no-divider\"><div class=\"panel-heading\"><h4 class=\"panel-title toggle\" id=\"toggle_42ec633dc048672f8\"><a aria-expanded=\"false\" aria-controls=\"42ec633dc048672f8\" role=\"button\" data-toggle=\"collapse\" data-parent=\"#accordion-8493-5\" data-target=\"#42ec633dc048672f8\" href=\"#42ec633dc048672f8\"><span class=\"fusion-toggle-icon-wrapper\" aria-hidden=\"true\"><i class=\"fa-fusion-box active-icon awb-icon-minus\" aria-hidden=\"true\"><\/i><i class=\"fa-fusion-box inactive-icon awb-icon-plus\" aria-hidden=\"true\"><\/i><\/span><span class=\"fusion-toggle-heading\">Patricia bonet - Catalan Films<\/span><\/a><\/h4><\/div><div id=\"42ec633dc048672f8\" class=\"panel-collapse collapse \" aria-labelledby=\"toggle_42ec633dc048672f8\"><div class=\"panel-body toggle-content fusion-clearfix\">\n<p>Licenciada en Comunicaci\u00f3n Audiovisual en la Universidad Pompeu Fabra, con el Master Europeo en Gesti\u00f3n de la Empresa Audiovisual impartido en Media Business School, con el apoyo del Programa Media II de la Uni\u00f3n Europea. Trabaja en la compa\u00f1\u00eda Lolafilms, productora cinematogr\u00e1fica de t\u00edtulos como \u201cBelle Epoque\u201d, \u201cTorrente\u201d, \u201cLa ni\u00f1a de tus ojos\u201d, \u201cLa comunidad\u201d, \u201cEl s\u00e9ptimo d\u00eda\u201d, \u00abSoldados de Salamina\u201d etc.. All\u00e1 tiene la oportunidad de participar en distintas \u00e1reas de la empresa a lo largo de su estancia: desarrollo y pre-producci\u00f3n de proyectos, post-producci\u00f3n de largometrajes de habla espa\u00f1ola e inglesa y finalmente seguimiento de las ventas internacionales. El a\u00f1o 2010 se incorpora en el equipo de Catalan Films y en la actualidad se encarga del \u00e1mbito de festivales y web.<\/p>\n<p><em><strong><a href=\"https:\/\/www.catalanfilms.cat\" target=\"_blank\" rel=\"noopener\" data-mce-href=\"https:\/\/www.catalanfilms.cat\">www.catalanfilms.cat<\/a><\/strong><\/em><br data-mce-bogus=\"1\"><\/p>\n<\/div><\/div><\/div><\/div><\/div><\/div><\/div><div class=\"fusion-layout-column fusion_builder_column fusion-builder-column-14 fusion_builder_column_1_3 1_3 fusion-flex-column\" style=\"--awb-padding-top:0px;--awb-bg-size:cover;--awb-width-large:33.333333333333%;--awb-margin-top-large:0px;--awb-spacing-right-large:5.76%;--awb-margin-bottom-large:20px;--awb-spacing-left-large:5.76%;--awb-width-medium:100%;--awb-order-medium:0;--awb-spacing-right-medium:1.92%;--awb-spacing-left-medium:1.92%;--awb-width-small:100%;--awb-order-small:0;--awb-spacing-right-small:1.92%;--awb-spacing-left-small:1.92%;\"><div class=\"fusion-column-wrapper fusion-column-has-shadow fusion-flex-justify-content-flex-start fusion-content-layout-column\"><div class=\"fusion-image-element \" style=\"text-align:left;--awb-margin-bottom:12px;--awb-max-width:180px;--awb-caption-title-font-family:var(--h2_typography-font-family);--awb-caption-title-font-weight:var(--h2_typography-font-weight);--awb-caption-title-font-style:var(--h2_typography-font-style);--awb-caption-title-size:var(--h2_typography-font-size);--awb-caption-title-transform:var(--h2_typography-text-transform);--awb-caption-title-line-height:var(--h2_typography-line-height);--awb-caption-title-letter-spacing:var(--h2_typography-letter-spacing);\"><span class=\" fusion-imageframe imageframe-none imageframe-8 hover-type-none\"><img decoding=\"async\" width=\"420\" height=\"406\" alt=\"Joan Ruiz \u00b7 Catalan Films\" title=\"Joan Ruiz \u00b7 Catalan Films\" src=\"https:\/\/mostrafire.com\/wp-content\/uploads\/2021\/05\/fire-lab-joan-ruiz.png\" data-orig-src=\"https:\/\/mostrafire.com\/wp-content\/uploads\/2021\/05\/fire-lab-joan-ruiz.png\" class=\"lazyload img-responsive wp-image-11535\" srcset=\"data:image\/svg+xml,%3Csvg%20xmlns%3D%27http%3A%2F%2Fwww.w3.org%2F2000%2Fsvg%27%20width%3D%27420%27%20height%3D%27406%27%20viewBox%3D%270%200%20420%20406%27%3E%3Crect%20width%3D%27420%27%20height%3D%27406%27%20fill-opacity%3D%220%22%2F%3E%3C%2Fsvg%3E\" data-srcset=\"https:\/\/mostrafire.com\/wp-content\/uploads\/2021\/05\/fire-lab-joan-ruiz-200x193.png 200w, https:\/\/mostrafire.com\/wp-content\/uploads\/2021\/05\/fire-lab-joan-ruiz-400x387.png 400w, https:\/\/mostrafire.com\/wp-content\/uploads\/2021\/05\/fire-lab-joan-ruiz.png 420w\" data-sizes=\"auto\" data-orig-sizes=\"(max-width: 900px) 100vw, (max-width: 640px) 100vw, 400px\" \/><\/span><\/div><div class=\"accordian fusion-accordian\" style=\"--awb-border-size:1px;--awb-icon-size:15px;--awb-content-font-size:18px;--awb-icon-alignment:left;--awb-hover-color:#f9f9fb;--awb-border-color:#e2e2e2;--awb-background-color:#ffffff;--awb-divider-color:#75ffcc;--awb-divider-hover-color:#75ffcc;--awb-icon-color:#ffffff;--awb-title-color:#ba5db2;--awb-content-color:#6d37c4;--awb-icon-box-color:#6d37c1;--awb-toggle-hover-accent-color:#33a8f0;--awb-title-font-family:&quot;Roboto&quot;;--awb-title-font-weight:300;--awb-title-font-style:normal;--awb-title-font-size:25px;--awb-content-font-family:&quot;Roboto&quot;;--awb-content-font-style:normal;--awb-content-font-weight:regular;\"><div class=\"panel-group fusion-toggle-icon-boxed\" id=\"accordion-8493-6\"><div class=\"fusion-panel panel-default panel-e8d39d2e0e5285cad fusion-toggle-no-divider\"><div class=\"panel-heading\"><h4 class=\"panel-title toggle\" id=\"toggle_e8d39d2e0e5285cad\"><a aria-expanded=\"false\" aria-controls=\"e8d39d2e0e5285cad\" role=\"button\" data-toggle=\"collapse\" data-parent=\"#accordion-8493-6\" data-target=\"#e8d39d2e0e5285cad\" href=\"#e8d39d2e0e5285cad\"><span class=\"fusion-toggle-icon-wrapper\" aria-hidden=\"true\"><i class=\"fa-fusion-box active-icon awb-icon-minus\" aria-hidden=\"true\"><\/i><i class=\"fa-fusion-box inactive-icon awb-icon-plus\" aria-hidden=\"true\"><\/i><\/span><span class=\"fusion-toggle-heading\">Joan Ruiz \u00b7 Catalan Films<\/span><\/a><\/h4><\/div><div id=\"e8d39d2e0e5285cad\" class=\"panel-collapse collapse \" aria-labelledby=\"toggle_e8d39d2e0e5285cad\"><div class=\"panel-body toggle-content fusion-clearfix\">\n<p>Es licenciado en Comunicaci\u00f3n Audiovisual por la UPF de Barcelona y Post-grado en Distribuci\u00f3n y Marketing Audiovisual de la UOC. En 2013 se incorpora al equipo del Departamento de Industria del Festival Internacional de Cine de San Sebasti\u00e1n. En 2015 inicia las jornadas profesionales del D&#8217;A Film Festival Barcelona. En 2018 desarrolla el proyecto de comunicaci\u00f3n de la escuela El\u00edas Querejeta Zine Eskola de Tabakalera. En 2019 idea La Pedrera \u2013 D\u2019A Film Lab y comienza a trabajar para el Servicio de Desarrollo Empresarial del Instituto Catal\u00e1n de las Empresas Culturales.<\/p>\n<p><a href=\"https:\/\/www.catalanfilms.cat\" target=\"_blank\" rel=\"noopener\" data-mce-href=\"https:\/\/www.catalanfilms.cat\"><em><strong>www.catalanfilms.cat<\/strong><\/em><\/a><br data-mce-bogus=\"1\"><\/p>\n<\/div><\/div><\/div><\/div><\/div><\/div><\/div><div class=\"fusion-layout-column fusion_builder_column fusion-builder-column-15 fusion_builder_column_1_3 1_3 fusion-flex-column\" style=\"--awb-padding-top:0px;--awb-bg-size:cover;--awb-width-large:33.333333333333%;--awb-margin-top-large:0px;--awb-spacing-right-large:5.76%;--awb-margin-bottom-large:20px;--awb-spacing-left-large:5.76%;--awb-width-medium:100%;--awb-order-medium:0;--awb-spacing-right-medium:1.92%;--awb-spacing-left-medium:1.92%;--awb-width-small:100%;--awb-order-small:0;--awb-spacing-right-small:1.92%;--awb-spacing-left-small:1.92%;\"><div class=\"fusion-column-wrapper fusion-column-has-shadow fusion-flex-justify-content-flex-start fusion-content-layout-column\"><div class=\"fusion-image-element \" style=\"text-align:left;--awb-margin-bottom:12px;--awb-max-width:180px;--awb-caption-title-font-family:var(--h2_typography-font-family);--awb-caption-title-font-weight:var(--h2_typography-font-weight);--awb-caption-title-font-style:var(--h2_typography-font-style);--awb-caption-title-size:var(--h2_typography-font-size);--awb-caption-title-transform:var(--h2_typography-text-transform);--awb-caption-title-line-height:var(--h2_typography-line-height);--awb-caption-title-letter-spacing:var(--h2_typography-letter-spacing);\"><span class=\" fusion-imageframe imageframe-none imageframe-9 hover-type-none\"><img decoding=\"async\" width=\"420\" height=\"406\" alt=\"Cosimo Santoro \u00b7 The Open Reel\" title=\"Cosimo Santoro \u00b7 The Open Reel\" src=\"https:\/\/mostrafire.com\/wp-content\/uploads\/2021\/05\/fire-lab-cosimo-santoro.png\" data-orig-src=\"https:\/\/mostrafire.com\/wp-content\/uploads\/2021\/05\/fire-lab-cosimo-santoro.png\" class=\"lazyload img-responsive wp-image-11532\" srcset=\"data:image\/svg+xml,%3Csvg%20xmlns%3D%27http%3A%2F%2Fwww.w3.org%2F2000%2Fsvg%27%20width%3D%27420%27%20height%3D%27406%27%20viewBox%3D%270%200%20420%20406%27%3E%3Crect%20width%3D%27420%27%20height%3D%27406%27%20fill-opacity%3D%220%22%2F%3E%3C%2Fsvg%3E\" data-srcset=\"https:\/\/mostrafire.com\/wp-content\/uploads\/2021\/05\/fire-lab-cosimo-santoro-200x193.png 200w, https:\/\/mostrafire.com\/wp-content\/uploads\/2021\/05\/fire-lab-cosimo-santoro-400x387.png 400w, https:\/\/mostrafire.com\/wp-content\/uploads\/2021\/05\/fire-lab-cosimo-santoro.png 420w\" data-sizes=\"auto\" data-orig-sizes=\"(max-width: 900px) 100vw, (max-width: 640px) 100vw, 400px\" \/><\/span><\/div><div class=\"accordian fusion-accordian\" style=\"--awb-border-size:1px;--awb-icon-size:15px;--awb-content-font-size:18px;--awb-icon-alignment:left;--awb-hover-color:#f9f9fb;--awb-border-color:#e2e2e2;--awb-background-color:#ffffff;--awb-divider-color:#75ffcc;--awb-divider-hover-color:#75ffcc;--awb-icon-color:#ffffff;--awb-title-color:#ba5db2;--awb-content-color:#6d37c4;--awb-icon-box-color:#6d37c1;--awb-toggle-hover-accent-color:#33a8f0;--awb-title-font-family:&quot;Roboto&quot;;--awb-title-font-weight:300;--awb-title-font-style:normal;--awb-title-font-size:25px;--awb-content-font-family:&quot;Roboto&quot;;--awb-content-font-style:normal;--awb-content-font-weight:regular;\"><div class=\"panel-group fusion-toggle-icon-boxed\" id=\"accordion-8493-7\"><div class=\"fusion-panel panel-default panel-40aaebb73b607c6d5 fusion-toggle-no-divider\"><div class=\"panel-heading\"><h4 class=\"panel-title toggle\" id=\"toggle_40aaebb73b607c6d5\"><a aria-expanded=\"false\" aria-controls=\"40aaebb73b607c6d5\" role=\"button\" data-toggle=\"collapse\" data-parent=\"#accordion-8493-7\" data-target=\"#40aaebb73b607c6d5\" href=\"#40aaebb73b607c6d5\"><span class=\"fusion-toggle-icon-wrapper\" aria-hidden=\"true\"><i class=\"fa-fusion-box active-icon awb-icon-minus\" aria-hidden=\"true\"><\/i><i class=\"fa-fusion-box inactive-icon awb-icon-plus\" aria-hidden=\"true\"><\/i><\/span><span class=\"fusion-toggle-heading\">Cosimo Santoro \u00b7 The Open Reel<\/span><\/a><\/h4><\/div><div id=\"40aaebb73b607c6d5\" class=\"panel-collapse collapse \" aria-labelledby=\"toggle_40aaebb73b607c6d5\"><div class=\"panel-body toggle-content fusion-clearfix\">\n<p>Cosimo Santoro, nacido en 1973, es un distribuidor, programador de festivales y cr\u00edtico de cine italiano.<br \/>En 2010, es el Jefe de Distribuci\u00f3n de Atlantide Entertainment, con la que lanz\u00f3 Queer Frame, que promueve la visibilidad del Queer Cinema e Indie. En 2013, funda la World Sales Agency The Open Reel, enfocada a la promoci\u00f3n, distribuci\u00f3n y venta de largometrajes, cortometrajes y documentales de todo tipo de g\u00e9nero, pero con especial atenci\u00f3n a la nueva modalidad de Expresiones del Cine Queer.<\/p>\n<p><a href=\"https:\/\/www.theopenreel.com\" target=\"_blank\" rel=\"noopener\" data-mce-href=\"https:\/\/www.theopenreel.com\"><em><strong>www.theopenreel.com<\/strong><\/em><\/a><br data-mce-bogus=\"1\"><\/p>\n<\/div><\/div><\/div><\/div><\/div><\/div><\/div><\/div><\/div><div class=\"fusion-fullwidth fullwidth-box fusion-builder-row-7 fusion-flex-container nonhundred-percent-fullwidth non-hundred-percent-height-scrolling\" style=\"--awb-border-radius-top-left:0px;--awb-border-radius-top-right:0px;--awb-border-radius-bottom-right:0px;--awb-border-radius-bottom-left:0px;--awb-padding-top:45px;--awb-padding-bottom-small:45px;--awb-flex-wrap:wrap;\" ><div class=\"fusion-builder-row fusion-row fusion-flex-align-items-flex-start fusion-flex-content-wrap\" style=\"max-width:1248px;margin-left: calc(-4% \/ 2 );margin-right: calc(-4% \/ 2 );\"><div class=\"fusion-layout-column fusion_builder_column fusion-builder-column-16 fusion_builder_column_1_1 1_1 fusion-flex-column\" style=\"--awb-padding-top:0px;--awb-bg-size:cover;--awb-width-large:100%;--awb-margin-top-large:0px;--awb-spacing-right-large:1.92%;--awb-margin-bottom-large:0px;--awb-spacing-left-large:1.92%;--awb-width-medium:100%;--awb-order-medium:0;--awb-spacing-right-medium:1.92%;--awb-spacing-left-medium:1.92%;--awb-width-small:100%;--awb-order-small:0;--awb-spacing-right-small:1.92%;--awb-spacing-left-small:1.92%;\"><div class=\"fusion-column-wrapper fusion-column-has-shadow fusion-flex-justify-content-flex-start fusion-content-layout-column\"><div class=\"fusion-title title fusion-title-8 fusion-sep-none fusion-title-text fusion-title-size-three\" style=\"--awb-margin-top:0px;--awb-margin-bottom:20px;--awb-margin-top-small:10px;--awb-margin-right-small:0px;--awb-margin-bottom-small:10px;--awb-margin-left-small:0px;\"><h3 class=\"fusion-title-heading title-heading-left fusion-responsive-typography-calculated\" style=\"margin:0;--fontSize:30;--minFontSize:30;line-height:1.3;\"><strong>Seleccionados<\/strong><\/h3><\/div><div class=\"fusion-separator\" style=\"align-self: flex-start;margin-right:auto;margin-top:0px;margin-bottom:30px;width:100%;max-width:50px;\"><div class=\"fusion-separator-border sep-single\" style=\"--awb-height:20px;--awb-amount:20px;border-color:#75ffcc;border-top-width:4px;\"><\/div><\/div><\/div><\/div><div class=\"fusion-layout-column fusion_builder_column fusion-builder-column-17 fusion_builder_column_1_3 1_3 fusion-flex-column\" style=\"--awb-bg-size:cover;--awb-width-large:33.333333333333%;--awb-margin-top-large:0px;--awb-spacing-right-large:5.76%;--awb-margin-bottom-large:20px;--awb-spacing-left-large:5.76%;--awb-width-medium:100%;--awb-order-medium:0;--awb-spacing-right-medium:1.92%;--awb-spacing-left-medium:1.92%;--awb-width-small:100%;--awb-order-small:0;--awb-spacing-right-small:1.92%;--awb-spacing-left-small:1.92%;\"><div class=\"fusion-column-wrapper fusion-column-has-shadow fusion-flex-justify-content-flex-start fusion-content-layout-column\"><div class=\"fusion-text fusion-text-2\"><h3 style=\"background-color: #74efcb; text-align: center;\" data-mce-style=\"background-color: #74efcb; text-align: center;\"><b>ALTERITAS (OTREDADES)<\/b><\/h3>\n<p style=\"text-align: center;\" data-mce-style=\"text-align: center;\"><b>DIRECTORAS<\/b><br \/><em>Nora Haddad y Alba Cros.<\/em><br \/><b>PRODUCTORA<\/b><br \/><em>Andrea Herrera Catal\u00e1<\/em><\/p>\n<\/div><\/div><\/div><div class=\"fusion-layout-column fusion_builder_column fusion-builder-column-18 fusion_builder_column_1_3 1_3 fusion-flex-column\" style=\"--awb-bg-size:cover;--awb-width-large:33.333333333333%;--awb-margin-top-large:0px;--awb-spacing-right-large:5.76%;--awb-margin-bottom-large:20px;--awb-spacing-left-large:5.76%;--awb-width-medium:100%;--awb-order-medium:0;--awb-spacing-right-medium:1.92%;--awb-spacing-left-medium:1.92%;--awb-width-small:100%;--awb-order-small:0;--awb-spacing-right-small:1.92%;--awb-spacing-left-small:1.92%;\"><div class=\"fusion-column-wrapper fusion-column-has-shadow fusion-flex-justify-content-flex-start fusion-content-layout-column\"><div class=\"fusion-text fusion-text-3\"><h3 style=\"background-color: #74efcb; text-align: center;\" data-mce-style=\"background-color: #74efcb; text-align: center;\"><b>NI EVA<\/b><\/h3>\n<p style=\"text-align: center;\" data-mce-style=\"text-align: center;\"><strong>DIRECTOR<\/strong><br \/><em>Pau Ortiz<\/em><br \/><strong>PRODUCTORA<\/strong><br \/><em>Mar\u00eda Nova L\u00f3pez<\/em><\/p>\n<\/div><\/div><\/div><div class=\"fusion-layout-column fusion_builder_column fusion-builder-column-19 fusion_builder_column_1_3 1_3 fusion-flex-column\" style=\"--awb-bg-size:cover;--awb-width-large:33.333333333333%;--awb-margin-top-large:0px;--awb-spacing-right-large:5.76%;--awb-margin-bottom-large:20px;--awb-spacing-left-large:5.76%;--awb-width-medium:100%;--awb-order-medium:0;--awb-spacing-right-medium:1.92%;--awb-spacing-left-medium:1.92%;--awb-width-small:100%;--awb-order-small:0;--awb-spacing-right-small:1.92%;--awb-spacing-left-small:1.92%;\"><div class=\"fusion-column-wrapper fusion-column-has-shadow fusion-flex-justify-content-flex-start fusion-content-layout-column\"><div class=\"fusion-text fusion-text-4\"><h3 style=\"background-color: #74efcb; text-align: center;\"><b>UN ALTRE HOME (OTRO HOMBRE)<\/b><\/h3>\n<p style=\"text-align: center;\"><strong>DIRECTOR<\/strong><br \/>\n<em>David Moragas<\/em><br \/>\n<strong>PRODUCTORA<\/strong><br \/>\nA<em>lba Bosch<\/em><\/p>\n<\/div><\/div><\/div><div class=\"fusion-layout-column fusion_builder_column fusion-builder-column-20 fusion_builder_column_1_3 1_3 fusion-flex-column\" style=\"--awb-bg-size:cover;--awb-width-large:33.333333333333%;--awb-margin-top-large:0px;--awb-spacing-right-large:5.76%;--awb-margin-bottom-large:20px;--awb-spacing-left-large:5.76%;--awb-width-medium:100%;--awb-order-medium:0;--awb-spacing-right-medium:1.92%;--awb-spacing-left-medium:1.92%;--awb-width-small:100%;--awb-order-small:0;--awb-spacing-right-small:1.92%;--awb-spacing-left-small:1.92%;\"><div class=\"fusion-column-wrapper fusion-column-has-shadow fusion-flex-justify-content-flex-start fusion-content-layout-column\"><div class=\"fusion-text fusion-text-5\"><h3 style=\"background-color: #74efcb; text-align: center;\"><b>TAL VEZ<\/b><\/h3>\n<p style=\"text-align: center;\"><strong>DIRECTORA<\/strong><br \/>\n<em>Arima Le\u00f3n<\/em><br \/>\n<strong>PRODUCTORAS<\/strong><br \/>\n<em>Silvia S\u00e1nchez Horna y Mar\u00eda Sabat\u00e9 Rivero<br \/>\n<\/em><\/p>\n<\/div><\/div><\/div><div class=\"fusion-layout-column fusion_builder_column fusion-builder-column-21 fusion_builder_column_1_3 1_3 fusion-flex-column\" style=\"--awb-bg-size:cover;--awb-width-large:33.333333333333%;--awb-margin-top-large:0px;--awb-spacing-right-large:5.76%;--awb-margin-bottom-large:20px;--awb-spacing-left-large:5.76%;--awb-width-medium:100%;--awb-order-medium:0;--awb-spacing-right-medium:1.92%;--awb-spacing-left-medium:1.92%;--awb-width-small:100%;--awb-order-small:0;--awb-spacing-right-small:1.92%;--awb-spacing-left-small:1.92%;\"><div class=\"fusion-column-wrapper fusion-column-has-shadow fusion-flex-justify-content-flex-start fusion-content-layout-column\"><div class=\"fusion-text fusion-text-6\"><h3 style=\"background-color: #74efcb; text-align: center;\"><b>\u00a0LAS DEM\u00c1S<\/b><\/h3>\n<p style=\"text-align: center;\"><strong>DIRECTORA<\/strong><br \/>\n<em>Cintia Ballb\u00e9<\/em><br \/>\n<strong>PRODUCTOR<\/strong><br \/>\n<em>Marc Paso<\/em><\/p>\n<\/div><\/div><\/div><div class=\"fusion-layout-column fusion_builder_column fusion-builder-column-22 fusion_builder_column_1_3 1_3 fusion-flex-column\" style=\"--awb-bg-size:cover;--awb-width-large:33.333333333333%;--awb-margin-top-large:0px;--awb-spacing-right-large:5.76%;--awb-margin-bottom-large:20px;--awb-spacing-left-large:5.76%;--awb-width-medium:100%;--awb-order-medium:0;--awb-spacing-right-medium:1.92%;--awb-spacing-left-medium:1.92%;--awb-width-small:100%;--awb-order-small:0;--awb-spacing-right-small:1.92%;--awb-spacing-left-small:1.92%;\"><div class=\"fusion-column-wrapper fusion-column-has-shadow fusion-flex-justify-content-flex-start fusion-content-layout-column\"><div class=\"fusion-text fusion-text-7\"><h3 style=\"background-color: #74efcb; text-align: center;\"><b>BEROA<\/b><\/h3>\n<p style=\"text-align: center;\"><strong>DIRECTOR<\/strong><em><br \/>\nMario D\u00edaz Delgado<\/em><br \/>\n<strong>PRODUCTOR<\/strong><br \/>\n<em>Jes\u00fas Choya Zatara\u00edn<\/em><\/p>\n<\/div><\/div><\/div><div class=\"fusion-layout-column fusion_builder_column fusion-builder-column-23 fusion_builder_column_1_1 1_1 fusion-flex-column\" style=\"--awb-bg-size:cover;--awb-width-large:100%;--awb-margin-top-large:20px;--awb-spacing-right-large:1.92%;--awb-margin-bottom-large:20px;--awb-spacing-left-large:1.92%;--awb-width-medium:100%;--awb-order-medium:0;--awb-spacing-right-medium:1.92%;--awb-spacing-left-medium:1.92%;--awb-width-small:100%;--awb-order-small:0;--awb-spacing-right-small:1.92%;--awb-spacing-left-small:1.92%;\"><div class=\"fusion-column-wrapper fusion-column-has-shadow fusion-flex-justify-content-flex-start fusion-content-layout-column\"><div class=\"fusion-text fusion-text-8\" style=\"--awb-margin-top:40px;\"><p>Actividad organizada en colaboraci\u00f3n con la plataforma online <a href=\"https:\/\/www.filmarkethub.com\/\" target=\"_blank\" rel=\"noopener\"><strong>Filmarket Hub <\/strong><\/a>y la escuela de cine <a href=\"https:\/\/lacasadelcine.es\/\" target=\"_blank\" rel=\"noopener\"><strong>La Casa del Cine<\/strong> .<\/a><\/p>\n<\/div><div class=\"fusion-image-carousel fusion-image-carousel-auto fusion-image-carousel-1 fusion-no-small-visibility\"><div class=\"awb-carousel awb-swiper awb-swiper-carousel awb-carousel--carousel awb-swiper-dots-position-bottom\" data-layout=\"carousel\" data-autoplay=\"no\" data-autoplayspeed=\"2500\" data-autoplaypause=\"no\" data-loop=\"yes\" data-columns=\"5\" data-columnsmedium=\"1\" data-columnssmall=\"1\" data-itemmargin=\"13\" data-itemwidth=\"180\" data-touchscroll=\"no\" data-freemode=\"no\" data-imagesize=\"auto\" data-scrollitems=\"0\" data-centeredslides=\"no\" data-rotationangle=\"50\" data-depth=\"100\" data-speed=\"500\" data-shadow=\"no\" data-pagination=\"bullets\"><div class=\"swiper-wrapper awb-image-carousel-wrapper fusion-flex-align-items-center\"><div class=\"swiper-slide\"><div class=\"fusion-carousel-item-wrapper\"><div class=\"fusion-image-wrapper hover-type-none\"><a href=\"https:\/\/www.filmarkethub.com\/\" target=\"_blank\" rel=\"noopener noreferrer\"><img decoding=\"async\" width=\"150\" height=\"150\" src=\"data:image\/svg+xml,%3Csvg%20xmlns%3D%27http%3A%2F%2Fwww.w3.org%2F2000%2Fsvg%27%20width%3D%27150%27%20height%3D%27150%27%20viewBox%3D%270%200%20150%20150%27%3E%3Crect%20width%3D%27150%27%20height%3D%27150%27%20fill-opacity%3D%220%22%2F%3E%3C%2Fsvg%3E\" class=\"attachment-full size-full lazyload\" alt=\"Filmarket Hub\" data-orig-src=\"https:\/\/mostrafire.com\/wp-content\/uploads\/2021\/04\/filmarket-hub-logo-.jpg\" \/><\/a><\/div><\/div><\/div><div class=\"swiper-slide\"><div class=\"fusion-carousel-item-wrapper\"><div class=\"fusion-image-wrapper hover-type-none\"><a href=\"https:\/\/lacasadelcine.es\/\" target=\"_blank\" rel=\"noopener noreferrer\"><img decoding=\"async\" width=\"471\" height=\"93\" src=\"https:\/\/mostrafire.com\/wp-content\/uploads\/2020\/08\/la-casa-del-cine-logo.jpg\" class=\"attachment-full size-full lazyload\" alt=\"La Casa del Cine\" srcset=\"data:image\/svg+xml,%3Csvg%20xmlns%3D%27http%3A%2F%2Fwww.w3.org%2F2000%2Fsvg%27%20width%3D%27471%27%20height%3D%2793%27%20viewBox%3D%270%200%20471%2093%27%3E%3Crect%20width%3D%27471%27%20height%3D%2793%27%20fill-opacity%3D%220%22%2F%3E%3C%2Fsvg%3E\" data-orig-src=\"https:\/\/mostrafire.com\/wp-content\/uploads\/2020\/08\/la-casa-del-cine-logo.jpg\" data-srcset=\"https:\/\/mostrafire.com\/wp-content\/uploads\/2020\/08\/la-casa-del-cine-logo-200x39.jpg 200w, https:\/\/mostrafire.com\/wp-content\/uploads\/2020\/08\/la-casa-del-cine-logo-400x79.jpg 400w, https:\/\/mostrafire.com\/wp-content\/uploads\/2020\/08\/la-casa-del-cine-logo.jpg 471w\" data-sizes=\"auto\" \/><\/a><\/div><\/div><\/div><div class=\"swiper-slide\"><div class=\"fusion-carousel-item-wrapper\"><div class=\"fusion-image-wrapper hover-type-none\"><a href=\"https:\/\/www.iniciafilms.com\/\" target=\"_blank\" rel=\"noopener noreferrer\"><img decoding=\"async\" width=\"185\" height=\"89\" src=\"data:image\/svg+xml,%3Csvg%20xmlns%3D%27http%3A%2F%2Fwww.w3.org%2F2000%2Fsvg%27%20width%3D%27185%27%20height%3D%2789%27%20viewBox%3D%270%200%20185%2089%27%3E%3Crect%20width%3D%27185%27%20height%3D%2789%27%20fill-opacity%3D%220%22%2F%3E%3C%2Fsvg%3E\" class=\"attachment-full size-full lazyload\" alt=\"Inicia Films\" data-orig-src=\"https:\/\/mostrafire.com\/wp-content\/uploads\/2021\/06\/inicia-films-logo-185.jpg\" \/><\/a><\/div><\/div><\/div><div class=\"swiper-slide\"><div class=\"fusion-carousel-item-wrapper\"><div class=\"fusion-image-wrapper hover-type-none\"><a href=\"http:\/\/catalanfilms.cat\/ca\" target=\"_blank\" rel=\"noopener noreferrer\"><img decoding=\"async\" width=\"180\" height=\"72\" src=\"data:image\/svg+xml,%3Csvg%20xmlns%3D%27http%3A%2F%2Fwww.w3.org%2F2000%2Fsvg%27%20width%3D%27180%27%20height%3D%2772%27%20viewBox%3D%270%200%20180%2072%27%3E%3Crect%20width%3D%27180%27%20height%3D%2772%27%20fill-opacity%3D%220%22%2F%3E%3C%2Fsvg%3E\" class=\"attachment-full size-full lazyload\" alt=\"Catalan Films\" data-orig-src=\"https:\/\/mostrafire.com\/wp-content\/uploads\/2021\/05\/catalan-films-logo-180.jpg\" \/><\/a><\/div><\/div><\/div><div class=\"swiper-slide\"><div class=\"fusion-carousel-item-wrapper\"><div class=\"fusion-image-wrapper hover-type-none\"><a href=\"https:\/\/www.damautor.es\" target=\"_blank\" rel=\"noopener noreferrer\"><img decoding=\"async\" width=\"180\" height=\"51\" src=\"data:image\/svg+xml,%3Csvg%20xmlns%3D%27http%3A%2F%2Fwww.w3.org%2F2000%2Fsvg%27%20width%3D%27180%27%20height%3D%2751%27%20viewBox%3D%270%200%20180%2051%27%3E%3Crect%20width%3D%27180%27%20height%3D%2751%27%20fill-opacity%3D%220%22%2F%3E%3C%2Fsvg%3E\" class=\"attachment-full size-full lazyload\" alt=\"DAMA\" data-orig-src=\"https:\/\/mostrafire.com\/wp-content\/uploads\/2021\/06\/dama-logo.jpg\" \/><\/a><\/div><\/div><\/div><\/div><\/div><\/div><div class=\"fusion-image-element fusion-no-medium-visibility fusion-no-large-visibility\" style=\"text-align:center;--awb-margin-top:15px;--awb-margin-bottom:20px;--awb-caption-title-font-family:var(--h2_typography-font-family);--awb-caption-title-font-weight:var(--h2_typography-font-weight);--awb-caption-title-font-style:var(--h2_typography-font-style);--awb-caption-title-size:var(--h2_typography-font-size);--awb-caption-title-transform:var(--h2_typography-text-transform);--awb-caption-title-line-height:var(--h2_typography-line-height);--awb-caption-title-letter-spacing:var(--h2_typography-letter-spacing);\"><span class=\" fusion-imageframe imageframe-none imageframe-10 hover-type-none\"><a class=\"fusion-no-lightbox\" href=\"https:\/\/www.filmarkethub.com\/\" target=\"_blank\" aria-label=\"Filmarket Hub\" rel=\"noopener noreferrer\"><img decoding=\"async\" width=\"150\" height=\"150\" alt=\"Filmarket Hub\" src=\"data:image\/svg+xml,%3Csvg%20xmlns%3D%27http%3A%2F%2Fwww.w3.org%2F2000%2Fsvg%27%20width%3D%27150%27%20height%3D%27150%27%20viewBox%3D%270%200%20150%20150%27%3E%3Crect%20width%3D%27150%27%20height%3D%27150%27%20fill-opacity%3D%220%22%2F%3E%3C%2Fsvg%3E\" data-orig-src=\"https:\/\/mostrafire.com\/wp-content\/uploads\/2021\/04\/filmarket-hub-logo-.jpg\" class=\"lazyload img-responsive wp-image-6514\"\/><\/a><\/span><\/div><div class=\"fusion-image-element fusion-no-medium-visibility fusion-no-large-visibility\" style=\"text-align:center;--awb-margin-top:15px;--awb-margin-bottom:20px;--awb-max-width:220px;--awb-caption-title-font-family:var(--h2_typography-font-family);--awb-caption-title-font-weight:var(--h2_typography-font-weight);--awb-caption-title-font-style:var(--h2_typography-font-style);--awb-caption-title-size:var(--h2_typography-font-size);--awb-caption-title-transform:var(--h2_typography-text-transform);--awb-caption-title-line-height:var(--h2_typography-line-height);--awb-caption-title-letter-spacing:var(--h2_typography-letter-spacing);\"><span class=\" fusion-imageframe imageframe-none imageframe-11 hover-type-none\"><a class=\"fusion-no-lightbox\" href=\"https:\/\/lacasadelcine.es\/\" target=\"_blank\" aria-label=\"La Casa del Cine\" rel=\"noopener noreferrer\"><img decoding=\"async\" width=\"471\" height=\"93\" alt=\"La Casa del Cine\" src=\"https:\/\/mostrafire.com\/wp-content\/uploads\/2020\/08\/la-casa-del-cine-logo.jpg\" data-orig-src=\"https:\/\/mostrafire.com\/wp-content\/uploads\/2020\/08\/la-casa-del-cine-logo.jpg\" class=\"lazyload img-responsive wp-image-2013\" srcset=\"data:image\/svg+xml,%3Csvg%20xmlns%3D%27http%3A%2F%2Fwww.w3.org%2F2000%2Fsvg%27%20width%3D%27471%27%20height%3D%2793%27%20viewBox%3D%270%200%20471%2093%27%3E%3Crect%20width%3D%27471%27%20height%3D%2793%27%20fill-opacity%3D%220%22%2F%3E%3C%2Fsvg%3E\" data-srcset=\"https:\/\/mostrafire.com\/wp-content\/uploads\/2020\/08\/la-casa-del-cine-logo-200x39.jpg 200w, https:\/\/mostrafire.com\/wp-content\/uploads\/2020\/08\/la-casa-del-cine-logo-400x79.jpg 400w, https:\/\/mostrafire.com\/wp-content\/uploads\/2020\/08\/la-casa-del-cine-logo.jpg 471w\" data-sizes=\"auto\" data-orig-sizes=\"(max-width: 900px) 100vw, (max-width: 640px) 100vw, 471px\" \/><\/a><\/span><\/div><div class=\"fusion-image-element fusion-no-medium-visibility fusion-no-large-visibility\" style=\"text-align:center;--awb-margin-top:15px;--awb-margin-bottom:20px;--awb-caption-title-font-family:var(--h2_typography-font-family);--awb-caption-title-font-weight:var(--h2_typography-font-weight);--awb-caption-title-font-style:var(--h2_typography-font-style);--awb-caption-title-size:var(--h2_typography-font-size);--awb-caption-title-transform:var(--h2_typography-text-transform);--awb-caption-title-line-height:var(--h2_typography-line-height);--awb-caption-title-letter-spacing:var(--h2_typography-letter-spacing);\"><span class=\" fusion-imageframe imageframe-none imageframe-12 hover-type-none\"><a class=\"fusion-no-lightbox\" href=\"https:\/\/www.iniciafilms.com\/\" target=\"_blank\" aria-label=\"Inicia Films\" rel=\"noopener noreferrer\"><img decoding=\"async\" width=\"210\" height=\"86\" alt=\"Inicia Films\" src=\"https:\/\/mostrafire.com\/wp-content\/uploads\/2021\/04\/inicia-films-logo.jpg\" data-orig-src=\"https:\/\/mostrafire.com\/wp-content\/uploads\/2021\/04\/inicia-films-logo.jpg\" class=\"lazyload img-responsive wp-image-6510\" srcset=\"data:image\/svg+xml,%3Csvg%20xmlns%3D%27http%3A%2F%2Fwww.w3.org%2F2000%2Fsvg%27%20width%3D%27210%27%20height%3D%2786%27%20viewBox%3D%270%200%20210%2086%27%3E%3Crect%20width%3D%27210%27%20height%3D%2786%27%20fill-opacity%3D%220%22%2F%3E%3C%2Fsvg%3E\" data-srcset=\"https:\/\/mostrafire.com\/wp-content\/uploads\/2021\/04\/inicia-films-logo-200x82.jpg 200w, https:\/\/mostrafire.com\/wp-content\/uploads\/2021\/04\/inicia-films-logo.jpg 210w\" data-sizes=\"auto\" data-orig-sizes=\"(max-width: 900px) 100vw, (max-width: 640px) 100vw, 210px\" \/><\/a><\/span><\/div><div class=\"fusion-image-element fusion-no-medium-visibility fusion-no-large-visibility\" style=\"text-align:center;--awb-margin-top:15px;--awb-margin-bottom:20px;--awb-caption-title-font-family:var(--h2_typography-font-family);--awb-caption-title-font-weight:var(--h2_typography-font-weight);--awb-caption-title-font-style:var(--h2_typography-font-style);--awb-caption-title-size:var(--h2_typography-font-size);--awb-caption-title-transform:var(--h2_typography-text-transform);--awb-caption-title-line-height:var(--h2_typography-line-height);--awb-caption-title-letter-spacing:var(--h2_typography-letter-spacing);\"><span class=\" fusion-imageframe imageframe-none imageframe-13 hover-type-none\"><a class=\"fusion-no-lightbox\" href=\"http:\/\/catalanfilms.cat\/ca\" target=\"_blank\" aria-label=\"Catalan Films\" rel=\"noopener noreferrer\"><img decoding=\"async\" width=\"180\" height=\"72\" alt=\"Catalan Films\" src=\"data:image\/svg+xml,%3Csvg%20xmlns%3D%27http%3A%2F%2Fwww.w3.org%2F2000%2Fsvg%27%20width%3D%27180%27%20height%3D%2772%27%20viewBox%3D%270%200%20180%2072%27%3E%3Crect%20width%3D%27180%27%20height%3D%2772%27%20fill-opacity%3D%220%22%2F%3E%3C%2Fsvg%3E\" data-orig-src=\"https:\/\/mostrafire.com\/wp-content\/uploads\/2021\/05\/catalan-films-logo-180.jpg\" class=\"lazyload img-responsive wp-image-10066\"\/><\/a><\/span><\/div><div class=\"fusion-image-element fusion-no-medium-visibility fusion-no-large-visibility\" style=\"text-align:center;--awb-margin-top:15px;--awb-margin-bottom:20px;--awb-caption-title-font-family:var(--h2_typography-font-family);--awb-caption-title-font-weight:var(--h2_typography-font-weight);--awb-caption-title-font-style:var(--h2_typography-font-style);--awb-caption-title-size:var(--h2_typography-font-size);--awb-caption-title-transform:var(--h2_typography-text-transform);--awb-caption-title-line-height:var(--h2_typography-line-height);--awb-caption-title-letter-spacing:var(--h2_typography-letter-spacing);\"><span class=\" fusion-imageframe imageframe-none imageframe-14 hover-type-none\"><a class=\"fusion-no-lightbox\" href=\"https:\/\/www.damautor.es\" target=\"_blank\" aria-label=\"Dama &#8211; derechos de autor\" rel=\"noopener noreferrer\"><img decoding=\"async\" width=\"180\" height=\"51\" alt=\"Dama\" src=\"data:image\/svg+xml,%3Csvg%20xmlns%3D%27http%3A%2F%2Fwww.w3.org%2F2000%2Fsvg%27%20width%3D%27180%27%20height%3D%2751%27%20viewBox%3D%270%200%20180%2051%27%3E%3Crect%20width%3D%27180%27%20height%3D%2751%27%20fill-opacity%3D%220%22%2F%3E%3C%2Fsvg%3E\" data-orig-src=\"https:\/\/mostrafire.com\/wp-content\/uploads\/2021\/06\/dama-logo.jpg\" class=\"lazyload img-responsive wp-image-12088\"\/><\/a><\/span><\/div><\/div><\/div><\/div><\/div><div id=\"mesa-redonda\" class=\"fusion-container-anchor\"><div class=\"fusion-fullwidth fullwidth-box fusion-builder-row-8 fusion-flex-container nonhundred-percent-fullwidth non-hundred-percent-height-scrolling\" style=\"--awb-border-radius-top-left:0px;--awb-border-radius-top-right:0px;--awb-border-radius-bottom-right:0px;--awb-border-radius-bottom-left:0px;--awb-padding-top:5%;--awb-padding-bottom-small:45px;--awb-flex-wrap:wrap;\" ><div class=\"fusion-builder-row fusion-row fusion-flex-align-items-flex-start fusion-flex-content-wrap\" style=\"max-width:1248px;margin-left: calc(-4% \/ 2 );margin-right: calc(-4% \/ 2 );\"><div class=\"fusion-layout-column fusion_builder_column fusion-builder-column-24 fusion_builder_column_3_5 3_5 fusion-flex-column\" style=\"--awb-padding-top:70px;--awb-padding-bottom:70px;--awb-bg-image:linear-gradient(239deg, #75ffcc 16%,#6d37c4 89%);--awb-bg-size:cover;--awb-width-large:60%;--awb-margin-top-large:0px;--awb-spacing-right-large:3.2%;--awb-margin-bottom-large:0px;--awb-spacing-left-large:3.2%;--awb-width-medium:60%;--awb-order-medium:0;--awb-spacing-right-medium:3.2%;--awb-spacing-left-medium:3.2%;--awb-width-small:100%;--awb-order-small:0;--awb-spacing-right-small:1.92%;--awb-spacing-left-small:1.92%;\"><div class=\"fusion-column-wrapper fusion-column-has-shadow fusion-flex-justify-content-center fusion-content-layout-column\"><div class=\"fusion-title title fusion-title-9 fusion-sep-none fusion-title-center fusion-title-text fusion-title-size-two\" style=\"--awb-text-color:#ffffff;--awb-margin-top-small:10px;--awb-margin-right-small:0px;--awb-margin-bottom-small:10px;--awb-margin-left-small:0px;\"><h2 class=\"fusion-title-heading title-heading-center fusion-responsive-typography-calculated\" style=\"margin:0;--fontSize:40;line-height:1.2;\">Mesa redonda<\/h2><\/div><\/div><\/div><div class=\"fusion-layout-column fusion_builder_column fusion-builder-column-25 fusion_builder_column_2_5 2_5 fusion-flex-column fusion-flex-align-self-flex-start\" style=\"--awb-padding-top:15px;--awb-bg-size:cover;--awb-width-large:40%;--awb-margin-top-large:0px;--awb-spacing-right-large:4.8%;--awb-margin-bottom-large:0px;--awb-spacing-left-large:12%;--awb-width-medium:40%;--awb-order-medium:0;--awb-spacing-right-medium:4.8%;--awb-spacing-left-medium:0%;--awb-width-small:100%;--awb-order-small:0;--awb-spacing-right-small:1.92%;--awb-spacing-left-small:1.92%;\"><div class=\"fusion-column-wrapper fusion-column-has-shadow fusion-flex-justify-content-flex-start fusion-content-layout-column\"><\/div><\/div><div class=\"fusion-layout-column fusion_builder_column fusion-builder-column-26 fusion_builder_column_3_5 3_5 fusion-flex-column\" style=\"--awb-bg-size:cover;--awb-width-large:60%;--awb-margin-top-large:0px;--awb-spacing-right-large:3.2%;--awb-margin-bottom-large:20px;--awb-spacing-left-large:3.2%;--awb-width-medium:60%;--awb-order-medium:0;--awb-margin-top-medium:50px;--awb-spacing-right-medium:3.2%;--awb-spacing-left-medium:3.2%;--awb-width-small:100%;--awb-order-small:0;--awb-spacing-right-small:1.92%;--awb-spacing-left-small:1.92%;\"><div class=\"fusion-column-wrapper fusion-column-has-shadow fusion-flex-justify-content-center fusion-content-layout-column\"><div class=\"fusion-title title fusion-title-10 fusion-sep-none fusion-title-text fusion-title-size-five fecha-icono-sep-verde-bottom\" style=\"--awb-margin-top:25px;--awb-margin-bottom:20px;--awb-margin-top-small:10px;--awb-margin-right-small:0px;--awb-margin-bottom-small:10px;--awb-margin-left-small:0px;--awb-font-size:14px;\"><h5 class=\"fusion-title-heading title-heading-left fusion-responsive-typography-calculated\" style=\"margin:0;font-size:1em;--fontSize:14;--minFontSize:14;line-height:1.4;\"><div class=\"fusion-fa-align-left\"><i class=\"fb-icon-element-3 fb-icon-element fontawesome-icon fa-calendar-alt far circle-yes\" style=\"--awb-iconcolor:#33a8f0;--awb-iconcolor-hover:#33a8f0;--awb-circlecolor:rgba(74,78,87,0);--awb-circlecolor-hover:rgba(74,78,87,0);--awb-circlebordersize:0px;--awb-font-size:16.72px;--awb-width:33.44px;--awb-height:33.44px;--awb-line-height:33.44px;--awb-margin-right:9.5px;\"><\/i><\/div>\n<p>Jueves 17 de junio, 18h<\/p><\/h5><\/div><div class=\"fusion-separator fusion-no-small-visibility\" style=\"align-self: flex-start;margin-right:auto;margin-top:4px;margin-bottom:5px;width:100%;max-width:50px;\"><div class=\"fusion-separator-border sep-single\" style=\"--awb-height:20px;--awb-amount:20px;border-color:#75ffcc;border-top-width:4px;\"><\/div><\/div><div class=\"fusion-separator fusion-no-medium-visibility fusion-no-large-visibility\" style=\"align-self: flex-start;margin-right:auto;margin-top:25px;margin-bottom:20px;width:100%;max-width:50px;\"><div class=\"fusion-separator-border sep-single\" style=\"--awb-height:20px;--awb-amount:20px;border-color:#75ffcc;border-top-width:4px;\"><\/div><\/div><div class=\"fusion-title title fusion-title-11 fusion-no-small-visibility fusion-sep-none fusion-title-text fusion-title-size-two\" style=\"--awb-margin-top:4%;--awb-margin-bottom:5%;--awb-margin-top-small:4%;--awb-margin-right-small:0px;--awb-margin-bottom-small:8%;--awb-margin-left-small:0px;--awb-margin-top-medium:4%;--awb-margin-bottom-medium:5%;\"><h2 class=\"fusion-title-heading title-heading-left fusion-responsive-typography-calculated\" style=\"margin:0;--fontSize:40;line-height:1.2;\">Las nuevas voces del cine LGBT catal\u00e1n<\/h2><\/div><div class=\"fusion-title title fusion-title-12 fusion-no-medium-visibility fusion-no-large-visibility fusion-sep-none fusion-title-text fusion-title-size-two\" style=\"--awb-margin-top:4%;--awb-margin-bottom:5%;--awb-margin-top-small:4%;--awb-margin-right-small:0px;--awb-margin-bottom-small:8%;--awb-margin-left-small:0px;--awb-margin-top-medium:4%;--awb-margin-bottom-medium:5%;--awb-font-size:30px;\"><h2 class=\"fusion-title-heading title-heading-left fusion-responsive-typography-calculated\" style=\"margin:0;font-size:1em;--fontSize:30;--minFontSize:30;line-height:1.2;\"><strong>Las nuevas voces del cine LGBT catal\u00e1n<\/strong><\/h2><\/div><div class=\"fusion-text fusion-text-9 fusion-no-small-visibility\"><p>Barcelona es una cantera de cineastas y algunas\/os directores y directoras que est\u00e1n haciendo las propuestas actuales m\u00e1s interesantes en cuanto al cine LGBT residen en la ciudad condal.<\/p>\n<p>Proponemos una mesa redonda con j\u00f3venes directores con los que abordar el presente del cine LGBT, sus referentes y futuros retos. En la l\u00ednea de la mesa redonda organizada el a\u00f1o pasado sobre <a href=\"https:\/\/mostrafire.com\/es\/que-es-fire\/ediciones-anteriores\/2020-fire-at-home\/#fire-pro-2020\" target=\"_blank\" rel=\"noopener\">producci\u00f3n, distribuci\u00f3n y exhibici\u00f3n de cine LGBT<\/a>, queremos <b>dar voz a nuevos talentos de Catalu\u00f1a (y Valencia\u2026)<\/b>, para incidir de nuevo en la necesidad de dirigir y producir m\u00e1s cine LGBT en nuestro pa\u00eds, dada la muy baja cantidad de largometrajes de ficci\u00f3n y documentales realizados aqu\u00ed cada a\u00f1o, en comparaci\u00f3n con los pa\u00edses de nuestro entorno europeo y tambi\u00e9n otras naciones latinoamericanos como Argentina, Chile o Brasil.<\/p>\n<p>El cine en Catalu\u00f1a y en el resto de Espa\u00f1a est\u00e1 muy lejos de reflejar las realidades del colectivo LGBT, y queremos por eso reflexionar con estos j\u00f3venes cinemat\u00f3grafos sobre <b>las v\u00edas para crear un mejor entorno para la creaci\u00f3n de cine LGBT<\/b>.<\/p>\n<\/div><div class=\"accordian fusion-accordian fusion-no-medium-visibility fusion-no-large-visibility\" style=\"--awb-border-size:1px;--awb-icon-size:15px;--awb-content-font-size:18px;--awb-icon-alignment:left;--awb-hover-color:#f9f9fb;--awb-border-color:#e2e2e2;--awb-background-color:#ffffff;--awb-divider-color:#75ffcc;--awb-divider-hover-color:#75ffcc;--awb-icon-color:#ffffff;--awb-title-color:#ba5db2;--awb-content-color:#6d37c4;--awb-icon-box-color:#6d37c1;--awb-toggle-hover-accent-color:#33a8f0;--awb-title-font-family:&quot;Roboto&quot;;--awb-title-font-weight:300;--awb-title-font-style:normal;--awb-title-font-size:25px;--awb-content-font-family:&quot;Roboto&quot;;--awb-content-font-style:normal;--awb-content-font-weight:regular;\"><div class=\"panel-group fusion-toggle-icon-boxed\" id=\"accordion-8493-8\"><div class=\"fusion-panel panel-default panel-c88e3aa7650dbe386 fusion-toggle-no-divider\"><div class=\"panel-heading\"><h4 class=\"panel-title toggle\" id=\"toggle_c88e3aa7650dbe386\"><a aria-expanded=\"false\" aria-controls=\"c88e3aa7650dbe386\" role=\"button\" data-toggle=\"collapse\" data-parent=\"#accordion-8493-8\" data-target=\"#c88e3aa7650dbe386\" href=\"#c88e3aa7650dbe386\"><span class=\"fusion-toggle-icon-wrapper\" aria-hidden=\"true\"><i class=\"fa-fusion-box active-icon awb-icon-minus\" aria-hidden=\"true\"><\/i><i class=\"fa-fusion-box inactive-icon awb-icon-plus\" aria-hidden=\"true\"><\/i><\/span><span class=\"fusion-toggle-heading\">Barcelona es una cantera de cineastas y ...<\/span><\/a><\/h4><\/div><div id=\"c88e3aa7650dbe386\" class=\"panel-collapse collapse \" aria-labelledby=\"toggle_c88e3aa7650dbe386\"><div class=\"panel-body toggle-content fusion-clearfix\">\n<p>&#8230;alguns dels directors i directores que estan fent les propostes actuals m\u00e9s interessants pel que fa al cinema LGBT resideixen a la ciutat comtal.<\/p>\n<p>Proposem una taula rodona amb joves directors amb els quals abordar el present de cinema LGBT, els seus referents i futurs reptes. En la l\u00ednia de la taula rodona organitzada l&#8217;any passat sobre <a href=\"https:\/\/mostrafire.com\/es\/que-es-fire\/ediciones-anteriores\/2020-fire-at-home\/#fire-pro-2020\" target=\"_blank\" rel=\"noopener\">producci\u00f3, distribuci\u00f3 i exhibici\u00f3 de cinema LGBT<\/a>, volem <b>donar veu a nous talents de Catalunya (i Val\u00e8ncia&#8230;)<\/b>, per incidir de nou en la necessitat de dirigir i produir m\u00e9s cinema LGBT a nostre pa\u00eds, donada la molt baixa quantitat de llargmetratges de ficci\u00f3 i documentals realitzats aqu\u00ed cada any, en comparaci\u00f3 amb els pa\u00efsos del nostre entorn europeu i tamb\u00e9 altres nacions llatinoamericanes com Argentina, Xile o el Brasil.<\/p>\n<p>El cinema a Catalunya i a Espanya i a la resta d\u2019Espanya est\u00e0 molt lluny de reflectir les realitats del col\u00b7lectiu LGBT, i volem per aix\u00f2 reflexionar amb aquests joves cinemat\u00f2grafs sobre les <b>vies per crear un millor entorn per a la creaci\u00f3 de cinema LGBT<\/b>.<\/p>\n<\/div><\/div><\/div><\/div><\/div><div class=\"fusion-separator fusion-full-width-sep\" style=\"align-self: center;margin-left: auto;margin-right: auto;margin-top:35px;width:100%;\"><\/div><div class=\"fusion-image-element \" style=\"text-align:center;--awb-margin-top:20px;--awb-margin-bottom:20px;--awb-caption-title-font-family:var(--h2_typography-font-family);--awb-caption-title-font-weight:var(--h2_typography-font-weight);--awb-caption-title-font-style:var(--h2_typography-font-style);--awb-caption-title-size:var(--h2_typography-font-size);--awb-caption-title-transform:var(--h2_typography-text-transform);--awb-caption-title-line-height:var(--h2_typography-line-height);--awb-caption-title-letter-spacing:var(--h2_typography-letter-spacing);\"><span class=\" fusion-imageframe imageframe-none imageframe-15 hover-type-none\"><a class=\"fusion-no-lightbox\" href=\"https:\/\/ajuntament.barcelona.cat\/lgtbi\/ca\/serveis\/centre-lgtbi-de-barcelona\" target=\"_blank\" aria-label=\"Centre LGTBI de Barcelona\" rel=\"noopener noreferrer\"><img decoding=\"async\" width=\"269\" height=\"93\" alt=\"Centre LGBTI de Barcelona\" src=\"https:\/\/mostrafire.com\/wp-content\/uploads\/2020\/08\/centre-lgbti-barcelona-logo.jpg\" data-orig-src=\"https:\/\/mostrafire.com\/wp-content\/uploads\/2020\/08\/centre-lgbti-barcelona-logo.jpg\" class=\"lazyload img-responsive wp-image-1962\" srcset=\"data:image\/svg+xml,%3Csvg%20xmlns%3D%27http%3A%2F%2Fwww.w3.org%2F2000%2Fsvg%27%20width%3D%27269%27%20height%3D%2793%27%20viewBox%3D%270%200%20269%2093%27%3E%3Crect%20width%3D%27269%27%20height%3D%2793%27%20fill-opacity%3D%220%22%2F%3E%3C%2Fsvg%3E\" data-srcset=\"https:\/\/mostrafire.com\/wp-content\/uploads\/2020\/08\/centre-lgbti-barcelona-logo-200x69.jpg 200w, https:\/\/mostrafire.com\/wp-content\/uploads\/2020\/08\/centre-lgbti-barcelona-logo.jpg 269w\" data-sizes=\"auto\" data-orig-sizes=\"(max-width: 900px) 100vw, (max-width: 640px) 100vw, 269px\" \/><\/a><\/span><\/div><div class=\"fusion-text fusion-text-10 fusion-text-no-margin\" style=\"--awb-margin-top:20px;--awb-margin-bottom:20px;\"><p>La mesa redonda, organizada en colaboraci\u00f3n con el Centro LGBTI de Barcelona, tendr\u00e1 lugar el <strong>jueves 17 de junio a las 18h<\/strong>, de manera h\u00edbrida: <strong>presencialmente en el <a href=\"https:\/\/ajuntament.barcelona.cat\/lgtbi\/ca\/serveis\/centre-lgtbi-de-barcelona\/activitats\/taula-rodona-les-noves-veus-del-cinema-lgtbi-catala_99400669216#div-com-arribar\" target=\"_blank\" rel=\"noopener\">Centro LGTBI de Barcelona<\/a> y tambi\u00e9n online, en directo, a su <a href=\"https:\/\/www.youtube.com\/channel\/UCoHXlpDTffH2_a2dUPxfH4w\" target=\"_blank\" rel=\"noopener\">Canal YouTube<\/a><\/strong>.<\/p>\n<p>&gt; Para asistir <strong>presencialmente<\/strong>, es necesario inscribirse previamente en <strong><a href=\"mailto:inscripcions@centrelgtbibcn.org\">inscripcions@centrelgtbibcn.org<\/a><\/strong>, indicando nombre completo, correo y tel\u00e9fono de contacto. Aforo limitado. Direcci\u00f3n: C \/ Comte Borrell, 22.<\/p>\n<p>&gt; Podr\u00e1s asistir <strong>online en directo,<\/strong> <strong>el Jueves 17 de Junio a las 18h<\/strong>:<\/p>\n<p style=\"text-align: center;\"><strong>\u00a0<\/strong><\/p>\n<\/div><div class=\"fusion-video fusion-youtube\" style=\"--awb-max-width:600px;--awb-max-height:360px;\"><div class=\"video-shortcode\"><priv-fac-lite-youtube class=\"fusion-hidden lty-load\" data-privacy-type=\"youtube\" videoid=\"KhXwDhVq9_0\" class=\"landscape\" params=\"wmode=transparent&autoplay=1&amp;enablejsapi=1\" title=\"YouTube video player 1\" data-button-label=\"Play Video\" width=\"600\" height=\"360\" data-thumbnail-size=\"auto\" data-no-cookie=\"on\"><\/priv-fac-lite-youtube><div class=\"fusion-privacy-placeholder\" style=\"width:600px; height:360px;\" data-privacy-type=\"youtube\"><div class=\"fusion-privacy-placeholder-content\"><div class=\"fusion-privacy-label\">Por razones de privacidad YouTube necesita tu permiso para cargarse.<\/div><button data-privacy-type=\"youtube\" class=\"fusion-button button-default fusion-button-default-size button fusion-privacy-consent\">I Accept<\/button><\/div><\/div><\/div><\/div><div class=\"fusion-text fusion-text-11 fusion-text-no-margin\" style=\"--awb-margin-top:20px;--awb-margin-bottom:20px;\"><p style=\"text-align: left;\">M\u00e1s informaci\u00f3n en la <strong><a href=\"https:\/\/ajuntament.barcelona.cat\/lgtbi\/ca\/serveis\/centre-lgtbi-de-barcelona\/activitats\/taula-rodona-les-noves-veus-del-cinema-lgtbi-catala_99400669216#div-com-arribar\" target=\"_blank\" rel=\"noopener\">web del Centro LGTBI de Barcelona<\/a>.<\/strong><\/p>\n<\/div><\/div><\/div><div class=\"fusion-layout-column fusion_builder_column fusion-builder-column-27 fusion_builder_column_2_5 2_5 fusion-flex-column fusion-flex-align-self-flex-start\" style=\"--awb-padding-top:7%;--awb-padding-left-medium:15px;--awb-bg-size:cover;--awb-width-large:40%;--awb-margin-top-large:0px;--awb-spacing-right-large:4.8%;--awb-margin-bottom-large:0px;--awb-spacing-left-large:12%;--awb-width-medium:40%;--awb-order-medium:0;--awb-spacing-right-medium:4.8%;--awb-spacing-left-medium:0%;--awb-width-small:100%;--awb-order-small:0;--awb-spacing-right-small:1.92%;--awb-spacing-left-small:1.92%;\"><div class=\"fusion-column-wrapper fusion-column-has-shadow fusion-flex-justify-content-flex-start fusion-content-layout-column\"><div class=\"fusion-title title fusion-title-13 fusion-no-small-visibility fusion-sep-none fusion-title-text fusion-title-size-three\" style=\"--awb-margin-top:20%;--awb-margin-bottom:5%;--awb-margin-top-small:10px;--awb-margin-right-small:0px;--awb-margin-bottom-small:10px;--awb-margin-left-small:0px;\"><h3 class=\"fusion-title-heading title-heading-left fusion-responsive-typography-calculated\" style=\"margin:0;--fontSize:30;--minFontSize:30;line-height:1.3;\">Ponentes<\/h3><\/div><div class=\"fusion-title title fusion-title-14 fusion-no-medium-visibility fusion-no-large-visibility fusion-sep-none fusion-title-text fusion-title-size-three\" style=\"--awb-margin-top:20%;--awb-margin-bottom:5%;--awb-margin-top-small:10px;--awb-margin-right-small:0px;--awb-margin-bottom-small:10px;--awb-margin-left-small:0px;\"><h3 class=\"fusion-title-heading title-heading-left fusion-responsive-typography-calculated\" style=\"margin:0;--fontSize:30;--minFontSize:30;line-height:1.3;\"><strong>Ponentes<\/strong><\/h3><\/div><div class=\"fusion-separator\" style=\"align-self: flex-start;margin-right:auto;margin-top:4px;margin-bottom:30px;width:100%;max-width:50px;\"><div class=\"fusion-separator-border sep-single\" style=\"--awb-height:20px;--awb-amount:20px;border-color:#75ffcc;border-top-width:4px;\"><\/div><\/div><div class=\"fusion-image-element \" style=\"text-align:left;--awb-margin-bottom:12px;--awb-max-width:180px;--awb-caption-title-font-family:var(--h2_typography-font-family);--awb-caption-title-font-weight:var(--h2_typography-font-weight);--awb-caption-title-font-style:var(--h2_typography-font-style);--awb-caption-title-size:var(--h2_typography-font-size);--awb-caption-title-transform:var(--h2_typography-text-transform);--awb-caption-title-line-height:var(--h2_typography-line-height);--awb-caption-title-letter-spacing:var(--h2_typography-letter-spacing);\"><span class=\" fusion-imageframe imageframe-none imageframe-16 hover-type-none\"><img decoding=\"async\" width=\"420\" height=\"406\" alt=\"Alba Cros Pellis\u00e9\" title=\"Alba Cros Pellis\u00e9\" src=\"https:\/\/mostrafire.com\/wp-content\/uploads\/2021\/05\/Alba-Cros-Pellise-.png\" data-orig-src=\"https:\/\/mostrafire.com\/wp-content\/uploads\/2021\/05\/Alba-Cros-Pellise-.png\" class=\"lazyload img-responsive wp-image-7954\" srcset=\"data:image\/svg+xml,%3Csvg%20xmlns%3D%27http%3A%2F%2Fwww.w3.org%2F2000%2Fsvg%27%20width%3D%27420%27%20height%3D%27406%27%20viewBox%3D%270%200%20420%20406%27%3E%3Crect%20width%3D%27420%27%20height%3D%27406%27%20fill-opacity%3D%220%22%2F%3E%3C%2Fsvg%3E\" data-srcset=\"https:\/\/mostrafire.com\/wp-content\/uploads\/2021\/05\/Alba-Cros-Pellise--200x193.png 200w, https:\/\/mostrafire.com\/wp-content\/uploads\/2021\/05\/Alba-Cros-Pellise--400x387.png 400w, https:\/\/mostrafire.com\/wp-content\/uploads\/2021\/05\/Alba-Cros-Pellise-.png 420w\" data-sizes=\"auto\" data-orig-sizes=\"(max-width: 900px) 100vw, (max-width: 640px) 100vw, 420px\" \/><\/span><\/div><div class=\"accordian fusion-accordian\" style=\"--awb-border-size:1px;--awb-icon-size:15px;--awb-content-font-size:18px;--awb-icon-alignment:left;--awb-hover-color:#f9f9fb;--awb-border-color:#e2e2e2;--awb-background-color:#ffffff;--awb-divider-color:#75ffcc;--awb-divider-hover-color:#75ffcc;--awb-icon-color:#ffffff;--awb-title-color:#ba5db2;--awb-content-color:#6d37c4;--awb-icon-box-color:#6d37c1;--awb-toggle-hover-accent-color:#33a8f0;--awb-title-font-family:&quot;Roboto&quot;;--awb-title-font-weight:300;--awb-title-font-style:normal;--awb-title-font-size:25px;--awb-content-font-family:&quot;Roboto&quot;;--awb-content-font-style:normal;--awb-content-font-weight:regular;\"><div class=\"panel-group fusion-toggle-icon-boxed\" id=\"accordion-8493-9\"><div class=\"fusion-panel panel-default panel-eab40431579fe7b67 fusion-toggle-no-divider\"><div class=\"panel-heading\"><h4 class=\"panel-title toggle\" id=\"toggle_eab40431579fe7b67\"><a aria-expanded=\"false\" aria-controls=\"eab40431579fe7b67\" role=\"button\" data-toggle=\"collapse\" data-parent=\"#accordion-8493-9\" data-target=\"#eab40431579fe7b67\" href=\"#eab40431579fe7b67\"><span class=\"fusion-toggle-icon-wrapper\" aria-hidden=\"true\"><i class=\"fa-fusion-box active-icon awb-icon-minus\" aria-hidden=\"true\"><\/i><i class=\"fa-fusion-box inactive-icon awb-icon-plus\" aria-hidden=\"true\"><\/i><\/span><span class=\"fusion-toggle-heading\">Alba Cros Pellis\u00e9<\/span><\/a><\/h4><\/div><div id=\"eab40431579fe7b67\" class=\"panel-collapse collapse \" aria-labelledby=\"toggle_eab40431579fe7b67\"><div class=\"panel-body toggle-content fusion-clearfix\">\n<p>Puigverd de Lleida, 1991. Despu\u00e9s de estudiar Comunicaci\u00f3n Audiovisual en la UPF, co-dirigi\u00f3 la pel\u00edcula <b><i>Las amigas de \u00c1gata<\/i><\/b> (2015) con Laia Alabart, Laura R\u00edos y Marta Verheyen. Actualmente, est\u00e1 co-dirigiendo con Nora Haddad el documental <b><i>Alteridades\/Otredades<\/i><\/b> sobre identidades lesbianas, producido por Amor &amp; Lujo. Ha dirigido el documental <b><i>Resiliencia<\/i><\/b> (2020) para los Premios Nacionales de Cultura 2020 del CoNCA y el documental <b><i>Descubriendo a Frank Trepax<\/i><\/b> (2021). Tambi\u00e9n ha sido ayudante de direcci\u00f3n en <b><i>Los d\u00edas que vendr\u00e1n<\/i><\/b> (2019) de Carlos Marqu\u00e9s-Marcet. Combina la direcci\u00f3n con el programa pedag\u00f3gico Cinema en Curs de A Bao A Qu y es coordinadora de Acci\u00f3 De Cap de Dones Visuals, programa dise\u00f1ado para las jefas de equipo que encuentran dif\u00edcil acceso a la industria.<\/p>\n<\/div><\/div><\/div><\/div><\/div><div class=\"fusion-image-element \" style=\"text-align:left;--awb-margin-top:20px;--awb-margin-bottom:12px;--awb-max-width:180px;--awb-caption-title-font-family:var(--h2_typography-font-family);--awb-caption-title-font-weight:var(--h2_typography-font-weight);--awb-caption-title-font-style:var(--h2_typography-font-style);--awb-caption-title-size:var(--h2_typography-font-size);--awb-caption-title-transform:var(--h2_typography-text-transform);--awb-caption-title-line-height:var(--h2_typography-line-height);--awb-caption-title-letter-spacing:var(--h2_typography-letter-spacing);\"><span class=\" fusion-imageframe imageframe-none imageframe-17 hover-type-none\"><img decoding=\"async\" width=\"420\" height=\"406\" alt=\"David Moragas\" title=\"David Moragas\" src=\"https:\/\/mostrafire.com\/wp-content\/uploads\/2021\/05\/david-moragas-.png\" data-orig-src=\"https:\/\/mostrafire.com\/wp-content\/uploads\/2021\/05\/david-moragas-.png\" class=\"lazyload img-responsive wp-image-7957\" srcset=\"data:image\/svg+xml,%3Csvg%20xmlns%3D%27http%3A%2F%2Fwww.w3.org%2F2000%2Fsvg%27%20width%3D%27420%27%20height%3D%27406%27%20viewBox%3D%270%200%20420%20406%27%3E%3Crect%20width%3D%27420%27%20height%3D%27406%27%20fill-opacity%3D%220%22%2F%3E%3C%2Fsvg%3E\" data-srcset=\"https:\/\/mostrafire.com\/wp-content\/uploads\/2021\/05\/david-moragas--200x193.png 200w, https:\/\/mostrafire.com\/wp-content\/uploads\/2021\/05\/david-moragas--400x387.png 400w, https:\/\/mostrafire.com\/wp-content\/uploads\/2021\/05\/david-moragas-.png 420w\" data-sizes=\"auto\" data-orig-sizes=\"(max-width: 900px) 100vw, (max-width: 640px) 100vw, 420px\" \/><\/span><\/div><div class=\"accordian fusion-accordian\" style=\"--awb-border-size:1px;--awb-icon-size:15px;--awb-content-font-size:18px;--awb-icon-alignment:left;--awb-hover-color:#f9f9fb;--awb-border-color:#e2e2e2;--awb-background-color:#ffffff;--awb-divider-color:#75ffcc;--awb-divider-hover-color:#75ffcc;--awb-icon-color:#ffffff;--awb-title-color:#ba5db2;--awb-content-color:#6d37c4;--awb-icon-box-color:#6d37c1;--awb-toggle-hover-accent-color:#33a8f0;--awb-title-font-family:&quot;Roboto&quot;;--awb-title-font-weight:300;--awb-title-font-style:normal;--awb-title-font-size:25px;--awb-content-font-family:&quot;Roboto&quot;;--awb-content-font-style:normal;--awb-content-font-weight:regular;\"><div class=\"panel-group fusion-toggle-icon-boxed\" id=\"accordion-8493-10\"><div class=\"fusion-panel panel-default panel-6685b84df61f758eb fusion-toggle-no-divider\"><div class=\"panel-heading\"><h4 class=\"panel-title toggle\" id=\"toggle_6685b84df61f758eb\"><a aria-expanded=\"false\" aria-controls=\"6685b84df61f758eb\" role=\"button\" data-toggle=\"collapse\" data-parent=\"#accordion-8493-10\" data-target=\"#6685b84df61f758eb\" href=\"#6685b84df61f758eb\"><span class=\"fusion-toggle-icon-wrapper\" aria-hidden=\"true\"><i class=\"fa-fusion-box active-icon awb-icon-minus\" aria-hidden=\"true\"><\/i><i class=\"fa-fusion-box inactive-icon awb-icon-plus\" aria-hidden=\"true\"><\/i><\/span><span class=\"fusion-toggle-heading\">David Moragas<\/span><\/a><\/h4><\/div><div id=\"6685b84df61f758eb\" class=\"panel-collapse collapse \" aria-labelledby=\"toggle_6685b84df61f758eb\"><div class=\"panel-body toggle-content fusion-clearfix\">\n<p>Guionista y director. Se gradu\u00f3 en Comunicaci\u00f3n Audiovisual en la UPF y curso un M\u00e1ster de Direcci\u00f3n Cinematogr\u00e1fica en la Tisch School of the Arts de Nueva York, con una beca de la Fundaci\u00f3n Obra Social \u201dLa Caixa\u201d. Dirigi\u00f3 cortometrajes como <b><i>Only Fools Rush In<\/i><\/b> y <b><i>Boyfriend<\/i><\/b>. Su primer largometraje, <b><i>Stormy Night<\/i><\/b> clausuro el festival D&#8217;A y se ha exhibido en multitud de festivales, convirti\u00e9ndose en \u201cla\u201d pel\u00edcula gay independiente espa\u00f1ola del 2020.<\/p>\n<\/div><\/div><\/div><\/div><\/div><div class=\"fusion-image-element \" style=\"text-align:left;--awb-margin-top:20px;--awb-margin-bottom:12px;--awb-max-width:180px;--awb-caption-title-font-family:var(--h2_typography-font-family);--awb-caption-title-font-weight:var(--h2_typography-font-weight);--awb-caption-title-font-style:var(--h2_typography-font-style);--awb-caption-title-size:var(--h2_typography-font-size);--awb-caption-title-transform:var(--h2_typography-text-transform);--awb-caption-title-line-height:var(--h2_typography-line-height);--awb-caption-title-letter-spacing:var(--h2_typography-letter-spacing);\"><span class=\" fusion-imageframe imageframe-none imageframe-18 hover-type-none\"><img decoding=\"async\" width=\"420\" height=\"406\" alt=\"Marc Ferrer\" title=\"Marc Ferrer\" src=\"https:\/\/mostrafire.com\/wp-content\/uploads\/2021\/05\/marc-ferrer-.png\" data-orig-src=\"https:\/\/mostrafire.com\/wp-content\/uploads\/2021\/05\/marc-ferrer-.png\" class=\"lazyload img-responsive wp-image-7948\" srcset=\"data:image\/svg+xml,%3Csvg%20xmlns%3D%27http%3A%2F%2Fwww.w3.org%2F2000%2Fsvg%27%20width%3D%27420%27%20height%3D%27406%27%20viewBox%3D%270%200%20420%20406%27%3E%3Crect%20width%3D%27420%27%20height%3D%27406%27%20fill-opacity%3D%220%22%2F%3E%3C%2Fsvg%3E\" data-srcset=\"https:\/\/mostrafire.com\/wp-content\/uploads\/2021\/05\/marc-ferrer--200x193.png 200w, https:\/\/mostrafire.com\/wp-content\/uploads\/2021\/05\/marc-ferrer--400x387.png 400w, https:\/\/mostrafire.com\/wp-content\/uploads\/2021\/05\/marc-ferrer-.png 420w\" data-sizes=\"auto\" data-orig-sizes=\"(max-width: 900px) 100vw, (max-width: 640px) 100vw, 420px\" \/><\/span><\/div><div class=\"accordian fusion-accordian\" style=\"--awb-border-size:1px;--awb-icon-size:15px;--awb-content-font-size:18px;--awb-icon-alignment:left;--awb-hover-color:#f9f9fb;--awb-border-color:#e2e2e2;--awb-background-color:#ffffff;--awb-divider-color:#75ffcc;--awb-divider-hover-color:#75ffcc;--awb-icon-color:#ffffff;--awb-title-color:#ba5db2;--awb-content-color:#6d37c4;--awb-icon-box-color:#6d37c1;--awb-toggle-hover-accent-color:#33a8f0;--awb-title-font-family:&quot;Roboto&quot;;--awb-title-font-weight:300;--awb-title-font-style:normal;--awb-title-font-size:25px;--awb-content-font-family:&quot;Roboto&quot;;--awb-content-font-style:normal;--awb-content-font-weight:regular;\"><div class=\"panel-group fusion-toggle-icon-boxed\" id=\"accordion-8493-11\"><div class=\"fusion-panel panel-default panel-5331e52f5e4f52211 fusion-toggle-no-divider\"><div class=\"panel-heading\"><h4 class=\"panel-title toggle\" id=\"toggle_5331e52f5e4f52211\"><a aria-expanded=\"false\" aria-controls=\"5331e52f5e4f52211\" role=\"button\" data-toggle=\"collapse\" data-parent=\"#accordion-8493-11\" data-target=\"#5331e52f5e4f52211\" href=\"#5331e52f5e4f52211\"><span class=\"fusion-toggle-icon-wrapper\" aria-hidden=\"true\"><i class=\"fa-fusion-box active-icon awb-icon-minus\" aria-hidden=\"true\"><\/i><i class=\"fa-fusion-box inactive-icon awb-icon-plus\" aria-hidden=\"true\"><\/i><\/span><span class=\"fusion-toggle-heading\">Marc Ferrer<\/span><\/a><\/h4><\/div><div id=\"5331e52f5e4f52211\" class=\"panel-collapse collapse \" aria-labelledby=\"toggle_5331e52f5e4f52211\"><div class=\"panel-body toggle-content fusion-clearfix\">\n<p>Graduado en Comunicaci\u00f3n Audiovisual en la UPF, ha dirigido varios cortometrajes, entre ellos <b><i>Los \u00faltimos rom\u00e1nticos<\/i><\/b>. Tambi\u00e9n ha realizado varios videoclips para los grupos Papa Topo, La Prohibida y Luis Migu\u00e9lez. Cineasta underground de referencia de Barcelona, debut\u00f3 en el largo con <b><i>Nos parec\u00eda importante<\/i><\/b>, estrenado en el D\u2019A. Posteriormente ha dirigido dos largometrajes m\u00e1s: <b><i>La maldita primavera<\/i><\/b> y <b><i>Puta y amada<\/i><\/b>. Est\u00e1 a punto de estrenar su siguiente pel\u00edcula, <b><i>\u00a1Corten!<\/i><\/b><\/p>\n<\/div><\/div><\/div><\/div><\/div><div class=\"fusion-image-element \" style=\"text-align:left;--awb-margin-top:20px;--awb-margin-bottom:12px;--awb-max-width:180px;--awb-caption-title-font-family:var(--h2_typography-font-family);--awb-caption-title-font-weight:var(--h2_typography-font-weight);--awb-caption-title-font-style:var(--h2_typography-font-style);--awb-caption-title-size:var(--h2_typography-font-size);--awb-caption-title-transform:var(--h2_typography-text-transform);--awb-caption-title-line-height:var(--h2_typography-line-height);--awb-caption-title-letter-spacing:var(--h2_typography-letter-spacing);\"><span class=\" fusion-imageframe imageframe-none imageframe-19 hover-type-none\"><img decoding=\"async\" width=\"420\" height=\"406\" alt=\"Ruth Caudeli\" title=\"Ruth Caudeli\" src=\"https:\/\/mostrafire.com\/wp-content\/uploads\/2021\/05\/Ruth-Caudeli-.png\" data-orig-src=\"https:\/\/mostrafire.com\/wp-content\/uploads\/2021\/05\/Ruth-Caudeli-.png\" class=\"lazyload img-responsive wp-image-7951\" srcset=\"data:image\/svg+xml,%3Csvg%20xmlns%3D%27http%3A%2F%2Fwww.w3.org%2F2000%2Fsvg%27%20width%3D%27420%27%20height%3D%27406%27%20viewBox%3D%270%200%20420%20406%27%3E%3Crect%20width%3D%27420%27%20height%3D%27406%27%20fill-opacity%3D%220%22%2F%3E%3C%2Fsvg%3E\" data-srcset=\"https:\/\/mostrafire.com\/wp-content\/uploads\/2021\/05\/Ruth-Caudeli--200x193.png 200w, https:\/\/mostrafire.com\/wp-content\/uploads\/2021\/05\/Ruth-Caudeli--400x387.png 400w, https:\/\/mostrafire.com\/wp-content\/uploads\/2021\/05\/Ruth-Caudeli-.png 420w\" data-sizes=\"auto\" data-orig-sizes=\"(max-width: 900px) 100vw, (max-width: 640px) 100vw, 420px\" \/><\/span><\/div><div class=\"accordian fusion-accordian\" style=\"--awb-border-size:1px;--awb-icon-size:15px;--awb-content-font-size:18px;--awb-icon-alignment:left;--awb-hover-color:#f9f9fb;--awb-border-color:#e2e2e2;--awb-background-color:#ffffff;--awb-divider-color:#75ffcc;--awb-divider-hover-color:#75ffcc;--awb-icon-color:#ffffff;--awb-title-color:#ba5db2;--awb-content-color:#6d37c4;--awb-icon-box-color:#6d37c1;--awb-toggle-hover-accent-color:#33a8f0;--awb-title-font-family:&quot;Roboto&quot;;--awb-title-font-weight:300;--awb-title-font-style:normal;--awb-title-font-size:25px;--awb-content-font-family:&quot;Roboto&quot;;--awb-content-font-style:normal;--awb-content-font-weight:regular;\"><div class=\"panel-group fusion-toggle-icon-boxed\" id=\"accordion-8493-12\"><div class=\"fusion-panel panel-default panel-b63d6bc2ac1f2f103 fusion-toggle-no-divider\"><div class=\"panel-heading\"><h4 class=\"panel-title toggle\" id=\"toggle_b63d6bc2ac1f2f103\"><a aria-expanded=\"false\" aria-controls=\"b63d6bc2ac1f2f103\" role=\"button\" data-toggle=\"collapse\" data-parent=\"#accordion-8493-12\" data-target=\"#b63d6bc2ac1f2f103\" href=\"#b63d6bc2ac1f2f103\"><span class=\"fusion-toggle-icon-wrapper\" aria-hidden=\"true\"><i class=\"fa-fusion-box active-icon awb-icon-minus\" aria-hidden=\"true\"><\/i><i class=\"fa-fusion-box inactive-icon awb-icon-plus\" aria-hidden=\"true\"><\/i><\/span><span class=\"fusion-toggle-heading\">Ruth Caudeli<\/span><\/a><\/h4><\/div><div id=\"b63d6bc2ac1f2f103\" class=\"panel-collapse collapse \" aria-labelledby=\"toggle_b63d6bc2ac1f2f103\"><div class=\"panel-body toggle-content fusion-clearfix\">\n<p>Nacida en Valencia, tiene un M\u00e1ster en Direcci\u00f3n Cinematogr\u00e1fica (ESCAC) y otro en ficci\u00f3n para televisi\u00f3n (UPF). Estudi\u00f3 comunicaci\u00f3n audiovisual en la UPV, donde obtuvo el premio de final de carrera. Ha escrito y dirigido los largometrajes <b><i>\u00bfC\u00f3mo te llamas? (Eva + Candela)<\/i><\/b> (2017), <b><i>Segunda estrella a la derecha<\/i><\/b> (2019) y <b><i>Leading Ladies<\/i><\/b> (2021), que se han estrenado en festivales internacionales. Ha dirigido varios cortometrajes como <b><i>Late<\/i><\/b> (2010), <b><i>Porque no<\/i><\/b> (2016), <b><i>Entre paredes<\/i><\/b> (2017), <b><i>Eva menos Candela<\/i><\/b> (2018) y <b><i>Ad\u00e9u\/Adi\u00f3s<\/i><\/b> (2020), premiados en festivales internacionales. Ha dirigido la serie <b><i>Natalia: Crimen y Castigo<\/i><\/b> y se encuentra dirigiendo una nueva producci\u00f3n para Netflix. Dirigi\u00f3 comerciales para marcas reconocidas en la productora Ovella Blava Films. Es colaboradora de publicaciones como Kinetoscopio y es profesora de cine y televisi\u00f3n. Se encuentra en pre producci\u00f3n de su cuarta pel\u00edcula, <b><i>Petit mal<\/i><\/b>.<\/p>\n<\/div><\/div><\/div><\/div><\/div><div class=\"fusion-separator fusion-no-medium-visibility\" style=\"align-self: flex-start;margin-right:auto;margin-top:23px;margin-bottom:18px;width:100%;max-width:50px;\"><div class=\"fusion-separator-border sep-single\" style=\"--awb-height:20px;--awb-amount:20px;border-color:#75ffcc;border-top-width:4px;\"><\/div><\/div><div class=\"fusion-title title fusion-title-15 fusion-sep-none fusion-title-text fusion-title-size-three\" style=\"--awb-margin-bottom:20px;--awb-margin-top-small:10px;--awb-margin-right-small:0px;--awb-margin-bottom-small:10px;--awb-margin-left-small:0px;--awb-font-size:17px;\"><h3 class=\"fusion-title-heading title-heading-left fusion-responsive-typography-calculated\" style=\"margin:0;font-size:1em;--fontSize:17;--minFontSize:17;line-height:1.71;\">Mesa redonda moderada por <a href=\"\/?page_id=2056\" data-mce-href=\"https:\/\/mostrafire.com\/es\/que-es-fire\/equipo-fire\/\"><strong>ANTOINE LEONETTI<\/strong><\/a>, director de la Mostra FIRE!!<\/h3><\/div><\/div><\/div><\/div><\/div><\/div><div id=\"encuentros-directores\" class=\"fusion-container-anchor\"><div class=\"fusion-fullwidth fullwidth-box fusion-builder-row-9 fusion-flex-container nonhundred-percent-fullwidth non-hundred-percent-height-scrolling\" style=\"--awb-border-radius-top-left:0px;--awb-border-radius-top-right:0px;--awb-border-radius-bottom-right:0px;--awb-border-radius-bottom-left:0px;--awb-padding-top:5%;--awb-flex-wrap:wrap;\" ><div class=\"fusion-builder-row fusion-row fusion-flex-align-items-flex-start fusion-flex-content-wrap\" style=\"max-width:1248px;margin-left: calc(-4% \/ 2 );margin-right: calc(-4% \/ 2 );\"><div class=\"fusion-layout-column fusion_builder_column fusion-builder-column-28 fusion_builder_column_1_1 1_1 fusion-flex-column\" style=\"--awb-padding-top:70px;--awb-padding-bottom:70px;--awb-bg-image:linear-gradient(239deg, #75ffcc 16%,#6d37c4 89%);--awb-bg-size:cover;--awb-width-large:100%;--awb-margin-top-large:0px;--awb-spacing-right-large:1.92%;--awb-margin-bottom-large:4%;--awb-spacing-left-large:1.92%;--awb-width-medium:100%;--awb-order-medium:0;--awb-spacing-right-medium:1.92%;--awb-spacing-left-medium:1.92%;--awb-width-small:100%;--awb-order-small:0;--awb-spacing-right-small:1.92%;--awb-margin-bottom-small:30px;--awb-spacing-left-small:1.92%;\"><div class=\"fusion-column-wrapper fusion-column-has-shadow fusion-flex-justify-content-center fusion-content-layout-column\"><div class=\"fusion-title title fusion-title-16 fusion-sep-none fusion-title-center fusion-title-text fusion-title-size-two\" style=\"--awb-text-color:#ffffff;--awb-margin-top-small:10px;--awb-margin-right-small:0px;--awb-margin-bottom-small:10px;--awb-margin-left-small:0px;\"><h2 class=\"fusion-title-heading title-heading-center fusion-responsive-typography-calculated\" style=\"margin:0;--fontSize:40;line-height:1.2;\">Encuentros con directores<\/h2><\/div><\/div><\/div><div class=\"fusion-layout-column fusion_builder_column fusion-builder-column-29 fusion_builder_column_1_3 1_3 fusion-flex-column\" style=\"--awb-bg-size:cover;--awb-width-large:33.333333333333%;--awb-margin-top-large:0px;--awb-spacing-right-large:5.76%;--awb-margin-bottom-large:20px;--awb-spacing-left-large:5.76%;--awb-width-medium:33.333333333333%;--awb-order-medium:0;--awb-spacing-right-medium:5.76%;--awb-spacing-left-medium:5.76%;--awb-width-small:100%;--awb-order-small:0;--awb-spacing-right-small:1.92%;--awb-spacing-left-small:1.92%;\"><div class=\"fusion-column-wrapper fusion-column-has-shadow fusion-flex-justify-content-flex-start fusion-content-layout-column\"><a class=\"awb-lightbox awb-lightbox-1 video-entrevista\" href=\"https:\/\/youtu.be\/J0GPgK9ReSg\" data-rel=\"iLightbox\"><img class=\"lazyload\" decoding=\"async\" src=\"data:image\/svg+xml,%3Csvg%20xmlns%3D%27http%3A%2F%2Fwww.w3.org%2F2000%2Fsvg%27%20width%3D%271005%27%20height%3D%27534%27%20viewBox%3D%270%200%201005%20534%27%3E%3Crect%20width%3D%271005%27%20height%3D%27534%27%20fill-opacity%3D%220%22%2F%3E%3C%2Fsvg%3E\" data-orig-src=\"https:\/\/mostrafire.com\/wp-content\/uploads\/2021\/05\/sedimentos-adrian-silvestre-entrevista-youtube_thumb-pc.jpg\"><\/a><div class=\"fusion-text fusion-text-12\" style=\"--awb-content-alignment:left;--awb-margin-top:20px;\"><p>Encuentro con<strong> Adri\u00e1n Silvestre<\/strong>, director de <a href=\"https:\/\/mostrafire.com\/es\/pelicula\/sedimentos\/\"><em><strong>Sedimentos<\/strong><\/em><\/a><\/p>\n<\/div><\/div><\/div><div class=\"fusion-layout-column fusion_builder_column fusion-builder-column-30 fusion_builder_column_1_3 1_3 fusion-flex-column\" style=\"--awb-bg-size:cover;--awb-width-large:33.333333333333%;--awb-margin-top-large:0px;--awb-spacing-right-large:5.76%;--awb-margin-bottom-large:20px;--awb-spacing-left-large:5.76%;--awb-width-medium:33.333333333333%;--awb-order-medium:0;--awb-spacing-right-medium:5.76%;--awb-spacing-left-medium:5.76%;--awb-width-small:100%;--awb-order-small:0;--awb-spacing-right-small:1.92%;--awb-spacing-left-small:1.92%;\"><div class=\"fusion-column-wrapper fusion-column-has-shadow fusion-flex-justify-content-flex-start fusion-content-layout-column\"><a class=\"awb-lightbox awb-lightbox-2 video-entrevista\" href=\"https:\/\/youtu.be\/EFlGbw3BIdc\" data-rel=\"iLightbox\"><img class=\"lazyload\" decoding=\"async\" src=\"data:image\/svg+xml,%3Csvg%20xmlns%3D%27http%3A%2F%2Fwww.w3.org%2F2000%2Fsvg%27%20width%3D%271005%27%20height%3D%27534%27%20viewBox%3D%270%200%201005%20534%27%3E%3Crect%20width%3D%271005%27%20height%3D%27534%27%20fill-opacity%3D%220%22%2F%3E%3C%2Fsvg%3E\" data-orig-src=\"https:\/\/mostrafire.com\/wp-content\/uploads\/2021\/05\/los-ultimos-recuerdos-de-abril-nancy-cruzentrevista-fire-pro_thumb-pc.jpg\" alt=\"Encuentro con Nancy Cruz, directora de Los \u00faltimos recuerdos de Abril\"><\/a><div class=\"fusion-text fusion-text-13\" style=\"--awb-content-alignment:left;--awb-margin-top:20px;\"><p>Encuentro con <strong>Nancy Cruz<\/strong>, directora de <a href=\"https:\/\/mostrafire.com\/es\/pelicula\/los-ultimos-recuerdos-de-abril\/\"><strong><em>Los \u00faltimos recuerdos de Abril<\/em><\/strong><\/a><\/p>\n<\/div><\/div><\/div><div class=\"fusion-layout-column fusion_builder_column fusion-builder-column-31 fusion_builder_column_1_3 1_3 fusion-flex-column\" style=\"--awb-bg-size:cover;--awb-width-large:33.333333333333%;--awb-margin-top-large:0px;--awb-spacing-right-large:5.76%;--awb-margin-bottom-large:20px;--awb-spacing-left-large:5.76%;--awb-width-medium:33.333333333333%;--awb-order-medium:0;--awb-spacing-right-medium:5.76%;--awb-spacing-left-medium:5.76%;--awb-width-small:100%;--awb-order-small:0;--awb-spacing-right-small:1.92%;--awb-spacing-left-small:1.92%;\"><div class=\"fusion-column-wrapper fusion-column-has-shadow fusion-flex-justify-content-flex-start fusion-content-layout-column\"><a class=\"awb-lightbox awb-lightbox-3 video-entrevista\" href=\"https:\/\/youtu.be\/C9CtdCnETR0\" data-rel=\"iLightbox\"><img class=\"lazyload\" decoding=\"async\" src=\"data:image\/svg+xml,%3Csvg%20xmlns%3D%27http%3A%2F%2Fwww.w3.org%2F2000%2Fsvg%27%20width%3D%271005%27%20height%3D%27534%27%20viewBox%3D%270%200%201005%20534%27%3E%3Crect%20width%3D%271005%27%20height%3D%27534%27%20fill-opacity%3D%220%22%2F%3E%3C%2Fsvg%3E\" data-orig-src=\"https:\/\/mostrafire.com\/wp-content\/uploads\/2021\/05\/privilegiada-alex-de-la-croix-entrevista-fire-pro_thumb-pc.jpg\" alt=\"Encuentro con Alex De La Croix, directora de Privilegiada\"><\/a><div class=\"fusion-text fusion-text-14\" style=\"--awb-content-alignment:left;--awb-margin-top:20px;\"><p>Encuentro con <strong>Alex De La Croix<\/strong>, directora de <em><strong><a href=\"https:\/\/mostrafire.com\/es\/pelicula\/privilegiada\/\">Privilegiada<\/a><\/strong><\/em><\/p>\n<\/div><\/div><\/div><div class=\"fusion-layout-column fusion_builder_column fusion-builder-column-32 fusion_builder_column_1_3 1_3 fusion-flex-column\" style=\"--awb-bg-size:cover;--awb-width-large:33.333333333333%;--awb-margin-top-large:0px;--awb-spacing-right-large:5.76%;--awb-margin-bottom-large:20px;--awb-spacing-left-large:5.76%;--awb-width-medium:33.333333333333%;--awb-order-medium:0;--awb-spacing-right-medium:5.76%;--awb-spacing-left-medium:5.76%;--awb-width-small:100%;--awb-order-small:0;--awb-spacing-right-small:1.92%;--awb-spacing-left-small:1.92%;\"><div class=\"fusion-column-wrapper fusion-column-has-shadow fusion-flex-justify-content-flex-start fusion-content-layout-column\"><a class=\"awb-lightbox awb-lightbox-4 video-entrevista\" href=\"https:\/\/youtu.be\/2pFSWUtNYVg\" data-rel=\"iLightbox\"><img class=\"lazyload\" decoding=\"async\" src=\"data:image\/svg+xml,%3Csvg%20xmlns%3D%27http%3A%2F%2Fwww.w3.org%2F2000%2Fsvg%27%20width%3D%271005%27%20height%3D%27534%27%20viewBox%3D%270%200%201005%20534%27%3E%3Crect%20width%3D%271005%27%20height%3D%27534%27%20fill-opacity%3D%220%22%2F%3E%3C%2Fsvg%3E\" data-orig-src=\"https:\/\/mostrafire.com\/wp-content\/uploads\/2021\/05\/in-a-strange-room-emilio-lopez-entrevista-fire-pro_thumb-pc.jpg\" alt=\"Encuentro con Emilio J. L\u00f3pez, director de In a Strange Room\"><\/a><div class=\"fusion-text fusion-text-15\" style=\"--awb-content-alignment:left;--awb-margin-top:20px;\"><p>Encuentro con <strong>Emilio J. L\u00f3pez<\/strong>, director de <a href=\"https:\/\/mostrafire.com\/es\/pelicula\/in-a-strange-room\/\" data-mce-href=\"https:\/\/mostrafire.com\/es\/pelicula\/in-a-strange-room\/\"><em><strong>In a Strange Room<\/strong><\/em><\/a><br data-mce-bogus=\"1\"><\/p>\n<\/div><\/div><\/div><div class=\"fusion-layout-column fusion_builder_column fusion-builder-column-33 fusion_builder_column_1_3 1_3 fusion-flex-column\" style=\"--awb-bg-size:cover;--awb-width-large:33.333333333333%;--awb-margin-top-large:0px;--awb-spacing-right-large:5.76%;--awb-margin-bottom-large:20px;--awb-spacing-left-large:5.76%;--awb-width-medium:33.333333333333%;--awb-order-medium:0;--awb-spacing-right-medium:5.76%;--awb-spacing-left-medium:5.76%;--awb-width-small:100%;--awb-order-small:0;--awb-spacing-right-small:1.92%;--awb-spacing-left-small:1.92%;\"><div class=\"fusion-column-wrapper fusion-column-has-shadow fusion-flex-justify-content-flex-start fusion-content-layout-column\"><a class=\"awb-lightbox awb-lightbox-5 video-entrevista\" href=\"https:\/\/youtu.be\/O74iL8I1qDs\" data-rel=\"iLightbox\"><img class=\"lazyload\" decoding=\"async\" src=\"data:image\/svg+xml,%3Csvg%20xmlns%3D%27http%3A%2F%2Fwww.w3.org%2F2000%2Fsvg%27%20width%3D%271005%27%20height%3D%27534%27%20viewBox%3D%270%200%201005%20534%27%3E%3Crect%20width%3D%271005%27%20height%3D%27534%27%20fill-opacity%3D%220%22%2F%3E%3C%2Fsvg%3E\" data-orig-src=\"https:\/\/mostrafire.com\/wp-content\/uploads\/2021\/05\/tengo-miedo-torero-rodrigo-sepulveda-entrevista-youtube_thumb-pc.jpg\" alt=\"Encuentro con Rodrigo Sep\u00falveda director de Tengo miedo torero\"><\/a><div class=\"fusion-text fusion-text-16\" style=\"--awb-content-alignment:left;--awb-margin-top:20px;\"><p>Encuentro con <strong>Rodrigo Sep\u00falveda<\/strong> director de \u00ab<a href=\"https:\/\/mostrafire.com\/es\/pelicula\/tengo-miedo-torero\/\"><strong><em>Tengo Miedo Torero<\/em><\/strong><\/a>\u00bb<\/p>\n<\/div><\/div><\/div><div class=\"fusion-layout-column fusion_builder_column fusion-builder-column-34 fusion_builder_column_1_3 1_3 fusion-flex-column\" style=\"--awb-bg-size:cover;--awb-width-large:33.333333333333%;--awb-margin-top-large:0px;--awb-spacing-right-large:5.76%;--awb-margin-bottom-large:20px;--awb-spacing-left-large:5.76%;--awb-width-medium:33.333333333333%;--awb-order-medium:0;--awb-spacing-right-medium:5.76%;--awb-spacing-left-medium:5.76%;--awb-width-small:100%;--awb-order-small:0;--awb-spacing-right-small:1.92%;--awb-spacing-left-small:1.92%;\"><div class=\"fusion-column-wrapper fusion-column-has-shadow fusion-flex-justify-content-flex-start fusion-content-layout-column\"><a class=\"awb-lightbox awb-lightbox-6 video-entrevista\" href=\"https:\/\/youtu.be\/tSLxaNb7Vu0\" data-rel=\"iLightbox\"><img class=\"lazyload\" decoding=\"async\" src=\"data:image\/svg+xml,%3Csvg%20xmlns%3D%27http%3A%2F%2Fwww.w3.org%2F2000%2Fsvg%27%20width%3D%271005%27%20height%3D%27534%27%20viewBox%3D%270%200%201005%20534%27%3E%3Crect%20width%3D%271005%27%20height%3D%27534%27%20fill-opacity%3D%220%22%2F%3E%3C%2Fsvg%3E\" data-orig-src=\"https:\/\/mostrafire.com\/wp-content\/uploads\/2021\/05\/beyto-gitta-gsell-entrevista-youtube_thumb-pc.jpg\"><\/a><div class=\"fusion-text fusion-text-17\" style=\"--awb-content-alignment:left;--awb-margin-top:20px;\"><p>Encuentro con <strong>Gitta Gsell<\/strong> directora de \u00ab<a href=\"https:\/\/mostrafire.com\/es\/pelicula\/beyto\/\"><em><strong>Beyto<\/strong><\/em><\/a>\u00bb<\/p>\n<\/div><\/div><\/div><div class=\"fusion-layout-column fusion_builder_column fusion-builder-column-35 fusion_builder_column_1_3 1_3 fusion-flex-column\" style=\"--awb-bg-size:cover;--awb-width-large:33.333333333333%;--awb-margin-top-large:0px;--awb-spacing-right-large:5.76%;--awb-margin-bottom-large:20px;--awb-spacing-left-large:5.76%;--awb-width-medium:33.333333333333%;--awb-order-medium:0;--awb-spacing-right-medium:5.76%;--awb-spacing-left-medium:5.76%;--awb-width-small:100%;--awb-order-small:0;--awb-spacing-right-small:1.92%;--awb-spacing-left-small:1.92%;\"><div class=\"fusion-column-wrapper fusion-column-has-shadow fusion-flex-justify-content-flex-start fusion-content-layout-column\"><a class=\"awb-lightbox awb-lightbox-7 video-entrevista\" href=\"https:\/\/youtu.be\/xDvyyyE8IH0\" data-rel=\"iLightbox\"><img class=\"lazyload\" decoding=\"async\" src=\"data:image\/svg+xml,%3Csvg%20xmlns%3D%27http%3A%2F%2Fwww.w3.org%2F2000%2Fsvg%27%20width%3D%271005%27%20height%3D%27534%27%20viewBox%3D%270%200%201005%20534%27%3E%3Crect%20width%3D%271005%27%20height%3D%27534%27%20fill-opacity%3D%220%22%2F%3E%3C%2Fsvg%3E\" data-orig-src=\"https:\/\/mostrafire.com\/wp-content\/uploads\/2021\/06\/daniel-toledo-victoria-entrevista-youtube_thumb-pc.jpg\"><\/a><div class=\"fusion-text fusion-text-18\" style=\"--awb-content-alignment:left;--awb-margin-top:20px;\"><p>Encuentro con<em><strong> Daniel Toledo<\/strong><\/em> director de \u00ab<a href=\"https:\/\/mostrafire.com\/es\/pelicula\/victoria\/\"><em><strong>Victoria<\/strong><\/em><\/a>\u00bb<\/p>\n<\/div><\/div><\/div><div class=\"fusion-layout-column fusion_builder_column fusion-builder-column-36 fusion_builder_column_1_3 1_3 fusion-flex-column\" style=\"--awb-bg-size:cover;--awb-width-large:33.333333333333%;--awb-margin-top-large:0px;--awb-spacing-right-large:5.76%;--awb-margin-bottom-large:20px;--awb-spacing-left-large:5.76%;--awb-width-medium:33.333333333333%;--awb-order-medium:0;--awb-spacing-right-medium:5.76%;--awb-spacing-left-medium:5.76%;--awb-width-small:100%;--awb-order-small:0;--awb-spacing-right-small:1.92%;--awb-spacing-left-small:1.92%;\"><div class=\"fusion-column-wrapper fusion-column-has-shadow fusion-flex-justify-content-flex-start fusion-content-layout-column\"><a class=\"awb-lightbox awb-lightbox-8 video-entrevista\" href=\"https:\/\/youtu.be\/uGxuPdYGe58\" data-rel=\"iLightbox\"><img class=\"lazyload\" decoding=\"async\" src=\"data:image\/svg+xml,%3Csvg%20xmlns%3D%27http%3A%2F%2Fwww.w3.org%2F2000%2Fsvg%27%20width%3D%271005%27%20height%3D%27534%27%20viewBox%3D%270%200%201005%20534%27%3E%3Crect%20width%3D%271005%27%20height%3D%27534%27%20fill-opacity%3D%220%22%2F%3E%3C%2Fsvg%3E\" data-orig-src=\"https:\/\/mostrafire.com\/wp-content\/uploads\/2021\/06\/ruth-caudeli-leading-ladies-entrevista-youtube_thumb-pc_thumb-pc-.jpg\"><\/a><div class=\"fusion-text fusion-text-19\" style=\"--awb-content-alignment:left;--awb-margin-top:20px;\"><p>Encuentro con<em><strong> Ruth Caudeli<\/strong><\/em> directora de \u00ab<a href=\"https:\/\/mostrafire.com\/es\/pelicula\/leading-ladies\/\"><em><strong>Leading ladies<\/strong><\/em><\/a>\u00bb<\/p>\n<\/div><\/div><\/div><\/div><\/div><\/div><div id=\"source-list\" class=\"fusion-container-anchor\"><div class=\"fusion-fullwidth fullwidth-box fusion-builder-row-10 fusion-flex-container nonhundred-percent-fullwidth non-hundred-percent-height-scrolling\" style=\"--awb-border-radius-top-left:0px;--awb-border-radius-top-right:0px;--awb-border-radius-bottom-right:0px;--awb-border-radius-bottom-left:0px;--awb-padding-top:5%;--awb-flex-wrap:wrap;\" ><div class=\"fusion-builder-row fusion-row fusion-flex-align-items-flex-start fusion-flex-content-wrap\" style=\"max-width:1248px;margin-left: calc(-4% \/ 2 );margin-right: calc(-4% \/ 2 );\"><div class=\"fusion-layout-column fusion_builder_column fusion-builder-column-37 fusion_builder_column_2_5 2_5 fusion-flex-column\" style=\"--awb-padding-top:70px;--awb-padding-bottom:70px;--awb-bg-image:linear-gradient(239deg, #75ffcc 16%,#6d37c4 89%);--awb-bg-size:cover;--awb-width-large:40%;--awb-margin-top-large:0px;--awb-spacing-right-large:4.8%;--awb-margin-bottom-large:4%;--awb-spacing-left-large:4.8%;--awb-width-medium:60%;--awb-order-medium:0;--awb-spacing-right-medium:3.2%;--awb-spacing-left-medium:3.2%;--awb-width-small:100%;--awb-order-small:0;--awb-spacing-right-small:1.92%;--awb-spacing-left-small:1.92%;\"><div class=\"fusion-column-wrapper fusion-column-has-shadow fusion-flex-justify-content-center fusion-content-layout-column\"><div class=\"fusion-title title fusion-title-17 fusion-sep-none fusion-title-center fusion-title-text fusion-title-size-two\" style=\"--awb-text-color:#ffffff;--awb-margin-top-small:10px;--awb-margin-right-small:0px;--awb-margin-bottom-small:10px;--awb-margin-left-small:0px;\"><h2 class=\"fusion-title-heading title-heading-center fusion-responsive-typography-calculated\" style=\"margin:0;--fontSize:40;line-height:1.2;\">Source list 2021<\/h2><\/div><\/div><\/div><div class=\"fusion-layout-column fusion_builder_column fusion-builder-column-38 fusion_builder_column_3_5 3_5 fusion-flex-column fusion-flex-align-self-flex-start\" style=\"--awb-padding-top:15px;--awb-bg-size:cover;--awb-width-large:60%;--awb-margin-top-large:0px;--awb-spacing-right-large:3.2%;--awb-margin-bottom-large:0px;--awb-spacing-left-large:8%;--awb-width-medium:40%;--awb-order-medium:0;--awb-spacing-right-medium:4.8%;--awb-spacing-left-medium:0%;--awb-width-small:100%;--awb-order-small:0;--awb-spacing-right-small:1.92%;--awb-spacing-left-small:1.92%;\"><div class=\"fusion-column-wrapper fusion-column-has-shadow fusion-flex-justify-content-flex-start fusion-content-layout-column\"><div class=\"fusion-text fusion-text-20\"><p>Los profesionales de la distribuci\u00f3n y de la programaci\u00f3n encontrar\u00e1n aqu\u00ed nuestra Source List, con los contactos de las distribuidoras de todas las pel\u00edculas programadas, tanto los largometrajes como los documentales y los cortometrajes.<\/p>\n<\/div><div class=\"sm-text-align-center\" style=\"text-align:left;\"><a class=\"fusion-button button-flat button-xlarge button-default fusion-button-default button-4 fusion-button-span-no fusion-button-default-type\" style=\"--awb-margin-top:15px;\" target=\"_blank\" rel=\"noopener noreferrer\" href=\"https:\/\/mostrafire.com\/wp-content\/uploads\/2021\/06\/SOURCE-LIST-FIRE-2021.pdf\"><i class=\"fa-list-alt far awb-button__icon awb-button__icon--default button-icon-left\" aria-hidden=\"true\"><\/i><span class=\"fusion-button-text awb-button__text awb-button__text--default\">Descargar<\/span><\/a><\/div><\/div><\/div><\/div><\/div><\/div><\/p>\n","protected":false},"excerpt":{"rendered":"","protected":false},"author":1,"featured_media":0,"parent":2435,"menu_order":20,"comment_status":"closed","ping_status":"closed","template":"100-width.php","meta":{"footnotes":""},"class_list":["post-12301","page","type-page","status-publish","format-standard","hentry"],"yoast_head":"<!-- This site is optimized with the Yoast SEO plugin v27.4 - https:\/\/yoast.com\/product\/yoast-seo-wordpress\/ -->\n<title>FIRE!! Muestra Internacional de Cine LGTBI de Barcelona - 25 A\u00f1os quemando armarios \u2013 2021<\/title>\n<meta name=\"description\" content=\"Cine LGTBI - Proyecci\u00f3n de largometrajes, documentales, cortometrajes y actividades presenciales y en Filmin.\" \/>\n<meta name=\"robots\" content=\"index, follow, max-snippet:-1, max-image-preview:large, max-video-preview:-1\" \/>\n<link rel=\"canonical\" href=\"https:\/\/mostrafire.com\/es\/que-es-fire\/ediciones-anteriores\/2021-25-anos-quemando-armarios\/\" \/>\n<meta property=\"og:locale\" content=\"es_ES\" \/>\n<meta property=\"og:type\" content=\"article\" \/>\n<meta property=\"og:title\" content=\"FIRE!! Muestra Internacional de Cine LGTBI de Barcelona - 25 A\u00f1os quemando armarios \u2013 2021\" \/>\n<meta property=\"og:description\" content=\"Cine LGTBI - Proyecci\u00f3n de largometrajes, documentales, cortometrajes y actividades presenciales y en Filmin.\" \/>\n<meta property=\"og:url\" content=\"https:\/\/mostrafire.com\/es\/que-es-fire\/ediciones-anteriores\/2021-25-anos-quemando-armarios\/\" \/>\n<meta property=\"og:site_name\" content=\"Mostra FIRE!!\" \/>\n<meta property=\"article:publisher\" content=\"https:\/\/www.facebook.com\/MostraFire\" \/>\n<meta property=\"article:modified_time\" content=\"2022-02-12T14:22:00+00:00\" \/>\n<meta property=\"og:image\" content=\"https:\/\/mostrafire.com\/wp-content\/uploads\/2021\/05\/sedimentos-adrian-silvestre-entrevista-youtube_thumb-pc.jpg\" \/>\n<meta name=\"twitter:card\" content=\"summary_large_image\" \/>\n<meta name=\"twitter:site\" content=\"@mostraFire\" \/>\n<meta name=\"twitter:label1\" content=\"Tiempo de lectura\" \/>\n\t<meta name=\"twitter:data1\" content=\"51 minutos\" \/>\n<script type=\"application\/ld+json\" class=\"yoast-schema-graph\">{\"@context\":\"https:\\\/\\\/schema.org\",\"@graph\":[{\"@type\":\"WebPage\",\"@id\":\"https:\\\/\\\/mostrafire.com\\\/es\\\/que-es-fire\\\/ediciones-anteriores\\\/2021-25-anos-quemando-armarios\\\/\",\"url\":\"https:\\\/\\\/mostrafire.com\\\/es\\\/que-es-fire\\\/ediciones-anteriores\\\/2021-25-anos-quemando-armarios\\\/\",\"name\":\"FIRE!! Muestra Internacional de Cine LGTBI de Barcelona - 25 A\u00f1os quemando armarios \u2013 2021\",\"isPartOf\":{\"@id\":\"https:\\\/\\\/mostrafire.com\\\/es\\\/#website\"},\"primaryImageOfPage\":{\"@id\":\"https:\\\/\\\/mostrafire.com\\\/es\\\/que-es-fire\\\/ediciones-anteriores\\\/2021-25-anos-quemando-armarios\\\/#primaryimage\"},\"image\":{\"@id\":\"https:\\\/\\\/mostrafire.com\\\/es\\\/que-es-fire\\\/ediciones-anteriores\\\/2021-25-anos-quemando-armarios\\\/#primaryimage\"},\"thumbnailUrl\":\"https:\\\/\\\/mostrafire.com\\\/wp-content\\\/uploads\\\/2021\\\/05\\\/sedimentos-adrian-silvestre-entrevista-youtube_thumb-pc.jpg\",\"datePublished\":\"2022-02-12T13:34:16+00:00\",\"dateModified\":\"2022-02-12T14:22:00+00:00\",\"description\":\"Cine LGTBI - Proyecci\u00f3n de largometrajes, documentales, cortometrajes y actividades presenciales y en Filmin.\",\"breadcrumb\":{\"@id\":\"https:\\\/\\\/mostrafire.com\\\/es\\\/que-es-fire\\\/ediciones-anteriores\\\/2021-25-anos-quemando-armarios\\\/#breadcrumb\"},\"inLanguage\":\"es\",\"potentialAction\":[{\"@type\":\"ReadAction\",\"target\":[\"https:\\\/\\\/mostrafire.com\\\/es\\\/que-es-fire\\\/ediciones-anteriores\\\/2021-25-anos-quemando-armarios\\\/\"]}]},{\"@type\":\"ImageObject\",\"inLanguage\":\"es\",\"@id\":\"https:\\\/\\\/mostrafire.com\\\/es\\\/que-es-fire\\\/ediciones-anteriores\\\/2021-25-anos-quemando-armarios\\\/#primaryimage\",\"url\":\"https:\\\/\\\/mostrafire.com\\\/wp-content\\\/uploads\\\/2021\\\/05\\\/sedimentos-adrian-silvestre-entrevista-youtube_thumb-pc.jpg\",\"contentUrl\":\"https:\\\/\\\/mostrafire.com\\\/wp-content\\\/uploads\\\/2021\\\/05\\\/sedimentos-adrian-silvestre-entrevista-youtube_thumb-pc.jpg\"},{\"@type\":\"BreadcrumbList\",\"@id\":\"https:\\\/\\\/mostrafire.com\\\/es\\\/que-es-fire\\\/ediciones-anteriores\\\/2021-25-anos-quemando-armarios\\\/#breadcrumb\",\"itemListElement\":[{\"@type\":\"ListItem\",\"position\":1,\"name\":\"Portada\",\"item\":\"https:\\\/\\\/mostrafire.com\\\/es\\\/\"},{\"@type\":\"ListItem\",\"position\":2,\"name\":\"\u00bfQu\u00e9 es FIRE!!?\",\"item\":\"https:\\\/\\\/mostrafire.com\\\/es\\\/que-es-fire\\\/\"},{\"@type\":\"ListItem\",\"position\":3,\"name\":\"Ediciones anteriores\",\"item\":\"https:\\\/\\\/mostrafire.com\\\/es\\\/que-es-fire\\\/ediciones-anteriores\\\/\"},{\"@type\":\"ListItem\",\"position\":4,\"name\":\"FIRE!! Muestra Internacional de Cine LGTBI de Barcelona &#8211; 25 A\u00f1os quemando armarios \u2013 2021\"}]},{\"@type\":\"WebSite\",\"@id\":\"https:\\\/\\\/mostrafire.com\\\/es\\\/#website\",\"url\":\"https:\\\/\\\/mostrafire.com\\\/es\\\/\",\"name\":\"Mostra FIRE!!\",\"description\":\"Muestra Internacional de Cine Gay y L\u00e9sbico de Barcelona\",\"publisher\":{\"@id\":\"https:\\\/\\\/mostrafire.com\\\/es\\\/#organization\"},\"potentialAction\":[{\"@type\":\"SearchAction\",\"target\":{\"@type\":\"EntryPoint\",\"urlTemplate\":\"https:\\\/\\\/mostrafire.com\\\/es\\\/?s={search_term_string}\"},\"query-input\":{\"@type\":\"PropertyValueSpecification\",\"valueRequired\":true,\"valueName\":\"search_term_string\"}}],\"inLanguage\":\"es\"},{\"@type\":\"Organization\",\"@id\":\"https:\\\/\\\/mostrafire.com\\\/es\\\/#organization\",\"name\":\"Mostra FIRE!! Edici\u00f3 2021\",\"url\":\"https:\\\/\\\/mostrafire.com\\\/es\\\/\",\"logo\":{\"@type\":\"ImageObject\",\"inLanguage\":\"es\",\"@id\":\"https:\\\/\\\/mostrafire.com\\\/es\\\/#\\\/schema\\\/logo\\\/image\\\/\",\"url\":\"https:\\\/\\\/mostrafire.com\\\/wp-content\\\/uploads\\\/2020\\\/07\\\/Logo_landing.jpg\",\"contentUrl\":\"https:\\\/\\\/mostrafire.com\\\/wp-content\\\/uploads\\\/2020\\\/07\\\/Logo_landing.jpg\",\"width\":884,\"height\":312,\"caption\":\"Mostra FIRE!! Edici\u00f3 2021\"},\"image\":{\"@id\":\"https:\\\/\\\/mostrafire.com\\\/es\\\/#\\\/schema\\\/logo\\\/image\\\/\"},\"sameAs\":[\"https:\\\/\\\/www.facebook.com\\\/MostraFire\",\"https:\\\/\\\/x.com\\\/mostraFire\",\"https:\\\/\\\/www.instagram.com\\\/Mostrafire\\\/\",\"https:\\\/\\\/www.youtube.com\\\/user\\\/firemostra\\\/\"]}]}<\/script>\n<!-- \/ Yoast SEO plugin. -->","yoast_head_json":{"title":"FIRE!! Muestra Internacional de Cine LGTBI de Barcelona - 25 A\u00f1os quemando armarios \u2013 2021","description":"Cine LGTBI - Proyecci\u00f3n de largometrajes, documentales, cortometrajes y actividades presenciales y en Filmin.","robots":{"index":"index","follow":"follow","max-snippet":"max-snippet:-1","max-image-preview":"max-image-preview:large","max-video-preview":"max-video-preview:-1"},"canonical":"https:\/\/mostrafire.com\/es\/que-es-fire\/ediciones-anteriores\/2021-25-anos-quemando-armarios\/","og_locale":"es_ES","og_type":"article","og_title":"FIRE!! Muestra Internacional de Cine LGTBI de Barcelona - 25 A\u00f1os quemando armarios \u2013 2021","og_description":"Cine LGTBI - Proyecci\u00f3n de largometrajes, documentales, cortometrajes y actividades presenciales y en Filmin.","og_url":"https:\/\/mostrafire.com\/es\/que-es-fire\/ediciones-anteriores\/2021-25-anos-quemando-armarios\/","og_site_name":"Mostra FIRE!!","article_publisher":"https:\/\/www.facebook.com\/MostraFire","article_modified_time":"2022-02-12T14:22:00+00:00","og_image":[{"url":"https:\/\/mostrafire.com\/wp-content\/uploads\/2021\/05\/sedimentos-adrian-silvestre-entrevista-youtube_thumb-pc.jpg","type":"","width":"","height":""}],"twitter_card":"summary_large_image","twitter_site":"@mostraFire","twitter_misc":{"Tiempo de lectura":"51 minutos"},"schema":{"@context":"https:\/\/schema.org","@graph":[{"@type":"WebPage","@id":"https:\/\/mostrafire.com\/es\/que-es-fire\/ediciones-anteriores\/2021-25-anos-quemando-armarios\/","url":"https:\/\/mostrafire.com\/es\/que-es-fire\/ediciones-anteriores\/2021-25-anos-quemando-armarios\/","name":"FIRE!! Muestra Internacional de Cine LGTBI de Barcelona - 25 A\u00f1os quemando armarios \u2013 2021","isPartOf":{"@id":"https:\/\/mostrafire.com\/es\/#website"},"primaryImageOfPage":{"@id":"https:\/\/mostrafire.com\/es\/que-es-fire\/ediciones-anteriores\/2021-25-anos-quemando-armarios\/#primaryimage"},"image":{"@id":"https:\/\/mostrafire.com\/es\/que-es-fire\/ediciones-anteriores\/2021-25-anos-quemando-armarios\/#primaryimage"},"thumbnailUrl":"https:\/\/mostrafire.com\/wp-content\/uploads\/2021\/05\/sedimentos-adrian-silvestre-entrevista-youtube_thumb-pc.jpg","datePublished":"2022-02-12T13:34:16+00:00","dateModified":"2022-02-12T14:22:00+00:00","description":"Cine LGTBI - Proyecci\u00f3n de largometrajes, documentales, cortometrajes y actividades presenciales y en Filmin.","breadcrumb":{"@id":"https:\/\/mostrafire.com\/es\/que-es-fire\/ediciones-anteriores\/2021-25-anos-quemando-armarios\/#breadcrumb"},"inLanguage":"es","potentialAction":[{"@type":"ReadAction","target":["https:\/\/mostrafire.com\/es\/que-es-fire\/ediciones-anteriores\/2021-25-anos-quemando-armarios\/"]}]},{"@type":"ImageObject","inLanguage":"es","@id":"https:\/\/mostrafire.com\/es\/que-es-fire\/ediciones-anteriores\/2021-25-anos-quemando-armarios\/#primaryimage","url":"https:\/\/mostrafire.com\/wp-content\/uploads\/2021\/05\/sedimentos-adrian-silvestre-entrevista-youtube_thumb-pc.jpg","contentUrl":"https:\/\/mostrafire.com\/wp-content\/uploads\/2021\/05\/sedimentos-adrian-silvestre-entrevista-youtube_thumb-pc.jpg"},{"@type":"BreadcrumbList","@id":"https:\/\/mostrafire.com\/es\/que-es-fire\/ediciones-anteriores\/2021-25-anos-quemando-armarios\/#breadcrumb","itemListElement":[{"@type":"ListItem","position":1,"name":"Portada","item":"https:\/\/mostrafire.com\/es\/"},{"@type":"ListItem","position":2,"name":"\u00bfQu\u00e9 es FIRE!!?","item":"https:\/\/mostrafire.com\/es\/que-es-fire\/"},{"@type":"ListItem","position":3,"name":"Ediciones anteriores","item":"https:\/\/mostrafire.com\/es\/que-es-fire\/ediciones-anteriores\/"},{"@type":"ListItem","position":4,"name":"FIRE!! Muestra Internacional de Cine LGTBI de Barcelona &#8211; 25 A\u00f1os quemando armarios \u2013 2021"}]},{"@type":"WebSite","@id":"https:\/\/mostrafire.com\/es\/#website","url":"https:\/\/mostrafire.com\/es\/","name":"Mostra FIRE!!","description":"Muestra Internacional de Cine Gay y L\u00e9sbico de Barcelona","publisher":{"@id":"https:\/\/mostrafire.com\/es\/#organization"},"potentialAction":[{"@type":"SearchAction","target":{"@type":"EntryPoint","urlTemplate":"https:\/\/mostrafire.com\/es\/?s={search_term_string}"},"query-input":{"@type":"PropertyValueSpecification","valueRequired":true,"valueName":"search_term_string"}}],"inLanguage":"es"},{"@type":"Organization","@id":"https:\/\/mostrafire.com\/es\/#organization","name":"Mostra FIRE!! Edici\u00f3 2021","url":"https:\/\/mostrafire.com\/es\/","logo":{"@type":"ImageObject","inLanguage":"es","@id":"https:\/\/mostrafire.com\/es\/#\/schema\/logo\/image\/","url":"https:\/\/mostrafire.com\/wp-content\/uploads\/2020\/07\/Logo_landing.jpg","contentUrl":"https:\/\/mostrafire.com\/wp-content\/uploads\/2020\/07\/Logo_landing.jpg","width":884,"height":312,"caption":"Mostra FIRE!! Edici\u00f3 2021"},"image":{"@id":"https:\/\/mostrafire.com\/es\/#\/schema\/logo\/image\/"},"sameAs":["https:\/\/www.facebook.com\/MostraFire","https:\/\/x.com\/mostraFire","https:\/\/www.instagram.com\/Mostrafire\/","https:\/\/www.youtube.com\/user\/firemostra\/"]}]}},"_links":{"self":[{"href":"https:\/\/mostrafire.com\/es\/wp-json\/wp\/v2\/pages\/12301","targetHints":{"allow":["GET"]}}],"collection":[{"href":"https:\/\/mostrafire.com\/es\/wp-json\/wp\/v2\/pages"}],"about":[{"href":"https:\/\/mostrafire.com\/es\/wp-json\/wp\/v2\/types\/page"}],"author":[{"embeddable":true,"href":"https:\/\/mostrafire.com\/es\/wp-json\/wp\/v2\/users\/1"}],"replies":[{"embeddable":true,"href":"https:\/\/mostrafire.com\/es\/wp-json\/wp\/v2\/comments?post=12301"}],"version-history":[{"count":0,"href":"https:\/\/mostrafire.com\/es\/wp-json\/wp\/v2\/pages\/12301\/revisions"}],"up":[{"embeddable":true,"href":"https:\/\/mostrafire.com\/es\/wp-json\/wp\/v2\/pages\/2435"}],"wp:attachment":[{"href":"https:\/\/mostrafire.com\/es\/wp-json\/wp\/v2\/media?parent=12301"}],"curies":[{"name":"wp","href":"https:\/\/api.w.org\/{rel}","templated":true}]}}