{"id":50587,"date":"2024-05-04T13:35:32","date_gmt":"2024-05-04T11:35:32","guid":{"rendered":"https:\/\/mostrafire.com\/pellicula\/larche-de-noe\/"},"modified":"2024-05-28T18:45:21","modified_gmt":"2024-05-28T16:45:21","slug":"larche-de-noe","status":"publish","type":"avada_portfolio","link":"https:\/\/mostrafire.com\/es\/pelicula\/larche-de-noe\/","title":{"rendered":"L\u2019Arche de No\u00e9"},"content":{"rendered":"<p><div class=\"fusion-fullwidth fullwidth-box fusion-builder-row-1 fusion-flex-container has-pattern-background has-mask-background fusion-parallax-none nonhundred-percent-fullwidth non-hundred-percent-height-scrolling lazyload\" style=\"--awb-border-radius-top-left:0px;--awb-border-radius-top-right:0px;--awb-border-radius-bottom-right:0px;--awb-border-radius-bottom-left:0px;--awb-padding-top:15%;--awb-padding-bottom:15%;--awb-padding-top-small:45%;--awb-padding-bottom-small:45%;--awb-background-size:cover;--awb-flex-wrap:wrap;\" data-bg=\"https:\/\/mostrafire.com\/wp-content\/uploads\/2024\/05\/llargmetratges-under-the-rainbow-.jpg\" ><div class=\"fusion-builder-row fusion-row fusion-flex-align-items-flex-start fusion-flex-justify-content-center fusion-flex-content-wrap\" style=\"max-width:1248px;margin-left: calc(-4% \/ 2 );margin-right: calc(-4% \/ 2 );\"><div class=\"fusion-layout-column fusion_builder_column fusion-builder-column-0 fusion_builder_column_1_1 1_1 fusion-flex-column fusion-flex-align-self-center\" style=\"--awb-padding-top:0px;--awb-padding-right:0px;--awb-padding-bottom:0px;--awb-padding-left:0px;--awb-bg-size:cover;--awb-width-large:100%;--awb-margin-top-large:0px;--awb-spacing-right-large:1.92%;--awb-margin-bottom-large:0px;--awb-spacing-left-large:1.92%;--awb-width-medium:100%;--awb-order-medium:0;--awb-spacing-right-medium:1.92%;--awb-spacing-left-medium:1.92%;--awb-width-small:100%;--awb-order-small:0;--awb-spacing-right-small:1.92%;--awb-spacing-left-small:1.92%;\"><div class=\"fusion-column-wrapper fusion-column-has-shadow fusion-flex-justify-content-center fusion-content-layout-column\"><div class=\"fusion-title title fusion-title-1 fusion-sep-none fusion-title-center fusion-title-text fusion-title-size-one ficha-peli-title\" style=\"--awb-text-color:#ffffff;--awb-margin-top:0px;--awb-margin-top-small:10px;--awb-margin-right-small:0px;--awb-margin-bottom-small:10px;--awb-margin-left-small:0px;--awb-font-size:65px;\"><h1 class=\"fusion-title-heading title-heading-center fusion-responsive-typography-calculated\" style=\"margin:0;font-size:1em;--fontSize:65;line-height:0.83;\">L\u2019Arche de No\u00e9<\/h1><\/div><\/div><\/div><\/div><\/div><div class=\"fusion-fullwidth fullwidth-box fusion-builder-row-2 nonhundred-percent-fullwidth non-hundred-percent-height-scrolling ficha-contenido\" style=\"--awb-border-radius-top-left:0px;--awb-border-radius-top-right:0px;--awb-border-radius-bottom-right:0px;--awb-border-radius-bottom-left:0px;--awb-padding-top:2%;--awb-padding-bottom:2%;--awb-margin-bottom:0px;--awb-flex-wrap:wrap;\" ><div class=\"fusion-builder-row fusion-row\"><div class=\"fusion-layout-column fusion_builder_column fusion-builder-column-1 fusion_builder_column_2_5 2_5 fusion-two-fifth fusion-column-first\" style=\"--awb-padding-top:5%;--awb-padding-right:0px;--awb-padding-bottom:4%;--awb-padding-left:0px;--awb-bg-size:cover;--awb-border-color:#75ffcc;--awb-border-top:0;--awb-border-right:0;--awb-border-bottom:0;--awb-border-left:0;--awb-border-style:solid;--awb-margin-bottom:0px;width:40%;width:calc(40% - ( ( 4% ) * 0.4 ) );margin-right: 4%;\"><div class=\"fusion-column-wrapper fusion-column-has-shadow fusion-flex-column-wrapper-legacy\"><div class=\"fusion-button-wrapper fusion-align-block\"><a class=\"fusion-button button-flat fusion-button-default-size button-default fusion-button-default button-1 fusion-button-span-yes fusion-button-default-type ficha-button-edicio-2024\" style=\"--awb-margin-bottom:30px;\" target=\"_self\" href=\"\/es\/2024-sembrar-historias-cosechar-memorias\"><i class=\"fa-film fas awb-button__icon awb-button__icon--default button-icon-left\" aria-hidden=\"true\"><\/i><span class=\"fusion-button-text awb-button__text awb-button__text--default\">Edici\u00f3n 2024<\/span><\/a><\/div>\n<div class=\"fusion-button-wrapper fusion-align-block\"><a class=\"fusion-button button-flat fusion-button-default-size button-default fusion-button-default button-2 fusion-button-span-yes fusion-button-default-type ficha-button-comprar-entradas-2025\" target=\"_blank\" rel=\"noopener noreferrer\" href=\"https:\/\/entradas.codetickets.com\/entradas\/abonament-mostra-fire-2025\/68495\/mostra-fire\/online\"><i class=\"fa-ticket-alt fas awb-button__icon awb-button__icon--default button-icon-left\" aria-hidden=\"true\"><\/i><span class=\"fusion-button-text awb-button__text awb-button__text--default\">Abono 5 pelis<\/span><\/a><\/div>\n<div class=\"fusion-button-wrapper fusion-align-block\"><a class=\"fusion-button button-flat fusion-button-default-size button-default fusion-button-default button-3 fusion-button-span-yes fusion-button-default-type ficha-button-comprar-entradas-2024\" target=\"_blank\" rel=\"noopener noreferrer\" href=\"https:\/\/entradas.codetickets.com\/entradas\/mostra-fire\"><i class=\"fa-ticket-alt fas awb-button__icon awb-button__icon--default button-icon-left\" aria-hidden=\"true\"><\/i><span class=\"fusion-button-text awb-button__text awb-button__text--default\">ENTRADAS INAUGURACI\u00d3N<\/span><\/a><\/div><div class=\"fusion-button-wrapper fusion-align-block\"><a class=\"fusion-button button-flat fusion-button-default-size button-default fusion-button-default button-4 fusion-button-span-yes fusion-button-default-type ficha-button-comprar-entradas-2024\" target=\"_blank\" rel=\"noopener noreferrer\" href=\"https:\/\/entradas.codetickets.com\/entradas\/under-the-rainbow-l-arche-de-noe-\/mostra-fire\/online\"><i class=\"fa-ticket-alt fas awb-button__icon awb-button__icon--default button-icon-left\" aria-hidden=\"true\"><\/i><span class=\"fusion-button-text awb-button__text awb-button__text--default\">COMPRAR ENTRADAS<\/span><\/a><\/div><div class=\"fusion-video fusion-youtube fusion-aligncenter\" style=\"--awb-max-width:600px;--awb-max-height:360px;--awb-width:100%;--awb-margin-top:35px;\"><div class=\"video-shortcode\"><priv-fac-lite-youtube class=\"fusion-hidden lty-load\" data-privacy-type=\"youtube\" videoid=\"g_CpQrWEaks\" class=\"landscape\" params=\"wmode=transparent&autoplay=1&amp;enablejsapi=1\" title=\"YouTube video player 1\" data-button-label=\"Play Video\" width=\"600\" height=\"360\" data-thumbnail-size=\"auto\" data-no-cookie=\"on\"><\/priv-fac-lite-youtube><div class=\"fusion-privacy-placeholder\" style=\"width:600px; height:360px;\" data-privacy-type=\"youtube\"><div class=\"fusion-privacy-placeholder-content\"><div class=\"fusion-privacy-label\">Por razones de privacidad YouTube necesita tu permiso para cargarse.<\/div><button data-privacy-type=\"youtube\" class=\"fusion-button button-default fusion-button-default-size button fusion-privacy-consent\">I Accept<\/button><\/div><\/div><\/div><\/div><div class=\"fusion-button-wrapper fusion-aligncenter\"><a class=\"fusion-button button-flat fusion-button-default-size button-custom fusion-button-default button-5 fusion-button-span-no fusion-button-default-type but-seccio-2025\" style=\"--awb-margin-top:0px;--awb-margin-bottom:0px;--awb-margin-left:0px;--awb-padding-top:20px;--awb-padding-bottom:0px;--button_accent_color:#33a8f0;--button_border_color:#33a8f0;--button_accent_hover_color:#9d6dc4;--button_border_hover_color:#9d6dc4;--button_gradient_top_color:rgba(255,255,255,0);--button_gradient_bottom_color:rgba(255,255,255,0);--button_gradient_top_color_hover:rgba(255,255,255,0);--button_gradient_bottom_color_hover:rgba(255,255,255,0);\" target=\"_self\" href=\"https:\/\/mostrafire.com\/es\/secciones\/seccion-oficial-largometrajes\/\"><i class=\"fa-video fas awb-button__icon awb-button__icon--default button-icon-left\" aria-hidden=\"true\"><\/i><span class=\"fusion-button-text awb-button__text awb-button__text--default\">SECCI\u00d3N OFICIAL: LARGOMETRAJES<\/span><\/a><\/div>\n<div class=\"fusion-button-wrapper fusion-aligncenter\"><a class=\"fusion-button button-flat fusion-button-default-size button-custom fusion-button-default button-6 fusion-button-span-no fusion-button-default-type but-seccio-2025\" style=\"--awb-margin-top:0px;--awb-margin-bottom:0px;--awb-margin-left:0px;--awb-padding-top:20px;--awb-padding-bottom:0px;--button_accent_color:#33a8f0;--button_border_color:var(--awb-color1);--button_accent_hover_color:#9d6dc4;--button_border_hover_color:#9d6dc4;--button_border_width-top:0;--button_border_width-right:0px;--button_border_width-bottom:0;--button_border_width-left:0px;--button_gradient_top_color:rgba(255,255,255,0);--button_gradient_bottom_color:rgba(255,255,255,0);--button_gradient_top_color_hover:rgba(255,255,255,0);--button_gradient_bottom_color_hover:rgba(255,255,255,0);\" target=\"_self\" href=\"https:\/\/mostrafire.com\/es\/secciones\/pantalla-trans\/\"><i class=\"fa-video fas awb-button__icon awb-button__icon--default button-icon-left\" aria-hidden=\"true\"><\/i><span class=\"fusion-button-text awb-button__text awb-button__text--default\">PANTALLA TRANS<\/span><\/a><\/div>\n<div class=\"fusion-button-wrapper fusion-aligncenter\"><a class=\"fusion-button button-flat button-xlarge button-custom fusion-button-default button-7 fusion-button-span-no fusion-button-default-type\" style=\"--awb-margin-top:0px;--awb-margin-bottom:0px;--awb-margin-left:0px;--button_accent_color:#33a8f0;--button_border_color:#33a8f0;--button_accent_hover_color:#9d6dc4;--button_border_hover_color:#9d6dc4;--button_gradient_top_color:rgba(255,255,255,0);--button_gradient_bottom_color:rgba(255,255,255,0);--button_gradient_top_color_hover:rgba(255,255,255,0);--button_gradient_bottom_color_hover:rgba(255,255,255,0);\" target=\"_self\" href=\"https:\/\/mostrafire.com\/es\/secciones\/la-mirada-del-cine-frances\/\"><i class=\"fa-video fas awb-button__icon awb-button__icon--default button-icon-left\" aria-hidden=\"true\"><\/i><span class=\"fusion-button-text awb-button__text awb-button__text--default\">LA MIRADA DEL CINE FRANC\u00c9S<\/span><\/a><\/div>\n<div class=\"fusion-fa-align-center\"><i class=\"fb-icon-element-1 fb-icon-element fontawesome-icon fa-film fas circle-yes fa-spin\" style=\"--awb-iconcolor-hover:#ba5db2;--awb-circlecolor:#74efcb;--awb-circlecolor-hover:#74efcb;--awb-circlebordercolor-hover:#4a4e57;--awb-circlebordersize:0px;--awb-font-size:28.16px;--awb-width:56.32px;--awb-height:56.32px;--awb-line-height:56.32px;--awb-margin-top:50px;--awb-margin-bottom:20px;\"><\/i><\/div>\n<div class=\"fusion-title title fusion-title-2 fusion-sep-none fusion-title-center fusion-title-text fusion-title-size-three\" style=\"--awb-text-color:#8a5fd0;--awb-margin-bottom:20px;--awb-margin-top-small:10px;--awb-margin-right-small:0px;--awb-margin-bottom-small:10px;--awb-margin-left-small:0px;--awb-font-size:20px;\"><h3 class=\"fusion-title-heading title-heading-center fusion-responsive-typography-calculated\" style=\"margin:0;letter-spacing:2px;font-size:1em;--fontSize:20;--minFontSize:20;line-height:1.3;\"><strong>PROYECCI\u00d3N\/ES<\/strong><\/h3><\/div>\n<div class=\"fusion-text fusion-text-1 ficha-sinopsis\" style=\"--awb-content-alignment:center;\"><p style=\"text-align: center;\">En el <strong><a href=\"https:\/\/mostrafire.com\/es\/informacion\/#sedes\">Instituto Franc\u00e9s<\/a><\/strong>:<\/p>\n<div class=\"fusion-image-element fusion-image-align-center in-legacy-container\" style=\"text-align:center;--awb-margin-top:10px;--awb-margin-bottom:5px;--awb-caption-title-font-family:var(--h2_typography-font-family);--awb-caption-title-font-weight:var(--h2_typography-font-weight);--awb-caption-title-font-style:var(--h2_typography-font-style);--awb-caption-title-size:var(--h2_typography-font-size);--awb-caption-title-transform:var(--h2_typography-text-transform);--awb-caption-title-line-height:var(--h2_typography-line-height);--awb-caption-title-letter-spacing:var(--h2_typography-letter-spacing);\"><div class=\"imageframe-align-center\"><span class=\" fusion-imageframe imageframe-none imageframe-1 hover-type-none\"><a class=\"fusion-no-lightbox\" href=\"https:\/\/mostrafire.com\/es\/informacion\/#accessibilitat\" target=\"_self\" aria-label=\"FIRE!! Accesibilidad: lengua de signos catalana\"><img decoding=\"async\" width=\"77\" height=\"84\" alt=\"FIRE!! Accesibilidad : lenguaje de signos\" src=\"data:image\/svg+xml,%3Csvg%20xmlns%3D%27http%3A%2F%2Fwww.w3.org%2F2000%2Fsvg%27%20width%3D%2777%27%20height%3D%2784%27%20viewBox%3D%270%200%2077%2084%27%3E%3Crect%20width%3D%2777%27%20height%3D%2784%27%20fill-opacity%3D%220%22%2F%3E%3C%2Fsvg%3E\" data-orig-src=\"https:\/\/mostrafire.com\/wp-content\/uploads\/2024\/05\/icon_lenguaje-senas.png\" class=\"lazyload img-responsive wp-image-49779\"\/><\/a><\/span><\/div><\/div>\n<p style=\"text-align: center;\"><strong><span style=\"background-color: #74efcb;\">JUE 06\/06 \u25cf 20h<br \/>\n<\/span><\/strong><em>Ceremonia de apertura con <strong>interpretaci\u00f3n en lengua de signos<\/strong><\/em><\/p>\n<p><strong><span style=\"background-color: #74efcb;\">DOM 16\/06 \u25cf 18h<\/span><\/strong><\/p>\n<\/div><div class=\"fusion-sep-clear\"><\/div><div class=\"fusion-separator\" style=\"margin-left: auto;margin-right: auto;margin-top:18px;margin-bottom:20px;width:100%;max-width:40px;\"><div class=\"fusion-separator-border sep-single\" style=\"--awb-height:20px;--awb-amount:20px;border-color:#75ffcc;border-top-width:4px;\"><\/div><\/div><div class=\"fusion-sep-clear\"><\/div><div class=\"fusion-button-wrapper fusion-aligncenter\"><a class=\"fusion-button button-flat fusion-button-default-size button-custom fusion-button-default button-8 fusion-button-default-span fusion-button-default-type\" style=\"--awb-margin-left:0px;--button_accent_color:#33a8f0;--button_border_color:#33a8f0;--button_accent_hover_color:#9d6dc4;--button_border_hover_color:#9d6dc4;--button_gradient_top_color:#ffffff;--button_gradient_bottom_color:#ffffff;--button_gradient_top_color_hover:#ffffff;--button_gradient_bottom_color_hover:#ffffff;\" target=\"_self\" href=\"https:\/\/mostrafire.com\/es\/programa\/\"><i class=\"fa-calendar-alt fas awb-button__icon awb-button__icon--default button-icon-left\" aria-hidden=\"true\"><\/i><span class=\"fusion-button-text awb-button__text awb-button__text--default\">Ver el programa completo<\/span><\/a><\/div>\n<div class=\"fusion-clearfix\"><\/div><\/div><\/div><div class=\"fusion-layout-column fusion_builder_column fusion-builder-column-2 fusion_builder_column_3_5 3_5 fusion-three-fifth fusion-column-last\" style=\"--awb-padding-top:5%;--awb-padding-right:5%;--awb-padding-bottom:4%;--awb-padding-left:5%;--awb-bg-size:cover;--awb-margin-bottom:15px;width:60%;width:calc(60% - ( ( 4% ) * 0.6 ) );\"><div class=\"fusion-column-wrapper fusion-column-has-shadow fusion-flex-column-wrapper-legacy\"><div class=\"fusion-sep-clear\"><\/div><div class=\"fusion-separator fusion-no-medium-visibility fusion-no-large-visibility\" style=\"margin-left: auto;margin-right: auto;margin-top:0px;margin-bottom:30px;width:100%;max-width:40px;\"><div class=\"fusion-separator-border sep-single\" style=\"--awb-height:20px;--awb-amount:20px;border-color:#75ffcc;border-top-width:4px;\"><\/div><\/div><div class=\"fusion-sep-clear\"><\/div><div class=\"accordian fusion-accordian ficha-toggle\" style=\"--awb-border-size:1px;--awb-icon-size:19px;--awb-content-font-size:18px;--awb-icon-alignment:left;--awb-hover-color:#f9f9fb;--awb-border-color:#e2e2e2;--awb-background-color:#ffffff;--awb-divider-color:#75ffcc;--awb-divider-hover-color:#75ffcc;--awb-icon-color:#ffffff;--awb-title-color:#ba5db2;--awb-content-color:#6d37c4;--awb-icon-box-color:#6d37c1;--awb-toggle-hover-accent-color:#33a8f0;--awb-title-font-family:&quot;Roboto&quot;;--awb-title-font-weight:300;--awb-title-font-style:normal;--awb-title-font-size:24px;--awb-content-font-family:&quot;Roboto&quot;;--awb-content-font-style:normal;--awb-content-font-weight:regular;\"><div class=\"panel-group fusion-toggle-icon-boxed\" id=\"accordion-50587-1\"><div class=\"fusion-panel panel-default panel-9f4b515f402f924e1 fusion-toggle-no-divider\" style=\"--awb-title-color:#ba5db2;--awb-content-color:#6d37c4;\"><div class=\"panel-heading\"><h4 class=\"panel-title toggle\" id=\"toggle_9f4b515f402f924e1\"><a aria-expanded=\"false\" aria-controls=\"9f4b515f402f924e1\" role=\"button\" data-toggle=\"collapse\" data-parent=\"#accordion-50587-1\" data-target=\"#9f4b515f402f924e1\" href=\"#9f4b515f402f924e1\"><span class=\"fusion-toggle-icon-wrapper\" aria-hidden=\"true\"><i class=\"fa-fusion-box active-icon awb-icon-minus\" aria-hidden=\"true\"><\/i><i class=\"fa-fusion-box inactive-icon awb-icon-plus\" aria-hidden=\"true\"><\/i><\/span><span class=\"fusion-toggle-heading\">Ficha t\u00e9cnica<\/span><\/a><\/h4><\/div><div id=\"9f4b515f402f924e1\" class=\"panel-collapse collapse \" aria-labelledby=\"toggle_9f4b515f402f924e1\"><div class=\"panel-body toggle-content fusion-clearfix\">\n<p><strong>T\u00edtulo<\/strong>:<i> L&#8217;Arche de No\u00e9 (Under the Rainbow)<\/i><br \/>\n<strong>Direcci\u00f3n<\/strong>: Bryan Marciano<br \/>\n<strong>Int\u00e9rpretes<\/strong>: Val\u00e9rie Lemercier, Finnegan Oldfield, Elsa Guedj, Olivier Claverie, Eli Letourneur, Fehdi Bendjima<br \/>\n<strong>Producci\u00f3n<\/strong>: Eliph Productions<br \/>\n<strong>Distribuci\u00f3n<\/strong>: Newen Connect<br \/>\n<strong>G\u00e9nero<\/strong>: Comedia<br \/>\n<strong>Duraci\u00f3n<\/strong>: 103\u2019<br \/>\n<strong>Pa\u00eds<\/strong>: Francia<br \/>\n<strong>A\u00f1o<\/strong>: 2023<br \/>\n<strong>VO<\/strong> en franc\u00e9s. Subt\u00edtulos en castellano y catal\u00e1n<\/p>\n<p><strong>Festivales<\/strong>: Hong Kong (cine franc\u00e9s), Par\u00eds (LGTBI), Vierzon (Francia, nuevo cine)<\/p>\n<p><strong>Estreno en Espa\u00f1a<\/strong><\/p>\n<\/div><\/div><\/div><\/div><\/div><div class=\"fusion-sep-clear\"><\/div><div class=\"fusion-separator fusion-no-small-visibility fusion-clearfix\" style=\"float:left;margin-top:0px;margin-bottom:30px;width:100%;max-width:40px;\"><div class=\"fusion-separator-border sep-single\" style=\"--awb-height:20px;--awb-amount:20px;border-color:#75ffcc;border-top-width:4px;\"><\/div><\/div><div class=\"fusion-sep-clear\"><\/div><div class=\"fusion-text fusion-text-2 ficha-sinopsis\"><p>Mientras se enfrentan al delicado equilibrio entre saber qui\u00e9nes son realmente y su sed de aceptaci\u00f3n y amor, un grupo muy dispar de j\u00f3venes LGBTI de un centro de acogida tiene solo seis meses \u2014un per\u00edodo de tiempo dolorosamente corto\u2014 para encontrar trabajo, un lugar donde vivir y un camino hacia la autoaceptaci\u00f3n. No pueden quedarse m\u00e1s tiempo, \u00a1las listas de espera son demasiado largas! Por su parte, Alex, alejado de su familia, luchando por no meterse en problemas y en libertad condicional por haber cometido un delito menor, tiene que hacer un mes de servicio social en ese mismo refugio LGBTI. Inicialmente se muestra muy reacio, pero no puede evitar encari\u00f1arse con los j\u00f3venes que encuentra en el centro, da\u00f1ados por la vida pero excepcionales y entra\u00f1ables. Todos los voluntarios y trabajadores sociales del refugio deben luchar contra sus propios problemas y, a veces, incluso cuestionar sus motivaciones para ayudar a los dem\u00e1s. Alex acepta el brutal hecho de que simplemente no pueden ayudarlos a todos. Pero, si al menos pueden salvar una sola vida, todo merece la pena&#8230; No es poden quedar m\u00e9s temps, les llistes d\u2019espera s\u00f3n massa llargues! Per part seva, l\u2019Alex, allunyat de la seva fam\u00edlia, lluitant per no ficar-se en problemes i en llibertat condicional per haver com\u00e8s un delicte menor, ha de fer un mes de servei social en aquest mateix refugi LGBTI. Inicialment s\u2019hi mostra molt poc inclinat, per\u00f2 no pot evitar agafar afecte als joves que troba al centre, danyats per la vida per\u00f2 excepcionals i entranyables. Tots els voluntaris i treballadors socials del refugi han de lluitar contra els seus propis problemes i, de vegades, fins i tot q\u00fcestionar les seves motivacions per ajudar els altres. L\u2019Alex accepta el brutal fet que simplement no poden ajudar-los a tots. Per\u00f2, si almenys poden salvar una sola vida, tot val la pena&#8230;<\/p>\n<\/div><div class=\"fusion-button-wrapper fusion-alignleft\"><a class=\"fusion-button button-flat fusion-button-default-size button-custom fusion-button-default button-9 fusion-button-default-span fusion-button-default-type ficha-button-web-oficial\" style=\"--awb-margin-left:0px;--button_accent_color:#33a8f0;--button_border_color:#33a8f0;--button_accent_hover_color:#9d6dc4;--button_border_hover_color:#9d6dc4;--button_gradient_top_color:#ffffff;--button_gradient_bottom_color:#ffffff;--button_gradient_top_color_hover:#ffffff;--button_gradient_bottom_color_hover:#ffffff;\" target=\"_blank\" rel=\"noopener noreferrer\" href=\"https:\/\/www.newenconnect.com\/cinema\/840992\/%20%20\"><i class=\"fa-external-link-alt fas awb-button__icon awb-button__icon--default button-icon-left\" aria-hidden=\"true\"><\/i><span class=\"fusion-button-text awb-button__text awb-button__text--default\">Web oficial<\/span><\/a><\/div><div class=\"fusion-clearfix\"><\/div><\/div><\/div><\/div><\/div><div class=\"fusion-fullwidth fullwidth-box fusion-builder-row-3 fusion-flex-container has-pattern-background has-mask-background nonhundred-percent-fullwidth non-hundred-percent-height-scrolling ficha-related-2024\" style=\"--awb-background-position:center top;--awb-border-radius-top-left:0px;--awb-border-radius-top-right:0px;--awb-border-radius-bottom-right:0px;--awb-border-radius-bottom-left:0px;--awb-padding-top:5%;--awb-padding-bottom:2%;--awb-margin-bottom:0px;--awb-background-image:linear-gradient(230deg, #5effc3 17%,#6d37c4 86%);--awb-flex-wrap:wrap;\" ><div class=\"fusion-builder-row fusion-row fusion-flex-align-items-flex-start fusion-flex-content-wrap\" style=\"max-width:1248px;margin-left: calc(-4% \/ 2 );margin-right: calc(-4% \/ 2 );\"><div class=\"fusion-layout-column fusion_builder_column fusion-builder-column-3 fusion_builder_column_1_1 1_1 fusion-flex-column\" style=\"--awb-bg-size:cover;--awb-width-large:100%;--awb-margin-top-large:0px;--awb-spacing-right-large:1.92%;--awb-margin-bottom-large:20px;--awb-spacing-left-large:1.92%;--awb-width-medium:100%;--awb-order-medium:0;--awb-spacing-right-medium:1.92%;--awb-spacing-left-medium:1.92%;--awb-width-small:100%;--awb-order-small:0;--awb-spacing-right-small:1.92%;--awb-spacing-left-small:1.92%;\"><div class=\"fusion-column-wrapper fusion-column-has-shadow fusion-flex-justify-content-flex-start fusion-content-layout-column\"><div class=\"fusion-title title fusion-title-3 fusion-sep-none fusion-title-text fusion-title-size-five ficha-related-texto\" style=\"--awb-text-color:#eaeaea;--awb-margin-bottom:35px;--awb-margin-top-small:10px;--awb-margin-right-small:0px;--awb-margin-bottom-small:10px;--awb-margin-left-small:0px;--awb-font-size:15px;\"><h5 class=\"fusion-title-heading title-heading-left fusion-responsive-typography-calculated\" style=\"margin:0;font-size:1em;--fontSize:15;--minFontSize:15;line-height:1.4;\">Tambi\u00e9n podr\u00eda interesarte&#8230;<\/h5><\/div><style type=\"text\/css\">.fusion-portfolio-wrapper#fusion-portfolio-1 .fusion-portfolio-content{  text-align: center; }<\/style><div class=\"fusion-recent-works fusion-portfolio-element fusion-portfolio fusion-portfolio-1 fusion-portfolio-grid fusion-portfolio-paging-none fusion-portfolio-two fusion-portfolio-unboxed fusion-portfolio-text related-pelis-portfolio-2022\" data-id=\"-rw-1\" data-columns=\"two\"><style type=\"text\/css\">.fusion-portfolio-1 .fusion-portfolio-wrapper .fusion-col-spacing{padding:15px;}<\/style><div class=\"fusion-portfolio-wrapper\" id=\"fusion-portfolio-1\" data-picturesize=\"auto\" data-pages=\"1\" style=\"margin:-15px;\"><article id=\"portfolio-1-post-50558\" class=\"fusion-portfolio-post asog-es largometrajes-2024 fusion-col-spacing post-50558\"><div class=\"fusion-portfolio-content-wrapper\" style=\"border:none;\"><div  class=\"fusion-image-wrapper\" aria-haspopup=\"true\">\n\t\t\t\t\t\t\t<a href=\"https:\/\/mostrafire.com\/es\/pelicula\/asog\/\" aria-label=\"Asog\">\n\t\t\t\t\t\t\t<img decoding=\"async\" width=\"1920\" height=\"1058\" src=\"https:\/\/mostrafire.com\/wp-content\/uploads\/2024\/05\/llargmetratges-asog.jpg\" class=\"attachment-full size-full lazyload wp-post-image\" alt=\"Asog\" srcset=\"data:image\/svg+xml,%3Csvg%20xmlns%3D%27http%3A%2F%2Fwww.w3.org%2F2000%2Fsvg%27%20width%3D%271920%27%20height%3D%271058%27%20viewBox%3D%270%200%201920%201058%27%3E%3Crect%20width%3D%271920%27%20height%3D%271058%27%20fill-opacity%3D%220%22%2F%3E%3C%2Fsvg%3E\" data-orig-src=\"https:\/\/mostrafire.com\/wp-content\/uploads\/2024\/05\/llargmetratges-asog.jpg\" data-srcset=\"https:\/\/mostrafire.com\/wp-content\/uploads\/2024\/05\/llargmetratges-asog-200x110.jpg 200w, https:\/\/mostrafire.com\/wp-content\/uploads\/2024\/05\/llargmetratges-asog-400x220.jpg 400w, https:\/\/mostrafire.com\/wp-content\/uploads\/2024\/05\/llargmetratges-asog-600x331.jpg 600w, https:\/\/mostrafire.com\/wp-content\/uploads\/2024\/05\/llargmetratges-asog-800x441.jpg 800w, https:\/\/mostrafire.com\/wp-content\/uploads\/2024\/05\/llargmetratges-asog-1200x661.jpg 1200w, https:\/\/mostrafire.com\/wp-content\/uploads\/2024\/05\/llargmetratges-asog.jpg 1920w\" data-sizes=\"auto\" \/>\t\t\t<\/a>\n\t\t\t\t\t\t\t<\/div>\n<div class=\"fusion-portfolio-content\"><h2 class=\"entry-title fusion-post-title\"><a href=\"https:\/\/mostrafire.com\/es\/pelicula\/asog\/\">Asog<\/a><\/h2><div class=\"fusion-post-content\"><p><span class=\"ficha-excerpt\">Se\u00e1n Devlin \u2022 <i>Filipinas<\/i><\/span>\n<\/p><\/div><\/div><\/div><\/article><article id=\"portfolio-1-post-50756\" class=\"fusion-portfolio-post documentals-2024-es queerying-nature-es fusion-col-spacing post-50756\"><div class=\"fusion-portfolio-content-wrapper\" style=\"border:none;\"><div  class=\"fusion-image-wrapper\" aria-haspopup=\"true\">\n\t\t\t\t\t\t\t<a href=\"https:\/\/mostrafire.com\/es\/pelicula\/queerying-nature\/\" aria-label=\"Queerying Nature\">\n\t\t\t\t\t\t\t<img decoding=\"async\" width=\"1920\" height=\"1058\" src=\"https:\/\/mostrafire.com\/wp-content\/uploads\/2024\/05\/documentals-queering-nature.jpg\" class=\"attachment-full size-full lazyload wp-post-image\" alt=\"Queerying Nature\" srcset=\"data:image\/svg+xml,%3Csvg%20xmlns%3D%27http%3A%2F%2Fwww.w3.org%2F2000%2Fsvg%27%20width%3D%271920%27%20height%3D%271058%27%20viewBox%3D%270%200%201920%201058%27%3E%3Crect%20width%3D%271920%27%20height%3D%271058%27%20fill-opacity%3D%220%22%2F%3E%3C%2Fsvg%3E\" data-orig-src=\"https:\/\/mostrafire.com\/wp-content\/uploads\/2024\/05\/documentals-queering-nature.jpg\" data-srcset=\"https:\/\/mostrafire.com\/wp-content\/uploads\/2024\/05\/documentals-queering-nature-200x110.jpg 200w, https:\/\/mostrafire.com\/wp-content\/uploads\/2024\/05\/documentals-queering-nature-400x220.jpg 400w, https:\/\/mostrafire.com\/wp-content\/uploads\/2024\/05\/documentals-queering-nature-600x331.jpg 600w, https:\/\/mostrafire.com\/wp-content\/uploads\/2024\/05\/documentals-queering-nature-800x441.jpg 800w, https:\/\/mostrafire.com\/wp-content\/uploads\/2024\/05\/documentals-queering-nature-1200x661.jpg 1200w, https:\/\/mostrafire.com\/wp-content\/uploads\/2024\/05\/documentals-queering-nature.jpg 1920w\" data-sizes=\"auto\" \/>\t\t\t<\/a>\n\t\t\t\t\t\t\t<\/div>\n<div class=\"fusion-portfolio-content\"><h2 class=\"entry-title fusion-post-title\"><a href=\"https:\/\/mostrafire.com\/es\/pelicula\/queerying-nature\/\">Queerying Nature<\/a><\/h2><div class=\"fusion-post-content\"><p><span class=\"ficha-excerpt\">Aline Magrez, Leonor Palmeira \u2022 <i>B\u00e9lgica<\/i><\/span>\n<\/p><\/div><\/div><\/div><\/article><\/div><\/div><\/div><\/div><\/div><\/div><\/p>\n","protected":false},"excerpt":{"rendered":"<p><span class=\"ficha-excerpt\">Bryan Marciano \u2022 <i>Francia<\/i><\/span><\/p>\n","protected":false},"author":1,"featured_media":51203,"menu_order":0,"comment_status":"closed","ping_status":"closed","template":"","format":"standard","meta":{"footnotes":""},"portfolio_category":[],"portfolio_skills":[],"portfolio_tags":[977,1012],"class_list":["post-50587","avada_portfolio","type-avada_portfolio","status-publish","format-standard","has-post-thumbnail","hentry","portfolio_tags-l-arche-de-noe-es","portfolio_tags-largometrajes-2024"],"yoast_head":"<!-- This site is optimized with the Yoast SEO plugin v27.4 - https:\/\/yoast.com\/product\/yoast-seo-wordpress\/ -->\n<title>L\u2019Arche de No\u00e9 | Mostra FIRE!!<\/title>\n<meta name=\"robots\" content=\"index, follow, max-snippet:-1, max-image-preview:large, max-video-preview:-1\" \/>\n<link rel=\"canonical\" href=\"https:\/\/mostrafire.com\/es\/pelicula\/larche-de-noe\/\" \/>\n<meta property=\"og:locale\" content=\"es_ES\" \/>\n<meta property=\"og:type\" content=\"article\" \/>\n<meta property=\"og:title\" content=\"L\u2019Arche de No\u00e9 | Mostra FIRE!!\" \/>\n<meta property=\"og:description\" content=\"Bryan Marciano \u2022 Francia\" \/>\n<meta property=\"og:url\" content=\"https:\/\/mostrafire.com\/es\/pelicula\/larche-de-noe\/\" \/>\n<meta property=\"og:site_name\" content=\"Mostra FIRE!!\" \/>\n<meta property=\"article:publisher\" content=\"https:\/\/www.facebook.com\/MostraFire\" \/>\n<meta property=\"article:modified_time\" content=\"2024-05-28T16:45:21+00:00\" \/>\n<meta property=\"og:image\" content=\"https:\/\/mostrafire.com\/wp-content\/uploads\/2024\/05\/llargmetratges-under-the-rainbow-.jpg\" \/>\n\t<meta property=\"og:image:width\" content=\"1920\" \/>\n\t<meta property=\"og:image:height\" content=\"1058\" \/>\n\t<meta property=\"og:image:type\" content=\"image\/jpeg\" \/>\n<meta name=\"twitter:card\" content=\"summary_large_image\" \/>\n<meta name=\"twitter:site\" content=\"@mostraFire\" \/>\n<meta name=\"twitter:label1\" content=\"Tiempo de lectura\" \/>\n\t<meta name=\"twitter:data1\" content=\"17 minutos\" \/>\n<script type=\"application\/ld+json\" class=\"yoast-schema-graph\">{\"@context\":\"https:\\\/\\\/schema.org\",\"@graph\":[{\"@type\":\"WebPage\",\"@id\":\"https:\\\/\\\/mostrafire.com\\\/es\\\/pelicula\\\/larche-de-noe\\\/\",\"url\":\"https:\\\/\\\/mostrafire.com\\\/es\\\/pelicula\\\/larche-de-noe\\\/\",\"name\":\"L\u2019Arche de No\u00e9 | Mostra FIRE!!\",\"isPartOf\":{\"@id\":\"https:\\\/\\\/mostrafire.com\\\/es\\\/#website\"},\"primaryImageOfPage\":{\"@id\":\"https:\\\/\\\/mostrafire.com\\\/es\\\/pelicula\\\/larche-de-noe\\\/#primaryimage\"},\"image\":{\"@id\":\"https:\\\/\\\/mostrafire.com\\\/es\\\/pelicula\\\/larche-de-noe\\\/#primaryimage\"},\"thumbnailUrl\":\"https:\\\/\\\/mostrafire.com\\\/wp-content\\\/uploads\\\/2024\\\/05\\\/llargmetratges-under-the-rainbow-.jpg\",\"datePublished\":\"2024-05-04T11:35:32+00:00\",\"dateModified\":\"2024-05-28T16:45:21+00:00\",\"breadcrumb\":{\"@id\":\"https:\\\/\\\/mostrafire.com\\\/es\\\/pelicula\\\/larche-de-noe\\\/#breadcrumb\"},\"inLanguage\":\"es\",\"potentialAction\":[{\"@type\":\"ReadAction\",\"target\":[\"https:\\\/\\\/mostrafire.com\\\/es\\\/pelicula\\\/larche-de-noe\\\/\"]}]},{\"@type\":\"ImageObject\",\"inLanguage\":\"es\",\"@id\":\"https:\\\/\\\/mostrafire.com\\\/es\\\/pelicula\\\/larche-de-noe\\\/#primaryimage\",\"url\":\"https:\\\/\\\/mostrafire.com\\\/wp-content\\\/uploads\\\/2024\\\/05\\\/llargmetratges-under-the-rainbow-.jpg\",\"contentUrl\":\"https:\\\/\\\/mostrafire.com\\\/wp-content\\\/uploads\\\/2024\\\/05\\\/llargmetratges-under-the-rainbow-.jpg\",\"width\":1920,\"height\":1058,\"caption\":\"L\u2019Arche de No\u00e9 (Under the Rainbow)\"},{\"@type\":\"BreadcrumbList\",\"@id\":\"https:\\\/\\\/mostrafire.com\\\/es\\\/pelicula\\\/larche-de-noe\\\/#breadcrumb\",\"itemListElement\":[{\"@type\":\"ListItem\",\"position\":1,\"name\":\"Portada\",\"item\":\"https:\\\/\\\/mostrafire.com\\\/es\\\/\"},{\"@type\":\"ListItem\",\"position\":2,\"name\":\"Portfolio\",\"item\":\"https:\\\/\\\/mostrafire.com\\\/es\\\/pelicula\\\/\"},{\"@type\":\"ListItem\",\"position\":3,\"name\":\"L\u2019Arche de No\u00e9\"}]},{\"@type\":\"WebSite\",\"@id\":\"https:\\\/\\\/mostrafire.com\\\/es\\\/#website\",\"url\":\"https:\\\/\\\/mostrafire.com\\\/es\\\/\",\"name\":\"Mostra FIRE!!\",\"description\":\"Muestra Internacional de Cine Gay y L\u00e9sbico de Barcelona\",\"publisher\":{\"@id\":\"https:\\\/\\\/mostrafire.com\\\/es\\\/#organization\"},\"potentialAction\":[{\"@type\":\"SearchAction\",\"target\":{\"@type\":\"EntryPoint\",\"urlTemplate\":\"https:\\\/\\\/mostrafire.com\\\/es\\\/?s={search_term_string}\"},\"query-input\":{\"@type\":\"PropertyValueSpecification\",\"valueRequired\":true,\"valueName\":\"search_term_string\"}}],\"inLanguage\":\"es\"},{\"@type\":\"Organization\",\"@id\":\"https:\\\/\\\/mostrafire.com\\\/es\\\/#organization\",\"name\":\"Mostra FIRE!! Edici\u00f3 2021\",\"url\":\"https:\\\/\\\/mostrafire.com\\\/es\\\/\",\"logo\":{\"@type\":\"ImageObject\",\"inLanguage\":\"es\",\"@id\":\"https:\\\/\\\/mostrafire.com\\\/es\\\/#\\\/schema\\\/logo\\\/image\\\/\",\"url\":\"https:\\\/\\\/mostrafire.com\\\/wp-content\\\/uploads\\\/2020\\\/07\\\/Logo_landing.jpg\",\"contentUrl\":\"https:\\\/\\\/mostrafire.com\\\/wp-content\\\/uploads\\\/2020\\\/07\\\/Logo_landing.jpg\",\"width\":884,\"height\":312,\"caption\":\"Mostra FIRE!! Edici\u00f3 2021\"},\"image\":{\"@id\":\"https:\\\/\\\/mostrafire.com\\\/es\\\/#\\\/schema\\\/logo\\\/image\\\/\"},\"sameAs\":[\"https:\\\/\\\/www.facebook.com\\\/MostraFire\",\"https:\\\/\\\/x.com\\\/mostraFire\",\"https:\\\/\\\/www.instagram.com\\\/Mostrafire\\\/\",\"https:\\\/\\\/www.youtube.com\\\/user\\\/firemostra\\\/\"]}]}<\/script>\n<!-- \/ Yoast SEO plugin. -->","yoast_head_json":{"title":"L\u2019Arche de No\u00e9 | Mostra FIRE!!","robots":{"index":"index","follow":"follow","max-snippet":"max-snippet:-1","max-image-preview":"max-image-preview:large","max-video-preview":"max-video-preview:-1"},"canonical":"https:\/\/mostrafire.com\/es\/pelicula\/larche-de-noe\/","og_locale":"es_ES","og_type":"article","og_title":"L\u2019Arche de No\u00e9 | Mostra FIRE!!","og_description":"Bryan Marciano \u2022 Francia","og_url":"https:\/\/mostrafire.com\/es\/pelicula\/larche-de-noe\/","og_site_name":"Mostra FIRE!!","article_publisher":"https:\/\/www.facebook.com\/MostraFire","article_modified_time":"2024-05-28T16:45:21+00:00","og_image":[{"width":1920,"height":1058,"url":"https:\/\/mostrafire.com\/wp-content\/uploads\/2024\/05\/llargmetratges-under-the-rainbow-.jpg","type":"image\/jpeg"}],"twitter_card":"summary_large_image","twitter_site":"@mostraFire","twitter_misc":{"Tiempo de lectura":"17 minutos"},"schema":{"@context":"https:\/\/schema.org","@graph":[{"@type":"WebPage","@id":"https:\/\/mostrafire.com\/es\/pelicula\/larche-de-noe\/","url":"https:\/\/mostrafire.com\/es\/pelicula\/larche-de-noe\/","name":"L\u2019Arche de No\u00e9 | Mostra FIRE!!","isPartOf":{"@id":"https:\/\/mostrafire.com\/es\/#website"},"primaryImageOfPage":{"@id":"https:\/\/mostrafire.com\/es\/pelicula\/larche-de-noe\/#primaryimage"},"image":{"@id":"https:\/\/mostrafire.com\/es\/pelicula\/larche-de-noe\/#primaryimage"},"thumbnailUrl":"https:\/\/mostrafire.com\/wp-content\/uploads\/2024\/05\/llargmetratges-under-the-rainbow-.jpg","datePublished":"2024-05-04T11:35:32+00:00","dateModified":"2024-05-28T16:45:21+00:00","breadcrumb":{"@id":"https:\/\/mostrafire.com\/es\/pelicula\/larche-de-noe\/#breadcrumb"},"inLanguage":"es","potentialAction":[{"@type":"ReadAction","target":["https:\/\/mostrafire.com\/es\/pelicula\/larche-de-noe\/"]}]},{"@type":"ImageObject","inLanguage":"es","@id":"https:\/\/mostrafire.com\/es\/pelicula\/larche-de-noe\/#primaryimage","url":"https:\/\/mostrafire.com\/wp-content\/uploads\/2024\/05\/llargmetratges-under-the-rainbow-.jpg","contentUrl":"https:\/\/mostrafire.com\/wp-content\/uploads\/2024\/05\/llargmetratges-under-the-rainbow-.jpg","width":1920,"height":1058,"caption":"L\u2019Arche de No\u00e9 (Under the Rainbow)"},{"@type":"BreadcrumbList","@id":"https:\/\/mostrafire.com\/es\/pelicula\/larche-de-noe\/#breadcrumb","itemListElement":[{"@type":"ListItem","position":1,"name":"Portada","item":"https:\/\/mostrafire.com\/es\/"},{"@type":"ListItem","position":2,"name":"Portfolio","item":"https:\/\/mostrafire.com\/es\/pelicula\/"},{"@type":"ListItem","position":3,"name":"L\u2019Arche de No\u00e9"}]},{"@type":"WebSite","@id":"https:\/\/mostrafire.com\/es\/#website","url":"https:\/\/mostrafire.com\/es\/","name":"Mostra FIRE!!","description":"Muestra Internacional de Cine Gay y L\u00e9sbico de Barcelona","publisher":{"@id":"https:\/\/mostrafire.com\/es\/#organization"},"potentialAction":[{"@type":"SearchAction","target":{"@type":"EntryPoint","urlTemplate":"https:\/\/mostrafire.com\/es\/?s={search_term_string}"},"query-input":{"@type":"PropertyValueSpecification","valueRequired":true,"valueName":"search_term_string"}}],"inLanguage":"es"},{"@type":"Organization","@id":"https:\/\/mostrafire.com\/es\/#organization","name":"Mostra FIRE!! Edici\u00f3 2021","url":"https:\/\/mostrafire.com\/es\/","logo":{"@type":"ImageObject","inLanguage":"es","@id":"https:\/\/mostrafire.com\/es\/#\/schema\/logo\/image\/","url":"https:\/\/mostrafire.com\/wp-content\/uploads\/2020\/07\/Logo_landing.jpg","contentUrl":"https:\/\/mostrafire.com\/wp-content\/uploads\/2020\/07\/Logo_landing.jpg","width":884,"height":312,"caption":"Mostra FIRE!! Edici\u00f3 2021"},"image":{"@id":"https:\/\/mostrafire.com\/es\/#\/schema\/logo\/image\/"},"sameAs":["https:\/\/www.facebook.com\/MostraFire","https:\/\/x.com\/mostraFire","https:\/\/www.instagram.com\/Mostrafire\/","https:\/\/www.youtube.com\/user\/firemostra\/"]}]}},"_links":{"self":[{"href":"https:\/\/mostrafire.com\/es\/wp-json\/wp\/v2\/avada_portfolio\/50587","targetHints":{"allow":["GET"]}}],"collection":[{"href":"https:\/\/mostrafire.com\/es\/wp-json\/wp\/v2\/avada_portfolio"}],"about":[{"href":"https:\/\/mostrafire.com\/es\/wp-json\/wp\/v2\/types\/avada_portfolio"}],"author":[{"embeddable":true,"href":"https:\/\/mostrafire.com\/es\/wp-json\/wp\/v2\/users\/1"}],"replies":[{"embeddable":true,"href":"https:\/\/mostrafire.com\/es\/wp-json\/wp\/v2\/comments?post=50587"}],"version-history":[{"count":0,"href":"https:\/\/mostrafire.com\/es\/wp-json\/wp\/v2\/avada_portfolio\/50587\/revisions"}],"wp:featuredmedia":[{"embeddable":true,"href":"https:\/\/mostrafire.com\/es\/wp-json\/wp\/v2\/media\/51203"}],"wp:attachment":[{"href":"https:\/\/mostrafire.com\/es\/wp-json\/wp\/v2\/media?parent=50587"}],"wp:term":[{"taxonomy":"portfolio_category","embeddable":true,"href":"https:\/\/mostrafire.com\/es\/wp-json\/wp\/v2\/portfolio_category?post=50587"},{"taxonomy":"portfolio_skills","embeddable":true,"href":"https:\/\/mostrafire.com\/es\/wp-json\/wp\/v2\/portfolio_skills?post=50587"},{"taxonomy":"portfolio_tags","embeddable":true,"href":"https:\/\/mostrafire.com\/es\/wp-json\/wp\/v2\/portfolio_tags?post=50587"}],"curies":[{"name":"wp","href":"https:\/\/api.w.org\/{rel}","templated":true}]}}